{"id":2276,"date":"2020-04-13T18:12:51","date_gmt":"2020-04-13T16:12:51","guid":{"rendered":"https:\/\/www.ferienwohnungnerja.de\/accommodation\/appartement-la-perla\/"},"modified":"2020-04-18T11:52:02","modified_gmt":"2020-04-18T09:52:02","slug":"appartement-la-perla","status":"publish","type":"mphb_room_type","link":"https:\/\/www.ferienwohnungnerja.de\/fr\/accommodation\/appartement-la-perla\/","title":{"rendered":"Appartement La Perla"},"content":{"rendered":"<p>De <strong>l\u2019appartement La Perla,<\/strong> vous pourrez profiter directement des parcs bien entretenus du complexe <strong>San Juan de Capistrano<\/strong>. La terrasse orient\u00e9e au sud offre une vue panoramique magnifique sur la <strong>mer M\u00e9diterran\u00e9e<\/strong> et <strong>Nerja<\/strong> et a le soleil toute la journ\u00e9e.<\/p>\n<p>Gr\u00e2ce aux portes coulissantes en verre large, la terrasse peut \u00eatre reli\u00e9e \u00e0 l\u2019appartement. Un grand auvent fournit l\u2019ombre n\u00e9cessaire en \u00e9t\u00e9, tandis qu\u2019en hiver le soleil inf\u00e9rieur r\u00e9chauffe l\u2019espace de vie \u00e0 travers les portes vitr\u00e9es. L\u2019appartement offre une atmosph\u00e8re tr\u00e8s priv\u00e9e car il est perch\u00e9 sur le b\u00e2timent comme un chalet ind\u00e9pendant. L\u2019appartement du seul voisin lat\u00e9ral a \u00e9t\u00e9 d\u00e9plac\u00e9 structurellement \u00e0 l\u2019arri\u00e8re. Ainsi, la terrasse n\u2019est pas visible.<\/p>\n<p>Le salon avec un canap\u00e9 confortable est techniquement bien \u00e9quip\u00e9 avec SAT TV (cha\u00eenes allemandes), syst\u00e8me musical avec lecteur CD. Connexion Internet via Wi-Fi et climatisation \u00e9galement pour le chauffage. Le canap\u00e9 peut \u00eatre utilis\u00e9 comme un canap\u00e9-lit pour une troisi\u00e8me personne.<br \/>\nLa cuisine est enti\u00e8rement \u00e9quip\u00e9e d\u2019un grand r\u00e9frig\u00e9rateur avec cong\u00e9lateur s\u00e9par\u00e9, table en c\u00e9ramique, four, lave-vaisselle, cafeti\u00e8re, grille-pain et bien plus encore.<br \/>\nLa chambre dispose de 2 fen\u00eatres, d\u2019un large lit avec matelas simples, d\u2019une armoire int\u00e9gr\u00e9e spacieuse et d\u2019une climatisation.<br \/>\nDans la salle de douche il y a une machine \u00e0 laver pour la petite lessive entre les deux.<\/p>\n<p>\u00c0 seulement 150 m de l\u2019appartement, il y a un supermarch\u00e9, plusieurs bars et restaurants, ainsi qu\u2019une <strong>piscine<\/strong> fantastique avec \u00eele rocheuse et de petites chutes d\u2019eau. La piscine de San Juan de Capistrano est magnifiquement am\u00e9nag\u00e9e naturellement comme un lac et entour\u00e9e de pelouses avec chaises longues et deux bars de piscine. De l\u00e0, vous avez \u00e9galement une vue magnifique sur la mer, Nerja et les montagnes. Pour les plus jeunes enfants il ya une piscine priv\u00e9e peu profonde avec pelouse de bronzage \u00e0 un niveau s\u00e9par\u00e9.<\/p>\n<div id='Video' class='widgets_on_page wop_tiny1  wop_small1  wop_medium1  wop_large1  wop_wide1'>\n\t\t\t<ul><li id=\"media_video-2\" class=\"widget widget_media_video\"><h2 class=\"widgettitle\">Video Appartement La Perla Nerja<\/h2><div style=\"width:100%;\" class=\"wp-video\"><video class=\"wp-video-shortcode\" id=\"video-2276-1\" preload=\"metadata\" controls=\"controls\"><source type=\"video\/youtube\" src=\"https:\/\/youtu.be\/qetUkxIjuQc?_=1\" \/><a href=\"https:\/\/youtu.be\/qetUkxIjuQc\">https:\/\/youtu.be\/qetUkxIjuQc<\/a><\/video><\/div><\/li><\/ul><\/div><!-- widgets_on_page -->\n<p><strong>Vivienda Turstica Reg.No: VFT\/MA\/09823<\/strong><\/p>\n","protected":false},"excerpt":{"rendered":"<p>L\u2019appartement La Perla est situ\u00e9 directement au-dessus de Nerja &#8211; Costa del Sol. L\u2019appartement bien entretenu et confortable avec une terrasse priv\u00e9e de 10 m2 orient\u00e9e au sud et une vue fantastique sur la mer M\u00e9diterran\u00e9e est situ\u00e9 au 1er \u00e9tage, mais peut \u00eatre atteint presque sans marches.<\/p>\n","protected":false},"featured_media":2277,"menu_order":0,"comment_status":"closed","ping_status":"closed","template":"","mphb_room_type_category":[],"mphb_room_type_tag":[],"mphb_room_type_facility":[114,113,120,122,118,121,119,117,115,116],"class_list":["post-2276","mphb_room_type","type-mphb_room_type","status-publish","has-post-thumbnail","hentry","mphb_room_type_facility-1-bain","mphb_room_type_facility-1-chambre-a-coucher","mphb_room_type_facility-bus-fr","mphb_room_type_facility-climatisation","mphb_room_type_facility-lave-vaisselle","mphb_room_type_facility-parking-fr","mphb_room_type_facility-piscine","mphb_room_type_facility-sat-tv-fr","mphb_room_type_facility-terrasse-fr","mphb_room_type_facility-wifi-gratuit","mphb-room-type-adults-3","mphb-room-type-children-0","has-taxes-and-fees"],"yoast_head":"<!-- This site is optimized with the Yoast SEO plugin v26.9 - https:\/\/yoast.com\/product\/yoast-seo-wordpress\/ -->\n<title>Appartement\/maison de vacances - Vue sur la mer Nerja, Capistrano<\/title>\n<meta name=\"description\" content=\"L\u2019appartement La Perla \u00e0 Nerja avec vue panoramique est une perle dans le complexe calme San Juan de Capistrano avec le soleil du matin au soir.\" \/>\n<meta name=\"robots\" content=\"index, follow, max-snippet:-1, max-image-preview:large, max-video-preview:-1\" \/>\n<link rel=\"canonical\" href=\"https:\/\/www.ferienwohnungnerja.de\/fr\/accommodation\/appartement-la-perla\/\" \/>\n<meta property=\"og:locale\" content=\"fr_FR\" \/>\n<meta property=\"og:type\" content=\"article\" \/>\n<meta property=\"og:title\" content=\"Appartement\/maison de vacances - Vue sur la mer Nerja, Capistrano\" \/>\n<meta property=\"og:description\" content=\"L\u2019appartement La Perla \u00e0 Nerja avec vue panoramique est une perle dans le complexe calme San Juan de Capistrano avec le soleil du matin au soir.\" \/>\n<meta property=\"og:url\" content=\"https:\/\/www.ferienwohnungnerja.de\/fr\/accommodation\/appartement-la-perla\/\" \/>\n<meta property=\"og:site_name\" content=\"ferienwohnungnerja.de\" \/>\n<meta property=\"article:modified_time\" content=\"2020-04-18T09:52:02+00:00\" \/>\n<meta property=\"og:image\" content=\"https:\/\/i0.wp.com\/www.ferienwohnungnerja.de\/wp-content\/uploads\/2019\/08\/appartement_capistrano01.jpg?fit=1600%2C1166&ssl=1\" \/>\n\t<meta property=\"og:image:width\" content=\"1600\" \/>\n\t<meta property=\"og:image:height\" content=\"1166\" \/>\n\t<meta property=\"og:image:type\" content=\"image\/jpeg\" \/>\n<meta name=\"twitter:card\" content=\"summary_large_image\" \/>\n<meta name=\"twitter:label1\" content=\"Dur\u00e9e de lecture estim\u00e9e\" \/>\n\t<meta name=\"twitter:data1\" content=\"2 minutes\" \/>\n<script type=\"application\/ld+json\" class=\"yoast-schema-graph\">{\"@context\":\"https:\/\/schema.org\",\"@graph\":[{\"@type\":\"WebPage\",\"@id\":\"https:\/\/www.ferienwohnungnerja.de\/fr\/accommodation\/appartement-la-perla\/\",\"url\":\"https:\/\/www.ferienwohnungnerja.de\/fr\/accommodation\/appartement-la-perla\/\",\"name\":\"Appartement\/maison de vacances - Vue sur la mer Nerja, Capistrano\",\"isPartOf\":{\"@id\":\"https:\/\/www.ferienwohnungnerja.de\/fr\/#website\"},\"primaryImageOfPage\":{\"@id\":\"https:\/\/www.ferienwohnungnerja.de\/fr\/accommodation\/appartement-la-perla\/#primaryimage\"},\"image\":{\"@id\":\"https:\/\/www.ferienwohnungnerja.de\/fr\/accommodation\/appartement-la-perla\/#primaryimage\"},\"thumbnailUrl\":\"https:\/\/i0.wp.com\/www.ferienwohnungnerja.de\/wp-content\/uploads\/2019\/08\/appartement_capistrano01.jpg?fit=1600%2C1166&ssl=1\",\"datePublished\":\"2020-04-13T16:12:51+00:00\",\"dateModified\":\"2020-04-18T09:52:02+00:00\",\"description\":\"L\u2019appartement La Perla \u00e0 Nerja avec vue panoramique est une perle dans le complexe calme San Juan de Capistrano avec le soleil du matin au soir.\",\"breadcrumb\":{\"@id\":\"https:\/\/www.ferienwohnungnerja.de\/fr\/accommodation\/appartement-la-perla\/#breadcrumb\"},\"inLanguage\":\"fr-FR\",\"potentialAction\":[{\"@type\":\"ReadAction\",\"target\":[\"https:\/\/www.ferienwohnungnerja.de\/fr\/accommodation\/appartement-la-perla\/\"]}]},{\"@type\":\"ImageObject\",\"inLanguage\":\"fr-FR\",\"@id\":\"https:\/\/www.ferienwohnungnerja.de\/fr\/accommodation\/appartement-la-perla\/#primaryimage\",\"url\":\"https:\/\/i0.wp.com\/www.ferienwohnungnerja.de\/wp-content\/uploads\/2019\/08\/appartement_capistrano01.jpg?fit=1600%2C1166&ssl=1\",\"contentUrl\":\"https:\/\/i0.wp.com\/www.ferienwohnungnerja.de\/wp-content\/uploads\/2019\/08\/appartement_capistrano01.jpg?fit=1600%2C1166&ssl=1\",\"width\":1600,\"height\":1166,\"caption\":\"Appartement Capistrano\"},{\"@type\":\"BreadcrumbList\",\"@id\":\"https:\/\/www.ferienwohnungnerja.de\/fr\/accommodation\/appartement-la-perla\/#breadcrumb\",\"itemListElement\":[{\"@type\":\"ListItem\",\"position\":1,\"name\":\"Startseite\",\"item\":\"https:\/\/www.ferienwohnungnerja.de\/fr\/\"},{\"@type\":\"ListItem\",\"position\":2,\"name\":\"Types de logement\",\"item\":\"https:\/\/www.ferienwohnungnerja.de\/fr\/accommodation\/\"},{\"@type\":\"ListItem\",\"position\":3,\"name\":\"Appartement La Perla\"}]},{\"@type\":\"WebSite\",\"@id\":\"https:\/\/www.ferienwohnungnerja.de\/fr\/#website\",\"url\":\"https:\/\/www.ferienwohnungnerja.de\/fr\/\",\"name\":\"ferienwohnungnerja.de\",\"description\":\"Ferienwohnungen in Nerja\",\"publisher\":{\"@id\":\"https:\/\/www.ferienwohnungnerja.de\/fr\/#\/schema\/person\/16748c9dad4472e47ffa70599fb57c67\"},\"potentialAction\":[{\"@type\":\"SearchAction\",\"target\":{\"@type\":\"EntryPoint\",\"urlTemplate\":\"https:\/\/www.ferienwohnungnerja.de\/fr\/?s={search_term_string}\"},\"query-input\":{\"@type\":\"PropertyValueSpecification\",\"valueRequired\":true,\"valueName\":\"search_term_string\"}}],\"inLanguage\":\"fr-FR\"},{\"@type\":[\"Person\",\"Organization\"],\"@id\":\"https:\/\/www.ferienwohnungnerja.de\/fr\/#\/schema\/person\/16748c9dad4472e47ffa70599fb57c67\",\"name\":\"adminnerja\",\"image\":{\"@type\":\"ImageObject\",\"inLanguage\":\"fr-FR\",\"@id\":\"https:\/\/www.ferienwohnungnerja.de\/fr\/#\/schema\/person\/image\/\",\"url\":\"https:\/\/secure.gravatar.com\/avatar\/385c6b5598370fe7b91dd03c855835170a55d4467846df8e92d47236c59f2036?s=96&d=mm&r=g\",\"contentUrl\":\"https:\/\/secure.gravatar.com\/avatar\/385c6b5598370fe7b91dd03c855835170a55d4467846df8e92d47236c59f2036?s=96&d=mm&r=g\",\"caption\":\"adminnerja\"},\"logo\":{\"@id\":\"https:\/\/www.ferienwohnungnerja.de\/fr\/#\/schema\/person\/image\/\"}}]}<\/script>\n<!-- \/ Yoast SEO plugin. -->","yoast_head_json":{"title":"Appartement\/maison de vacances - Vue sur la mer Nerja, Capistrano","description":"L\u2019appartement La Perla \u00e0 Nerja avec vue panoramique est une perle dans le complexe calme San Juan de Capistrano avec le soleil du matin au soir.","robots":{"index":"index","follow":"follow","max-snippet":"max-snippet:-1","max-image-preview":"max-image-preview:large","max-video-preview":"max-video-preview:-1"},"canonical":"https:\/\/www.ferienwohnungnerja.de\/fr\/accommodation\/appartement-la-perla\/","og_locale":"fr_FR","og_type":"article","og_title":"Appartement\/maison de vacances - Vue sur la mer Nerja, Capistrano","og_description":"L\u2019appartement La Perla \u00e0 Nerja avec vue panoramique est une perle dans le complexe calme San Juan de Capistrano avec le soleil du matin au soir.","og_url":"https:\/\/www.ferienwohnungnerja.de\/fr\/accommodation\/appartement-la-perla\/","og_site_name":"ferienwohnungnerja.de","article_modified_time":"2020-04-18T09:52:02+00:00","og_image":[{"width":1600,"height":1166,"url":"https:\/\/i0.wp.com\/www.ferienwohnungnerja.de\/wp-content\/uploads\/2019\/08\/appartement_capistrano01.jpg?fit=1600%2C1166&ssl=1","type":"image\/jpeg"}],"twitter_card":"summary_large_image","twitter_misc":{"Dur\u00e9e de lecture estim\u00e9e":"2 minutes"},"schema":{"@context":"https:\/\/schema.org","@graph":[{"@type":"WebPage","@id":"https:\/\/www.ferienwohnungnerja.de\/fr\/accommodation\/appartement-la-perla\/","url":"https:\/\/www.ferienwohnungnerja.de\/fr\/accommodation\/appartement-la-perla\/","name":"Appartement\/maison de vacances - Vue sur la mer Nerja, Capistrano","isPartOf":{"@id":"https:\/\/www.ferienwohnungnerja.de\/fr\/#website"},"primaryImageOfPage":{"@id":"https:\/\/www.ferienwohnungnerja.de\/fr\/accommodation\/appartement-la-perla\/#primaryimage"},"image":{"@id":"https:\/\/www.ferienwohnungnerja.de\/fr\/accommodation\/appartement-la-perla\/#primaryimage"},"thumbnailUrl":"https:\/\/i0.wp.com\/www.ferienwohnungnerja.de\/wp-content\/uploads\/2019\/08\/appartement_capistrano01.jpg?fit=1600%2C1166&ssl=1","datePublished":"2020-04-13T16:12:51+00:00","dateModified":"2020-04-18T09:52:02+00:00","description":"L\u2019appartement La Perla \u00e0 Nerja avec vue panoramique est une perle dans le complexe calme San Juan de Capistrano avec le soleil du matin au soir.","breadcrumb":{"@id":"https:\/\/www.ferienwohnungnerja.de\/fr\/accommodation\/appartement-la-perla\/#breadcrumb"},"inLanguage":"fr-FR","potentialAction":[{"@type":"ReadAction","target":["https:\/\/www.ferienwohnungnerja.de\/fr\/accommodation\/appartement-la-perla\/"]}]},{"@type":"ImageObject","inLanguage":"fr-FR","@id":"https:\/\/www.ferienwohnungnerja.de\/fr\/accommodation\/appartement-la-perla\/#primaryimage","url":"https:\/\/i0.wp.com\/www.ferienwohnungnerja.de\/wp-content\/uploads\/2019\/08\/appartement_capistrano01.jpg?fit=1600%2C1166&ssl=1","contentUrl":"https:\/\/i0.wp.com\/www.ferienwohnungnerja.de\/wp-content\/uploads\/2019\/08\/appartement_capistrano01.jpg?fit=1600%2C1166&ssl=1","width":1600,"height":1166,"caption":"Appartement Capistrano"},{"@type":"BreadcrumbList","@id":"https:\/\/www.ferienwohnungnerja.de\/fr\/accommodation\/appartement-la-perla\/#breadcrumb","itemListElement":[{"@type":"ListItem","position":1,"name":"Startseite","item":"https:\/\/www.ferienwohnungnerja.de\/fr\/"},{"@type":"ListItem","position":2,"name":"Types de logement","item":"https:\/\/www.ferienwohnungnerja.de\/fr\/accommodation\/"},{"@type":"ListItem","position":3,"name":"Appartement La Perla"}]},{"@type":"WebSite","@id":"https:\/\/www.ferienwohnungnerja.de\/fr\/#website","url":"https:\/\/www.ferienwohnungnerja.de\/fr\/","name":"ferienwohnungnerja.de","description":"Ferienwohnungen in Nerja","publisher":{"@id":"https:\/\/www.ferienwohnungnerja.de\/fr\/#\/schema\/person\/16748c9dad4472e47ffa70599fb57c67"},"potentialAction":[{"@type":"SearchAction","target":{"@type":"EntryPoint","urlTemplate":"https:\/\/www.ferienwohnungnerja.de\/fr\/?s={search_term_string}"},"query-input":{"@type":"PropertyValueSpecification","valueRequired":true,"valueName":"search_term_string"}}],"inLanguage":"fr-FR"},{"@type":["Person","Organization"],"@id":"https:\/\/www.ferienwohnungnerja.de\/fr\/#\/schema\/person\/16748c9dad4472e47ffa70599fb57c67","name":"adminnerja","image":{"@type":"ImageObject","inLanguage":"fr-FR","@id":"https:\/\/www.ferienwohnungnerja.de\/fr\/#\/schema\/person\/image\/","url":"https:\/\/secure.gravatar.com\/avatar\/385c6b5598370fe7b91dd03c855835170a55d4467846df8e92d47236c59f2036?s=96&d=mm&r=g","contentUrl":"https:\/\/secure.gravatar.com\/avatar\/385c6b5598370fe7b91dd03c855835170a55d4467846df8e92d47236c59f2036?s=96&d=mm&r=g","caption":"adminnerja"},"logo":{"@id":"https:\/\/www.ferienwohnungnerja.de\/fr\/#\/schema\/person\/image\/"}}]}},"jetpack_sharing_enabled":true,"_links":{"self":[{"href":"https:\/\/www.ferienwohnungnerja.de\/fr\/wp-json\/wp\/v2\/mphb_room_type\/2276","targetHints":{"allow":["GET"]}}],"collection":[{"href":"https:\/\/www.ferienwohnungnerja.de\/fr\/wp-json\/wp\/v2\/mphb_room_type"}],"about":[{"href":"https:\/\/www.ferienwohnungnerja.de\/fr\/wp-json\/wp\/v2\/types\/mphb_room_type"}],"replies":[{"embeddable":true,"href":"https:\/\/www.ferienwohnungnerja.de\/fr\/wp-json\/wp\/v2\/comments?post=2276"}],"wp:featuredmedia":[{"embeddable":true,"href":"https:\/\/www.ferienwohnungnerja.de\/fr\/wp-json\/wp\/v2\/media\/2277"}],"wp:attachment":[{"href":"https:\/\/www.ferienwohnungnerja.de\/fr\/wp-json\/wp\/v2\/media?parent=2276"}],"wp:term":[{"taxonomy":"mphb_room_type_category","embeddable":true,"href":"https:\/\/www.ferienwohnungnerja.de\/fr\/wp-json\/wp\/v2\/mphb_room_type_category?post=2276"},{"taxonomy":"mphb_room_type_tag","embeddable":true,"href":"https:\/\/www.ferienwohnungnerja.de\/fr\/wp-json\/wp\/v2\/mphb_room_type_tag?post=2276"},{"taxonomy":"mphb_room_type_facility","embeddable":true,"href":"https:\/\/www.ferienwohnungnerja.de\/fr\/wp-json\/wp\/v2\/mphb_room_type_facility?post=2276"}],"curies":[{"name":"wp","href":"https:\/\/api.w.org\/{rel}","templated":true}]}}