{"id":2279,"date":"2020-04-13T18:16:54","date_gmt":"2020-04-13T16:16:54","guid":{"rendered":"https:\/\/www.ferienwohnungnerja.de\/accommodation\/villa-limon\/"},"modified":"2020-04-18T13:02:34","modified_gmt":"2020-04-18T11:02:34","slug":"villa-limon","status":"publish","type":"mphb_room_type","link":"https:\/\/www.ferienwohnungnerja.de\/fr\/accommodation\/villa-limon\/","title":{"rendered":"Villa Limon"},"content":{"rendered":"<p><strong>L\u2019appartement Villa Limon<\/strong> est situ\u00e9 au pied des montagnes de la Sierra Almijara et \u00e0 seulement 2 kilom\u00e8tres de la plage de <strong>Burriana,<\/strong> avec une vue fantastique sur le centre de <strong>Nerja<\/strong> et la <strong>mer M\u00e9diterran\u00e9e.<\/strong><\/p>\n<p>En raison de son cadre prot\u00e9g\u00e9, la terrasse de la Villa Limon offre une atmosph\u00e8re tr\u00e8s priv\u00e9e et \u00e0 peine visible. En \u00e9t\u00e9, un grand auvent sert de protection solaire, une douche ext\u00e9rieure peut \u00eatre utilis\u00e9 ici en plus.<br \/>\nChaque jour, la mer et le ciel offrent un spectacle inoubliable et c\u2019est un plaisir de regarder ce d\u00e9tendu des chaises longues ou tout en d\u00eenant sur la terrasse, depuis la salle \u00e0 manger et m\u00eame depuis le salon.<\/p>\n<p>Quelque chose de sp\u00e9cial dans l\u2019appartement est la salle \u00e0 manger, une petite v\u00e9randa inond\u00e9e de lumi\u00e8re qui se trouve entre la terrasse et le salon. Deux grandes portes vitr\u00e9es peuvent \u00eatre enti\u00e8rement ouvertes en \u00e9t\u00e9, \u00e0 la fois \u00e0 la terrasse et au salon, tandis que dans les saisons plus fra\u00eeches les fa\u00e7ades en verre r\u00e9chauffent l\u2019ensemble du salon de l\u2019appartement agr\u00e9ablement.<br \/>\nVilla Limon est \u00e9galement id\u00e9al pour louer un appartement en hiver.<br \/>\nLe salon avec deux canap\u00e9s confortables sur le coin est techniquement bien \u00e9quip\u00e9 avec SAT TV (cha\u00eenes allemandes), Netflix, Prime Video, syst\u00e8me de musique avec lecteur CD, WIFI et ventilateur de plafond.<br \/>\nLa cuisine est enti\u00e8rement \u00e9quip\u00e9e d\u2019un grand r\u00e9frig\u00e9rateur avec cong\u00e9lateur s\u00e9par\u00e9, plaque en c\u00e9ramique, four, lave-vaisselle, cafeti\u00e8re, grille-pain, micro-ondes et bien plus encore.<br \/>\nLes deux chambres disposent d\u2019une sortie directe de la terrasse avec des portes vitr\u00e9es, des armoires int\u00e9gr\u00e9es spacieuses et des ventilateurs de plafond.<br \/>\nDans la salle de douche il y a une machine \u00e0 laver pour la petite lessive entre les deux.<\/p>\n<p>\u00c0 seulement 150 m de l\u2019appartement, il y a un supermarch\u00e9, plusieurs bars et restaurants, ainsi qu\u2019une <strong>piscine<\/strong> fantastique avec \u00eele rocheuse et de petites chutes d\u2019eau. La piscine de <a href=\"https:\/\/www.ferienwohnungnerja.de\/fr\/san-juan-de-capistrano\/\"><strong>San Juan de Capistrano<\/strong><\/a>est magnifiquement am\u00e9nag\u00e9e naturellement comme un lac et entour\u00e9e de pelouses avec chaises longues et deux bars de piscine. De l\u00e0, vous avez \u00e9galement une vue magnifique sur la mer, Nerja et les montagnes. Pour les plus jeunes enfants il ya une piscine priv\u00e9e peu profonde avec pelouse de bronzage \u00e0 un niveau s\u00e9par\u00e9.<\/p>\n<div id='1' class='widgets_on_page wop_tiny1  wop_small1  wop_medium1  wop_large1  wop_wide1'>\n\t\t\t<ul><li id=\"media_video-3\" class=\"widget widget_media_video\"><h2 class=\"widgettitle\">Video Ferienwohnung Villa Lim\u00f3n<\/h2><div style=\"width:100%;\" class=\"wp-video\"><video class=\"wp-video-shortcode\" id=\"video-2279-1\" preload=\"metadata\" controls=\"controls\"><source type=\"video\/youtube\" src=\"https:\/\/youtu.be\/XRY7nWc6GLQ?_=1\" \/><a href=\"https:\/\/youtu.be\/XRY7nWc6GLQ\">https:\/\/youtu.be\/XRY7nWc6GLQ<\/a><\/video><\/div><\/li><\/ul><\/div><!-- widgets_on_page -->\n<p><strong>Vivienda Turstica Reg.No: VFT\/MA\/09821<\/strong><\/p>\n","protected":false},"excerpt":{"rendered":"<p>L\u2019appartement Villa Limon est situ\u00e9 dans le complexe pittoresque San Juan de Capistrano directement au-dessus de Nerja. L\u2019appartement spacieux et enti\u00e8rement r\u00e9nov\u00e9 avec 50 m2 terrasse priv\u00e9e orient\u00e9e au sud et une vue fantastique sur la mer M\u00e9diterran\u00e9e est situ\u00e9 au rez-de-chauss\u00e9e et peut \u00eatre atteint presque sans marches.<\/p>\n","protected":false},"featured_media":2281,"menu_order":0,"comment_status":"closed","ping_status":"closed","template":"","mphb_room_type_category":[],"mphb_room_type_tag":[],"mphb_room_type_facility":[124,123,120,122,118,125,121,119,117,115,116],"class_list":["post-2279","mphb_room_type","type-mphb_room_type","status-publish","has-post-thumbnail","hentry","mphb_room_type_facility-2-bains","mphb_room_type_facility-2-chambres","mphb_room_type_facility-bus-fr","mphb_room_type_facility-climatisation","mphb_room_type_facility-lave-vaisselle","mphb_room_type_facility-netflix-prime-video-fr","mphb_room_type_facility-parking-fr","mphb_room_type_facility-piscine","mphb_room_type_facility-sat-tv-fr","mphb_room_type_facility-terrasse-fr","mphb_room_type_facility-wifi-gratuit","mphb-room-type-adults-4","mphb-room-type-children-0","has-taxes-and-fees"],"yoast_head":"<!-- This site is optimized with the Yoast SEO plugin v26.9 - https:\/\/yoast.com\/product\/yoast-seo-wordpress\/ -->\n<title>Appartement Villa Limon \u00e0 Nerja directement du propri\u00e9taire \u00e0 Capistrano<\/title>\n<meta name=\"description\" content=\"Villa Limon bel appartement \u00e0 Nerja sur la plage de Burriana dans le complexe Capistrano, Costa del Sol avec face sud et 50 m2 terrasse\" \/>\n<meta name=\"robots\" content=\"index, follow, max-snippet:-1, max-image-preview:large, max-video-preview:-1\" \/>\n<link rel=\"canonical\" href=\"https:\/\/www.ferienwohnungnerja.de\/fr\/accommodation\/villa-limon\/\" \/>\n<meta property=\"og:locale\" content=\"fr_FR\" \/>\n<meta property=\"og:type\" content=\"article\" \/>\n<meta property=\"og:title\" content=\"Appartement Villa Limon \u00e0 Nerja directement du propri\u00e9taire \u00e0 Capistrano\" \/>\n<meta property=\"og:description\" content=\"Villa Limon bel appartement \u00e0 Nerja sur la plage de Burriana dans le complexe Capistrano, Costa del Sol avec face sud et 50 m2 terrasse\" \/>\n<meta property=\"og:url\" content=\"https:\/\/www.ferienwohnungnerja.de\/fr\/accommodation\/villa-limon\/\" \/>\n<meta property=\"og:site_name\" content=\"ferienwohnungnerja.de\" \/>\n<meta property=\"article:modified_time\" content=\"2020-04-18T11:02:34+00:00\" \/>\n<meta property=\"og:image\" content=\"https:\/\/i2.wp.com\/www.ferienwohnungnerja.de\/wp-content\/uploads\/2019\/08\/limon_nerja06.jpg?fit=1600%2C1067&ssl=1\" \/>\n\t<meta property=\"og:image:width\" content=\"1600\" \/>\n\t<meta property=\"og:image:height\" content=\"1067\" \/>\n\t<meta property=\"og:image:type\" content=\"image\/jpeg\" \/>\n<meta name=\"twitter:card\" content=\"summary_large_image\" \/>\n<meta name=\"twitter:label1\" content=\"Dur\u00e9e de lecture estim\u00e9e\" \/>\n\t<meta name=\"twitter:data1\" content=\"2 minutes\" \/>\n<script type=\"application\/ld+json\" class=\"yoast-schema-graph\">{\"@context\":\"https:\/\/schema.org\",\"@graph\":[{\"@type\":\"WebPage\",\"@id\":\"https:\/\/www.ferienwohnungnerja.de\/fr\/accommodation\/villa-limon\/\",\"url\":\"https:\/\/www.ferienwohnungnerja.de\/fr\/accommodation\/villa-limon\/\",\"name\":\"Appartement Villa Limon \u00e0 Nerja directement du propri\u00e9taire \u00e0 Capistrano\",\"isPartOf\":{\"@id\":\"https:\/\/www.ferienwohnungnerja.de\/fr\/#website\"},\"primaryImageOfPage\":{\"@id\":\"https:\/\/www.ferienwohnungnerja.de\/fr\/accommodation\/villa-limon\/#primaryimage\"},\"image\":{\"@id\":\"https:\/\/www.ferienwohnungnerja.de\/fr\/accommodation\/villa-limon\/#primaryimage\"},\"thumbnailUrl\":\"https:\/\/i0.wp.com\/www.ferienwohnungnerja.de\/wp-content\/uploads\/2019\/08\/limon_nerja06.jpg?fit=1600%2C1067&ssl=1\",\"datePublished\":\"2020-04-13T16:16:54+00:00\",\"dateModified\":\"2020-04-18T11:02:34+00:00\",\"description\":\"Villa Limon bel appartement \u00e0 Nerja sur la plage de Burriana dans le complexe Capistrano, Costa del Sol avec face sud et 50 m2 terrasse\",\"breadcrumb\":{\"@id\":\"https:\/\/www.ferienwohnungnerja.de\/fr\/accommodation\/villa-limon\/#breadcrumb\"},\"inLanguage\":\"fr-FR\",\"potentialAction\":[{\"@type\":\"ReadAction\",\"target\":[\"https:\/\/www.ferienwohnungnerja.de\/fr\/accommodation\/villa-limon\/\"]}]},{\"@type\":\"ImageObject\",\"inLanguage\":\"fr-FR\",\"@id\":\"https:\/\/www.ferienwohnungnerja.de\/fr\/accommodation\/villa-limon\/#primaryimage\",\"url\":\"https:\/\/i0.wp.com\/www.ferienwohnungnerja.de\/wp-content\/uploads\/2019\/08\/limon_nerja06.jpg?fit=1600%2C1067&ssl=1\",\"contentUrl\":\"https:\/\/i0.wp.com\/www.ferienwohnungnerja.de\/wp-content\/uploads\/2019\/08\/limon_nerja06.jpg?fit=1600%2C1067&ssl=1\",\"width\":1600,\"height\":1067,\"caption\":\"Salle \u00e0 manger donnant sur la mer M\u00e9diterran\u00e9e\"},{\"@type\":\"BreadcrumbList\",\"@id\":\"https:\/\/www.ferienwohnungnerja.de\/fr\/accommodation\/villa-limon\/#breadcrumb\",\"itemListElement\":[{\"@type\":\"ListItem\",\"position\":1,\"name\":\"Startseite\",\"item\":\"https:\/\/www.ferienwohnungnerja.de\/fr\/\"},{\"@type\":\"ListItem\",\"position\":2,\"name\":\"Types de logement\",\"item\":\"https:\/\/www.ferienwohnungnerja.de\/fr\/accommodation\/\"},{\"@type\":\"ListItem\",\"position\":3,\"name\":\"Villa Limon\"}]},{\"@type\":\"WebSite\",\"@id\":\"https:\/\/www.ferienwohnungnerja.de\/fr\/#website\",\"url\":\"https:\/\/www.ferienwohnungnerja.de\/fr\/\",\"name\":\"ferienwohnungnerja.de\",\"description\":\"Ferienwohnungen in Nerja\",\"publisher\":{\"@id\":\"https:\/\/www.ferienwohnungnerja.de\/fr\/#\/schema\/person\/16748c9dad4472e47ffa70599fb57c67\"},\"potentialAction\":[{\"@type\":\"SearchAction\",\"target\":{\"@type\":\"EntryPoint\",\"urlTemplate\":\"https:\/\/www.ferienwohnungnerja.de\/fr\/?s={search_term_string}\"},\"query-input\":{\"@type\":\"PropertyValueSpecification\",\"valueRequired\":true,\"valueName\":\"search_term_string\"}}],\"inLanguage\":\"fr-FR\"},{\"@type\":[\"Person\",\"Organization\"],\"@id\":\"https:\/\/www.ferienwohnungnerja.de\/fr\/#\/schema\/person\/16748c9dad4472e47ffa70599fb57c67\",\"name\":\"adminnerja\",\"image\":{\"@type\":\"ImageObject\",\"inLanguage\":\"fr-FR\",\"@id\":\"https:\/\/www.ferienwohnungnerja.de\/fr\/#\/schema\/person\/image\/\",\"url\":\"https:\/\/secure.gravatar.com\/avatar\/385c6b5598370fe7b91dd03c855835170a55d4467846df8e92d47236c59f2036?s=96&d=mm&r=g\",\"contentUrl\":\"https:\/\/secure.gravatar.com\/avatar\/385c6b5598370fe7b91dd03c855835170a55d4467846df8e92d47236c59f2036?s=96&d=mm&r=g\",\"caption\":\"adminnerja\"},\"logo\":{\"@id\":\"https:\/\/www.ferienwohnungnerja.de\/fr\/#\/schema\/person\/image\/\"}}]}<\/script>\n<!-- \/ Yoast SEO plugin. -->","yoast_head_json":{"title":"Appartement Villa Limon \u00e0 Nerja directement du propri\u00e9taire \u00e0 Capistrano","description":"Villa Limon bel appartement \u00e0 Nerja sur la plage de Burriana dans le complexe Capistrano, Costa del Sol avec face sud et 50 m2 terrasse","robots":{"index":"index","follow":"follow","max-snippet":"max-snippet:-1","max-image-preview":"max-image-preview:large","max-video-preview":"max-video-preview:-1"},"canonical":"https:\/\/www.ferienwohnungnerja.de\/fr\/accommodation\/villa-limon\/","og_locale":"fr_FR","og_type":"article","og_title":"Appartement Villa Limon \u00e0 Nerja directement du propri\u00e9taire \u00e0 Capistrano","og_description":"Villa Limon bel appartement \u00e0 Nerja sur la plage de Burriana dans le complexe Capistrano, Costa del Sol avec face sud et 50 m2 terrasse","og_url":"https:\/\/www.ferienwohnungnerja.de\/fr\/accommodation\/villa-limon\/","og_site_name":"ferienwohnungnerja.de","article_modified_time":"2020-04-18T11:02:34+00:00","og_image":[{"width":1600,"height":1067,"url":"https:\/\/i2.wp.com\/www.ferienwohnungnerja.de\/wp-content\/uploads\/2019\/08\/limon_nerja06.jpg?fit=1600%2C1067&ssl=1","type":"image\/jpeg"}],"twitter_card":"summary_large_image","twitter_misc":{"Dur\u00e9e de lecture estim\u00e9e":"2 minutes"},"schema":{"@context":"https:\/\/schema.org","@graph":[{"@type":"WebPage","@id":"https:\/\/www.ferienwohnungnerja.de\/fr\/accommodation\/villa-limon\/","url":"https:\/\/www.ferienwohnungnerja.de\/fr\/accommodation\/villa-limon\/","name":"Appartement Villa Limon \u00e0 Nerja directement du propri\u00e9taire \u00e0 Capistrano","isPartOf":{"@id":"https:\/\/www.ferienwohnungnerja.de\/fr\/#website"},"primaryImageOfPage":{"@id":"https:\/\/www.ferienwohnungnerja.de\/fr\/accommodation\/villa-limon\/#primaryimage"},"image":{"@id":"https:\/\/www.ferienwohnungnerja.de\/fr\/accommodation\/villa-limon\/#primaryimage"},"thumbnailUrl":"https:\/\/i0.wp.com\/www.ferienwohnungnerja.de\/wp-content\/uploads\/2019\/08\/limon_nerja06.jpg?fit=1600%2C1067&ssl=1","datePublished":"2020-04-13T16:16:54+00:00","dateModified":"2020-04-18T11:02:34+00:00","description":"Villa Limon bel appartement \u00e0 Nerja sur la plage de Burriana dans le complexe Capistrano, Costa del Sol avec face sud et 50 m2 terrasse","breadcrumb":{"@id":"https:\/\/www.ferienwohnungnerja.de\/fr\/accommodation\/villa-limon\/#breadcrumb"},"inLanguage":"fr-FR","potentialAction":[{"@type":"ReadAction","target":["https:\/\/www.ferienwohnungnerja.de\/fr\/accommodation\/villa-limon\/"]}]},{"@type":"ImageObject","inLanguage":"fr-FR","@id":"https:\/\/www.ferienwohnungnerja.de\/fr\/accommodation\/villa-limon\/#primaryimage","url":"https:\/\/i0.wp.com\/www.ferienwohnungnerja.de\/wp-content\/uploads\/2019\/08\/limon_nerja06.jpg?fit=1600%2C1067&ssl=1","contentUrl":"https:\/\/i0.wp.com\/www.ferienwohnungnerja.de\/wp-content\/uploads\/2019\/08\/limon_nerja06.jpg?fit=1600%2C1067&ssl=1","width":1600,"height":1067,"caption":"Salle \u00e0 manger donnant sur la mer M\u00e9diterran\u00e9e"},{"@type":"BreadcrumbList","@id":"https:\/\/www.ferienwohnungnerja.de\/fr\/accommodation\/villa-limon\/#breadcrumb","itemListElement":[{"@type":"ListItem","position":1,"name":"Startseite","item":"https:\/\/www.ferienwohnungnerja.de\/fr\/"},{"@type":"ListItem","position":2,"name":"Types de logement","item":"https:\/\/www.ferienwohnungnerja.de\/fr\/accommodation\/"},{"@type":"ListItem","position":3,"name":"Villa Limon"}]},{"@type":"WebSite","@id":"https:\/\/www.ferienwohnungnerja.de\/fr\/#website","url":"https:\/\/www.ferienwohnungnerja.de\/fr\/","name":"ferienwohnungnerja.de","description":"Ferienwohnungen in Nerja","publisher":{"@id":"https:\/\/www.ferienwohnungnerja.de\/fr\/#\/schema\/person\/16748c9dad4472e47ffa70599fb57c67"},"potentialAction":[{"@type":"SearchAction","target":{"@type":"EntryPoint","urlTemplate":"https:\/\/www.ferienwohnungnerja.de\/fr\/?s={search_term_string}"},"query-input":{"@type":"PropertyValueSpecification","valueRequired":true,"valueName":"search_term_string"}}],"inLanguage":"fr-FR"},{"@type":["Person","Organization"],"@id":"https:\/\/www.ferienwohnungnerja.de\/fr\/#\/schema\/person\/16748c9dad4472e47ffa70599fb57c67","name":"adminnerja","image":{"@type":"ImageObject","inLanguage":"fr-FR","@id":"https:\/\/www.ferienwohnungnerja.de\/fr\/#\/schema\/person\/image\/","url":"https:\/\/secure.gravatar.com\/avatar\/385c6b5598370fe7b91dd03c855835170a55d4467846df8e92d47236c59f2036?s=96&d=mm&r=g","contentUrl":"https:\/\/secure.gravatar.com\/avatar\/385c6b5598370fe7b91dd03c855835170a55d4467846df8e92d47236c59f2036?s=96&d=mm&r=g","caption":"adminnerja"},"logo":{"@id":"https:\/\/www.ferienwohnungnerja.de\/fr\/#\/schema\/person\/image\/"}}]}},"jetpack_sharing_enabled":true,"_links":{"self":[{"href":"https:\/\/www.ferienwohnungnerja.de\/fr\/wp-json\/wp\/v2\/mphb_room_type\/2279","targetHints":{"allow":["GET"]}}],"collection":[{"href":"https:\/\/www.ferienwohnungnerja.de\/fr\/wp-json\/wp\/v2\/mphb_room_type"}],"about":[{"href":"https:\/\/www.ferienwohnungnerja.de\/fr\/wp-json\/wp\/v2\/types\/mphb_room_type"}],"replies":[{"embeddable":true,"href":"https:\/\/www.ferienwohnungnerja.de\/fr\/wp-json\/wp\/v2\/comments?post=2279"}],"wp:featuredmedia":[{"embeddable":true,"href":"https:\/\/www.ferienwohnungnerja.de\/fr\/wp-json\/wp\/v2\/media\/2281"}],"wp:attachment":[{"href":"https:\/\/www.ferienwohnungnerja.de\/fr\/wp-json\/wp\/v2\/media?parent=2279"}],"wp:term":[{"taxonomy":"mphb_room_type_category","embeddable":true,"href":"https:\/\/www.ferienwohnungnerja.de\/fr\/wp-json\/wp\/v2\/mphb_room_type_category?post=2279"},{"taxonomy":"mphb_room_type_tag","embeddable":true,"href":"https:\/\/www.ferienwohnungnerja.de\/fr\/wp-json\/wp\/v2\/mphb_room_type_tag?post=2279"},{"taxonomy":"mphb_room_type_facility","embeddable":true,"href":"https:\/\/www.ferienwohnungnerja.de\/fr\/wp-json\/wp\/v2\/mphb_room_type_facility?post=2279"}],"curies":[{"name":"wp","href":"https:\/\/api.w.org\/{rel}","templated":true}]}}