{"id":2415,"date":"2020-04-14T18:44:39","date_gmt":"2020-04-14T16:44:39","guid":{"rendered":"https:\/\/www.ferienwohnungnerja.de\/appartement-et-appartement-a-nerja\/"},"modified":"2020-04-14T18:45:59","modified_gmt":"2020-04-14T16:45:59","slug":"appartement-et-appartement-a-nerja","status":"publish","type":"page","link":"https:\/\/www.ferienwohnungnerja.de\/fr\/","title":{"rendered":"Appartement de vacances \u00e0 Nerja"},"content":{"rendered":"\n<p>Nos <strong>appartements<\/strong> de vacances sont situ\u00e9s dans le complexe <strong>de San Juan de Capistrano<\/strong> \u00e0 seulement 2 kilom\u00e8tres de la plage de <strong>Burriana,<\/strong> avec une vue fantastique sur le centre de <strong>Nerja<\/strong> et la mer M\u00e9diterran\u00e9e.<\/p>\n\n<p>Les <strong>chalets<\/strong> et appartements sont <strong>entour\u00e9s<\/strong> d\u2019un paysage en forme de parc, qui est maintenu en bon \u00e9tat par divers jardiniers. Une oasis de vacances parfaite avec des palmiers, des jardins tropicaux et un beau paysage de piscine. <\/p>\n\n<p>Dans les environs imm\u00e9diats des appartements il ya un supermarch\u00e9, parking, plusieurs restaurants et un bus de la ville \u00e0 Nerja et Burriana plage.<\/p>\n\n<p>Nous ne sommes pas des interm\u00e9diaires, mais les propri\u00e9taires et prendre soin de vous personnellement sur place pour vous garantir des <strong>vacances<\/strong> relaxantes sans aucun probl\u00e8me. <\/p>\n<div class=\"mphb_sc_rooms-wrapper mphb-room-types grid-view columns-2\">\n<div class=\"mphb-room-type post-2279 mphb_room_type type-mphb_room_type status-publish has-post-thumbnail mphb_room_type_facility-2-bains mphb_room_type_facility-2-chambres mphb_room_type_facility-bus-fr mphb_room_type_facility-climatisation mphb_room_type_facility-lave-vaisselle mphb_room_type_facility-netflix-prime-video-fr mphb_room_type_facility-parking-fr mphb_room_type_facility-piscine mphb_room_type_facility-sat-tv-fr mphb_room_type_facility-terrasse-fr mphb_room_type_facility-wifi-gratuit mphb-room-type-adults-4 mphb-room-type-children-0 has-taxes-and-fees\">\n\n\t\n\t\n\n\t<div class=\"mphb-room-type-images\">\n\t<span class=\"mphb_room_type_featured_image_wrapper\"><div id='mphb-flexslider-gallery-1' class='gallery-columns-1 gallery-size-villagio-thumb-small-x2 mphb-gallery-main-slider mphb-flexslider-gallery-wrapper mphb-room-type-gallery-wrapper mphb-gallery-main-slider-69f368033acff' data-flexslider-atts='{\"animation\":\"slide\",\"controlNav\":false,\"animationLoop\":true,\"smoothHeight\":true,\"slideshow\":false}' data-group='69f368033acff'><ul class=\"slides\"><li class='gallery-item'><span class='gallery-icon landscape'>\n\t\t\t\t<a href=\"https:\/\/www.ferienwohnungnerja.de\/fr\/accommodation\/villa-limon\/\"><img loading=\"lazy\" decoding=\"async\" width=\"1434\" height=\"1080\" src=\"https:\/\/i0.wp.com\/www.ferienwohnungnerja.de\/wp-content\/uploads\/2019\/08\/limon_ferienwohnung_nerja.jpg?resize=1434%2C1080&amp;ssl=1\" class=\"attachment-villagio-thumb-small-x2 size-villagio-thumb-small-x2\" alt=\"L&#039;entr\u00e9e de la Villa Limon\" srcset=\"https:\/\/i0.wp.com\/www.ferienwohnungnerja.de\/wp-content\/uploads\/2019\/08\/limon_ferienwohnung_nerja.jpg?resize=717%2C540&amp;ssl=1 717w, https:\/\/i0.wp.com\/www.ferienwohnungnerja.de\/wp-content\/uploads\/2019\/08\/limon_ferienwohnung_nerja.jpg?resize=1434%2C1080&amp;ssl=1 1434w\" sizes=\"auto, (max-width: 769px) 100vw, 769px\" data-attachment-id=\"2374\" data-permalink=\"https:\/\/www.ferienwohnungnerja.de\/fr\/lentree-de-la-villa-limon\/\" data-orig-file=\"https:\/\/i0.wp.com\/www.ferienwohnungnerja.de\/wp-content\/uploads\/2019\/08\/limon_ferienwohnung_nerja.jpg?fit=1600%2C1148&amp;ssl=1\" data-orig-size=\"1600,1148\" data-comments-opened=\"0\" data-image-meta=\"{&quot;aperture&quot;:&quot;0&quot;,&quot;credit&quot;:&quot;&quot;,&quot;camera&quot;:&quot;&quot;,&quot;caption&quot;:&quot;&quot;,&quot;created_timestamp&quot;:&quot;0&quot;,&quot;copyright&quot;:&quot;&quot;,&quot;focal_length&quot;:&quot;0&quot;,&quot;iso&quot;:&quot;0&quot;,&quot;shutter_speed&quot;:&quot;0&quot;,&quot;title&quot;:&quot;&quot;,&quot;orientation&quot;:&quot;0&quot;}\" data-image-title=\"L&amp;#8217;entr\u00e9e de la Villa Limon\" data-image-description=\"\" data-image-caption=\"\" data-medium-file=\"https:\/\/i0.wp.com\/www.ferienwohnungnerja.de\/wp-content\/uploads\/2019\/08\/limon_ferienwohnung_nerja.jpg?fit=300%2C215&amp;ssl=1\" data-large-file=\"https:\/\/i0.wp.com\/www.ferienwohnungnerja.de\/wp-content\/uploads\/2019\/08\/limon_ferienwohnung_nerja.jpg?fit=769%2C552&amp;ssl=1\" \/><\/a>\n\t\t\t<\/span><\/li><li class='gallery-item'><span class='gallery-icon landscape'>\n\t\t\t\t<a href=\"https:\/\/www.ferienwohnungnerja.de\/fr\/accommodation\/villa-limon\/\"><img loading=\"lazy\" decoding=\"async\" width=\"1434\" height=\"1067\" src=\"https:\/\/i0.wp.com\/www.ferienwohnungnerja.de\/wp-content\/uploads\/2019\/08\/capistrano-parkplatz.jpg?resize=1434%2C1067&amp;ssl=1\" class=\"attachment-villagio-thumb-small-x2 size-villagio-thumb-small-x2\" alt=\"Le parking Capistrano\" data-attachment-id=\"2394\" data-permalink=\"https:\/\/www.ferienwohnungnerja.de\/fr\/le-parking-se-trouve-a-environ-50-m-de-lappartement\/\" data-orig-file=\"https:\/\/i0.wp.com\/www.ferienwohnungnerja.de\/wp-content\/uploads\/2019\/08\/capistrano-parkplatz.jpg?fit=1600%2C1067&amp;ssl=1\" data-orig-size=\"1600,1067\" data-comments-opened=\"0\" data-image-meta=\"{&quot;aperture&quot;:&quot;0&quot;,&quot;credit&quot;:&quot;&quot;,&quot;camera&quot;:&quot;&quot;,&quot;caption&quot;:&quot;&quot;,&quot;created_timestamp&quot;:&quot;0&quot;,&quot;copyright&quot;:&quot;&quot;,&quot;focal_length&quot;:&quot;0&quot;,&quot;iso&quot;:&quot;0&quot;,&quot;shutter_speed&quot;:&quot;0&quot;,&quot;title&quot;:&quot;&quot;,&quot;orientation&quot;:&quot;0&quot;}\" data-image-title=\"Le parking se trouve \u00e0 environ 50 m de l&amp;#8217;appartement.\" data-image-description=\"\" data-image-caption=\"\" data-medium-file=\"https:\/\/i0.wp.com\/www.ferienwohnungnerja.de\/wp-content\/uploads\/2019\/08\/capistrano-parkplatz.jpg?fit=300%2C200&amp;ssl=1\" data-large-file=\"https:\/\/i0.wp.com\/www.ferienwohnungnerja.de\/wp-content\/uploads\/2019\/08\/capistrano-parkplatz.jpg?fit=769%2C513&amp;ssl=1\" \/><\/a>\n\t\t\t<\/span><\/li><li class='gallery-item'><span class='gallery-icon landscape'>\n\t\t\t\t<a href=\"https:\/\/www.ferienwohnungnerja.de\/fr\/accommodation\/villa-limon\/\"><img loading=\"lazy\" decoding=\"async\" width=\"1434\" height=\"1067\" src=\"https:\/\/i0.wp.com\/www.ferienwohnungnerja.de\/wp-content\/uploads\/2019\/08\/terrasse_ferienhaus.jpg?resize=1434%2C1067&amp;ssl=1\" class=\"attachment-villagio-thumb-small-x2 size-villagio-thumb-small-x2\" alt=\"Belle vue sur la mer M\u00e9diterran\u00e9e.\" data-attachment-id=\"2378\" data-permalink=\"https:\/\/www.ferienwohnungnerja.de\/fr\/belle-vue-sur-la-mer-mediterranee\/\" data-orig-file=\"https:\/\/i0.wp.com\/www.ferienwohnungnerja.de\/wp-content\/uploads\/2019\/08\/terrasse_ferienhaus.jpg?fit=1600%2C1067&amp;ssl=1\" data-orig-size=\"1600,1067\" data-comments-opened=\"0\" data-image-meta=\"{&quot;aperture&quot;:&quot;0&quot;,&quot;credit&quot;:&quot;&quot;,&quot;camera&quot;:&quot;&quot;,&quot;caption&quot;:&quot;&quot;,&quot;created_timestamp&quot;:&quot;0&quot;,&quot;copyright&quot;:&quot;&quot;,&quot;focal_length&quot;:&quot;0&quot;,&quot;iso&quot;:&quot;0&quot;,&quot;shutter_speed&quot;:&quot;0&quot;,&quot;title&quot;:&quot;&quot;,&quot;orientation&quot;:&quot;0&quot;}\" data-image-title=\"Belle vue sur la mer M\u00e9diterran\u00e9e.\" data-image-description=\"\" data-image-caption=\"\" data-medium-file=\"https:\/\/i0.wp.com\/www.ferienwohnungnerja.de\/wp-content\/uploads\/2019\/08\/terrasse_ferienhaus.jpg?fit=300%2C200&amp;ssl=1\" data-large-file=\"https:\/\/i0.wp.com\/www.ferienwohnungnerja.de\/wp-content\/uploads\/2019\/08\/terrasse_ferienhaus.jpg?fit=769%2C513&amp;ssl=1\" \/><\/a>\n\t\t\t<\/span><\/li><li class='gallery-item'><span class='gallery-icon landscape'>\n\t\t\t\t<a href=\"https:\/\/www.ferienwohnungnerja.de\/fr\/accommodation\/villa-limon\/\"><img loading=\"lazy\" decoding=\"async\" width=\"1434\" height=\"1026\" src=\"https:\/\/i0.wp.com\/www.ferienwohnungnerja.de\/wp-content\/uploads\/2019\/08\/terrasse_villa_limon04.jpg?resize=1434%2C1026&amp;ssl=1\" class=\"attachment-villagio-thumb-small-x2 size-villagio-thumb-small-x2\" alt=\"La terrasse\" data-attachment-id=\"2376\" data-permalink=\"https:\/\/www.ferienwohnungnerja.de\/fr\/la-terrasse-avec-de-la-place-pour-toute-la-famille\/\" data-orig-file=\"https:\/\/i0.wp.com\/www.ferienwohnungnerja.de\/wp-content\/uploads\/2019\/08\/terrasse_villa_limon04.jpg?fit=1600%2C1026&amp;ssl=1\" data-orig-size=\"1600,1026\" data-comments-opened=\"0\" data-image-meta=\"{&quot;aperture&quot;:&quot;0&quot;,&quot;credit&quot;:&quot;&quot;,&quot;camera&quot;:&quot;&quot;,&quot;caption&quot;:&quot;&quot;,&quot;created_timestamp&quot;:&quot;0&quot;,&quot;copyright&quot;:&quot;&quot;,&quot;focal_length&quot;:&quot;0&quot;,&quot;iso&quot;:&quot;0&quot;,&quot;shutter_speed&quot;:&quot;0&quot;,&quot;title&quot;:&quot;&quot;,&quot;orientation&quot;:&quot;0&quot;}\" data-image-title=\"La terrasse &amp;#8211; avec de la place pour toute la famille.\" data-image-description=\"\" data-image-caption=\"\" data-medium-file=\"https:\/\/i0.wp.com\/www.ferienwohnungnerja.de\/wp-content\/uploads\/2019\/08\/terrasse_villa_limon04.jpg?fit=300%2C192&amp;ssl=1\" data-large-file=\"https:\/\/i0.wp.com\/www.ferienwohnungnerja.de\/wp-content\/uploads\/2019\/08\/terrasse_villa_limon04.jpg?fit=769%2C493&amp;ssl=1\" \/><\/a>\n\t\t\t<\/span><\/li><li class='gallery-item'><span class='gallery-icon landscape'>\n\t\t\t\t<a href=\"https:\/\/www.ferienwohnungnerja.de\/fr\/accommodation\/villa-limon\/\"><img loading=\"lazy\" decoding=\"async\" width=\"1434\" height=\"1067\" src=\"https:\/\/i0.wp.com\/www.ferienwohnungnerja.de\/wp-content\/uploads\/2019\/08\/terrasse_villa_limon.jpg?resize=1434%2C1067&amp;ssl=1\" class=\"attachment-villagio-thumb-small-x2 size-villagio-thumb-small-x2\" alt=\"Terrasse Villa Limon\" data-attachment-id=\"2377\" data-permalink=\"https:\/\/www.ferienwohnungnerja.de\/fr\/la-terrasse-de-lappartement-offre-4-chaises-longues-une-douche-exterieure-une-table-et-des-chaises-et-un-barbecue-exterieur\/\" data-orig-file=\"https:\/\/i0.wp.com\/www.ferienwohnungnerja.de\/wp-content\/uploads\/2019\/08\/terrasse_villa_limon.jpg?fit=1600%2C1067&amp;ssl=1\" data-orig-size=\"1600,1067\" data-comments-opened=\"0\" data-image-meta=\"{&quot;aperture&quot;:&quot;0&quot;,&quot;credit&quot;:&quot;&quot;,&quot;camera&quot;:&quot;&quot;,&quot;caption&quot;:&quot;&quot;,&quot;created_timestamp&quot;:&quot;0&quot;,&quot;copyright&quot;:&quot;&quot;,&quot;focal_length&quot;:&quot;0&quot;,&quot;iso&quot;:&quot;0&quot;,&quot;shutter_speed&quot;:&quot;0&quot;,&quot;title&quot;:&quot;&quot;,&quot;orientation&quot;:&quot;0&quot;}\" data-image-title=\"La terrasse de l&amp;#8217;appartement offre 4 chaises longues, une douche ext\u00e9rieure, une table et des chaises et un barbecue ext\u00e9rieur.\" data-image-description=\"\" data-image-caption=\"\" data-medium-file=\"https:\/\/i0.wp.com\/www.ferienwohnungnerja.de\/wp-content\/uploads\/2019\/08\/terrasse_villa_limon.jpg?fit=300%2C200&amp;ssl=1\" data-large-file=\"https:\/\/i0.wp.com\/www.ferienwohnungnerja.de\/wp-content\/uploads\/2019\/08\/terrasse_villa_limon.jpg?fit=769%2C513&amp;ssl=1\" \/><\/a>\n\t\t\t<\/span><\/li><li class='gallery-item'><span class='gallery-icon landscape'>\n\t\t\t\t<a href=\"https:\/\/www.ferienwohnungnerja.de\/fr\/accommodation\/villa-limon\/\"><img loading=\"lazy\" decoding=\"async\" width=\"1434\" height=\"1080\" src=\"https:\/\/i0.wp.com\/www.ferienwohnungnerja.de\/wp-content\/uploads\/2019\/08\/zitronenbaum_terrasse.jpg?resize=1434%2C1080&amp;ssl=1\" class=\"attachment-villagio-thumb-small-x2 size-villagio-thumb-small-x2\" alt=\"Citronnier sur la terrasse\" srcset=\"https:\/\/i0.wp.com\/www.ferienwohnungnerja.de\/wp-content\/uploads\/2019\/08\/zitronenbaum_terrasse.jpg?resize=717%2C540&amp;ssl=1 717w, https:\/\/i0.wp.com\/www.ferienwohnungnerja.de\/wp-content\/uploads\/2019\/08\/zitronenbaum_terrasse.jpg?resize=1434%2C1080&amp;ssl=1 1434w\" sizes=\"auto, (max-width: 769px) 100vw, 769px\" data-attachment-id=\"2375\" data-permalink=\"https:\/\/www.ferienwohnungnerja.de\/fr\/citronnier-sur-la-terrasse\/\" data-orig-file=\"https:\/\/i0.wp.com\/www.ferienwohnungnerja.de\/wp-content\/uploads\/2019\/08\/zitronenbaum_terrasse.jpg?fit=1600%2C1110&amp;ssl=1\" data-orig-size=\"1600,1110\" data-comments-opened=\"0\" data-image-meta=\"{&quot;aperture&quot;:&quot;0&quot;,&quot;credit&quot;:&quot;&quot;,&quot;camera&quot;:&quot;&quot;,&quot;caption&quot;:&quot;&quot;,&quot;created_timestamp&quot;:&quot;0&quot;,&quot;copyright&quot;:&quot;&quot;,&quot;focal_length&quot;:&quot;0&quot;,&quot;iso&quot;:&quot;0&quot;,&quot;shutter_speed&quot;:&quot;0&quot;,&quot;title&quot;:&quot;&quot;,&quot;orientation&quot;:&quot;0&quot;}\" data-image-title=\"Citronnier sur la terrasse\" data-image-description=\"\" data-image-caption=\"\" data-medium-file=\"https:\/\/i0.wp.com\/www.ferienwohnungnerja.de\/wp-content\/uploads\/2019\/08\/zitronenbaum_terrasse.jpg?fit=300%2C208&amp;ssl=1\" data-large-file=\"https:\/\/i0.wp.com\/www.ferienwohnungnerja.de\/wp-content\/uploads\/2019\/08\/zitronenbaum_terrasse.jpg?fit=769%2C533&amp;ssl=1\" \/><\/a>\n\t\t\t<\/span><\/li><li class='gallery-item'><span class='gallery-icon landscape'>\n\t\t\t\t<a href=\"https:\/\/www.ferienwohnungnerja.de\/fr\/accommodation\/villa-limon\/\"><img loading=\"lazy\" decoding=\"async\" width=\"1434\" height=\"1067\" src=\"https:\/\/i0.wp.com\/www.ferienwohnungnerja.de\/wp-content\/uploads\/2019\/08\/limon_nerja06.jpg?resize=1434%2C1067&amp;ssl=1\" class=\"attachment-villagio-thumb-small-x2 size-villagio-thumb-small-x2\" alt=\"Salle \u00e0 manger donnant sur la mer M\u00e9diterran\u00e9e\" data-attachment-id=\"2280\" data-permalink=\"https:\/\/www.ferienwohnungnerja.de\/fr\/la-salle-a-manger-avec-une-vue-directe-sur-le-mitelmeer\/\" data-orig-file=\"https:\/\/i0.wp.com\/www.ferienwohnungnerja.de\/wp-content\/uploads\/2019\/08\/limon_nerja06.jpg?fit=1600%2C1067&amp;ssl=1\" data-orig-size=\"1600,1067\" data-comments-opened=\"0\" data-image-meta=\"{&quot;aperture&quot;:&quot;0&quot;,&quot;credit&quot;:&quot;&quot;,&quot;camera&quot;:&quot;&quot;,&quot;caption&quot;:&quot;&quot;,&quot;created_timestamp&quot;:&quot;0&quot;,&quot;copyright&quot;:&quot;&quot;,&quot;focal_length&quot;:&quot;0&quot;,&quot;iso&quot;:&quot;0&quot;,&quot;shutter_speed&quot;:&quot;0&quot;,&quot;title&quot;:&quot;&quot;,&quot;orientation&quot;:&quot;0&quot;}\" data-image-title=\"La salle \u00e0 manger avec une vue directe sur le Mitelmeer.\" data-image-description=\"\" data-image-caption=\"\" data-medium-file=\"https:\/\/i0.wp.com\/www.ferienwohnungnerja.de\/wp-content\/uploads\/2019\/08\/limon_nerja06.jpg?fit=300%2C200&amp;ssl=1\" data-large-file=\"https:\/\/i0.wp.com\/www.ferienwohnungnerja.de\/wp-content\/uploads\/2019\/08\/limon_nerja06.jpg?fit=769%2C513&amp;ssl=1\" \/><\/a>\n\t\t\t<\/span><\/li><li class='gallery-item'><span class='gallery-icon landscape'>\n\t\t\t\t<a href=\"https:\/\/www.ferienwohnungnerja.de\/fr\/accommodation\/villa-limon\/\"><img loading=\"lazy\" decoding=\"async\" width=\"1434\" height=\"1067\" src=\"https:\/\/i0.wp.com\/www.ferienwohnungnerja.de\/wp-content\/uploads\/2019\/08\/limon_nerja09.jpg?resize=1434%2C1067&amp;ssl=1\" class=\"attachment-villagio-thumb-small-x2 size-villagio-thumb-small-x2\" alt=\"La cuisine Villa Limon\" data-attachment-id=\"2386\" data-permalink=\"https:\/\/www.ferienwohnungnerja.de\/fr\/la-cuisine-est-entierement-equipee-avec-un-grand-refrigerateur-et-un-lave-vaisselle\/\" data-orig-file=\"https:\/\/i0.wp.com\/www.ferienwohnungnerja.de\/wp-content\/uploads\/2019\/08\/limon_nerja09.jpg?fit=1600%2C1067&amp;ssl=1\" data-orig-size=\"1600,1067\" data-comments-opened=\"0\" data-image-meta=\"{&quot;aperture&quot;:&quot;0&quot;,&quot;credit&quot;:&quot;&quot;,&quot;camera&quot;:&quot;&quot;,&quot;caption&quot;:&quot;&quot;,&quot;created_timestamp&quot;:&quot;0&quot;,&quot;copyright&quot;:&quot;&quot;,&quot;focal_length&quot;:&quot;0&quot;,&quot;iso&quot;:&quot;0&quot;,&quot;shutter_speed&quot;:&quot;0&quot;,&quot;title&quot;:&quot;&quot;,&quot;orientation&quot;:&quot;0&quot;}\" data-image-title=\"La cuisine est enti\u00e8rement \u00e9quip\u00e9e avec un grand r\u00e9frig\u00e9rateur et un lave-vaisselle.\" data-image-description=\"\" data-image-caption=\"\" data-medium-file=\"https:\/\/i0.wp.com\/www.ferienwohnungnerja.de\/wp-content\/uploads\/2019\/08\/limon_nerja09.jpg?fit=300%2C200&amp;ssl=1\" data-large-file=\"https:\/\/i0.wp.com\/www.ferienwohnungnerja.de\/wp-content\/uploads\/2019\/08\/limon_nerja09.jpg?fit=769%2C513&amp;ssl=1\" \/><\/a>\n\t\t\t<\/span><\/li><li class='gallery-item'><span class='gallery-icon landscape'>\n\t\t\t\t<a href=\"https:\/\/www.ferienwohnungnerja.de\/fr\/accommodation\/villa-limon\/\"><img loading=\"lazy\" decoding=\"async\" width=\"1434\" height=\"1067\" src=\"https:\/\/i0.wp.com\/www.ferienwohnungnerja.de\/wp-content\/uploads\/2019\/08\/limon_kueche10.jpg?resize=1434%2C1067&amp;ssl=1\" class=\"attachment-villagio-thumb-small-x2 size-villagio-thumb-small-x2\" alt=\"Cuisine Villa Limon\" data-attachment-id=\"2389\" data-permalink=\"https:\/\/www.ferienwohnungnerja.de\/fr\/cuisine-villa-limon\/\" data-orig-file=\"https:\/\/i0.wp.com\/www.ferienwohnungnerja.de\/wp-content\/uploads\/2019\/08\/limon_kueche10.jpg?fit=1600%2C1067&amp;ssl=1\" data-orig-size=\"1600,1067\" data-comments-opened=\"0\" data-image-meta=\"{&quot;aperture&quot;:&quot;0&quot;,&quot;credit&quot;:&quot;&quot;,&quot;camera&quot;:&quot;&quot;,&quot;caption&quot;:&quot;&quot;,&quot;created_timestamp&quot;:&quot;0&quot;,&quot;copyright&quot;:&quot;&quot;,&quot;focal_length&quot;:&quot;0&quot;,&quot;iso&quot;:&quot;0&quot;,&quot;shutter_speed&quot;:&quot;0&quot;,&quot;title&quot;:&quot;&quot;,&quot;orientation&quot;:&quot;0&quot;}\" data-image-title=\"Cuisine Villa Limon\" data-image-description=\"\" data-image-caption=\"\" data-medium-file=\"https:\/\/i0.wp.com\/www.ferienwohnungnerja.de\/wp-content\/uploads\/2019\/08\/limon_kueche10.jpg?fit=300%2C200&amp;ssl=1\" data-large-file=\"https:\/\/i0.wp.com\/www.ferienwohnungnerja.de\/wp-content\/uploads\/2019\/08\/limon_kueche10.jpg?fit=769%2C513&amp;ssl=1\" \/><\/a>\n\t\t\t<\/span><\/li><li class='gallery-item'><span class='gallery-icon landscape'>\n\t\t\t\t<a href=\"https:\/\/www.ferienwohnungnerja.de\/fr\/accommodation\/villa-limon\/\"><img loading=\"lazy\" decoding=\"async\" width=\"1434\" height=\"1080\" src=\"https:\/\/i0.wp.com\/www.ferienwohnungnerja.de\/wp-content\/uploads\/2019\/08\/limon_nerja07.jpg?resize=1434%2C1080&amp;ssl=1\" class=\"attachment-villagio-thumb-small-x2 size-villagio-thumb-small-x2\" alt=\"Salle de s\u00e9jour Villa Limon\" srcset=\"https:\/\/i0.wp.com\/www.ferienwohnungnerja.de\/wp-content\/uploads\/2019\/08\/limon_nerja07.jpg?resize=300%2C225&amp;ssl=1 300w, https:\/\/i0.wp.com\/www.ferienwohnungnerja.de\/wp-content\/uploads\/2019\/08\/limon_nerja07.jpg?resize=717%2C540&amp;ssl=1 717w, https:\/\/i0.wp.com\/www.ferienwohnungnerja.de\/wp-content\/uploads\/2019\/08\/limon_nerja07.jpg?resize=1434%2C1080&amp;ssl=1 1434w\" sizes=\"auto, (max-width: 769px) 100vw, 769px\" data-attachment-id=\"2388\" data-permalink=\"https:\/\/www.ferienwohnungnerja.de\/fr\/de-grandes-portes-vitrees-donnent-acces-a-la-salle-de-sejour\/\" data-orig-file=\"https:\/\/i0.wp.com\/www.ferienwohnungnerja.de\/wp-content\/uploads\/2019\/08\/limon_nerja07.jpg?fit=1600%2C1200&amp;ssl=1\" data-orig-size=\"1600,1200\" data-comments-opened=\"0\" data-image-meta=\"{&quot;aperture&quot;:&quot;0&quot;,&quot;credit&quot;:&quot;&quot;,&quot;camera&quot;:&quot;&quot;,&quot;caption&quot;:&quot;&quot;,&quot;created_timestamp&quot;:&quot;0&quot;,&quot;copyright&quot;:&quot;&quot;,&quot;focal_length&quot;:&quot;0&quot;,&quot;iso&quot;:&quot;0&quot;,&quot;shutter_speed&quot;:&quot;0&quot;,&quot;title&quot;:&quot;&quot;,&quot;orientation&quot;:&quot;0&quot;}\" data-image-title=\"De grandes portes vitr\u00e9es donnent acc\u00e8s \u00e0 la salle de s\u00e9jour.\" data-image-description=\"\" data-image-caption=\"\" data-medium-file=\"https:\/\/i0.wp.com\/www.ferienwohnungnerja.de\/wp-content\/uploads\/2019\/08\/limon_nerja07.jpg?fit=300%2C225&amp;ssl=1\" data-large-file=\"https:\/\/i0.wp.com\/www.ferienwohnungnerja.de\/wp-content\/uploads\/2019\/08\/limon_nerja07.jpg?fit=769%2C577&amp;ssl=1\" \/><\/a>\n\t\t\t<\/span><\/li><li class='gallery-item'><span class='gallery-icon landscape'>\n\t\t\t\t<a href=\"https:\/\/www.ferienwohnungnerja.de\/fr\/accommodation\/villa-limon\/\"><img loading=\"lazy\" decoding=\"async\" width=\"1434\" height=\"1067\" src=\"https:\/\/i0.wp.com\/www.ferienwohnungnerja.de\/wp-content\/uploads\/2019\/08\/limon_nerja08.jpg?resize=1434%2C1067&amp;ssl=1\" class=\"attachment-villagio-thumb-small-x2 size-villagio-thumb-small-x2\" alt=\"Lieu du petit-d\u00e9jeuner\" data-attachment-id=\"2387\" data-permalink=\"https:\/\/www.ferienwohnungnerja.de\/fr\/de-la-place-pour-le-petit-dejeuner-rapide\/\" data-orig-file=\"https:\/\/i0.wp.com\/www.ferienwohnungnerja.de\/wp-content\/uploads\/2019\/08\/limon_nerja08.jpg?fit=1600%2C1067&amp;ssl=1\" data-orig-size=\"1600,1067\" data-comments-opened=\"0\" data-image-meta=\"{&quot;aperture&quot;:&quot;0&quot;,&quot;credit&quot;:&quot;&quot;,&quot;camera&quot;:&quot;&quot;,&quot;caption&quot;:&quot;&quot;,&quot;created_timestamp&quot;:&quot;0&quot;,&quot;copyright&quot;:&quot;&quot;,&quot;focal_length&quot;:&quot;0&quot;,&quot;iso&quot;:&quot;0&quot;,&quot;shutter_speed&quot;:&quot;0&quot;,&quot;title&quot;:&quot;&quot;,&quot;orientation&quot;:&quot;0&quot;}\" data-image-title=\"De la place pour le petit d\u00e9jeuner rapide.\" data-image-description=\"\" data-image-caption=\"\" data-medium-file=\"https:\/\/i0.wp.com\/www.ferienwohnungnerja.de\/wp-content\/uploads\/2019\/08\/limon_nerja08.jpg?fit=300%2C200&amp;ssl=1\" data-large-file=\"https:\/\/i0.wp.com\/www.ferienwohnungnerja.de\/wp-content\/uploads\/2019\/08\/limon_nerja08.jpg?fit=769%2C513&amp;ssl=1\" \/><\/a>\n\t\t\t<\/span><\/li><li class='gallery-item'><span class='gallery-icon landscape'>\n\t\t\t\t<a href=\"https:\/\/www.ferienwohnungnerja.de\/fr\/accommodation\/villa-limon\/\"><img loading=\"lazy\" decoding=\"async\" width=\"1434\" height=\"1067\" src=\"https:\/\/i0.wp.com\/www.ferienwohnungnerja.de\/wp-content\/uploads\/2019\/08\/limon_sofaecke11.jpg?resize=1434%2C1067&amp;ssl=1\" class=\"attachment-villagio-thumb-small-x2 size-villagio-thumb-small-x2\" alt=\"canap\u00e9 Limon\" data-attachment-id=\"2381\" data-permalink=\"https:\/\/www.ferienwohnungnerja.de\/fr\/un-coin-canape-confortable\/\" data-orig-file=\"https:\/\/i0.wp.com\/www.ferienwohnungnerja.de\/wp-content\/uploads\/2019\/08\/limon_sofaecke11.jpg?fit=1600%2C1067&amp;ssl=1\" data-orig-size=\"1600,1067\" data-comments-opened=\"0\" data-image-meta=\"{&quot;aperture&quot;:&quot;0&quot;,&quot;credit&quot;:&quot;&quot;,&quot;camera&quot;:&quot;&quot;,&quot;caption&quot;:&quot;&quot;,&quot;created_timestamp&quot;:&quot;0&quot;,&quot;copyright&quot;:&quot;&quot;,&quot;focal_length&quot;:&quot;0&quot;,&quot;iso&quot;:&quot;0&quot;,&quot;shutter_speed&quot;:&quot;0&quot;,&quot;title&quot;:&quot;&quot;,&quot;orientation&quot;:&quot;0&quot;}\" data-image-title=\"Un coin canap\u00e9 confortable\" data-image-description=\"\" data-image-caption=\"\" data-medium-file=\"https:\/\/i0.wp.com\/www.ferienwohnungnerja.de\/wp-content\/uploads\/2019\/08\/limon_sofaecke11.jpg?fit=300%2C200&amp;ssl=1\" data-large-file=\"https:\/\/i0.wp.com\/www.ferienwohnungnerja.de\/wp-content\/uploads\/2019\/08\/limon_sofaecke11.jpg?fit=769%2C513&amp;ssl=1\" \/><\/a>\n\t\t\t<\/span><\/li><li class='gallery-item'><span class='gallery-icon landscape'>\n\t\t\t\t<a href=\"https:\/\/www.ferienwohnungnerja.de\/fr\/accommodation\/villa-limon\/\"><img loading=\"lazy\" decoding=\"async\" width=\"1434\" height=\"1072\" src=\"https:\/\/i0.wp.com\/www.ferienwohnungnerja.de\/wp-content\/uploads\/2019\/08\/limon_netflix12.jpg?resize=1434%2C1072&amp;ssl=1\" class=\"attachment-villagio-thumb-small-x2 size-villagio-thumb-small-x2\" alt=\"WLAN, SAT TV, Netflix, Prime Video\" data-attachment-id=\"2385\" data-permalink=\"https:\/\/www.ferienwohnungnerja.de\/fr\/wlan-sat-tv-netflix-prime-video\/\" data-orig-file=\"https:\/\/i0.wp.com\/www.ferienwohnungnerja.de\/wp-content\/uploads\/2019\/08\/limon_netflix12.jpg?fit=1600%2C1072&amp;ssl=1\" data-orig-size=\"1600,1072\" data-comments-opened=\"0\" data-image-meta=\"{&quot;aperture&quot;:&quot;0&quot;,&quot;credit&quot;:&quot;&quot;,&quot;camera&quot;:&quot;&quot;,&quot;caption&quot;:&quot;&quot;,&quot;created_timestamp&quot;:&quot;0&quot;,&quot;copyright&quot;:&quot;&quot;,&quot;focal_length&quot;:&quot;0&quot;,&quot;iso&quot;:&quot;0&quot;,&quot;shutter_speed&quot;:&quot;0&quot;,&quot;title&quot;:&quot;&quot;,&quot;orientation&quot;:&quot;0&quot;}\" data-image-title=\"WLAN, SAT TV, Netflix, Prime Video\" data-image-description=\"\" data-image-caption=\"\" data-medium-file=\"https:\/\/i0.wp.com\/www.ferienwohnungnerja.de\/wp-content\/uploads\/2019\/08\/limon_netflix12.jpg?fit=300%2C201&amp;ssl=1\" data-large-file=\"https:\/\/i0.wp.com\/www.ferienwohnungnerja.de\/wp-content\/uploads\/2019\/08\/limon_netflix12.jpg?fit=769%2C515&amp;ssl=1\" \/><\/a>\n\t\t\t<\/span><\/li><li class='gallery-item'><span class='gallery-icon landscape'>\n\t\t\t\t<a href=\"https:\/\/www.ferienwohnungnerja.de\/fr\/accommodation\/villa-limon\/\"><img loading=\"lazy\" decoding=\"async\" width=\"1434\" height=\"1080\" src=\"https:\/\/i0.wp.com\/www.ferienwohnungnerja.de\/wp-content\/uploads\/2019\/08\/limon_schlafzimmer13.jpg?resize=1434%2C1080&amp;ssl=1\" class=\"attachment-villagio-thumb-small-x2 size-villagio-thumb-small-x2\" alt=\"Chambre 1\" srcset=\"https:\/\/i0.wp.com\/www.ferienwohnungnerja.de\/wp-content\/uploads\/2019\/08\/limon_schlafzimmer13.jpg?resize=300%2C225&amp;ssl=1 300w, https:\/\/i0.wp.com\/www.ferienwohnungnerja.de\/wp-content\/uploads\/2019\/08\/limon_schlafzimmer13.jpg?resize=717%2C540&amp;ssl=1 717w, https:\/\/i0.wp.com\/www.ferienwohnungnerja.de\/wp-content\/uploads\/2019\/08\/limon_schlafzimmer13.jpg?resize=1434%2C1080&amp;ssl=1 1434w\" sizes=\"auto, (max-width: 769px) 100vw, 769px\" data-attachment-id=\"2383\" data-permalink=\"https:\/\/www.ferienwohnungnerja.de\/fr\/chambre-1-ici-il-y-a-un-lit-double-danois-de-2-x-180-m\/\" data-orig-file=\"https:\/\/i0.wp.com\/www.ferienwohnungnerja.de\/wp-content\/uploads\/2019\/08\/limon_schlafzimmer13.jpg?fit=1600%2C1200&amp;ssl=1\" data-orig-size=\"1600,1200\" data-comments-opened=\"0\" data-image-meta=\"{&quot;aperture&quot;:&quot;0&quot;,&quot;credit&quot;:&quot;&quot;,&quot;camera&quot;:&quot;&quot;,&quot;caption&quot;:&quot;&quot;,&quot;created_timestamp&quot;:&quot;0&quot;,&quot;copyright&quot;:&quot;&quot;,&quot;focal_length&quot;:&quot;0&quot;,&quot;iso&quot;:&quot;0&quot;,&quot;shutter_speed&quot;:&quot;0&quot;,&quot;title&quot;:&quot;&quot;,&quot;orientation&quot;:&quot;0&quot;}\" data-image-title=\"Chambre 1 &amp;#8211; Ici, il y a un lit double danois de 2 x 1,80 m.\" data-image-description=\"\" data-image-caption=\"\" data-medium-file=\"https:\/\/i0.wp.com\/www.ferienwohnungnerja.de\/wp-content\/uploads\/2019\/08\/limon_schlafzimmer13.jpg?fit=300%2C225&amp;ssl=1\" data-large-file=\"https:\/\/i0.wp.com\/www.ferienwohnungnerja.de\/wp-content\/uploads\/2019\/08\/limon_schlafzimmer13.jpg?fit=769%2C577&amp;ssl=1\" \/><\/a>\n\t\t\t<\/span><\/li><li class='gallery-item'><span class='gallery-icon portrait'>\n\t\t\t\t<a href=\"https:\/\/www.ferienwohnungnerja.de\/fr\/accommodation\/villa-limon\/\"><img loading=\"lazy\" decoding=\"async\" width=\"1067\" height=\"1080\" src=\"https:\/\/i0.wp.com\/www.ferienwohnungnerja.de\/wp-content\/uploads\/2019\/08\/limon_capistrano14.jpg?resize=1067%2C1080&amp;ssl=1\" class=\"attachment-villagio-thumb-small-x2 size-villagio-thumb-small-x2\" alt=\"Salle de bain 1 avec machine \u00e0 laver.\" data-attachment-id=\"2390\" data-permalink=\"https:\/\/www.ferienwohnungnerja.de\/fr\/salle-de-bain-1-avec-machine-a-laver\/\" data-orig-file=\"https:\/\/i0.wp.com\/www.ferienwohnungnerja.de\/wp-content\/uploads\/2019\/08\/limon_capistrano14.jpg?fit=1067%2C1600&amp;ssl=1\" data-orig-size=\"1067,1600\" data-comments-opened=\"0\" data-image-meta=\"{&quot;aperture&quot;:&quot;0&quot;,&quot;credit&quot;:&quot;&quot;,&quot;camera&quot;:&quot;&quot;,&quot;caption&quot;:&quot;&quot;,&quot;created_timestamp&quot;:&quot;0&quot;,&quot;copyright&quot;:&quot;&quot;,&quot;focal_length&quot;:&quot;0&quot;,&quot;iso&quot;:&quot;0&quot;,&quot;shutter_speed&quot;:&quot;0&quot;,&quot;title&quot;:&quot;&quot;,&quot;orientation&quot;:&quot;0&quot;}\" data-image-title=\"Salle de bain 1 avec machine \u00e0 laver.\" data-image-description=\"\" data-image-caption=\"\" data-medium-file=\"https:\/\/i0.wp.com\/www.ferienwohnungnerja.de\/wp-content\/uploads\/2019\/08\/limon_capistrano14.jpg?fit=200%2C300&amp;ssl=1\" data-large-file=\"https:\/\/i0.wp.com\/www.ferienwohnungnerja.de\/wp-content\/uploads\/2019\/08\/limon_capistrano14.jpg?fit=683%2C1024&amp;ssl=1\" \/><\/a>\n\t\t\t<\/span><\/li><li class='gallery-item'><span class='gallery-icon landscape'>\n\t\t\t\t<a href=\"https:\/\/www.ferienwohnungnerja.de\/fr\/accommodation\/villa-limon\/\"><img loading=\"lazy\" decoding=\"async\" width=\"1434\" height=\"1067\" src=\"https:\/\/i0.wp.com\/www.ferienwohnungnerja.de\/wp-content\/uploads\/2019\/08\/limon_bad15.jpg?resize=1434%2C1067&amp;ssl=1\" class=\"attachment-villagio-thumb-small-x2 size-villagio-thumb-small-x2\" alt=\"Douches \u00e0 acc\u00e8s facile\" data-attachment-id=\"2393\" data-permalink=\"https:\/\/www.ferienwohnungnerja.de\/fr\/les-deux-salles-de-bains-sont-equipees-de-douches-a-acces-facile\/\" data-orig-file=\"https:\/\/i0.wp.com\/www.ferienwohnungnerja.de\/wp-content\/uploads\/2019\/08\/limon_bad15.jpg?fit=1600%2C1067&amp;ssl=1\" data-orig-size=\"1600,1067\" data-comments-opened=\"0\" data-image-meta=\"{&quot;aperture&quot;:&quot;0&quot;,&quot;credit&quot;:&quot;&quot;,&quot;camera&quot;:&quot;&quot;,&quot;caption&quot;:&quot;&quot;,&quot;created_timestamp&quot;:&quot;0&quot;,&quot;copyright&quot;:&quot;&quot;,&quot;focal_length&quot;:&quot;0&quot;,&quot;iso&quot;:&quot;0&quot;,&quot;shutter_speed&quot;:&quot;0&quot;,&quot;title&quot;:&quot;&quot;,&quot;orientation&quot;:&quot;0&quot;}\" data-image-title=\"Les deux salles de bains sont \u00e9quip\u00e9es de douches \u00e0 acc\u00e8s facile.\" data-image-description=\"\" data-image-caption=\"\" data-medium-file=\"https:\/\/i0.wp.com\/www.ferienwohnungnerja.de\/wp-content\/uploads\/2019\/08\/limon_bad15.jpg?fit=300%2C200&amp;ssl=1\" data-large-file=\"https:\/\/i0.wp.com\/www.ferienwohnungnerja.de\/wp-content\/uploads\/2019\/08\/limon_bad15.jpg?fit=769%2C513&amp;ssl=1\" \/><\/a>\n\t\t\t<\/span><\/li><li class='gallery-item'><span class='gallery-icon portrait'>\n\t\t\t\t<a href=\"https:\/\/www.ferienwohnungnerja.de\/fr\/accommodation\/villa-limon\/\"><img loading=\"lazy\" decoding=\"async\" width=\"1067\" height=\"1080\" src=\"https:\/\/i0.wp.com\/www.ferienwohnungnerja.de\/wp-content\/uploads\/2019\/08\/limon_bad16.jpg?resize=1067%2C1080&amp;ssl=1\" class=\"attachment-villagio-thumb-small-x2 size-villagio-thumb-small-x2\" alt=\"Lavabo salle de bain 1\" data-attachment-id=\"2392\" data-permalink=\"https:\/\/www.ferienwohnungnerja.de\/fr\/lavabo-salle-de-bain-1\/\" data-orig-file=\"https:\/\/i0.wp.com\/www.ferienwohnungnerja.de\/wp-content\/uploads\/2019\/08\/limon_bad16.jpg?fit=1067%2C1600&amp;ssl=1\" data-orig-size=\"1067,1600\" data-comments-opened=\"0\" data-image-meta=\"{&quot;aperture&quot;:&quot;0&quot;,&quot;credit&quot;:&quot;&quot;,&quot;camera&quot;:&quot;&quot;,&quot;caption&quot;:&quot;&quot;,&quot;created_timestamp&quot;:&quot;0&quot;,&quot;copyright&quot;:&quot;&quot;,&quot;focal_length&quot;:&quot;0&quot;,&quot;iso&quot;:&quot;0&quot;,&quot;shutter_speed&quot;:&quot;0&quot;,&quot;title&quot;:&quot;&quot;,&quot;orientation&quot;:&quot;0&quot;}\" data-image-title=\"Lavabo salle de bain 1\" data-image-description=\"\" data-image-caption=\"\" data-medium-file=\"https:\/\/i0.wp.com\/www.ferienwohnungnerja.de\/wp-content\/uploads\/2019\/08\/limon_bad16.jpg?fit=200%2C300&amp;ssl=1\" data-large-file=\"https:\/\/i0.wp.com\/www.ferienwohnungnerja.de\/wp-content\/uploads\/2019\/08\/limon_bad16.jpg?fit=683%2C1024&amp;ssl=1\" \/><\/a>\n\t\t\t<\/span><\/li><li class='gallery-item'><span class='gallery-icon landscape'>\n\t\t\t\t<a href=\"https:\/\/www.ferienwohnungnerja.de\/fr\/accommodation\/villa-limon\/\"><img loading=\"lazy\" decoding=\"async\" width=\"1434\" height=\"1067\" src=\"https:\/\/i0.wp.com\/www.ferienwohnungnerja.de\/wp-content\/uploads\/2019\/08\/limon_schlafzimmer17.jpg?resize=1434%2C1067&amp;ssl=1\" class=\"attachment-villagio-thumb-small-x2 size-villagio-thumb-small-x2\" alt=\"Chambre 2\" data-attachment-id=\"2382\" data-permalink=\"https:\/\/www.ferienwohnungnerja.de\/fr\/les-deux-chambres-ont-une-sortie-directe-sur-la-terrasse-avec-des-portes-vitrees\/\" data-orig-file=\"https:\/\/i0.wp.com\/www.ferienwohnungnerja.de\/wp-content\/uploads\/2019\/08\/limon_schlafzimmer17.jpg?fit=1600%2C1067&amp;ssl=1\" data-orig-size=\"1600,1067\" data-comments-opened=\"0\" data-image-meta=\"{&quot;aperture&quot;:&quot;0&quot;,&quot;credit&quot;:&quot;&quot;,&quot;camera&quot;:&quot;&quot;,&quot;caption&quot;:&quot;&quot;,&quot;created_timestamp&quot;:&quot;0&quot;,&quot;copyright&quot;:&quot;&quot;,&quot;focal_length&quot;:&quot;0&quot;,&quot;iso&quot;:&quot;0&quot;,&quot;shutter_speed&quot;:&quot;0&quot;,&quot;title&quot;:&quot;&quot;,&quot;orientation&quot;:&quot;0&quot;}\" data-image-title=\"Les deux chambres ont une sortie directe sur la terrasse avec des portes vitr\u00e9es.\" data-image-description=\"\" data-image-caption=\"\" data-medium-file=\"https:\/\/i0.wp.com\/www.ferienwohnungnerja.de\/wp-content\/uploads\/2019\/08\/limon_schlafzimmer17.jpg?fit=300%2C200&amp;ssl=1\" data-large-file=\"https:\/\/i0.wp.com\/www.ferienwohnungnerja.de\/wp-content\/uploads\/2019\/08\/limon_schlafzimmer17.jpg?fit=769%2C513&amp;ssl=1\" \/><\/a>\n\t\t\t<\/span><\/li><li class='gallery-item'><span class='gallery-icon portrait'>\n\t\t\t\t<a href=\"https:\/\/www.ferienwohnungnerja.de\/fr\/accommodation\/villa-limon\/\"><img loading=\"lazy\" decoding=\"async\" width=\"1067\" height=\"1080\" src=\"https:\/\/i0.wp.com\/www.ferienwohnungnerja.de\/wp-content\/uploads\/2019\/08\/limon_bad18.jpg?resize=1067%2C1080&amp;ssl=1\" class=\"attachment-villagio-thumb-small-x2 size-villagio-thumb-small-x2\" alt=\"Lavabo salle de bain 2\" data-attachment-id=\"2391\" data-permalink=\"https:\/\/www.ferienwohnungnerja.de\/fr\/lavabo-salle-de-bain-2\/\" data-orig-file=\"https:\/\/i0.wp.com\/www.ferienwohnungnerja.de\/wp-content\/uploads\/2019\/08\/limon_bad18.jpg?fit=1067%2C1600&amp;ssl=1\" data-orig-size=\"1067,1600\" data-comments-opened=\"0\" data-image-meta=\"{&quot;aperture&quot;:&quot;0&quot;,&quot;credit&quot;:&quot;&quot;,&quot;camera&quot;:&quot;&quot;,&quot;caption&quot;:&quot;&quot;,&quot;created_timestamp&quot;:&quot;0&quot;,&quot;copyright&quot;:&quot;&quot;,&quot;focal_length&quot;:&quot;0&quot;,&quot;iso&quot;:&quot;0&quot;,&quot;shutter_speed&quot;:&quot;0&quot;,&quot;title&quot;:&quot;&quot;,&quot;orientation&quot;:&quot;0&quot;}\" data-image-title=\"Lavabo salle de bain 2\" data-image-description=\"\" data-image-caption=\"\" data-medium-file=\"https:\/\/i0.wp.com\/www.ferienwohnungnerja.de\/wp-content\/uploads\/2019\/08\/limon_bad18.jpg?fit=200%2C300&amp;ssl=1\" data-large-file=\"https:\/\/i0.wp.com\/www.ferienwohnungnerja.de\/wp-content\/uploads\/2019\/08\/limon_bad18.jpg?fit=683%2C1024&amp;ssl=1\" \/><\/a>\n\t\t\t<\/span><\/li><li class='gallery-item'><span class='gallery-icon landscape'>\n\t\t\t\t<a href=\"https:\/\/www.ferienwohnungnerja.de\/fr\/accommodation\/villa-limon\/\"><img loading=\"lazy\" decoding=\"async\" width=\"1434\" height=\"1067\" src=\"https:\/\/i0.wp.com\/www.ferienwohnungnerja.de\/wp-content\/uploads\/2019\/08\/limon_san_juan_de_capistrano19.jpg?resize=1434%2C1067&amp;ssl=1\" class=\"attachment-villagio-thumb-small-x2 size-villagio-thumb-small-x2\" alt=\"Acc\u00e8s \u00e0 la Villa Limon.\" data-attachment-id=\"2384\" data-permalink=\"https:\/\/www.ferienwohnungnerja.de\/fr\/acces-a-la-villa-limon-le-parking-se-trouve-a-50-metres-a-pied-seulement\/\" data-orig-file=\"https:\/\/i0.wp.com\/www.ferienwohnungnerja.de\/wp-content\/uploads\/2019\/08\/limon_san_juan_de_capistrano19.jpg?fit=1600%2C1067&amp;ssl=1\" data-orig-size=\"1600,1067\" data-comments-opened=\"0\" data-image-meta=\"{&quot;aperture&quot;:&quot;0&quot;,&quot;credit&quot;:&quot;&quot;,&quot;camera&quot;:&quot;&quot;,&quot;caption&quot;:&quot;&quot;,&quot;created_timestamp&quot;:&quot;0&quot;,&quot;copyright&quot;:&quot;&quot;,&quot;focal_length&quot;:&quot;0&quot;,&quot;iso&quot;:&quot;0&quot;,&quot;shutter_speed&quot;:&quot;0&quot;,&quot;title&quot;:&quot;&quot;,&quot;orientation&quot;:&quot;0&quot;}\" data-image-title=\"Acc\u00e8s \u00e0 la Villa Limon &amp;#8211; Le parking se trouve \u00e0 50 m\u00e8tres \u00e0 pied seulement.\" data-image-description=\"\" data-image-caption=\"\" data-medium-file=\"https:\/\/i0.wp.com\/www.ferienwohnungnerja.de\/wp-content\/uploads\/2019\/08\/limon_san_juan_de_capistrano19.jpg?fit=300%2C200&amp;ssl=1\" data-large-file=\"https:\/\/i0.wp.com\/www.ferienwohnungnerja.de\/wp-content\/uploads\/2019\/08\/limon_san_juan_de_capistrano19.jpg?fit=769%2C513&amp;ssl=1\" \/><\/a>\n\t\t\t<\/span><\/li><li class='gallery-item'><span class='gallery-icon landscape'>\n\t\t\t\t<a href=\"https:\/\/www.ferienwohnungnerja.de\/fr\/accommodation\/villa-limon\/\"><img loading=\"lazy\" decoding=\"async\" width=\"1434\" height=\"1067\" src=\"https:\/\/i0.wp.com\/www.ferienwohnungnerja.de\/wp-content\/uploads\/2019\/08\/limon_stadtbus20.jpg?resize=1434%2C1067&amp;ssl=1\" class=\"attachment-villagio-thumb-small-x2 size-villagio-thumb-small-x2\" alt=\"Bus de ville Nerja.\" data-attachment-id=\"2380\" data-permalink=\"https:\/\/www.ferienwohnungnerja.de\/fr\/bus-de-ville-regulier-pour-nerja\/\" data-orig-file=\"https:\/\/i0.wp.com\/www.ferienwohnungnerja.de\/wp-content\/uploads\/2019\/08\/limon_stadtbus20.jpg?fit=1600%2C1067&amp;ssl=1\" data-orig-size=\"1600,1067\" data-comments-opened=\"0\" data-image-meta=\"{&quot;aperture&quot;:&quot;0&quot;,&quot;credit&quot;:&quot;&quot;,&quot;camera&quot;:&quot;&quot;,&quot;caption&quot;:&quot;&quot;,&quot;created_timestamp&quot;:&quot;0&quot;,&quot;copyright&quot;:&quot;&quot;,&quot;focal_length&quot;:&quot;0&quot;,&quot;iso&quot;:&quot;0&quot;,&quot;shutter_speed&quot;:&quot;0&quot;,&quot;title&quot;:&quot;&quot;,&quot;orientation&quot;:&quot;0&quot;}\" data-image-title=\"Bus de ville r\u00e9gulier pour Nerja.\" data-image-description=\"\" data-image-caption=\"\" data-medium-file=\"https:\/\/i0.wp.com\/www.ferienwohnungnerja.de\/wp-content\/uploads\/2019\/08\/limon_stadtbus20.jpg?fit=300%2C200&amp;ssl=1\" data-large-file=\"https:\/\/i0.wp.com\/www.ferienwohnungnerja.de\/wp-content\/uploads\/2019\/08\/limon_stadtbus20.jpg?fit=769%2C513&amp;ssl=1\" \/><\/a>\n\t\t\t<\/span><\/li><li class='gallery-item'><span class='gallery-icon landscape'>\n\t\t\t\t<a href=\"https:\/\/www.ferienwohnungnerja.de\/fr\/accommodation\/villa-limon\/\"><img loading=\"lazy\" decoding=\"async\" width=\"1434\" height=\"1067\" src=\"https:\/\/i0.wp.com\/www.ferienwohnungnerja.de\/wp-content\/uploads\/2019\/08\/capistrano_poolanlage22.jpg?resize=1434%2C1067&amp;ssl=1\" class=\"attachment-villagio-thumb-small-x2 size-villagio-thumb-small-x2\" alt=\"Grande piscine en mer\" data-attachment-id=\"2396\" data-permalink=\"https:\/\/www.ferienwohnungnerja.de\/fr\/autour-de-la-piscine-il-y-a-des-pelouses-avec-des-chaises-longues-et-deux-bars-de-piscine\/\" data-orig-file=\"https:\/\/i0.wp.com\/www.ferienwohnungnerja.de\/wp-content\/uploads\/2019\/08\/capistrano_poolanlage22.jpg?fit=1600%2C1067&amp;ssl=1\" data-orig-size=\"1600,1067\" data-comments-opened=\"0\" data-image-meta=\"{&quot;aperture&quot;:&quot;0&quot;,&quot;credit&quot;:&quot;&quot;,&quot;camera&quot;:&quot;&quot;,&quot;caption&quot;:&quot;&quot;,&quot;created_timestamp&quot;:&quot;0&quot;,&quot;copyright&quot;:&quot;&quot;,&quot;focal_length&quot;:&quot;0&quot;,&quot;iso&quot;:&quot;0&quot;,&quot;shutter_speed&quot;:&quot;0&quot;,&quot;title&quot;:&quot;&quot;,&quot;orientation&quot;:&quot;0&quot;}\" data-image-title=\"Autour de la piscine il ya des pelouses avec chaises longues et 2 bars de piscine.\" data-image-description=\"\" data-image-caption=\"\" data-medium-file=\"https:\/\/i0.wp.com\/www.ferienwohnungnerja.de\/wp-content\/uploads\/2019\/08\/capistrano_poolanlage22.jpg?fit=300%2C200&amp;ssl=1\" data-large-file=\"https:\/\/i0.wp.com\/www.ferienwohnungnerja.de\/wp-content\/uploads\/2019\/08\/capistrano_poolanlage22.jpg?fit=769%2C513&amp;ssl=1\" \/><\/a>\n\t\t\t<\/span><\/li><li class='gallery-item'><span class='gallery-icon landscape'>\n\t\t\t\t<a href=\"https:\/\/www.ferienwohnungnerja.de\/fr\/accommodation\/villa-limon\/\"><img loading=\"lazy\" decoding=\"async\" width=\"1434\" height=\"1033\" src=\"https:\/\/i0.wp.com\/www.ferienwohnungnerja.de\/wp-content\/uploads\/2019\/08\/capistrano_pool21.jpg?resize=1434%2C1033&amp;ssl=1\" class=\"attachment-villagio-thumb-small-x2 size-villagio-thumb-small-x2\" alt=\"Piscine avec entr\u00e9e peu profonde.\" data-attachment-id=\"2397\" data-permalink=\"https:\/\/www.ferienwohnungnerja.de\/fr\/piscine-avec-entree-peu-profonde-ile-rocheuse-et-petites-chutes-deau\/\" data-orig-file=\"https:\/\/i0.wp.com\/www.ferienwohnungnerja.de\/wp-content\/uploads\/2019\/08\/capistrano_pool21.jpg?fit=1600%2C1033&amp;ssl=1\" data-orig-size=\"1600,1033\" data-comments-opened=\"0\" data-image-meta=\"{&quot;aperture&quot;:&quot;0&quot;,&quot;credit&quot;:&quot;&quot;,&quot;camera&quot;:&quot;&quot;,&quot;caption&quot;:&quot;&quot;,&quot;created_timestamp&quot;:&quot;0&quot;,&quot;copyright&quot;:&quot;&quot;,&quot;focal_length&quot;:&quot;0&quot;,&quot;iso&quot;:&quot;0&quot;,&quot;shutter_speed&quot;:&quot;0&quot;,&quot;title&quot;:&quot;&quot;,&quot;orientation&quot;:&quot;0&quot;}\" data-image-title=\"Piscine avec entr\u00e9e peu profonde, \u00eele rocheuse et petites chutes d&amp;#8217;eau.\" data-image-description=\"\" data-image-caption=\"\" data-medium-file=\"https:\/\/i0.wp.com\/www.ferienwohnungnerja.de\/wp-content\/uploads\/2019\/08\/capistrano_pool21.jpg?fit=300%2C194&amp;ssl=1\" data-large-file=\"https:\/\/i0.wp.com\/www.ferienwohnungnerja.de\/wp-content\/uploads\/2019\/08\/capistrano_pool21.jpg?fit=769%2C496&amp;ssl=1\" \/><\/a>\n\t\t\t<\/span><\/li><li class='gallery-item'><span class='gallery-icon landscape'>\n\t\t\t\t<a href=\"https:\/\/www.ferienwohnungnerja.de\/fr\/accommodation\/villa-limon\/\"><img loading=\"lazy\" decoding=\"async\" width=\"1434\" height=\"1067\" src=\"https:\/\/i0.wp.com\/www.ferienwohnungnerja.de\/wp-content\/uploads\/2019\/08\/capistrano_poolbar23.jpg?resize=1434%2C1067&amp;ssl=1\" class=\"attachment-villagio-thumb-small-x2 size-villagio-thumb-small-x2\" alt=\"Pelouse de la piscine Capistrano\" data-attachment-id=\"2395\" data-permalink=\"https:\/\/www.ferienwohnungnerja.de\/fr\/lespace-piscine-dispose-dune-pelouse-pour-les-bains-de-soleil-et-de-deux-restaurants\/\" data-orig-file=\"https:\/\/i0.wp.com\/www.ferienwohnungnerja.de\/wp-content\/uploads\/2019\/08\/capistrano_poolbar23.jpg?fit=1600%2C1067&amp;ssl=1\" data-orig-size=\"1600,1067\" data-comments-opened=\"0\" data-image-meta=\"{&quot;aperture&quot;:&quot;0&quot;,&quot;credit&quot;:&quot;&quot;,&quot;camera&quot;:&quot;&quot;,&quot;caption&quot;:&quot;&quot;,&quot;created_timestamp&quot;:&quot;0&quot;,&quot;copyright&quot;:&quot;&quot;,&quot;focal_length&quot;:&quot;0&quot;,&quot;iso&quot;:&quot;0&quot;,&quot;shutter_speed&quot;:&quot;0&quot;,&quot;title&quot;:&quot;&quot;,&quot;orientation&quot;:&quot;0&quot;}\" data-image-title=\"L&amp;#8217;espace piscine dispose d&amp;#8217;une pelouse pour les bains de soleil et de deux restaurants.\" data-image-description=\"\" data-image-caption=\"\" data-medium-file=\"https:\/\/i0.wp.com\/www.ferienwohnungnerja.de\/wp-content\/uploads\/2019\/08\/capistrano_poolbar23.jpg?fit=300%2C200&amp;ssl=1\" data-large-file=\"https:\/\/i0.wp.com\/www.ferienwohnungnerja.de\/wp-content\/uploads\/2019\/08\/capistrano_poolbar23.jpg?fit=769%2C513&amp;ssl=1\" \/><\/a>\n\t\t\t<\/span><\/li><li class='gallery-item'><span class='gallery-icon landscape'>\n\t\t\t\t<a href=\"https:\/\/www.ferienwohnungnerja.de\/fr\/accommodation\/villa-limon\/\"><img loading=\"lazy\" decoding=\"async\" width=\"1434\" height=\"1067\" src=\"https:\/\/i0.wp.com\/www.ferienwohnungnerja.de\/wp-content\/uploads\/2019\/08\/san_juan_poolanlage24.jpg?resize=1434%2C1067&amp;ssl=1\" class=\"attachment-villagio-thumb-small-x2 size-villagio-thumb-small-x2\" alt=\"Piscine San Juan de Capistrano Nerja\" data-attachment-id=\"2379\" data-permalink=\"https:\/\/www.ferienwohnungnerja.de\/fr\/grande-piscine-en-forme-de-lac-de-san-juan-de-capistrano\/\" data-orig-file=\"https:\/\/i0.wp.com\/www.ferienwohnungnerja.de\/wp-content\/uploads\/2019\/08\/san_juan_poolanlage24.jpg?fit=1600%2C1067&amp;ssl=1\" data-orig-size=\"1600,1067\" data-comments-opened=\"0\" data-image-meta=\"{&quot;aperture&quot;:&quot;0&quot;,&quot;credit&quot;:&quot;&quot;,&quot;camera&quot;:&quot;&quot;,&quot;caption&quot;:&quot;&quot;,&quot;created_timestamp&quot;:&quot;0&quot;,&quot;copyright&quot;:&quot;&quot;,&quot;focal_length&quot;:&quot;0&quot;,&quot;iso&quot;:&quot;0&quot;,&quot;shutter_speed&quot;:&quot;0&quot;,&quot;title&quot;:&quot;&quot;,&quot;orientation&quot;:&quot;0&quot;}\" data-image-title=\"Grande piscine en forme de lac de San Juan de Capistrano\" data-image-description=\"\" data-image-caption=\"\" data-medium-file=\"https:\/\/i0.wp.com\/www.ferienwohnungnerja.de\/wp-content\/uploads\/2019\/08\/san_juan_poolanlage24.jpg?fit=300%2C200&amp;ssl=1\" data-large-file=\"https:\/\/i0.wp.com\/www.ferienwohnungnerja.de\/wp-content\/uploads\/2019\/08\/san_juan_poolanlage24.jpg?fit=769%2C513&amp;ssl=1\" \/><\/a>\n\t\t\t<\/span><\/li><li class='gallery-item'><span class='gallery-icon landscape'>\n\t\t\t\t<a href=\"https:\/\/www.ferienwohnungnerja.de\/fr\/accommodation\/villa-limon\/\"><img loading=\"lazy\" decoding=\"async\" width=\"1400\" height=\"933\" src=\"https:\/\/i0.wp.com\/www.ferienwohnungnerja.de\/wp-content\/uploads\/2019\/08\/nerja07.jpg?resize=1400%2C933&amp;ssl=1\" class=\"attachment-villagio-thumb-small-x2 size-villagio-thumb-small-x2\" alt=\"Nerja - depuis le Balcon de Europa\" srcset=\"https:\/\/i0.wp.com\/www.ferienwohnungnerja.de\/wp-content\/uploads\/2019\/08\/nerja07.jpg?w=1400&amp;ssl=1 1400w, https:\/\/i0.wp.com\/www.ferienwohnungnerja.de\/wp-content\/uploads\/2019\/08\/nerja07.jpg?resize=300%2C200&amp;ssl=1 300w, https:\/\/i0.wp.com\/www.ferienwohnungnerja.de\/wp-content\/uploads\/2019\/08\/nerja07.jpg?resize=768%2C512&amp;ssl=1 768w, https:\/\/i0.wp.com\/www.ferienwohnungnerja.de\/wp-content\/uploads\/2019\/08\/nerja07.jpg?resize=1024%2C682&amp;ssl=1 1024w, https:\/\/i0.wp.com\/www.ferienwohnungnerja.de\/wp-content\/uploads\/2019\/08\/nerja07.jpg?resize=927%2C618&amp;ssl=1 927w\" sizes=\"auto, (max-width: 769px) 100vw, 769px\" data-attachment-id=\"2316\" data-permalink=\"https:\/\/www.ferienwohnungnerja.de\/fr\/nerja-vom-balcon-de-europa\/\" data-orig-file=\"https:\/\/i0.wp.com\/www.ferienwohnungnerja.de\/wp-content\/uploads\/2019\/08\/nerja07.jpg?fit=1400%2C933&amp;ssl=1\" data-orig-size=\"1400,933\" data-comments-opened=\"0\" data-image-meta=\"{&quot;aperture&quot;:&quot;0&quot;,&quot;credit&quot;:&quot;&quot;,&quot;camera&quot;:&quot;&quot;,&quot;caption&quot;:&quot;&quot;,&quot;created_timestamp&quot;:&quot;0&quot;,&quot;copyright&quot;:&quot;&quot;,&quot;focal_length&quot;:&quot;0&quot;,&quot;iso&quot;:&quot;0&quot;,&quot;shutter_speed&quot;:&quot;0&quot;,&quot;title&quot;:&quot;&quot;,&quot;orientation&quot;:&quot;0&quot;}\" data-image-title=\"Nerja &amp;#8211; depuis le Balcon de Europa\" data-image-description=\"\" data-image-caption=\"\" data-medium-file=\"https:\/\/i0.wp.com\/www.ferienwohnungnerja.de\/wp-content\/uploads\/2019\/08\/nerja07.jpg?fit=300%2C200&amp;ssl=1\" data-large-file=\"https:\/\/i0.wp.com\/www.ferienwohnungnerja.de\/wp-content\/uploads\/2019\/08\/nerja07.jpg?fit=769%2C512&amp;ssl=1\" \/><\/a>\n\t\t\t<\/span><\/li><li class='gallery-item'><span class='gallery-icon landscape'>\n\t\t\t\t<a href=\"https:\/\/www.ferienwohnungnerja.de\/fr\/accommodation\/villa-limon\/\"><img loading=\"lazy\" decoding=\"async\" width=\"1400\" height=\"933\" src=\"https:\/\/i0.wp.com\/www.ferienwohnungnerja.de\/wp-content\/uploads\/2019\/08\/nerja08.jpg?resize=1400%2C933&amp;ssl=1\" class=\"attachment-villagio-thumb-small-x2 size-villagio-thumb-small-x2\" alt=\"Plage de Calahonda Nerja\" srcset=\"https:\/\/i0.wp.com\/www.ferienwohnungnerja.de\/wp-content\/uploads\/2019\/08\/nerja08.jpg?w=1400&amp;ssl=1 1400w, https:\/\/i0.wp.com\/www.ferienwohnungnerja.de\/wp-content\/uploads\/2019\/08\/nerja08.jpg?resize=300%2C200&amp;ssl=1 300w, https:\/\/i0.wp.com\/www.ferienwohnungnerja.de\/wp-content\/uploads\/2019\/08\/nerja08.jpg?resize=768%2C512&amp;ssl=1 768w, https:\/\/i0.wp.com\/www.ferienwohnungnerja.de\/wp-content\/uploads\/2019\/08\/nerja08.jpg?resize=1024%2C682&amp;ssl=1 1024w, https:\/\/i0.wp.com\/www.ferienwohnungnerja.de\/wp-content\/uploads\/2019\/08\/nerja08.jpg?resize=927%2C618&amp;ssl=1 927w\" sizes=\"auto, (max-width: 769px) 100vw, 769px\" data-attachment-id=\"2315\" data-permalink=\"https:\/\/www.ferienwohnungnerja.de\/fr\/plage-de-calahonda-nerja\/\" data-orig-file=\"https:\/\/i0.wp.com\/www.ferienwohnungnerja.de\/wp-content\/uploads\/2019\/08\/nerja08.jpg?fit=1400%2C933&amp;ssl=1\" data-orig-size=\"1400,933\" data-comments-opened=\"0\" data-image-meta=\"{&quot;aperture&quot;:&quot;0&quot;,&quot;credit&quot;:&quot;&quot;,&quot;camera&quot;:&quot;&quot;,&quot;caption&quot;:&quot;&quot;,&quot;created_timestamp&quot;:&quot;0&quot;,&quot;copyright&quot;:&quot;&quot;,&quot;focal_length&quot;:&quot;0&quot;,&quot;iso&quot;:&quot;0&quot;,&quot;shutter_speed&quot;:&quot;0&quot;,&quot;title&quot;:&quot;&quot;,&quot;orientation&quot;:&quot;0&quot;}\" data-image-title=\"Plage de Calahonda Nerja\" data-image-description=\"\" data-image-caption=\"\" data-medium-file=\"https:\/\/i0.wp.com\/www.ferienwohnungnerja.de\/wp-content\/uploads\/2019\/08\/nerja08.jpg?fit=300%2C200&amp;ssl=1\" data-large-file=\"https:\/\/i0.wp.com\/www.ferienwohnungnerja.de\/wp-content\/uploads\/2019\/08\/nerja08.jpg?fit=769%2C512&amp;ssl=1\" \/><\/a>\n\t\t\t<\/span><\/li><li class='gallery-item'><span class='gallery-icon landscape'>\n\t\t\t\t<a href=\"https:\/\/www.ferienwohnungnerja.de\/fr\/accommodation\/villa-limon\/\"><img loading=\"lazy\" decoding=\"async\" width=\"800\" height=\"533\" src=\"https:\/\/i0.wp.com\/www.ferienwohnungnerja.de\/wp-content\/uploads\/2019\/08\/strand10.jpg?resize=800%2C533&amp;ssl=1\" class=\"attachment-villagio-thumb-small-x2 size-villagio-thumb-small-x2\" alt=\"Burriana Strand Nerja\" srcset=\"https:\/\/i0.wp.com\/www.ferienwohnungnerja.de\/wp-content\/uploads\/2019\/08\/strand10.jpg?w=800&amp;ssl=1 800w, https:\/\/i0.wp.com\/www.ferienwohnungnerja.de\/wp-content\/uploads\/2019\/08\/strand10.jpg?resize=300%2C200&amp;ssl=1 300w, https:\/\/i0.wp.com\/www.ferienwohnungnerja.de\/wp-content\/uploads\/2019\/08\/strand10.jpg?resize=768%2C512&amp;ssl=1 768w\" sizes=\"auto, (max-width: 769px) 100vw, 769px\" data-attachment-id=\"2331\" data-permalink=\"https:\/\/www.ferienwohnungnerja.de\/fr\/la-plage-de-burriana-est-la-plus-celebre-et-probablement-la-plus-belle-plage-de-nerja-longueur-700m-avec-promenade-et-nombreux-restaurants-a-2-km-des-appartements\/\" data-orig-file=\"https:\/\/i0.wp.com\/www.ferienwohnungnerja.de\/wp-content\/uploads\/2019\/08\/strand10.jpg?fit=800%2C533&amp;ssl=1\" data-orig-size=\"800,533\" data-comments-opened=\"0\" data-image-meta=\"{&quot;aperture&quot;:&quot;0&quot;,&quot;credit&quot;:&quot;&quot;,&quot;camera&quot;:&quot;&quot;,&quot;caption&quot;:&quot;&quot;,&quot;created_timestamp&quot;:&quot;0&quot;,&quot;copyright&quot;:&quot;&quot;,&quot;focal_length&quot;:&quot;0&quot;,&quot;iso&quot;:&quot;0&quot;,&quot;shutter_speed&quot;:&quot;0&quot;,&quot;title&quot;:&quot;&quot;,&quot;orientation&quot;:&quot;0&quot;}\" data-image-title=\"La plage de Burriana est la plus c\u00e9l\u00e8bre et probablement la plus belle plage de Nerja. Longueur : 700m, avec promenade et nombreux restaurants, \u00e0 2 km des appartements.\" data-image-description=\"\" data-image-caption=\"\" data-medium-file=\"https:\/\/i0.wp.com\/www.ferienwohnungnerja.de\/wp-content\/uploads\/2019\/08\/strand10.jpg?fit=300%2C200&amp;ssl=1\" data-large-file=\"https:\/\/i0.wp.com\/www.ferienwohnungnerja.de\/wp-content\/uploads\/2019\/08\/strand10.jpg?fit=769%2C512&amp;ssl=1\" \/><\/a>\n\t\t\t<\/span><\/li><\/ul>\n\t\t<\/div>\n<\/span><!-- .mphb_room_type_featured_image_wrapper --><div id='mphb-flexslider-gallery-2' class='gallery-columns-4 gallery-size-thumbnail mphb-gallery-thumbnail-slider mphb-flexslider-gallery-wrapper mphb-room-type-gallery-wrapper mphb-gallery-thumbnail-slider-69f368033acff' data-flexslider-atts='{\"animation\":\"slide\",\"controlNav\":false,\"animationLoop\":true,\"slideshow\":false,\"itemMargin\":5}' data-group='69f368033acff'><ul class=\"slides\"><li class='gallery-item'><span class='gallery-icon landscape'>\n\t\t\t\t<a href='https:\/\/www.ferienwohnungnerja.de\/fr\/lentree-de-la-villa-limon\/'><img loading=\"lazy\" decoding=\"async\" width=\"150\" height=\"150\" src=\"https:\/\/i0.wp.com\/www.ferienwohnungnerja.de\/wp-content\/uploads\/2019\/08\/limon_ferienwohnung_nerja.jpg?resize=150%2C150&amp;ssl=1\" class=\"attachment-thumbnail size-thumbnail\" alt=\"L&#039;entr\u00e9e de la Villa Limon\" srcset=\"https:\/\/i0.wp.com\/www.ferienwohnungnerja.de\/wp-content\/uploads\/2019\/08\/limon_ferienwohnung_nerja.jpg?resize=150%2C150&amp;ssl=1 150w, https:\/\/i0.wp.com\/www.ferienwohnungnerja.de\/wp-content\/uploads\/2019\/08\/limon_ferienwohnung_nerja.jpg?zoom=2&amp;resize=150%2C150&amp;ssl=1 300w, https:\/\/i0.wp.com\/www.ferienwohnungnerja.de\/wp-content\/uploads\/2019\/08\/limon_ferienwohnung_nerja.jpg?zoom=3&amp;resize=150%2C150&amp;ssl=1 450w\" sizes=\"auto, (max-width: 150px) 100vw, 150px\" data-attachment-id=\"2374\" data-permalink=\"https:\/\/www.ferienwohnungnerja.de\/fr\/lentree-de-la-villa-limon\/\" data-orig-file=\"https:\/\/i0.wp.com\/www.ferienwohnungnerja.de\/wp-content\/uploads\/2019\/08\/limon_ferienwohnung_nerja.jpg?fit=1600%2C1148&amp;ssl=1\" data-orig-size=\"1600,1148\" data-comments-opened=\"0\" data-image-meta=\"{&quot;aperture&quot;:&quot;0&quot;,&quot;credit&quot;:&quot;&quot;,&quot;camera&quot;:&quot;&quot;,&quot;caption&quot;:&quot;&quot;,&quot;created_timestamp&quot;:&quot;0&quot;,&quot;copyright&quot;:&quot;&quot;,&quot;focal_length&quot;:&quot;0&quot;,&quot;iso&quot;:&quot;0&quot;,&quot;shutter_speed&quot;:&quot;0&quot;,&quot;title&quot;:&quot;&quot;,&quot;orientation&quot;:&quot;0&quot;}\" data-image-title=\"L&amp;#8217;entr\u00e9e de la Villa Limon\" data-image-description=\"\" data-image-caption=\"\" data-medium-file=\"https:\/\/i0.wp.com\/www.ferienwohnungnerja.de\/wp-content\/uploads\/2019\/08\/limon_ferienwohnung_nerja.jpg?fit=300%2C215&amp;ssl=1\" data-large-file=\"https:\/\/i0.wp.com\/www.ferienwohnungnerja.de\/wp-content\/uploads\/2019\/08\/limon_ferienwohnung_nerja.jpg?fit=769%2C552&amp;ssl=1\" \/><\/a>\n\t\t\t<\/span><\/li><li class='gallery-item'><span class='gallery-icon landscape'>\n\t\t\t\t<a href='https:\/\/www.ferienwohnungnerja.de\/fr\/le-parking-se-trouve-a-environ-50-m-de-lappartement\/'><img loading=\"lazy\" decoding=\"async\" width=\"150\" height=\"150\" src=\"https:\/\/i0.wp.com\/www.ferienwohnungnerja.de\/wp-content\/uploads\/2019\/08\/capistrano-parkplatz.jpg?resize=150%2C150&amp;ssl=1\" class=\"attachment-thumbnail size-thumbnail\" alt=\"Le parking Capistrano\" srcset=\"https:\/\/i0.wp.com\/www.ferienwohnungnerja.de\/wp-content\/uploads\/2019\/08\/capistrano-parkplatz.jpg?resize=150%2C150&amp;ssl=1 150w, https:\/\/i0.wp.com\/www.ferienwohnungnerja.de\/wp-content\/uploads\/2019\/08\/capistrano-parkplatz.jpg?zoom=2&amp;resize=150%2C150&amp;ssl=1 300w, https:\/\/i0.wp.com\/www.ferienwohnungnerja.de\/wp-content\/uploads\/2019\/08\/capistrano-parkplatz.jpg?zoom=3&amp;resize=150%2C150&amp;ssl=1 450w\" sizes=\"auto, (max-width: 150px) 100vw, 150px\" data-attachment-id=\"2394\" data-permalink=\"https:\/\/www.ferienwohnungnerja.de\/fr\/le-parking-se-trouve-a-environ-50-m-de-lappartement\/\" data-orig-file=\"https:\/\/i0.wp.com\/www.ferienwohnungnerja.de\/wp-content\/uploads\/2019\/08\/capistrano-parkplatz.jpg?fit=1600%2C1067&amp;ssl=1\" data-orig-size=\"1600,1067\" data-comments-opened=\"0\" data-image-meta=\"{&quot;aperture&quot;:&quot;0&quot;,&quot;credit&quot;:&quot;&quot;,&quot;camera&quot;:&quot;&quot;,&quot;caption&quot;:&quot;&quot;,&quot;created_timestamp&quot;:&quot;0&quot;,&quot;copyright&quot;:&quot;&quot;,&quot;focal_length&quot;:&quot;0&quot;,&quot;iso&quot;:&quot;0&quot;,&quot;shutter_speed&quot;:&quot;0&quot;,&quot;title&quot;:&quot;&quot;,&quot;orientation&quot;:&quot;0&quot;}\" data-image-title=\"Le parking se trouve \u00e0 environ 50 m de l&amp;#8217;appartement.\" data-image-description=\"\" data-image-caption=\"\" data-medium-file=\"https:\/\/i0.wp.com\/www.ferienwohnungnerja.de\/wp-content\/uploads\/2019\/08\/capistrano-parkplatz.jpg?fit=300%2C200&amp;ssl=1\" data-large-file=\"https:\/\/i0.wp.com\/www.ferienwohnungnerja.de\/wp-content\/uploads\/2019\/08\/capistrano-parkplatz.jpg?fit=769%2C513&amp;ssl=1\" \/><\/a>\n\t\t\t<\/span><\/li><li class='gallery-item'><span class='gallery-icon landscape'>\n\t\t\t\t<a href='https:\/\/www.ferienwohnungnerja.de\/fr\/belle-vue-sur-la-mer-mediterranee\/'><img loading=\"lazy\" decoding=\"async\" width=\"150\" height=\"150\" src=\"https:\/\/i0.wp.com\/www.ferienwohnungnerja.de\/wp-content\/uploads\/2019\/08\/terrasse_ferienhaus.jpg?resize=150%2C150&amp;ssl=1\" class=\"attachment-thumbnail size-thumbnail\" alt=\"Belle vue sur la mer M\u00e9diterran\u00e9e.\" srcset=\"https:\/\/i0.wp.com\/www.ferienwohnungnerja.de\/wp-content\/uploads\/2019\/08\/terrasse_ferienhaus.jpg?resize=150%2C150&amp;ssl=1 150w, https:\/\/i0.wp.com\/www.ferienwohnungnerja.de\/wp-content\/uploads\/2019\/08\/terrasse_ferienhaus.jpg?zoom=2&amp;resize=150%2C150&amp;ssl=1 300w, https:\/\/i0.wp.com\/www.ferienwohnungnerja.de\/wp-content\/uploads\/2019\/08\/terrasse_ferienhaus.jpg?zoom=3&amp;resize=150%2C150&amp;ssl=1 450w\" sizes=\"auto, (max-width: 150px) 100vw, 150px\" data-attachment-id=\"2378\" data-permalink=\"https:\/\/www.ferienwohnungnerja.de\/fr\/belle-vue-sur-la-mer-mediterranee\/\" data-orig-file=\"https:\/\/i0.wp.com\/www.ferienwohnungnerja.de\/wp-content\/uploads\/2019\/08\/terrasse_ferienhaus.jpg?fit=1600%2C1067&amp;ssl=1\" data-orig-size=\"1600,1067\" data-comments-opened=\"0\" data-image-meta=\"{&quot;aperture&quot;:&quot;0&quot;,&quot;credit&quot;:&quot;&quot;,&quot;camera&quot;:&quot;&quot;,&quot;caption&quot;:&quot;&quot;,&quot;created_timestamp&quot;:&quot;0&quot;,&quot;copyright&quot;:&quot;&quot;,&quot;focal_length&quot;:&quot;0&quot;,&quot;iso&quot;:&quot;0&quot;,&quot;shutter_speed&quot;:&quot;0&quot;,&quot;title&quot;:&quot;&quot;,&quot;orientation&quot;:&quot;0&quot;}\" data-image-title=\"Belle vue sur la mer M\u00e9diterran\u00e9e.\" data-image-description=\"\" data-image-caption=\"\" data-medium-file=\"https:\/\/i0.wp.com\/www.ferienwohnungnerja.de\/wp-content\/uploads\/2019\/08\/terrasse_ferienhaus.jpg?fit=300%2C200&amp;ssl=1\" data-large-file=\"https:\/\/i0.wp.com\/www.ferienwohnungnerja.de\/wp-content\/uploads\/2019\/08\/terrasse_ferienhaus.jpg?fit=769%2C513&amp;ssl=1\" \/><\/a>\n\t\t\t<\/span><\/li><li class='gallery-item'><span class='gallery-icon landscape'>\n\t\t\t\t<a href='https:\/\/www.ferienwohnungnerja.de\/fr\/la-terrasse-avec-de-la-place-pour-toute-la-famille\/'><img loading=\"lazy\" decoding=\"async\" width=\"150\" height=\"150\" src=\"https:\/\/i0.wp.com\/www.ferienwohnungnerja.de\/wp-content\/uploads\/2019\/08\/terrasse_villa_limon04.jpg?resize=150%2C150&amp;ssl=1\" class=\"attachment-thumbnail size-thumbnail\" alt=\"La terrasse\" srcset=\"https:\/\/i0.wp.com\/www.ferienwohnungnerja.de\/wp-content\/uploads\/2019\/08\/terrasse_villa_limon04.jpg?resize=150%2C150&amp;ssl=1 150w, https:\/\/i0.wp.com\/www.ferienwohnungnerja.de\/wp-content\/uploads\/2019\/08\/terrasse_villa_limon04.jpg?zoom=2&amp;resize=150%2C150&amp;ssl=1 300w, https:\/\/i0.wp.com\/www.ferienwohnungnerja.de\/wp-content\/uploads\/2019\/08\/terrasse_villa_limon04.jpg?zoom=3&amp;resize=150%2C150&amp;ssl=1 450w\" sizes=\"auto, (max-width: 150px) 100vw, 150px\" data-attachment-id=\"2376\" data-permalink=\"https:\/\/www.ferienwohnungnerja.de\/fr\/la-terrasse-avec-de-la-place-pour-toute-la-famille\/\" data-orig-file=\"https:\/\/i0.wp.com\/www.ferienwohnungnerja.de\/wp-content\/uploads\/2019\/08\/terrasse_villa_limon04.jpg?fit=1600%2C1026&amp;ssl=1\" data-orig-size=\"1600,1026\" data-comments-opened=\"0\" data-image-meta=\"{&quot;aperture&quot;:&quot;0&quot;,&quot;credit&quot;:&quot;&quot;,&quot;camera&quot;:&quot;&quot;,&quot;caption&quot;:&quot;&quot;,&quot;created_timestamp&quot;:&quot;0&quot;,&quot;copyright&quot;:&quot;&quot;,&quot;focal_length&quot;:&quot;0&quot;,&quot;iso&quot;:&quot;0&quot;,&quot;shutter_speed&quot;:&quot;0&quot;,&quot;title&quot;:&quot;&quot;,&quot;orientation&quot;:&quot;0&quot;}\" data-image-title=\"La terrasse &amp;#8211; avec de la place pour toute la famille.\" data-image-description=\"\" data-image-caption=\"\" data-medium-file=\"https:\/\/i0.wp.com\/www.ferienwohnungnerja.de\/wp-content\/uploads\/2019\/08\/terrasse_villa_limon04.jpg?fit=300%2C192&amp;ssl=1\" data-large-file=\"https:\/\/i0.wp.com\/www.ferienwohnungnerja.de\/wp-content\/uploads\/2019\/08\/terrasse_villa_limon04.jpg?fit=769%2C493&amp;ssl=1\" \/><\/a>\n\t\t\t<\/span><\/li><li class='gallery-item'><span class='gallery-icon landscape'>\n\t\t\t\t<a href='https:\/\/www.ferienwohnungnerja.de\/fr\/la-terrasse-de-lappartement-offre-4-chaises-longues-une-douche-exterieure-une-table-et-des-chaises-et-un-barbecue-exterieur\/'><img loading=\"lazy\" decoding=\"async\" width=\"150\" height=\"150\" src=\"https:\/\/i0.wp.com\/www.ferienwohnungnerja.de\/wp-content\/uploads\/2019\/08\/terrasse_villa_limon.jpg?resize=150%2C150&amp;ssl=1\" class=\"attachment-thumbnail size-thumbnail\" alt=\"Terrasse Villa Limon\" srcset=\"https:\/\/i0.wp.com\/www.ferienwohnungnerja.de\/wp-content\/uploads\/2019\/08\/terrasse_villa_limon.jpg?resize=150%2C150&amp;ssl=1 150w, https:\/\/i0.wp.com\/www.ferienwohnungnerja.de\/wp-content\/uploads\/2019\/08\/terrasse_villa_limon.jpg?zoom=2&amp;resize=150%2C150&amp;ssl=1 300w, https:\/\/i0.wp.com\/www.ferienwohnungnerja.de\/wp-content\/uploads\/2019\/08\/terrasse_villa_limon.jpg?zoom=3&amp;resize=150%2C150&amp;ssl=1 450w\" sizes=\"auto, (max-width: 150px) 100vw, 150px\" data-attachment-id=\"2377\" data-permalink=\"https:\/\/www.ferienwohnungnerja.de\/fr\/la-terrasse-de-lappartement-offre-4-chaises-longues-une-douche-exterieure-une-table-et-des-chaises-et-un-barbecue-exterieur\/\" data-orig-file=\"https:\/\/i0.wp.com\/www.ferienwohnungnerja.de\/wp-content\/uploads\/2019\/08\/terrasse_villa_limon.jpg?fit=1600%2C1067&amp;ssl=1\" data-orig-size=\"1600,1067\" data-comments-opened=\"0\" data-image-meta=\"{&quot;aperture&quot;:&quot;0&quot;,&quot;credit&quot;:&quot;&quot;,&quot;camera&quot;:&quot;&quot;,&quot;caption&quot;:&quot;&quot;,&quot;created_timestamp&quot;:&quot;0&quot;,&quot;copyright&quot;:&quot;&quot;,&quot;focal_length&quot;:&quot;0&quot;,&quot;iso&quot;:&quot;0&quot;,&quot;shutter_speed&quot;:&quot;0&quot;,&quot;title&quot;:&quot;&quot;,&quot;orientation&quot;:&quot;0&quot;}\" data-image-title=\"La terrasse de l&amp;#8217;appartement offre 4 chaises longues, une douche ext\u00e9rieure, une table et des chaises et un barbecue ext\u00e9rieur.\" data-image-description=\"\" data-image-caption=\"\" data-medium-file=\"https:\/\/i0.wp.com\/www.ferienwohnungnerja.de\/wp-content\/uploads\/2019\/08\/terrasse_villa_limon.jpg?fit=300%2C200&amp;ssl=1\" data-large-file=\"https:\/\/i0.wp.com\/www.ferienwohnungnerja.de\/wp-content\/uploads\/2019\/08\/terrasse_villa_limon.jpg?fit=769%2C513&amp;ssl=1\" \/><\/a>\n\t\t\t<\/span><\/li><li class='gallery-item'><span class='gallery-icon landscape'>\n\t\t\t\t<a href='https:\/\/www.ferienwohnungnerja.de\/fr\/citronnier-sur-la-terrasse\/'><img loading=\"lazy\" decoding=\"async\" width=\"150\" height=\"150\" src=\"https:\/\/i0.wp.com\/www.ferienwohnungnerja.de\/wp-content\/uploads\/2019\/08\/zitronenbaum_terrasse.jpg?resize=150%2C150&amp;ssl=1\" class=\"attachment-thumbnail size-thumbnail\" alt=\"Citronnier sur la terrasse\" srcset=\"https:\/\/i0.wp.com\/www.ferienwohnungnerja.de\/wp-content\/uploads\/2019\/08\/zitronenbaum_terrasse.jpg?resize=150%2C150&amp;ssl=1 150w, https:\/\/i0.wp.com\/www.ferienwohnungnerja.de\/wp-content\/uploads\/2019\/08\/zitronenbaum_terrasse.jpg?zoom=2&amp;resize=150%2C150&amp;ssl=1 300w, https:\/\/i0.wp.com\/www.ferienwohnungnerja.de\/wp-content\/uploads\/2019\/08\/zitronenbaum_terrasse.jpg?zoom=3&amp;resize=150%2C150&amp;ssl=1 450w\" sizes=\"auto, (max-width: 150px) 100vw, 150px\" data-attachment-id=\"2375\" data-permalink=\"https:\/\/www.ferienwohnungnerja.de\/fr\/citronnier-sur-la-terrasse\/\" data-orig-file=\"https:\/\/i0.wp.com\/www.ferienwohnungnerja.de\/wp-content\/uploads\/2019\/08\/zitronenbaum_terrasse.jpg?fit=1600%2C1110&amp;ssl=1\" data-orig-size=\"1600,1110\" data-comments-opened=\"0\" data-image-meta=\"{&quot;aperture&quot;:&quot;0&quot;,&quot;credit&quot;:&quot;&quot;,&quot;camera&quot;:&quot;&quot;,&quot;caption&quot;:&quot;&quot;,&quot;created_timestamp&quot;:&quot;0&quot;,&quot;copyright&quot;:&quot;&quot;,&quot;focal_length&quot;:&quot;0&quot;,&quot;iso&quot;:&quot;0&quot;,&quot;shutter_speed&quot;:&quot;0&quot;,&quot;title&quot;:&quot;&quot;,&quot;orientation&quot;:&quot;0&quot;}\" data-image-title=\"Citronnier sur la terrasse\" data-image-description=\"\" data-image-caption=\"\" data-medium-file=\"https:\/\/i0.wp.com\/www.ferienwohnungnerja.de\/wp-content\/uploads\/2019\/08\/zitronenbaum_terrasse.jpg?fit=300%2C208&amp;ssl=1\" data-large-file=\"https:\/\/i0.wp.com\/www.ferienwohnungnerja.de\/wp-content\/uploads\/2019\/08\/zitronenbaum_terrasse.jpg?fit=769%2C533&amp;ssl=1\" \/><\/a>\n\t\t\t<\/span><\/li><li class='gallery-item'><span class='gallery-icon landscape'>\n\t\t\t\t<a href='https:\/\/www.ferienwohnungnerja.de\/fr\/la-salle-a-manger-avec-une-vue-directe-sur-le-mitelmeer\/'><img loading=\"lazy\" decoding=\"async\" width=\"150\" height=\"150\" src=\"https:\/\/i0.wp.com\/www.ferienwohnungnerja.de\/wp-content\/uploads\/2019\/08\/limon_nerja06.jpg?resize=150%2C150&amp;ssl=1\" class=\"attachment-thumbnail size-thumbnail\" alt=\"Salle \u00e0 manger donnant sur la mer M\u00e9diterran\u00e9e\" srcset=\"https:\/\/i0.wp.com\/www.ferienwohnungnerja.de\/wp-content\/uploads\/2019\/08\/limon_nerja06.jpg?resize=150%2C150&amp;ssl=1 150w, https:\/\/i0.wp.com\/www.ferienwohnungnerja.de\/wp-content\/uploads\/2019\/08\/limon_nerja06.jpg?zoom=2&amp;resize=150%2C150&amp;ssl=1 300w, https:\/\/i0.wp.com\/www.ferienwohnungnerja.de\/wp-content\/uploads\/2019\/08\/limon_nerja06.jpg?zoom=3&amp;resize=150%2C150&amp;ssl=1 450w\" sizes=\"auto, (max-width: 150px) 100vw, 150px\" data-attachment-id=\"2280\" data-permalink=\"https:\/\/www.ferienwohnungnerja.de\/fr\/la-salle-a-manger-avec-une-vue-directe-sur-le-mitelmeer\/\" data-orig-file=\"https:\/\/i0.wp.com\/www.ferienwohnungnerja.de\/wp-content\/uploads\/2019\/08\/limon_nerja06.jpg?fit=1600%2C1067&amp;ssl=1\" data-orig-size=\"1600,1067\" data-comments-opened=\"0\" data-image-meta=\"{&quot;aperture&quot;:&quot;0&quot;,&quot;credit&quot;:&quot;&quot;,&quot;camera&quot;:&quot;&quot;,&quot;caption&quot;:&quot;&quot;,&quot;created_timestamp&quot;:&quot;0&quot;,&quot;copyright&quot;:&quot;&quot;,&quot;focal_length&quot;:&quot;0&quot;,&quot;iso&quot;:&quot;0&quot;,&quot;shutter_speed&quot;:&quot;0&quot;,&quot;title&quot;:&quot;&quot;,&quot;orientation&quot;:&quot;0&quot;}\" data-image-title=\"La salle \u00e0 manger avec une vue directe sur le Mitelmeer.\" data-image-description=\"\" data-image-caption=\"\" data-medium-file=\"https:\/\/i0.wp.com\/www.ferienwohnungnerja.de\/wp-content\/uploads\/2019\/08\/limon_nerja06.jpg?fit=300%2C200&amp;ssl=1\" data-large-file=\"https:\/\/i0.wp.com\/www.ferienwohnungnerja.de\/wp-content\/uploads\/2019\/08\/limon_nerja06.jpg?fit=769%2C513&amp;ssl=1\" \/><\/a>\n\t\t\t<\/span><\/li><li class='gallery-item'><span class='gallery-icon landscape'>\n\t\t\t\t<a href='https:\/\/www.ferienwohnungnerja.de\/fr\/la-cuisine-est-entierement-equipee-avec-un-grand-refrigerateur-et-un-lave-vaisselle\/'><img loading=\"lazy\" decoding=\"async\" width=\"150\" height=\"150\" src=\"https:\/\/i0.wp.com\/www.ferienwohnungnerja.de\/wp-content\/uploads\/2019\/08\/limon_nerja09.jpg?resize=150%2C150&amp;ssl=1\" class=\"attachment-thumbnail size-thumbnail\" alt=\"La cuisine Villa Limon\" srcset=\"https:\/\/i0.wp.com\/www.ferienwohnungnerja.de\/wp-content\/uploads\/2019\/08\/limon_nerja09.jpg?resize=150%2C150&amp;ssl=1 150w, https:\/\/i0.wp.com\/www.ferienwohnungnerja.de\/wp-content\/uploads\/2019\/08\/limon_nerja09.jpg?zoom=2&amp;resize=150%2C150&amp;ssl=1 300w, https:\/\/i0.wp.com\/www.ferienwohnungnerja.de\/wp-content\/uploads\/2019\/08\/limon_nerja09.jpg?zoom=3&amp;resize=150%2C150&amp;ssl=1 450w\" sizes=\"auto, (max-width: 150px) 100vw, 150px\" data-attachment-id=\"2386\" data-permalink=\"https:\/\/www.ferienwohnungnerja.de\/fr\/la-cuisine-est-entierement-equipee-avec-un-grand-refrigerateur-et-un-lave-vaisselle\/\" data-orig-file=\"https:\/\/i0.wp.com\/www.ferienwohnungnerja.de\/wp-content\/uploads\/2019\/08\/limon_nerja09.jpg?fit=1600%2C1067&amp;ssl=1\" data-orig-size=\"1600,1067\" data-comments-opened=\"0\" data-image-meta=\"{&quot;aperture&quot;:&quot;0&quot;,&quot;credit&quot;:&quot;&quot;,&quot;camera&quot;:&quot;&quot;,&quot;caption&quot;:&quot;&quot;,&quot;created_timestamp&quot;:&quot;0&quot;,&quot;copyright&quot;:&quot;&quot;,&quot;focal_length&quot;:&quot;0&quot;,&quot;iso&quot;:&quot;0&quot;,&quot;shutter_speed&quot;:&quot;0&quot;,&quot;title&quot;:&quot;&quot;,&quot;orientation&quot;:&quot;0&quot;}\" data-image-title=\"La cuisine est enti\u00e8rement \u00e9quip\u00e9e avec un grand r\u00e9frig\u00e9rateur et un lave-vaisselle.\" data-image-description=\"\" data-image-caption=\"\" data-medium-file=\"https:\/\/i0.wp.com\/www.ferienwohnungnerja.de\/wp-content\/uploads\/2019\/08\/limon_nerja09.jpg?fit=300%2C200&amp;ssl=1\" data-large-file=\"https:\/\/i0.wp.com\/www.ferienwohnungnerja.de\/wp-content\/uploads\/2019\/08\/limon_nerja09.jpg?fit=769%2C513&amp;ssl=1\" \/><\/a>\n\t\t\t<\/span><\/li><li class='gallery-item'><span class='gallery-icon landscape'>\n\t\t\t\t<a href='https:\/\/www.ferienwohnungnerja.de\/fr\/cuisine-villa-limon\/'><img loading=\"lazy\" decoding=\"async\" width=\"150\" height=\"150\" src=\"https:\/\/i0.wp.com\/www.ferienwohnungnerja.de\/wp-content\/uploads\/2019\/08\/limon_kueche10.jpg?resize=150%2C150&amp;ssl=1\" class=\"attachment-thumbnail size-thumbnail\" alt=\"Cuisine Villa Limon\" srcset=\"https:\/\/i0.wp.com\/www.ferienwohnungnerja.de\/wp-content\/uploads\/2019\/08\/limon_kueche10.jpg?resize=150%2C150&amp;ssl=1 150w, https:\/\/i0.wp.com\/www.ferienwohnungnerja.de\/wp-content\/uploads\/2019\/08\/limon_kueche10.jpg?zoom=2&amp;resize=150%2C150&amp;ssl=1 300w, https:\/\/i0.wp.com\/www.ferienwohnungnerja.de\/wp-content\/uploads\/2019\/08\/limon_kueche10.jpg?zoom=3&amp;resize=150%2C150&amp;ssl=1 450w\" sizes=\"auto, (max-width: 150px) 100vw, 150px\" data-attachment-id=\"2389\" data-permalink=\"https:\/\/www.ferienwohnungnerja.de\/fr\/cuisine-villa-limon\/\" data-orig-file=\"https:\/\/i0.wp.com\/www.ferienwohnungnerja.de\/wp-content\/uploads\/2019\/08\/limon_kueche10.jpg?fit=1600%2C1067&amp;ssl=1\" data-orig-size=\"1600,1067\" data-comments-opened=\"0\" data-image-meta=\"{&quot;aperture&quot;:&quot;0&quot;,&quot;credit&quot;:&quot;&quot;,&quot;camera&quot;:&quot;&quot;,&quot;caption&quot;:&quot;&quot;,&quot;created_timestamp&quot;:&quot;0&quot;,&quot;copyright&quot;:&quot;&quot;,&quot;focal_length&quot;:&quot;0&quot;,&quot;iso&quot;:&quot;0&quot;,&quot;shutter_speed&quot;:&quot;0&quot;,&quot;title&quot;:&quot;&quot;,&quot;orientation&quot;:&quot;0&quot;}\" data-image-title=\"Cuisine Villa Limon\" data-image-description=\"\" data-image-caption=\"\" data-medium-file=\"https:\/\/i0.wp.com\/www.ferienwohnungnerja.de\/wp-content\/uploads\/2019\/08\/limon_kueche10.jpg?fit=300%2C200&amp;ssl=1\" data-large-file=\"https:\/\/i0.wp.com\/www.ferienwohnungnerja.de\/wp-content\/uploads\/2019\/08\/limon_kueche10.jpg?fit=769%2C513&amp;ssl=1\" \/><\/a>\n\t\t\t<\/span><\/li><li class='gallery-item'><span class='gallery-icon landscape'>\n\t\t\t\t<a href='https:\/\/www.ferienwohnungnerja.de\/fr\/de-grandes-portes-vitrees-donnent-acces-a-la-salle-de-sejour\/'><img loading=\"lazy\" decoding=\"async\" width=\"150\" height=\"150\" src=\"https:\/\/i0.wp.com\/www.ferienwohnungnerja.de\/wp-content\/uploads\/2019\/08\/limon_nerja07.jpg?resize=150%2C150&amp;ssl=1\" class=\"attachment-thumbnail size-thumbnail\" alt=\"Salle de s\u00e9jour Villa Limon\" srcset=\"https:\/\/i0.wp.com\/www.ferienwohnungnerja.de\/wp-content\/uploads\/2019\/08\/limon_nerja07.jpg?resize=150%2C150&amp;ssl=1 150w, https:\/\/i0.wp.com\/www.ferienwohnungnerja.de\/wp-content\/uploads\/2019\/08\/limon_nerja07.jpg?zoom=2&amp;resize=150%2C150&amp;ssl=1 300w, https:\/\/i0.wp.com\/www.ferienwohnungnerja.de\/wp-content\/uploads\/2019\/08\/limon_nerja07.jpg?zoom=3&amp;resize=150%2C150&amp;ssl=1 450w\" sizes=\"auto, (max-width: 150px) 100vw, 150px\" data-attachment-id=\"2388\" data-permalink=\"https:\/\/www.ferienwohnungnerja.de\/fr\/de-grandes-portes-vitrees-donnent-acces-a-la-salle-de-sejour\/\" data-orig-file=\"https:\/\/i0.wp.com\/www.ferienwohnungnerja.de\/wp-content\/uploads\/2019\/08\/limon_nerja07.jpg?fit=1600%2C1200&amp;ssl=1\" data-orig-size=\"1600,1200\" data-comments-opened=\"0\" data-image-meta=\"{&quot;aperture&quot;:&quot;0&quot;,&quot;credit&quot;:&quot;&quot;,&quot;camera&quot;:&quot;&quot;,&quot;caption&quot;:&quot;&quot;,&quot;created_timestamp&quot;:&quot;0&quot;,&quot;copyright&quot;:&quot;&quot;,&quot;focal_length&quot;:&quot;0&quot;,&quot;iso&quot;:&quot;0&quot;,&quot;shutter_speed&quot;:&quot;0&quot;,&quot;title&quot;:&quot;&quot;,&quot;orientation&quot;:&quot;0&quot;}\" data-image-title=\"De grandes portes vitr\u00e9es donnent acc\u00e8s \u00e0 la salle de s\u00e9jour.\" data-image-description=\"\" data-image-caption=\"\" data-medium-file=\"https:\/\/i0.wp.com\/www.ferienwohnungnerja.de\/wp-content\/uploads\/2019\/08\/limon_nerja07.jpg?fit=300%2C225&amp;ssl=1\" data-large-file=\"https:\/\/i0.wp.com\/www.ferienwohnungnerja.de\/wp-content\/uploads\/2019\/08\/limon_nerja07.jpg?fit=769%2C577&amp;ssl=1\" \/><\/a>\n\t\t\t<\/span><\/li><li class='gallery-item'><span class='gallery-icon landscape'>\n\t\t\t\t<a href='https:\/\/www.ferienwohnungnerja.de\/fr\/de-la-place-pour-le-petit-dejeuner-rapide\/'><img loading=\"lazy\" decoding=\"async\" width=\"150\" height=\"150\" src=\"https:\/\/i0.wp.com\/www.ferienwohnungnerja.de\/wp-content\/uploads\/2019\/08\/limon_nerja08.jpg?resize=150%2C150&amp;ssl=1\" class=\"attachment-thumbnail size-thumbnail\" alt=\"Lieu du petit-d\u00e9jeuner\" srcset=\"https:\/\/i0.wp.com\/www.ferienwohnungnerja.de\/wp-content\/uploads\/2019\/08\/limon_nerja08.jpg?resize=150%2C150&amp;ssl=1 150w, https:\/\/i0.wp.com\/www.ferienwohnungnerja.de\/wp-content\/uploads\/2019\/08\/limon_nerja08.jpg?zoom=2&amp;resize=150%2C150&amp;ssl=1 300w, https:\/\/i0.wp.com\/www.ferienwohnungnerja.de\/wp-content\/uploads\/2019\/08\/limon_nerja08.jpg?zoom=3&amp;resize=150%2C150&amp;ssl=1 450w\" sizes=\"auto, (max-width: 150px) 100vw, 150px\" data-attachment-id=\"2387\" data-permalink=\"https:\/\/www.ferienwohnungnerja.de\/fr\/de-la-place-pour-le-petit-dejeuner-rapide\/\" data-orig-file=\"https:\/\/i0.wp.com\/www.ferienwohnungnerja.de\/wp-content\/uploads\/2019\/08\/limon_nerja08.jpg?fit=1600%2C1067&amp;ssl=1\" data-orig-size=\"1600,1067\" data-comments-opened=\"0\" data-image-meta=\"{&quot;aperture&quot;:&quot;0&quot;,&quot;credit&quot;:&quot;&quot;,&quot;camera&quot;:&quot;&quot;,&quot;caption&quot;:&quot;&quot;,&quot;created_timestamp&quot;:&quot;0&quot;,&quot;copyright&quot;:&quot;&quot;,&quot;focal_length&quot;:&quot;0&quot;,&quot;iso&quot;:&quot;0&quot;,&quot;shutter_speed&quot;:&quot;0&quot;,&quot;title&quot;:&quot;&quot;,&quot;orientation&quot;:&quot;0&quot;}\" data-image-title=\"De la place pour le petit d\u00e9jeuner rapide.\" data-image-description=\"\" data-image-caption=\"\" data-medium-file=\"https:\/\/i0.wp.com\/www.ferienwohnungnerja.de\/wp-content\/uploads\/2019\/08\/limon_nerja08.jpg?fit=300%2C200&amp;ssl=1\" data-large-file=\"https:\/\/i0.wp.com\/www.ferienwohnungnerja.de\/wp-content\/uploads\/2019\/08\/limon_nerja08.jpg?fit=769%2C513&amp;ssl=1\" \/><\/a>\n\t\t\t<\/span><\/li><li class='gallery-item'><span class='gallery-icon landscape'>\n\t\t\t\t<a href='https:\/\/www.ferienwohnungnerja.de\/fr\/un-coin-canape-confortable\/'><img loading=\"lazy\" decoding=\"async\" width=\"150\" height=\"150\" src=\"https:\/\/i0.wp.com\/www.ferienwohnungnerja.de\/wp-content\/uploads\/2019\/08\/limon_sofaecke11.jpg?resize=150%2C150&amp;ssl=1\" class=\"attachment-thumbnail size-thumbnail\" alt=\"canap\u00e9 Limon\" srcset=\"https:\/\/i0.wp.com\/www.ferienwohnungnerja.de\/wp-content\/uploads\/2019\/08\/limon_sofaecke11.jpg?resize=150%2C150&amp;ssl=1 150w, https:\/\/i0.wp.com\/www.ferienwohnungnerja.de\/wp-content\/uploads\/2019\/08\/limon_sofaecke11.jpg?zoom=2&amp;resize=150%2C150&amp;ssl=1 300w, https:\/\/i0.wp.com\/www.ferienwohnungnerja.de\/wp-content\/uploads\/2019\/08\/limon_sofaecke11.jpg?zoom=3&amp;resize=150%2C150&amp;ssl=1 450w\" sizes=\"auto, (max-width: 150px) 100vw, 150px\" data-attachment-id=\"2381\" data-permalink=\"https:\/\/www.ferienwohnungnerja.de\/fr\/un-coin-canape-confortable\/\" data-orig-file=\"https:\/\/i0.wp.com\/www.ferienwohnungnerja.de\/wp-content\/uploads\/2019\/08\/limon_sofaecke11.jpg?fit=1600%2C1067&amp;ssl=1\" data-orig-size=\"1600,1067\" data-comments-opened=\"0\" data-image-meta=\"{&quot;aperture&quot;:&quot;0&quot;,&quot;credit&quot;:&quot;&quot;,&quot;camera&quot;:&quot;&quot;,&quot;caption&quot;:&quot;&quot;,&quot;created_timestamp&quot;:&quot;0&quot;,&quot;copyright&quot;:&quot;&quot;,&quot;focal_length&quot;:&quot;0&quot;,&quot;iso&quot;:&quot;0&quot;,&quot;shutter_speed&quot;:&quot;0&quot;,&quot;title&quot;:&quot;&quot;,&quot;orientation&quot;:&quot;0&quot;}\" data-image-title=\"Un coin canap\u00e9 confortable\" data-image-description=\"\" data-image-caption=\"\" data-medium-file=\"https:\/\/i0.wp.com\/www.ferienwohnungnerja.de\/wp-content\/uploads\/2019\/08\/limon_sofaecke11.jpg?fit=300%2C200&amp;ssl=1\" data-large-file=\"https:\/\/i0.wp.com\/www.ferienwohnungnerja.de\/wp-content\/uploads\/2019\/08\/limon_sofaecke11.jpg?fit=769%2C513&amp;ssl=1\" \/><\/a>\n\t\t\t<\/span><\/li><li class='gallery-item'><span class='gallery-icon landscape'>\n\t\t\t\t<a href='https:\/\/www.ferienwohnungnerja.de\/fr\/wlan-sat-tv-netflix-prime-video\/'><img loading=\"lazy\" decoding=\"async\" width=\"150\" height=\"150\" src=\"https:\/\/i0.wp.com\/www.ferienwohnungnerja.de\/wp-content\/uploads\/2019\/08\/limon_netflix12.jpg?resize=150%2C150&amp;ssl=1\" class=\"attachment-thumbnail size-thumbnail\" alt=\"WLAN, SAT TV, Netflix, Prime Video\" srcset=\"https:\/\/i0.wp.com\/www.ferienwohnungnerja.de\/wp-content\/uploads\/2019\/08\/limon_netflix12.jpg?resize=150%2C150&amp;ssl=1 150w, https:\/\/i0.wp.com\/www.ferienwohnungnerja.de\/wp-content\/uploads\/2019\/08\/limon_netflix12.jpg?zoom=2&amp;resize=150%2C150&amp;ssl=1 300w, https:\/\/i0.wp.com\/www.ferienwohnungnerja.de\/wp-content\/uploads\/2019\/08\/limon_netflix12.jpg?zoom=3&amp;resize=150%2C150&amp;ssl=1 450w\" sizes=\"auto, (max-width: 150px) 100vw, 150px\" data-attachment-id=\"2385\" data-permalink=\"https:\/\/www.ferienwohnungnerja.de\/fr\/wlan-sat-tv-netflix-prime-video\/\" data-orig-file=\"https:\/\/i0.wp.com\/www.ferienwohnungnerja.de\/wp-content\/uploads\/2019\/08\/limon_netflix12.jpg?fit=1600%2C1072&amp;ssl=1\" data-orig-size=\"1600,1072\" data-comments-opened=\"0\" data-image-meta=\"{&quot;aperture&quot;:&quot;0&quot;,&quot;credit&quot;:&quot;&quot;,&quot;camera&quot;:&quot;&quot;,&quot;caption&quot;:&quot;&quot;,&quot;created_timestamp&quot;:&quot;0&quot;,&quot;copyright&quot;:&quot;&quot;,&quot;focal_length&quot;:&quot;0&quot;,&quot;iso&quot;:&quot;0&quot;,&quot;shutter_speed&quot;:&quot;0&quot;,&quot;title&quot;:&quot;&quot;,&quot;orientation&quot;:&quot;0&quot;}\" data-image-title=\"WLAN, SAT TV, Netflix, Prime Video\" data-image-description=\"\" data-image-caption=\"\" data-medium-file=\"https:\/\/i0.wp.com\/www.ferienwohnungnerja.de\/wp-content\/uploads\/2019\/08\/limon_netflix12.jpg?fit=300%2C201&amp;ssl=1\" data-large-file=\"https:\/\/i0.wp.com\/www.ferienwohnungnerja.de\/wp-content\/uploads\/2019\/08\/limon_netflix12.jpg?fit=769%2C515&amp;ssl=1\" \/><\/a>\n\t\t\t<\/span><\/li><li class='gallery-item'><span class='gallery-icon landscape'>\n\t\t\t\t<a href='https:\/\/www.ferienwohnungnerja.de\/fr\/chambre-1-ici-il-y-a-un-lit-double-danois-de-2-x-180-m\/'><img loading=\"lazy\" decoding=\"async\" width=\"150\" height=\"150\" src=\"https:\/\/i0.wp.com\/www.ferienwohnungnerja.de\/wp-content\/uploads\/2019\/08\/limon_schlafzimmer13.jpg?resize=150%2C150&amp;ssl=1\" class=\"attachment-thumbnail size-thumbnail\" alt=\"Chambre 1\" srcset=\"https:\/\/i0.wp.com\/www.ferienwohnungnerja.de\/wp-content\/uploads\/2019\/08\/limon_schlafzimmer13.jpg?resize=150%2C150&amp;ssl=1 150w, https:\/\/i0.wp.com\/www.ferienwohnungnerja.de\/wp-content\/uploads\/2019\/08\/limon_schlafzimmer13.jpg?zoom=2&amp;resize=150%2C150&amp;ssl=1 300w, https:\/\/i0.wp.com\/www.ferienwohnungnerja.de\/wp-content\/uploads\/2019\/08\/limon_schlafzimmer13.jpg?zoom=3&amp;resize=150%2C150&amp;ssl=1 450w\" sizes=\"auto, (max-width: 150px) 100vw, 150px\" data-attachment-id=\"2383\" data-permalink=\"https:\/\/www.ferienwohnungnerja.de\/fr\/chambre-1-ici-il-y-a-un-lit-double-danois-de-2-x-180-m\/\" data-orig-file=\"https:\/\/i0.wp.com\/www.ferienwohnungnerja.de\/wp-content\/uploads\/2019\/08\/limon_schlafzimmer13.jpg?fit=1600%2C1200&amp;ssl=1\" data-orig-size=\"1600,1200\" data-comments-opened=\"0\" data-image-meta=\"{&quot;aperture&quot;:&quot;0&quot;,&quot;credit&quot;:&quot;&quot;,&quot;camera&quot;:&quot;&quot;,&quot;caption&quot;:&quot;&quot;,&quot;created_timestamp&quot;:&quot;0&quot;,&quot;copyright&quot;:&quot;&quot;,&quot;focal_length&quot;:&quot;0&quot;,&quot;iso&quot;:&quot;0&quot;,&quot;shutter_speed&quot;:&quot;0&quot;,&quot;title&quot;:&quot;&quot;,&quot;orientation&quot;:&quot;0&quot;}\" data-image-title=\"Chambre 1 &amp;#8211; Ici, il y a un lit double danois de 2 x 1,80 m.\" data-image-description=\"\" data-image-caption=\"\" data-medium-file=\"https:\/\/i0.wp.com\/www.ferienwohnungnerja.de\/wp-content\/uploads\/2019\/08\/limon_schlafzimmer13.jpg?fit=300%2C225&amp;ssl=1\" data-large-file=\"https:\/\/i0.wp.com\/www.ferienwohnungnerja.de\/wp-content\/uploads\/2019\/08\/limon_schlafzimmer13.jpg?fit=769%2C577&amp;ssl=1\" \/><\/a>\n\t\t\t<\/span><\/li><li class='gallery-item'><span class='gallery-icon portrait'>\n\t\t\t\t<a href='https:\/\/www.ferienwohnungnerja.de\/fr\/salle-de-bain-1-avec-machine-a-laver\/'><img loading=\"lazy\" decoding=\"async\" width=\"150\" height=\"150\" src=\"https:\/\/i0.wp.com\/www.ferienwohnungnerja.de\/wp-content\/uploads\/2019\/08\/limon_capistrano14.jpg?resize=150%2C150&amp;ssl=1\" class=\"attachment-thumbnail size-thumbnail\" alt=\"Salle de bain 1 avec machine \u00e0 laver.\" srcset=\"https:\/\/i0.wp.com\/www.ferienwohnungnerja.de\/wp-content\/uploads\/2019\/08\/limon_capistrano14.jpg?resize=150%2C150&amp;ssl=1 150w, https:\/\/i0.wp.com\/www.ferienwohnungnerja.de\/wp-content\/uploads\/2019\/08\/limon_capistrano14.jpg?zoom=2&amp;resize=150%2C150&amp;ssl=1 300w, https:\/\/i0.wp.com\/www.ferienwohnungnerja.de\/wp-content\/uploads\/2019\/08\/limon_capistrano14.jpg?zoom=3&amp;resize=150%2C150&amp;ssl=1 450w\" sizes=\"auto, (max-width: 150px) 100vw, 150px\" data-attachment-id=\"2390\" data-permalink=\"https:\/\/www.ferienwohnungnerja.de\/fr\/salle-de-bain-1-avec-machine-a-laver\/\" data-orig-file=\"https:\/\/i0.wp.com\/www.ferienwohnungnerja.de\/wp-content\/uploads\/2019\/08\/limon_capistrano14.jpg?fit=1067%2C1600&amp;ssl=1\" data-orig-size=\"1067,1600\" data-comments-opened=\"0\" data-image-meta=\"{&quot;aperture&quot;:&quot;0&quot;,&quot;credit&quot;:&quot;&quot;,&quot;camera&quot;:&quot;&quot;,&quot;caption&quot;:&quot;&quot;,&quot;created_timestamp&quot;:&quot;0&quot;,&quot;copyright&quot;:&quot;&quot;,&quot;focal_length&quot;:&quot;0&quot;,&quot;iso&quot;:&quot;0&quot;,&quot;shutter_speed&quot;:&quot;0&quot;,&quot;title&quot;:&quot;&quot;,&quot;orientation&quot;:&quot;0&quot;}\" data-image-title=\"Salle de bain 1 avec machine \u00e0 laver.\" data-image-description=\"\" data-image-caption=\"\" data-medium-file=\"https:\/\/i0.wp.com\/www.ferienwohnungnerja.de\/wp-content\/uploads\/2019\/08\/limon_capistrano14.jpg?fit=200%2C300&amp;ssl=1\" data-large-file=\"https:\/\/i0.wp.com\/www.ferienwohnungnerja.de\/wp-content\/uploads\/2019\/08\/limon_capistrano14.jpg?fit=683%2C1024&amp;ssl=1\" \/><\/a>\n\t\t\t<\/span><\/li><li class='gallery-item'><span class='gallery-icon landscape'>\n\t\t\t\t<a href='https:\/\/www.ferienwohnungnerja.de\/fr\/les-deux-salles-de-bains-sont-equipees-de-douches-a-acces-facile\/'><img loading=\"lazy\" decoding=\"async\" width=\"150\" height=\"150\" src=\"https:\/\/i0.wp.com\/www.ferienwohnungnerja.de\/wp-content\/uploads\/2019\/08\/limon_bad15.jpg?resize=150%2C150&amp;ssl=1\" class=\"attachment-thumbnail size-thumbnail\" alt=\"Douches \u00e0 acc\u00e8s facile\" srcset=\"https:\/\/i0.wp.com\/www.ferienwohnungnerja.de\/wp-content\/uploads\/2019\/08\/limon_bad15.jpg?resize=150%2C150&amp;ssl=1 150w, https:\/\/i0.wp.com\/www.ferienwohnungnerja.de\/wp-content\/uploads\/2019\/08\/limon_bad15.jpg?zoom=2&amp;resize=150%2C150&amp;ssl=1 300w, https:\/\/i0.wp.com\/www.ferienwohnungnerja.de\/wp-content\/uploads\/2019\/08\/limon_bad15.jpg?zoom=3&amp;resize=150%2C150&amp;ssl=1 450w\" sizes=\"auto, (max-width: 150px) 100vw, 150px\" data-attachment-id=\"2393\" data-permalink=\"https:\/\/www.ferienwohnungnerja.de\/fr\/les-deux-salles-de-bains-sont-equipees-de-douches-a-acces-facile\/\" data-orig-file=\"https:\/\/i0.wp.com\/www.ferienwohnungnerja.de\/wp-content\/uploads\/2019\/08\/limon_bad15.jpg?fit=1600%2C1067&amp;ssl=1\" data-orig-size=\"1600,1067\" data-comments-opened=\"0\" data-image-meta=\"{&quot;aperture&quot;:&quot;0&quot;,&quot;credit&quot;:&quot;&quot;,&quot;camera&quot;:&quot;&quot;,&quot;caption&quot;:&quot;&quot;,&quot;created_timestamp&quot;:&quot;0&quot;,&quot;copyright&quot;:&quot;&quot;,&quot;focal_length&quot;:&quot;0&quot;,&quot;iso&quot;:&quot;0&quot;,&quot;shutter_speed&quot;:&quot;0&quot;,&quot;title&quot;:&quot;&quot;,&quot;orientation&quot;:&quot;0&quot;}\" data-image-title=\"Les deux salles de bains sont \u00e9quip\u00e9es de douches \u00e0 acc\u00e8s facile.\" data-image-description=\"\" data-image-caption=\"\" data-medium-file=\"https:\/\/i0.wp.com\/www.ferienwohnungnerja.de\/wp-content\/uploads\/2019\/08\/limon_bad15.jpg?fit=300%2C200&amp;ssl=1\" data-large-file=\"https:\/\/i0.wp.com\/www.ferienwohnungnerja.de\/wp-content\/uploads\/2019\/08\/limon_bad15.jpg?fit=769%2C513&amp;ssl=1\" \/><\/a>\n\t\t\t<\/span><\/li><li class='gallery-item'><span class='gallery-icon portrait'>\n\t\t\t\t<a href='https:\/\/www.ferienwohnungnerja.de\/fr\/lavabo-salle-de-bain-1\/'><img loading=\"lazy\" decoding=\"async\" width=\"150\" height=\"150\" src=\"https:\/\/i0.wp.com\/www.ferienwohnungnerja.de\/wp-content\/uploads\/2019\/08\/limon_bad16.jpg?resize=150%2C150&amp;ssl=1\" class=\"attachment-thumbnail size-thumbnail\" alt=\"Lavabo salle de bain 1\" srcset=\"https:\/\/i0.wp.com\/www.ferienwohnungnerja.de\/wp-content\/uploads\/2019\/08\/limon_bad16.jpg?resize=150%2C150&amp;ssl=1 150w, https:\/\/i0.wp.com\/www.ferienwohnungnerja.de\/wp-content\/uploads\/2019\/08\/limon_bad16.jpg?zoom=2&amp;resize=150%2C150&amp;ssl=1 300w, https:\/\/i0.wp.com\/www.ferienwohnungnerja.de\/wp-content\/uploads\/2019\/08\/limon_bad16.jpg?zoom=3&amp;resize=150%2C150&amp;ssl=1 450w\" sizes=\"auto, (max-width: 150px) 100vw, 150px\" data-attachment-id=\"2392\" data-permalink=\"https:\/\/www.ferienwohnungnerja.de\/fr\/lavabo-salle-de-bain-1\/\" data-orig-file=\"https:\/\/i0.wp.com\/www.ferienwohnungnerja.de\/wp-content\/uploads\/2019\/08\/limon_bad16.jpg?fit=1067%2C1600&amp;ssl=1\" data-orig-size=\"1067,1600\" data-comments-opened=\"0\" data-image-meta=\"{&quot;aperture&quot;:&quot;0&quot;,&quot;credit&quot;:&quot;&quot;,&quot;camera&quot;:&quot;&quot;,&quot;caption&quot;:&quot;&quot;,&quot;created_timestamp&quot;:&quot;0&quot;,&quot;copyright&quot;:&quot;&quot;,&quot;focal_length&quot;:&quot;0&quot;,&quot;iso&quot;:&quot;0&quot;,&quot;shutter_speed&quot;:&quot;0&quot;,&quot;title&quot;:&quot;&quot;,&quot;orientation&quot;:&quot;0&quot;}\" data-image-title=\"Lavabo salle de bain 1\" data-image-description=\"\" data-image-caption=\"\" data-medium-file=\"https:\/\/i0.wp.com\/www.ferienwohnungnerja.de\/wp-content\/uploads\/2019\/08\/limon_bad16.jpg?fit=200%2C300&amp;ssl=1\" data-large-file=\"https:\/\/i0.wp.com\/www.ferienwohnungnerja.de\/wp-content\/uploads\/2019\/08\/limon_bad16.jpg?fit=683%2C1024&amp;ssl=1\" \/><\/a>\n\t\t\t<\/span><\/li><li class='gallery-item'><span class='gallery-icon landscape'>\n\t\t\t\t<a href='https:\/\/www.ferienwohnungnerja.de\/fr\/les-deux-chambres-ont-une-sortie-directe-sur-la-terrasse-avec-des-portes-vitrees\/'><img loading=\"lazy\" decoding=\"async\" width=\"150\" height=\"150\" src=\"https:\/\/i0.wp.com\/www.ferienwohnungnerja.de\/wp-content\/uploads\/2019\/08\/limon_schlafzimmer17.jpg?resize=150%2C150&amp;ssl=1\" class=\"attachment-thumbnail size-thumbnail\" alt=\"Chambre 2\" srcset=\"https:\/\/i0.wp.com\/www.ferienwohnungnerja.de\/wp-content\/uploads\/2019\/08\/limon_schlafzimmer17.jpg?resize=150%2C150&amp;ssl=1 150w, https:\/\/i0.wp.com\/www.ferienwohnungnerja.de\/wp-content\/uploads\/2019\/08\/limon_schlafzimmer17.jpg?zoom=2&amp;resize=150%2C150&amp;ssl=1 300w, https:\/\/i0.wp.com\/www.ferienwohnungnerja.de\/wp-content\/uploads\/2019\/08\/limon_schlafzimmer17.jpg?zoom=3&amp;resize=150%2C150&amp;ssl=1 450w\" sizes=\"auto, (max-width: 150px) 100vw, 150px\" data-attachment-id=\"2382\" data-permalink=\"https:\/\/www.ferienwohnungnerja.de\/fr\/les-deux-chambres-ont-une-sortie-directe-sur-la-terrasse-avec-des-portes-vitrees\/\" data-orig-file=\"https:\/\/i0.wp.com\/www.ferienwohnungnerja.de\/wp-content\/uploads\/2019\/08\/limon_schlafzimmer17.jpg?fit=1600%2C1067&amp;ssl=1\" data-orig-size=\"1600,1067\" data-comments-opened=\"0\" data-image-meta=\"{&quot;aperture&quot;:&quot;0&quot;,&quot;credit&quot;:&quot;&quot;,&quot;camera&quot;:&quot;&quot;,&quot;caption&quot;:&quot;&quot;,&quot;created_timestamp&quot;:&quot;0&quot;,&quot;copyright&quot;:&quot;&quot;,&quot;focal_length&quot;:&quot;0&quot;,&quot;iso&quot;:&quot;0&quot;,&quot;shutter_speed&quot;:&quot;0&quot;,&quot;title&quot;:&quot;&quot;,&quot;orientation&quot;:&quot;0&quot;}\" data-image-title=\"Les deux chambres ont une sortie directe sur la terrasse avec des portes vitr\u00e9es.\" data-image-description=\"\" data-image-caption=\"\" data-medium-file=\"https:\/\/i0.wp.com\/www.ferienwohnungnerja.de\/wp-content\/uploads\/2019\/08\/limon_schlafzimmer17.jpg?fit=300%2C200&amp;ssl=1\" data-large-file=\"https:\/\/i0.wp.com\/www.ferienwohnungnerja.de\/wp-content\/uploads\/2019\/08\/limon_schlafzimmer17.jpg?fit=769%2C513&amp;ssl=1\" \/><\/a>\n\t\t\t<\/span><\/li><li class='gallery-item'><span class='gallery-icon portrait'>\n\t\t\t\t<a href='https:\/\/www.ferienwohnungnerja.de\/fr\/lavabo-salle-de-bain-2\/'><img loading=\"lazy\" decoding=\"async\" width=\"150\" height=\"150\" src=\"https:\/\/i0.wp.com\/www.ferienwohnungnerja.de\/wp-content\/uploads\/2019\/08\/limon_bad18.jpg?resize=150%2C150&amp;ssl=1\" class=\"attachment-thumbnail size-thumbnail\" alt=\"Lavabo salle de bain 2\" srcset=\"https:\/\/i0.wp.com\/www.ferienwohnungnerja.de\/wp-content\/uploads\/2019\/08\/limon_bad18.jpg?resize=150%2C150&amp;ssl=1 150w, https:\/\/i0.wp.com\/www.ferienwohnungnerja.de\/wp-content\/uploads\/2019\/08\/limon_bad18.jpg?zoom=2&amp;resize=150%2C150&amp;ssl=1 300w, https:\/\/i0.wp.com\/www.ferienwohnungnerja.de\/wp-content\/uploads\/2019\/08\/limon_bad18.jpg?zoom=3&amp;resize=150%2C150&amp;ssl=1 450w\" sizes=\"auto, (max-width: 150px) 100vw, 150px\" data-attachment-id=\"2391\" data-permalink=\"https:\/\/www.ferienwohnungnerja.de\/fr\/lavabo-salle-de-bain-2\/\" data-orig-file=\"https:\/\/i0.wp.com\/www.ferienwohnungnerja.de\/wp-content\/uploads\/2019\/08\/limon_bad18.jpg?fit=1067%2C1600&amp;ssl=1\" data-orig-size=\"1067,1600\" data-comments-opened=\"0\" data-image-meta=\"{&quot;aperture&quot;:&quot;0&quot;,&quot;credit&quot;:&quot;&quot;,&quot;camera&quot;:&quot;&quot;,&quot;caption&quot;:&quot;&quot;,&quot;created_timestamp&quot;:&quot;0&quot;,&quot;copyright&quot;:&quot;&quot;,&quot;focal_length&quot;:&quot;0&quot;,&quot;iso&quot;:&quot;0&quot;,&quot;shutter_speed&quot;:&quot;0&quot;,&quot;title&quot;:&quot;&quot;,&quot;orientation&quot;:&quot;0&quot;}\" data-image-title=\"Lavabo salle de bain 2\" data-image-description=\"\" data-image-caption=\"\" data-medium-file=\"https:\/\/i0.wp.com\/www.ferienwohnungnerja.de\/wp-content\/uploads\/2019\/08\/limon_bad18.jpg?fit=200%2C300&amp;ssl=1\" data-large-file=\"https:\/\/i0.wp.com\/www.ferienwohnungnerja.de\/wp-content\/uploads\/2019\/08\/limon_bad18.jpg?fit=683%2C1024&amp;ssl=1\" \/><\/a>\n\t\t\t<\/span><\/li><li class='gallery-item'><span class='gallery-icon landscape'>\n\t\t\t\t<a href='https:\/\/www.ferienwohnungnerja.de\/fr\/acces-a-la-villa-limon-le-parking-se-trouve-a-50-metres-a-pied-seulement\/'><img loading=\"lazy\" decoding=\"async\" width=\"150\" height=\"150\" src=\"https:\/\/i0.wp.com\/www.ferienwohnungnerja.de\/wp-content\/uploads\/2019\/08\/limon_san_juan_de_capistrano19.jpg?resize=150%2C150&amp;ssl=1\" class=\"attachment-thumbnail size-thumbnail\" alt=\"Acc\u00e8s \u00e0 la Villa Limon.\" srcset=\"https:\/\/i0.wp.com\/www.ferienwohnungnerja.de\/wp-content\/uploads\/2019\/08\/limon_san_juan_de_capistrano19.jpg?resize=150%2C150&amp;ssl=1 150w, https:\/\/i0.wp.com\/www.ferienwohnungnerja.de\/wp-content\/uploads\/2019\/08\/limon_san_juan_de_capistrano19.jpg?zoom=2&amp;resize=150%2C150&amp;ssl=1 300w, https:\/\/i0.wp.com\/www.ferienwohnungnerja.de\/wp-content\/uploads\/2019\/08\/limon_san_juan_de_capistrano19.jpg?zoom=3&amp;resize=150%2C150&amp;ssl=1 450w\" sizes=\"auto, (max-width: 150px) 100vw, 150px\" data-attachment-id=\"2384\" data-permalink=\"https:\/\/www.ferienwohnungnerja.de\/fr\/acces-a-la-villa-limon-le-parking-se-trouve-a-50-metres-a-pied-seulement\/\" data-orig-file=\"https:\/\/i0.wp.com\/www.ferienwohnungnerja.de\/wp-content\/uploads\/2019\/08\/limon_san_juan_de_capistrano19.jpg?fit=1600%2C1067&amp;ssl=1\" data-orig-size=\"1600,1067\" data-comments-opened=\"0\" data-image-meta=\"{&quot;aperture&quot;:&quot;0&quot;,&quot;credit&quot;:&quot;&quot;,&quot;camera&quot;:&quot;&quot;,&quot;caption&quot;:&quot;&quot;,&quot;created_timestamp&quot;:&quot;0&quot;,&quot;copyright&quot;:&quot;&quot;,&quot;focal_length&quot;:&quot;0&quot;,&quot;iso&quot;:&quot;0&quot;,&quot;shutter_speed&quot;:&quot;0&quot;,&quot;title&quot;:&quot;&quot;,&quot;orientation&quot;:&quot;0&quot;}\" data-image-title=\"Acc\u00e8s \u00e0 la Villa Limon &amp;#8211; Le parking se trouve \u00e0 50 m\u00e8tres \u00e0 pied seulement.\" data-image-description=\"\" data-image-caption=\"\" data-medium-file=\"https:\/\/i0.wp.com\/www.ferienwohnungnerja.de\/wp-content\/uploads\/2019\/08\/limon_san_juan_de_capistrano19.jpg?fit=300%2C200&amp;ssl=1\" data-large-file=\"https:\/\/i0.wp.com\/www.ferienwohnungnerja.de\/wp-content\/uploads\/2019\/08\/limon_san_juan_de_capistrano19.jpg?fit=769%2C513&amp;ssl=1\" \/><\/a>\n\t\t\t<\/span><\/li><li class='gallery-item'><span class='gallery-icon landscape'>\n\t\t\t\t<a href='https:\/\/www.ferienwohnungnerja.de\/fr\/bus-de-ville-regulier-pour-nerja\/'><img loading=\"lazy\" decoding=\"async\" width=\"150\" height=\"150\" src=\"https:\/\/i0.wp.com\/www.ferienwohnungnerja.de\/wp-content\/uploads\/2019\/08\/limon_stadtbus20.jpg?resize=150%2C150&amp;ssl=1\" class=\"attachment-thumbnail size-thumbnail\" alt=\"Bus de ville Nerja.\" srcset=\"https:\/\/i0.wp.com\/www.ferienwohnungnerja.de\/wp-content\/uploads\/2019\/08\/limon_stadtbus20.jpg?resize=150%2C150&amp;ssl=1 150w, https:\/\/i0.wp.com\/www.ferienwohnungnerja.de\/wp-content\/uploads\/2019\/08\/limon_stadtbus20.jpg?zoom=2&amp;resize=150%2C150&amp;ssl=1 300w, https:\/\/i0.wp.com\/www.ferienwohnungnerja.de\/wp-content\/uploads\/2019\/08\/limon_stadtbus20.jpg?zoom=3&amp;resize=150%2C150&amp;ssl=1 450w\" sizes=\"auto, (max-width: 150px) 100vw, 150px\" data-attachment-id=\"2380\" data-permalink=\"https:\/\/www.ferienwohnungnerja.de\/fr\/bus-de-ville-regulier-pour-nerja\/\" data-orig-file=\"https:\/\/i0.wp.com\/www.ferienwohnungnerja.de\/wp-content\/uploads\/2019\/08\/limon_stadtbus20.jpg?fit=1600%2C1067&amp;ssl=1\" data-orig-size=\"1600,1067\" data-comments-opened=\"0\" data-image-meta=\"{&quot;aperture&quot;:&quot;0&quot;,&quot;credit&quot;:&quot;&quot;,&quot;camera&quot;:&quot;&quot;,&quot;caption&quot;:&quot;&quot;,&quot;created_timestamp&quot;:&quot;0&quot;,&quot;copyright&quot;:&quot;&quot;,&quot;focal_length&quot;:&quot;0&quot;,&quot;iso&quot;:&quot;0&quot;,&quot;shutter_speed&quot;:&quot;0&quot;,&quot;title&quot;:&quot;&quot;,&quot;orientation&quot;:&quot;0&quot;}\" data-image-title=\"Bus de ville r\u00e9gulier pour Nerja.\" data-image-description=\"\" data-image-caption=\"\" data-medium-file=\"https:\/\/i0.wp.com\/www.ferienwohnungnerja.de\/wp-content\/uploads\/2019\/08\/limon_stadtbus20.jpg?fit=300%2C200&amp;ssl=1\" data-large-file=\"https:\/\/i0.wp.com\/www.ferienwohnungnerja.de\/wp-content\/uploads\/2019\/08\/limon_stadtbus20.jpg?fit=769%2C513&amp;ssl=1\" \/><\/a>\n\t\t\t<\/span><\/li><li class='gallery-item'><span class='gallery-icon landscape'>\n\t\t\t\t<a href='https:\/\/www.ferienwohnungnerja.de\/fr\/autour-de-la-piscine-il-y-a-des-pelouses-avec-des-chaises-longues-et-deux-bars-de-piscine\/'><img loading=\"lazy\" decoding=\"async\" width=\"150\" height=\"150\" src=\"https:\/\/i0.wp.com\/www.ferienwohnungnerja.de\/wp-content\/uploads\/2019\/08\/capistrano_poolanlage22.jpg?resize=150%2C150&amp;ssl=1\" class=\"attachment-thumbnail size-thumbnail\" alt=\"Grande piscine en mer\" srcset=\"https:\/\/i0.wp.com\/www.ferienwohnungnerja.de\/wp-content\/uploads\/2019\/08\/capistrano_poolanlage22.jpg?resize=150%2C150&amp;ssl=1 150w, https:\/\/i0.wp.com\/www.ferienwohnungnerja.de\/wp-content\/uploads\/2019\/08\/capistrano_poolanlage22.jpg?zoom=2&amp;resize=150%2C150&amp;ssl=1 300w, https:\/\/i0.wp.com\/www.ferienwohnungnerja.de\/wp-content\/uploads\/2019\/08\/capistrano_poolanlage22.jpg?zoom=3&amp;resize=150%2C150&amp;ssl=1 450w\" sizes=\"auto, (max-width: 150px) 100vw, 150px\" data-attachment-id=\"2396\" data-permalink=\"https:\/\/www.ferienwohnungnerja.de\/fr\/autour-de-la-piscine-il-y-a-des-pelouses-avec-des-chaises-longues-et-deux-bars-de-piscine\/\" data-orig-file=\"https:\/\/i0.wp.com\/www.ferienwohnungnerja.de\/wp-content\/uploads\/2019\/08\/capistrano_poolanlage22.jpg?fit=1600%2C1067&amp;ssl=1\" data-orig-size=\"1600,1067\" data-comments-opened=\"0\" data-image-meta=\"{&quot;aperture&quot;:&quot;0&quot;,&quot;credit&quot;:&quot;&quot;,&quot;camera&quot;:&quot;&quot;,&quot;caption&quot;:&quot;&quot;,&quot;created_timestamp&quot;:&quot;0&quot;,&quot;copyright&quot;:&quot;&quot;,&quot;focal_length&quot;:&quot;0&quot;,&quot;iso&quot;:&quot;0&quot;,&quot;shutter_speed&quot;:&quot;0&quot;,&quot;title&quot;:&quot;&quot;,&quot;orientation&quot;:&quot;0&quot;}\" data-image-title=\"Autour de la piscine il ya des pelouses avec chaises longues et 2 bars de piscine.\" data-image-description=\"\" data-image-caption=\"\" data-medium-file=\"https:\/\/i0.wp.com\/www.ferienwohnungnerja.de\/wp-content\/uploads\/2019\/08\/capistrano_poolanlage22.jpg?fit=300%2C200&amp;ssl=1\" data-large-file=\"https:\/\/i0.wp.com\/www.ferienwohnungnerja.de\/wp-content\/uploads\/2019\/08\/capistrano_poolanlage22.jpg?fit=769%2C513&amp;ssl=1\" \/><\/a>\n\t\t\t<\/span><\/li><li class='gallery-item'><span class='gallery-icon landscape'>\n\t\t\t\t<a href='https:\/\/www.ferienwohnungnerja.de\/fr\/piscine-avec-entree-peu-profonde-ile-rocheuse-et-petites-chutes-deau\/'><img loading=\"lazy\" decoding=\"async\" width=\"150\" height=\"150\" src=\"https:\/\/i0.wp.com\/www.ferienwohnungnerja.de\/wp-content\/uploads\/2019\/08\/capistrano_pool21.jpg?resize=150%2C150&amp;ssl=1\" class=\"attachment-thumbnail size-thumbnail\" alt=\"Piscine avec entr\u00e9e peu profonde.\" srcset=\"https:\/\/i0.wp.com\/www.ferienwohnungnerja.de\/wp-content\/uploads\/2019\/08\/capistrano_pool21.jpg?resize=150%2C150&amp;ssl=1 150w, https:\/\/i0.wp.com\/www.ferienwohnungnerja.de\/wp-content\/uploads\/2019\/08\/capistrano_pool21.jpg?zoom=2&amp;resize=150%2C150&amp;ssl=1 300w, https:\/\/i0.wp.com\/www.ferienwohnungnerja.de\/wp-content\/uploads\/2019\/08\/capistrano_pool21.jpg?zoom=3&amp;resize=150%2C150&amp;ssl=1 450w\" sizes=\"auto, (max-width: 150px) 100vw, 150px\" data-attachment-id=\"2397\" data-permalink=\"https:\/\/www.ferienwohnungnerja.de\/fr\/piscine-avec-entree-peu-profonde-ile-rocheuse-et-petites-chutes-deau\/\" data-orig-file=\"https:\/\/i0.wp.com\/www.ferienwohnungnerja.de\/wp-content\/uploads\/2019\/08\/capistrano_pool21.jpg?fit=1600%2C1033&amp;ssl=1\" data-orig-size=\"1600,1033\" data-comments-opened=\"0\" data-image-meta=\"{&quot;aperture&quot;:&quot;0&quot;,&quot;credit&quot;:&quot;&quot;,&quot;camera&quot;:&quot;&quot;,&quot;caption&quot;:&quot;&quot;,&quot;created_timestamp&quot;:&quot;0&quot;,&quot;copyright&quot;:&quot;&quot;,&quot;focal_length&quot;:&quot;0&quot;,&quot;iso&quot;:&quot;0&quot;,&quot;shutter_speed&quot;:&quot;0&quot;,&quot;title&quot;:&quot;&quot;,&quot;orientation&quot;:&quot;0&quot;}\" data-image-title=\"Piscine avec entr\u00e9e peu profonde, \u00eele rocheuse et petites chutes d&amp;#8217;eau.\" data-image-description=\"\" data-image-caption=\"\" data-medium-file=\"https:\/\/i0.wp.com\/www.ferienwohnungnerja.de\/wp-content\/uploads\/2019\/08\/capistrano_pool21.jpg?fit=300%2C194&amp;ssl=1\" data-large-file=\"https:\/\/i0.wp.com\/www.ferienwohnungnerja.de\/wp-content\/uploads\/2019\/08\/capistrano_pool21.jpg?fit=769%2C496&amp;ssl=1\" \/><\/a>\n\t\t\t<\/span><\/li><li class='gallery-item'><span class='gallery-icon landscape'>\n\t\t\t\t<a href='https:\/\/www.ferienwohnungnerja.de\/fr\/lespace-piscine-dispose-dune-pelouse-pour-les-bains-de-soleil-et-de-deux-restaurants\/'><img loading=\"lazy\" decoding=\"async\" width=\"150\" height=\"150\" src=\"https:\/\/i0.wp.com\/www.ferienwohnungnerja.de\/wp-content\/uploads\/2019\/08\/capistrano_poolbar23.jpg?resize=150%2C150&amp;ssl=1\" class=\"attachment-thumbnail size-thumbnail\" alt=\"Pelouse de la piscine Capistrano\" srcset=\"https:\/\/i0.wp.com\/www.ferienwohnungnerja.de\/wp-content\/uploads\/2019\/08\/capistrano_poolbar23.jpg?resize=150%2C150&amp;ssl=1 150w, https:\/\/i0.wp.com\/www.ferienwohnungnerja.de\/wp-content\/uploads\/2019\/08\/capistrano_poolbar23.jpg?zoom=2&amp;resize=150%2C150&amp;ssl=1 300w, https:\/\/i0.wp.com\/www.ferienwohnungnerja.de\/wp-content\/uploads\/2019\/08\/capistrano_poolbar23.jpg?zoom=3&amp;resize=150%2C150&amp;ssl=1 450w\" sizes=\"auto, (max-width: 150px) 100vw, 150px\" data-attachment-id=\"2395\" data-permalink=\"https:\/\/www.ferienwohnungnerja.de\/fr\/lespace-piscine-dispose-dune-pelouse-pour-les-bains-de-soleil-et-de-deux-restaurants\/\" data-orig-file=\"https:\/\/i0.wp.com\/www.ferienwohnungnerja.de\/wp-content\/uploads\/2019\/08\/capistrano_poolbar23.jpg?fit=1600%2C1067&amp;ssl=1\" data-orig-size=\"1600,1067\" data-comments-opened=\"0\" data-image-meta=\"{&quot;aperture&quot;:&quot;0&quot;,&quot;credit&quot;:&quot;&quot;,&quot;camera&quot;:&quot;&quot;,&quot;caption&quot;:&quot;&quot;,&quot;created_timestamp&quot;:&quot;0&quot;,&quot;copyright&quot;:&quot;&quot;,&quot;focal_length&quot;:&quot;0&quot;,&quot;iso&quot;:&quot;0&quot;,&quot;shutter_speed&quot;:&quot;0&quot;,&quot;title&quot;:&quot;&quot;,&quot;orientation&quot;:&quot;0&quot;}\" data-image-title=\"L&amp;#8217;espace piscine dispose d&amp;#8217;une pelouse pour les bains de soleil et de deux restaurants.\" data-image-description=\"\" data-image-caption=\"\" data-medium-file=\"https:\/\/i0.wp.com\/www.ferienwohnungnerja.de\/wp-content\/uploads\/2019\/08\/capistrano_poolbar23.jpg?fit=300%2C200&amp;ssl=1\" data-large-file=\"https:\/\/i0.wp.com\/www.ferienwohnungnerja.de\/wp-content\/uploads\/2019\/08\/capistrano_poolbar23.jpg?fit=769%2C513&amp;ssl=1\" \/><\/a>\n\t\t\t<\/span><\/li><li class='gallery-item'><span class='gallery-icon landscape'>\n\t\t\t\t<a href='https:\/\/www.ferienwohnungnerja.de\/fr\/grande-piscine-en-forme-de-lac-de-san-juan-de-capistrano\/'><img loading=\"lazy\" decoding=\"async\" width=\"150\" height=\"150\" src=\"https:\/\/i0.wp.com\/www.ferienwohnungnerja.de\/wp-content\/uploads\/2019\/08\/san_juan_poolanlage24.jpg?resize=150%2C150&amp;ssl=1\" class=\"attachment-thumbnail size-thumbnail\" alt=\"Piscine San Juan de Capistrano Nerja\" srcset=\"https:\/\/i0.wp.com\/www.ferienwohnungnerja.de\/wp-content\/uploads\/2019\/08\/san_juan_poolanlage24.jpg?resize=150%2C150&amp;ssl=1 150w, https:\/\/i0.wp.com\/www.ferienwohnungnerja.de\/wp-content\/uploads\/2019\/08\/san_juan_poolanlage24.jpg?zoom=2&amp;resize=150%2C150&amp;ssl=1 300w, https:\/\/i0.wp.com\/www.ferienwohnungnerja.de\/wp-content\/uploads\/2019\/08\/san_juan_poolanlage24.jpg?zoom=3&amp;resize=150%2C150&amp;ssl=1 450w\" sizes=\"auto, (max-width: 150px) 100vw, 150px\" data-attachment-id=\"2379\" data-permalink=\"https:\/\/www.ferienwohnungnerja.de\/fr\/grande-piscine-en-forme-de-lac-de-san-juan-de-capistrano\/\" data-orig-file=\"https:\/\/i0.wp.com\/www.ferienwohnungnerja.de\/wp-content\/uploads\/2019\/08\/san_juan_poolanlage24.jpg?fit=1600%2C1067&amp;ssl=1\" data-orig-size=\"1600,1067\" data-comments-opened=\"0\" data-image-meta=\"{&quot;aperture&quot;:&quot;0&quot;,&quot;credit&quot;:&quot;&quot;,&quot;camera&quot;:&quot;&quot;,&quot;caption&quot;:&quot;&quot;,&quot;created_timestamp&quot;:&quot;0&quot;,&quot;copyright&quot;:&quot;&quot;,&quot;focal_length&quot;:&quot;0&quot;,&quot;iso&quot;:&quot;0&quot;,&quot;shutter_speed&quot;:&quot;0&quot;,&quot;title&quot;:&quot;&quot;,&quot;orientation&quot;:&quot;0&quot;}\" data-image-title=\"Grande piscine en forme de lac de San Juan de Capistrano\" data-image-description=\"\" data-image-caption=\"\" data-medium-file=\"https:\/\/i0.wp.com\/www.ferienwohnungnerja.de\/wp-content\/uploads\/2019\/08\/san_juan_poolanlage24.jpg?fit=300%2C200&amp;ssl=1\" data-large-file=\"https:\/\/i0.wp.com\/www.ferienwohnungnerja.de\/wp-content\/uploads\/2019\/08\/san_juan_poolanlage24.jpg?fit=769%2C513&amp;ssl=1\" \/><\/a>\n\t\t\t<\/span><\/li><li class='gallery-item'><span class='gallery-icon landscape'>\n\t\t\t\t<a href='https:\/\/www.ferienwohnungnerja.de\/fr\/nerja-vom-balcon-de-europa\/'><img loading=\"lazy\" decoding=\"async\" width=\"150\" height=\"150\" src=\"https:\/\/i0.wp.com\/www.ferienwohnungnerja.de\/wp-content\/uploads\/2019\/08\/nerja07.jpg?resize=150%2C150&amp;ssl=1\" class=\"attachment-thumbnail size-thumbnail\" alt=\"Nerja - depuis le Balcon de Europa\" srcset=\"https:\/\/i0.wp.com\/www.ferienwohnungnerja.de\/wp-content\/uploads\/2019\/08\/nerja07.jpg?resize=150%2C150&amp;ssl=1 150w, https:\/\/i0.wp.com\/www.ferienwohnungnerja.de\/wp-content\/uploads\/2019\/08\/nerja07.jpg?zoom=2&amp;resize=150%2C150&amp;ssl=1 300w, https:\/\/i0.wp.com\/www.ferienwohnungnerja.de\/wp-content\/uploads\/2019\/08\/nerja07.jpg?zoom=3&amp;resize=150%2C150&amp;ssl=1 450w\" sizes=\"auto, (max-width: 150px) 100vw, 150px\" data-attachment-id=\"2316\" data-permalink=\"https:\/\/www.ferienwohnungnerja.de\/fr\/nerja-vom-balcon-de-europa\/\" data-orig-file=\"https:\/\/i0.wp.com\/www.ferienwohnungnerja.de\/wp-content\/uploads\/2019\/08\/nerja07.jpg?fit=1400%2C933&amp;ssl=1\" data-orig-size=\"1400,933\" data-comments-opened=\"0\" data-image-meta=\"{&quot;aperture&quot;:&quot;0&quot;,&quot;credit&quot;:&quot;&quot;,&quot;camera&quot;:&quot;&quot;,&quot;caption&quot;:&quot;&quot;,&quot;created_timestamp&quot;:&quot;0&quot;,&quot;copyright&quot;:&quot;&quot;,&quot;focal_length&quot;:&quot;0&quot;,&quot;iso&quot;:&quot;0&quot;,&quot;shutter_speed&quot;:&quot;0&quot;,&quot;title&quot;:&quot;&quot;,&quot;orientation&quot;:&quot;0&quot;}\" data-image-title=\"Nerja &amp;#8211; depuis le Balcon de Europa\" data-image-description=\"\" data-image-caption=\"\" data-medium-file=\"https:\/\/i0.wp.com\/www.ferienwohnungnerja.de\/wp-content\/uploads\/2019\/08\/nerja07.jpg?fit=300%2C200&amp;ssl=1\" data-large-file=\"https:\/\/i0.wp.com\/www.ferienwohnungnerja.de\/wp-content\/uploads\/2019\/08\/nerja07.jpg?fit=769%2C512&amp;ssl=1\" \/><\/a>\n\t\t\t<\/span><\/li><li class='gallery-item'><span class='gallery-icon landscape'>\n\t\t\t\t<a href='https:\/\/www.ferienwohnungnerja.de\/fr\/plage-de-calahonda-nerja\/'><img loading=\"lazy\" decoding=\"async\" width=\"150\" height=\"150\" src=\"https:\/\/i0.wp.com\/www.ferienwohnungnerja.de\/wp-content\/uploads\/2019\/08\/nerja08.jpg?resize=150%2C150&amp;ssl=1\" class=\"attachment-thumbnail size-thumbnail\" alt=\"Plage de Calahonda Nerja\" srcset=\"https:\/\/i0.wp.com\/www.ferienwohnungnerja.de\/wp-content\/uploads\/2019\/08\/nerja08.jpg?resize=150%2C150&amp;ssl=1 150w, https:\/\/i0.wp.com\/www.ferienwohnungnerja.de\/wp-content\/uploads\/2019\/08\/nerja08.jpg?zoom=2&amp;resize=150%2C150&amp;ssl=1 300w, https:\/\/i0.wp.com\/www.ferienwohnungnerja.de\/wp-content\/uploads\/2019\/08\/nerja08.jpg?zoom=3&amp;resize=150%2C150&amp;ssl=1 450w\" sizes=\"auto, (max-width: 150px) 100vw, 150px\" data-attachment-id=\"2315\" data-permalink=\"https:\/\/www.ferienwohnungnerja.de\/fr\/plage-de-calahonda-nerja\/\" data-orig-file=\"https:\/\/i0.wp.com\/www.ferienwohnungnerja.de\/wp-content\/uploads\/2019\/08\/nerja08.jpg?fit=1400%2C933&amp;ssl=1\" data-orig-size=\"1400,933\" data-comments-opened=\"0\" data-image-meta=\"{&quot;aperture&quot;:&quot;0&quot;,&quot;credit&quot;:&quot;&quot;,&quot;camera&quot;:&quot;&quot;,&quot;caption&quot;:&quot;&quot;,&quot;created_timestamp&quot;:&quot;0&quot;,&quot;copyright&quot;:&quot;&quot;,&quot;focal_length&quot;:&quot;0&quot;,&quot;iso&quot;:&quot;0&quot;,&quot;shutter_speed&quot;:&quot;0&quot;,&quot;title&quot;:&quot;&quot;,&quot;orientation&quot;:&quot;0&quot;}\" data-image-title=\"Plage de Calahonda Nerja\" data-image-description=\"\" data-image-caption=\"\" data-medium-file=\"https:\/\/i0.wp.com\/www.ferienwohnungnerja.de\/wp-content\/uploads\/2019\/08\/nerja08.jpg?fit=300%2C200&amp;ssl=1\" data-large-file=\"https:\/\/i0.wp.com\/www.ferienwohnungnerja.de\/wp-content\/uploads\/2019\/08\/nerja08.jpg?fit=769%2C512&amp;ssl=1\" \/><\/a>\n\t\t\t<\/span><\/li><li class='gallery-item'><span class='gallery-icon landscape'>\n\t\t\t\t<a href='https:\/\/www.ferienwohnungnerja.de\/fr\/la-plage-de-burriana-est-la-plus-celebre-et-probablement-la-plus-belle-plage-de-nerja-longueur-700m-avec-promenade-et-nombreux-restaurants-a-2-km-des-appartements\/'><img loading=\"lazy\" decoding=\"async\" width=\"150\" height=\"150\" src=\"https:\/\/i0.wp.com\/www.ferienwohnungnerja.de\/wp-content\/uploads\/2019\/08\/strand10.jpg?resize=150%2C150&amp;ssl=1\" class=\"attachment-thumbnail size-thumbnail\" alt=\"Burriana Strand Nerja\" srcset=\"https:\/\/i0.wp.com\/www.ferienwohnungnerja.de\/wp-content\/uploads\/2019\/08\/strand10.jpg?resize=150%2C150&amp;ssl=1 150w, https:\/\/i0.wp.com\/www.ferienwohnungnerja.de\/wp-content\/uploads\/2019\/08\/strand10.jpg?zoom=2&amp;resize=150%2C150&amp;ssl=1 300w, https:\/\/i0.wp.com\/www.ferienwohnungnerja.de\/wp-content\/uploads\/2019\/08\/strand10.jpg?zoom=3&amp;resize=150%2C150&amp;ssl=1 450w\" sizes=\"auto, (max-width: 150px) 100vw, 150px\" data-attachment-id=\"2331\" data-permalink=\"https:\/\/www.ferienwohnungnerja.de\/fr\/la-plage-de-burriana-est-la-plus-celebre-et-probablement-la-plus-belle-plage-de-nerja-longueur-700m-avec-promenade-et-nombreux-restaurants-a-2-km-des-appartements\/\" data-orig-file=\"https:\/\/i0.wp.com\/www.ferienwohnungnerja.de\/wp-content\/uploads\/2019\/08\/strand10.jpg?fit=800%2C533&amp;ssl=1\" data-orig-size=\"800,533\" data-comments-opened=\"0\" data-image-meta=\"{&quot;aperture&quot;:&quot;0&quot;,&quot;credit&quot;:&quot;&quot;,&quot;camera&quot;:&quot;&quot;,&quot;caption&quot;:&quot;&quot;,&quot;created_timestamp&quot;:&quot;0&quot;,&quot;copyright&quot;:&quot;&quot;,&quot;focal_length&quot;:&quot;0&quot;,&quot;iso&quot;:&quot;0&quot;,&quot;shutter_speed&quot;:&quot;0&quot;,&quot;title&quot;:&quot;&quot;,&quot;orientation&quot;:&quot;0&quot;}\" data-image-title=\"La plage de Burriana est la plus c\u00e9l\u00e8bre et probablement la plus belle plage de Nerja. Longueur : 700m, avec promenade et nombreux restaurants, \u00e0 2 km des appartements.\" data-image-description=\"\" data-image-caption=\"\" data-medium-file=\"https:\/\/i0.wp.com\/www.ferienwohnungnerja.de\/wp-content\/uploads\/2019\/08\/strand10.jpg?fit=300%2C200&amp;ssl=1\" data-large-file=\"https:\/\/i0.wp.com\/www.ferienwohnungnerja.de\/wp-content\/uploads\/2019\/08\/strand10.jpg?fit=769%2C512&amp;ssl=1\" \/><\/a>\n\t\t\t<\/span><\/li><\/ul>\n\t\t<\/div>\n\n\t<\/div>\n\t\n<h2 class=\"mphb-room-type-title entry-title\">\n\n<a class=\"mphb-room-type-title\" href=\"https:\/\/www.ferienwohnungnerja.de\/fr\/accommodation\/villa-limon\/\">Villa Limon<\/a>\n\n<\/h2>\n\n<p>L\u2019appartement Villa Limon est situ\u00e9 dans le complexe pittoresque San Juan de Capistrano directement au-dessus de Nerja. L\u2019appartement spacieux et enti\u00e8rement r\u00e9nov\u00e9 avec 50 m2 terrasse priv\u00e9e orient\u00e9e au sud et une vue fantastique sur la mer M\u00e9diterran\u00e9e est situ\u00e9 au rez-de-chauss\u00e9e et peut \u00eatre atteint presque sans marches.<\/p>\n\n\n<h3 class=\"mphb-room-type-details-title\">D\u00e9tails<\/h3><ul class=\"mphb-loop-room-type-attributes\">\n\n\n\t<li class=\"mphb-room-type-adults-capacity\"><span class=\"mphb-attribute-title mphb-adults-title\">Invit\u00e9s:<\/span><span class=\"mphb-attribute-value\">\n\t4\n\t<\/span><\/li>\n\t\n\n\t<li class=\"mphb-room-type-facilities\"><span class=\"mphb-attribute-title mphb-facilities-title\">\u00c9quipements :<\/span><span class=\"mphb-attribute-value\"> <span class=\"facility-2-bains\"><a href=\"https:\/\/www.ferienwohnungnerja.de\/fr\/accommodation-facility\/2-bains\/\">2 bains<\/a><\/span>, <span class=\"facility-2-chambres\"><a href=\"https:\/\/www.ferienwohnungnerja.de\/fr\/accommodation-facility\/2-chambres\/\">2 chambres<\/a><\/span>, <span class=\"facility-bus-fr\"><a href=\"https:\/\/www.ferienwohnungnerja.de\/fr\/accommodation-facility\/bus-fr\/\">Bus<\/a><\/span>, <span class=\"facility-climatisation\"><a href=\"https:\/\/www.ferienwohnungnerja.de\/fr\/accommodation-facility\/climatisation\/\">Climatisation<\/a><\/span>, <span class=\"facility-lave-vaisselle\"><a href=\"https:\/\/www.ferienwohnungnerja.de\/fr\/accommodation-facility\/lave-vaisselle\/\">Lave-vaisselle<\/a><\/span>, <span class=\"facility-netflix-prime-video-fr\"><a href=\"https:\/\/www.ferienwohnungnerja.de\/fr\/accommodation-facility\/netflix-prime-video-fr\/\">Netflix\/ Prime Vid\u00e9o<\/a><\/span>, <span class=\"facility-parking-fr\"><a href=\"https:\/\/www.ferienwohnungnerja.de\/fr\/accommodation-facility\/parking-fr\/\">Parking<\/a><\/span>, <span class=\"facility-piscine\"><a href=\"https:\/\/www.ferienwohnungnerja.de\/fr\/accommodation-facility\/piscine\/\">Piscine<\/a><\/span>, <span class=\"facility-sat-tv-fr\"><a href=\"https:\/\/www.ferienwohnungnerja.de\/fr\/accommodation-facility\/sat-tv-fr\/\">SAT TV<\/a><\/span>, <span class=\"facility-terrasse-fr\"><a href=\"https:\/\/www.ferienwohnungnerja.de\/fr\/accommodation-facility\/terrasse-fr\/\">Terrasse<\/a><\/span>, <span class=\"facility-wifi-gratuit\"><a href=\"https:\/\/www.ferienwohnungnerja.de\/fr\/accommodation-facility\/wifi-gratuit\/\">WIFI gratuit<\/a><\/span><\/span><\/li>\n\t\n\n\n\t<li class=\"mphb-room-type-view\"><span class=\"mphb-attribute-title mphb-view-title\">Vue :<\/span><span class=\"mphb-attribute-value\">\n\tVue de mer, face sud\n\t<\/span><\/li>\n\t\n\n\n\t<li class=\"mphb-room-type-size\"><span class=\"mphb-attribute-title mphb-size-title\">Taille :<\/span><span class=\"mphb-attribute-value\">\n\t70m\u00b2\n\t<\/span><\/li>\n\t\n\n\n\n<\/ul>\n<h3 class=\"mphb-room-type-details-title\">D\u00e9tails<\/h3><ul class=\"mphb-loop-room-type-attributes\">\n\n\n\t<li class=\"mphb-room-type-adults-capacity\"><span class=\"mphb-attribute-title mphb-adults-title\">Invit\u00e9s:<\/span><span class=\"mphb-attribute-value\">\n\t4\n\t<\/span><\/li>\n\t\n\n\t<li class=\"mphb-room-type-facilities\"><span class=\"mphb-attribute-title mphb-facilities-title\">\u00c9quipements :<\/span><span class=\"mphb-attribute-value\"> <span class=\"facility-2-bains\"><a href=\"https:\/\/www.ferienwohnungnerja.de\/fr\/accommodation-facility\/2-bains\/\">2 bains<\/a><\/span>, <span class=\"facility-2-chambres\"><a href=\"https:\/\/www.ferienwohnungnerja.de\/fr\/accommodation-facility\/2-chambres\/\">2 chambres<\/a><\/span>, <span class=\"facility-bus-fr\"><a href=\"https:\/\/www.ferienwohnungnerja.de\/fr\/accommodation-facility\/bus-fr\/\">Bus<\/a><\/span>, <span class=\"facility-climatisation\"><a href=\"https:\/\/www.ferienwohnungnerja.de\/fr\/accommodation-facility\/climatisation\/\">Climatisation<\/a><\/span>, <span class=\"facility-lave-vaisselle\"><a href=\"https:\/\/www.ferienwohnungnerja.de\/fr\/accommodation-facility\/lave-vaisselle\/\">Lave-vaisselle<\/a><\/span>, <span class=\"facility-netflix-prime-video-fr\"><a href=\"https:\/\/www.ferienwohnungnerja.de\/fr\/accommodation-facility\/netflix-prime-video-fr\/\">Netflix\/ Prime Vid\u00e9o<\/a><\/span>, <span class=\"facility-parking-fr\"><a href=\"https:\/\/www.ferienwohnungnerja.de\/fr\/accommodation-facility\/parking-fr\/\">Parking<\/a><\/span>, <span class=\"facility-piscine\"><a href=\"https:\/\/www.ferienwohnungnerja.de\/fr\/accommodation-facility\/piscine\/\">Piscine<\/a><\/span>, <span class=\"facility-sat-tv-fr\"><a href=\"https:\/\/www.ferienwohnungnerja.de\/fr\/accommodation-facility\/sat-tv-fr\/\">SAT TV<\/a><\/span>, <span class=\"facility-terrasse-fr\"><a href=\"https:\/\/www.ferienwohnungnerja.de\/fr\/accommodation-facility\/terrasse-fr\/\">Terrasse<\/a><\/span>, <span class=\"facility-wifi-gratuit\"><a href=\"https:\/\/www.ferienwohnungnerja.de\/fr\/accommodation-facility\/wifi-gratuit\/\">WIFI gratuit<\/a><\/span><\/span><\/li>\n\t\n\n\n\t<li class=\"mphb-room-type-view\"><span class=\"mphb-attribute-title mphb-view-title\">Vue :<\/span><span class=\"mphb-attribute-value\">\n\tVue de mer, face sud\n\t<\/span><\/li>\n\t\n\n\n\t<li class=\"mphb-room-type-size\"><span class=\"mphb-attribute-title mphb-size-title\">Taille :<\/span><span class=\"mphb-attribute-value\">\n\t70m\u00b2\n\t<\/span><\/li>\n\t\n\n\n\n<\/ul>\n\n<p class=\"mphb-view-details-button-wrapper\">\n<a class=\"button mphb-view-details-button\" href=\"https:\/\/www.ferienwohnungnerja.de\/fr\/accommodation\/villa-limon\/\" >Voir les d\u00e9tails<\/a>\n<\/p>\n<div class=\"mphb-to-book-btn-wrapper\">\n<form action=\"https:\/\/www.ferienwohnungnerja.de\/fr\/accommodation\/villa-limon\/#booking-form-2279\" method=\"get\" ><button type=\"submit\" class=\"button mphb-book-button\" >R\u00e9server<\/button><\/form>\n<br\/><\/div>\n\t\n<\/div>\n\n<div class=\"mphb-room-type post-2276 mphb_room_type type-mphb_room_type status-publish has-post-thumbnail mphb_room_type_facility-1-bain mphb_room_type_facility-1-chambre-a-coucher mphb_room_type_facility-bus-fr mphb_room_type_facility-climatisation mphb_room_type_facility-lave-vaisselle mphb_room_type_facility-parking-fr mphb_room_type_facility-piscine mphb_room_type_facility-sat-tv-fr mphb_room_type_facility-terrasse-fr mphb_room_type_facility-wifi-gratuit mphb-room-type-adults-3 mphb-room-type-children-0 has-taxes-and-fees\">\n\n\t\n\t\n\n\t<div class=\"mphb-room-type-images\">\n\t<span class=\"mphb_room_type_featured_image_wrapper\"><div id='mphb-flexslider-gallery-3' class='gallery-columns-1 gallery-size-villagio-thumb-small-x2 mphb-gallery-main-slider mphb-flexslider-gallery-wrapper mphb-room-type-gallery-wrapper mphb-gallery-main-slider-69f368035db21' data-flexslider-atts='{\"animation\":\"slide\",\"controlNav\":false,\"animationLoop\":true,\"smoothHeight\":true,\"slideshow\":false}' data-group='69f368035db21'><ul class=\"slides\"><li class='gallery-item'><span class='gallery-icon landscape'>\n\t\t\t\t<a href=\"https:\/\/www.ferienwohnungnerja.de\/fr\/accommodation\/appartement-la-perla\/\"><img loading=\"lazy\" decoding=\"async\" width=\"1200\" height=\"900\" src=\"https:\/\/i0.wp.com\/www.ferienwohnungnerja.de\/wp-content\/uploads\/2019\/08\/capistrano_ferienwohnung02.jpg?resize=1200%2C900&amp;ssl=1\" class=\"attachment-villagio-thumb-small-x2 size-villagio-thumb-small-x2\" alt=\"Vue de Nerja\" srcset=\"https:\/\/i0.wp.com\/www.ferienwohnungnerja.de\/wp-content\/uploads\/2019\/08\/capistrano_ferienwohnung02.jpg?w=1200&amp;ssl=1 1200w, https:\/\/i0.wp.com\/www.ferienwohnungnerja.de\/wp-content\/uploads\/2019\/08\/capistrano_ferienwohnung02.jpg?resize=300%2C225&amp;ssl=1 300w, https:\/\/i0.wp.com\/www.ferienwohnungnerja.de\/wp-content\/uploads\/2019\/08\/capistrano_ferienwohnung02.jpg?resize=768%2C576&amp;ssl=1 768w, https:\/\/i0.wp.com\/www.ferienwohnungnerja.de\/wp-content\/uploads\/2019\/08\/capistrano_ferienwohnung02.jpg?resize=1024%2C768&amp;ssl=1 1024w, https:\/\/i0.wp.com\/www.ferienwohnungnerja.de\/wp-content\/uploads\/2019\/08\/capistrano_ferienwohnung02.jpg?resize=824%2C618&amp;ssl=1 824w\" sizes=\"auto, (max-width: 769px) 100vw, 769px\" data-attachment-id=\"2358\" data-permalink=\"https:\/\/www.ferienwohnungnerja.de\/fr\/superbes-vues-sur-les-parcs-nerja-et-la-mer-mediterranee\/\" data-orig-file=\"https:\/\/i0.wp.com\/www.ferienwohnungnerja.de\/wp-content\/uploads\/2019\/08\/capistrano_ferienwohnung02.jpg?fit=1200%2C900&amp;ssl=1\" data-orig-size=\"1200,900\" data-comments-opened=\"0\" data-image-meta=\"{&quot;aperture&quot;:&quot;0&quot;,&quot;credit&quot;:&quot;&quot;,&quot;camera&quot;:&quot;&quot;,&quot;caption&quot;:&quot;&quot;,&quot;created_timestamp&quot;:&quot;0&quot;,&quot;copyright&quot;:&quot;&quot;,&quot;focal_length&quot;:&quot;0&quot;,&quot;iso&quot;:&quot;0&quot;,&quot;shutter_speed&quot;:&quot;0&quot;,&quot;title&quot;:&quot;&quot;,&quot;orientation&quot;:&quot;0&quot;}\" data-image-title=\"Superbes vues sur les parcs, Nerja et la mer M\u00e9diterran\u00e9e.\" data-image-description=\"\" data-image-caption=\"\" data-medium-file=\"https:\/\/i0.wp.com\/www.ferienwohnungnerja.de\/wp-content\/uploads\/2019\/08\/capistrano_ferienwohnung02.jpg?fit=300%2C225&amp;ssl=1\" data-large-file=\"https:\/\/i0.wp.com\/www.ferienwohnungnerja.de\/wp-content\/uploads\/2019\/08\/capistrano_ferienwohnung02.jpg?fit=769%2C577&amp;ssl=1\" \/><\/a>\n\t\t\t<\/span><\/li><li class='gallery-item'><span class='gallery-icon landscape'>\n\t\t\t\t<a href=\"https:\/\/www.ferienwohnungnerja.de\/fr\/accommodation\/appartement-la-perla\/\"><img loading=\"lazy\" decoding=\"async\" width=\"1200\" height=\"900\" src=\"https:\/\/i0.wp.com\/www.ferienwohnungnerja.de\/wp-content\/uploads\/2019\/08\/capistrano_ferienwohnung03.jpg?resize=1200%2C900&amp;ssl=1\" class=\"attachment-villagio-thumb-small-x2 size-villagio-thumb-small-x2\" alt=\"Appartement de vacances Nerja en terrasse\" srcset=\"https:\/\/i0.wp.com\/www.ferienwohnungnerja.de\/wp-content\/uploads\/2019\/08\/capistrano_ferienwohnung03.jpg?w=1200&amp;ssl=1 1200w, https:\/\/i0.wp.com\/www.ferienwohnungnerja.de\/wp-content\/uploads\/2019\/08\/capistrano_ferienwohnung03.jpg?resize=300%2C225&amp;ssl=1 300w, https:\/\/i0.wp.com\/www.ferienwohnungnerja.de\/wp-content\/uploads\/2019\/08\/capistrano_ferienwohnung03.jpg?resize=768%2C576&amp;ssl=1 768w, https:\/\/i0.wp.com\/www.ferienwohnungnerja.de\/wp-content\/uploads\/2019\/08\/capistrano_ferienwohnung03.jpg?resize=1024%2C768&amp;ssl=1 1024w, https:\/\/i0.wp.com\/www.ferienwohnungnerja.de\/wp-content\/uploads\/2019\/08\/capistrano_ferienwohnung03.jpg?resize=824%2C618&amp;ssl=1 824w\" sizes=\"auto, (max-width: 769px) 100vw, 769px\" data-attachment-id=\"2357\" data-permalink=\"https:\/\/www.ferienwohnungnerja.de\/fr\/appartement-de-vacances-en-terrasse\/\" data-orig-file=\"https:\/\/i0.wp.com\/www.ferienwohnungnerja.de\/wp-content\/uploads\/2019\/08\/capistrano_ferienwohnung03.jpg?fit=1200%2C900&amp;ssl=1\" data-orig-size=\"1200,900\" data-comments-opened=\"0\" data-image-meta=\"{&quot;aperture&quot;:&quot;0&quot;,&quot;credit&quot;:&quot;&quot;,&quot;camera&quot;:&quot;&quot;,&quot;caption&quot;:&quot;&quot;,&quot;created_timestamp&quot;:&quot;0&quot;,&quot;copyright&quot;:&quot;&quot;,&quot;focal_length&quot;:&quot;0&quot;,&quot;iso&quot;:&quot;0&quot;,&quot;shutter_speed&quot;:&quot;0&quot;,&quot;title&quot;:&quot;&quot;,&quot;orientation&quot;:&quot;0&quot;}\" data-image-title=\"Appartement de vacances en terrasse\" data-image-description=\"\" data-image-caption=\"\" data-medium-file=\"https:\/\/i0.wp.com\/www.ferienwohnungnerja.de\/wp-content\/uploads\/2019\/08\/capistrano_ferienwohnung03.jpg?fit=300%2C225&amp;ssl=1\" data-large-file=\"https:\/\/i0.wp.com\/www.ferienwohnungnerja.de\/wp-content\/uploads\/2019\/08\/capistrano_ferienwohnung03.jpg?fit=769%2C577&amp;ssl=1\" \/><\/a>\n\t\t\t<\/span><\/li><li class='gallery-item'><span class='gallery-icon landscape'>\n\t\t\t\t<a href=\"https:\/\/www.ferienwohnungnerja.de\/fr\/accommodation\/appartement-la-perla\/\"><img loading=\"lazy\" decoding=\"async\" width=\"1200\" height=\"900\" src=\"https:\/\/i0.wp.com\/www.ferienwohnungnerja.de\/wp-content\/uploads\/2019\/08\/capistrano_ferienwohnung04.jpg?resize=1200%2C900&amp;ssl=1\" class=\"attachment-villagio-thumb-small-x2 size-villagio-thumb-small-x2\" alt=\"Blick von der Terrasse\" srcset=\"https:\/\/i0.wp.com\/www.ferienwohnungnerja.de\/wp-content\/uploads\/2019\/08\/capistrano_ferienwohnung04.jpg?w=1200&amp;ssl=1 1200w, https:\/\/i0.wp.com\/www.ferienwohnungnerja.de\/wp-content\/uploads\/2019\/08\/capistrano_ferienwohnung04.jpg?resize=300%2C225&amp;ssl=1 300w, https:\/\/i0.wp.com\/www.ferienwohnungnerja.de\/wp-content\/uploads\/2019\/08\/capistrano_ferienwohnung04.jpg?resize=768%2C576&amp;ssl=1 768w, https:\/\/i0.wp.com\/www.ferienwohnungnerja.de\/wp-content\/uploads\/2019\/08\/capistrano_ferienwohnung04.jpg?resize=1024%2C768&amp;ssl=1 1024w, https:\/\/i0.wp.com\/www.ferienwohnungnerja.de\/wp-content\/uploads\/2019\/08\/capistrano_ferienwohnung04.jpg?resize=824%2C618&amp;ssl=1 824w\" sizes=\"auto, (max-width: 769px) 100vw, 769px\" data-attachment-id=\"2356\" data-permalink=\"https:\/\/www.ferienwohnungnerja.de\/fr\/de-meme-de-ce-cote-il-ny-a-pas-de-voisin-direct\/\" data-orig-file=\"https:\/\/i0.wp.com\/www.ferienwohnungnerja.de\/wp-content\/uploads\/2019\/08\/capistrano_ferienwohnung04.jpg?fit=1200%2C900&amp;ssl=1\" data-orig-size=\"1200,900\" data-comments-opened=\"0\" data-image-meta=\"{&quot;aperture&quot;:&quot;0&quot;,&quot;credit&quot;:&quot;&quot;,&quot;camera&quot;:&quot;&quot;,&quot;caption&quot;:&quot;&quot;,&quot;created_timestamp&quot;:&quot;0&quot;,&quot;copyright&quot;:&quot;&quot;,&quot;focal_length&quot;:&quot;0&quot;,&quot;iso&quot;:&quot;0&quot;,&quot;shutter_speed&quot;:&quot;0&quot;,&quot;title&quot;:&quot;&quot;,&quot;orientation&quot;:&quot;0&quot;}\" data-image-title=\"De m\u00eame, de ce c\u00f4t\u00e9, il n&amp;#8217;y a pas de voisin direct.\" data-image-description=\"\" data-image-caption=\"\" data-medium-file=\"https:\/\/i0.wp.com\/www.ferienwohnungnerja.de\/wp-content\/uploads\/2019\/08\/capistrano_ferienwohnung04.jpg?fit=300%2C225&amp;ssl=1\" data-large-file=\"https:\/\/i0.wp.com\/www.ferienwohnungnerja.de\/wp-content\/uploads\/2019\/08\/capistrano_ferienwohnung04.jpg?fit=769%2C577&amp;ssl=1\" \/><\/a>\n\t\t\t<\/span><\/li><li class='gallery-item'><span class='gallery-icon landscape'>\n\t\t\t\t<a href=\"https:\/\/www.ferienwohnungnerja.de\/fr\/accommodation\/appartement-la-perla\/\"><img loading=\"lazy\" decoding=\"async\" width=\"1200\" height=\"800\" src=\"https:\/\/i0.wp.com\/www.ferienwohnungnerja.de\/wp-content\/uploads\/2019\/08\/capistrano_ferienwohnung05.jpg?resize=1200%2C800&amp;ssl=1\" class=\"attachment-villagio-thumb-small-x2 size-villagio-thumb-small-x2\" alt=\"Vue ext\u00e9rieure de l&#039;appartement de vacances\" srcset=\"https:\/\/i0.wp.com\/www.ferienwohnungnerja.de\/wp-content\/uploads\/2019\/08\/capistrano_ferienwohnung05.jpg?w=1200&amp;ssl=1 1200w, https:\/\/i0.wp.com\/www.ferienwohnungnerja.de\/wp-content\/uploads\/2019\/08\/capistrano_ferienwohnung05.jpg?resize=300%2C200&amp;ssl=1 300w, https:\/\/i0.wp.com\/www.ferienwohnungnerja.de\/wp-content\/uploads\/2019\/08\/capistrano_ferienwohnung05.jpg?resize=768%2C512&amp;ssl=1 768w, https:\/\/i0.wp.com\/www.ferienwohnungnerja.de\/wp-content\/uploads\/2019\/08\/capistrano_ferienwohnung05.jpg?resize=1024%2C683&amp;ssl=1 1024w, https:\/\/i0.wp.com\/www.ferienwohnungnerja.de\/wp-content\/uploads\/2019\/08\/capistrano_ferienwohnung05.jpg?resize=927%2C618&amp;ssl=1 927w\" sizes=\"auto, (max-width: 769px) 100vw, 769px\" data-attachment-id=\"2355\" data-permalink=\"https:\/\/www.ferienwohnungnerja.de\/fr\/lappartement-de-vacances-trone-sur-limmeuble-presque-comme-un-chalet-independant\/\" data-orig-file=\"https:\/\/i0.wp.com\/www.ferienwohnungnerja.de\/wp-content\/uploads\/2019\/08\/capistrano_ferienwohnung05.jpg?fit=1200%2C800&amp;ssl=1\" data-orig-size=\"1200,800\" data-comments-opened=\"0\" data-image-meta=\"{&quot;aperture&quot;:&quot;0&quot;,&quot;credit&quot;:&quot;&quot;,&quot;camera&quot;:&quot;&quot;,&quot;caption&quot;:&quot;&quot;,&quot;created_timestamp&quot;:&quot;0&quot;,&quot;copyright&quot;:&quot;&quot;,&quot;focal_length&quot;:&quot;0&quot;,&quot;iso&quot;:&quot;0&quot;,&quot;shutter_speed&quot;:&quot;0&quot;,&quot;title&quot;:&quot;&quot;,&quot;orientation&quot;:&quot;0&quot;}\" data-image-title=\"L&amp;#8217;appartement de vacances tr\u00f4ne sur l&amp;#8217;immeuble presque comme un chalet ind\u00e9pendant.\" data-image-description=\"\" data-image-caption=\"\" data-medium-file=\"https:\/\/i0.wp.com\/www.ferienwohnungnerja.de\/wp-content\/uploads\/2019\/08\/capistrano_ferienwohnung05.jpg?fit=300%2C200&amp;ssl=1\" data-large-file=\"https:\/\/i0.wp.com\/www.ferienwohnungnerja.de\/wp-content\/uploads\/2019\/08\/capistrano_ferienwohnung05.jpg?fit=769%2C513&amp;ssl=1\" \/><\/a>\n\t\t\t<\/span><\/li><li class='gallery-item'><span class='gallery-icon landscape'>\n\t\t\t\t<a href=\"https:\/\/www.ferienwohnungnerja.de\/fr\/accommodation\/appartement-la-perla\/\"><img loading=\"lazy\" decoding=\"async\" width=\"1200\" height=\"900\" src=\"https:\/\/i0.wp.com\/www.ferienwohnungnerja.de\/wp-content\/uploads\/2019\/08\/capistrano_ferienwohnung06.jpg?resize=1200%2C900&amp;ssl=1\" class=\"attachment-villagio-thumb-small-x2 size-villagio-thumb-small-x2\" alt=\"Le salon\" srcset=\"https:\/\/i0.wp.com\/www.ferienwohnungnerja.de\/wp-content\/uploads\/2019\/08\/capistrano_ferienwohnung06.jpg?w=1200&amp;ssl=1 1200w, https:\/\/i0.wp.com\/www.ferienwohnungnerja.de\/wp-content\/uploads\/2019\/08\/capistrano_ferienwohnung06.jpg?resize=300%2C225&amp;ssl=1 300w, https:\/\/i0.wp.com\/www.ferienwohnungnerja.de\/wp-content\/uploads\/2019\/08\/capistrano_ferienwohnung06.jpg?resize=768%2C576&amp;ssl=1 768w, https:\/\/i0.wp.com\/www.ferienwohnungnerja.de\/wp-content\/uploads\/2019\/08\/capistrano_ferienwohnung06.jpg?resize=1024%2C768&amp;ssl=1 1024w, https:\/\/i0.wp.com\/www.ferienwohnungnerja.de\/wp-content\/uploads\/2019\/08\/capistrano_ferienwohnung06.jpg?resize=824%2C618&amp;ssl=1 824w\" sizes=\"auto, (max-width: 769px) 100vw, 769px\" data-attachment-id=\"2354\" data-permalink=\"https:\/\/www.ferienwohnungnerja.de\/fr\/le-salon\/\" data-orig-file=\"https:\/\/i0.wp.com\/www.ferienwohnungnerja.de\/wp-content\/uploads\/2019\/08\/capistrano_ferienwohnung06.jpg?fit=1200%2C900&amp;ssl=1\" data-orig-size=\"1200,900\" data-comments-opened=\"0\" data-image-meta=\"{&quot;aperture&quot;:&quot;0&quot;,&quot;credit&quot;:&quot;&quot;,&quot;camera&quot;:&quot;&quot;,&quot;caption&quot;:&quot;&quot;,&quot;created_timestamp&quot;:&quot;0&quot;,&quot;copyright&quot;:&quot;&quot;,&quot;focal_length&quot;:&quot;0&quot;,&quot;iso&quot;:&quot;0&quot;,&quot;shutter_speed&quot;:&quot;0&quot;,&quot;title&quot;:&quot;&quot;,&quot;orientation&quot;:&quot;0&quot;}\" data-image-title=\"Le salon\" data-image-description=\"\" data-image-caption=\"\" data-medium-file=\"https:\/\/i0.wp.com\/www.ferienwohnungnerja.de\/wp-content\/uploads\/2019\/08\/capistrano_ferienwohnung06.jpg?fit=300%2C225&amp;ssl=1\" data-large-file=\"https:\/\/i0.wp.com\/www.ferienwohnungnerja.de\/wp-content\/uploads\/2019\/08\/capistrano_ferienwohnung06.jpg?fit=769%2C577&amp;ssl=1\" \/><\/a>\n\t\t\t<\/span><\/li><li class='gallery-item'><span class='gallery-icon landscape'>\n\t\t\t\t<a href=\"https:\/\/www.ferienwohnungnerja.de\/fr\/accommodation\/appartement-la-perla\/\"><img loading=\"lazy\" decoding=\"async\" width=\"1200\" height=\"789\" src=\"https:\/\/i0.wp.com\/www.ferienwohnungnerja.de\/wp-content\/uploads\/2019\/08\/capistrano_ferienwohnung07.jpg?resize=1200%2C789&amp;ssl=1\" class=\"attachment-villagio-thumb-small-x2 size-villagio-thumb-small-x2\" alt=\"Le salon avec SAT TV\" srcset=\"https:\/\/i0.wp.com\/www.ferienwohnungnerja.de\/wp-content\/uploads\/2019\/08\/capistrano_ferienwohnung07.jpg?w=1200&amp;ssl=1 1200w, https:\/\/i0.wp.com\/www.ferienwohnungnerja.de\/wp-content\/uploads\/2019\/08\/capistrano_ferienwohnung07.jpg?resize=300%2C197&amp;ssl=1 300w, https:\/\/i0.wp.com\/www.ferienwohnungnerja.de\/wp-content\/uploads\/2019\/08\/capistrano_ferienwohnung07.jpg?resize=768%2C505&amp;ssl=1 768w, https:\/\/i0.wp.com\/www.ferienwohnungnerja.de\/wp-content\/uploads\/2019\/08\/capistrano_ferienwohnung07.jpg?resize=1024%2C673&amp;ssl=1 1024w, https:\/\/i0.wp.com\/www.ferienwohnungnerja.de\/wp-content\/uploads\/2019\/08\/capistrano_ferienwohnung07.jpg?resize=940%2C618&amp;ssl=1 940w\" sizes=\"auto, (max-width: 769px) 100vw, 769px\" data-attachment-id=\"2353\" data-permalink=\"https:\/\/www.ferienwohnungnerja.de\/fr\/salle-de-sejour-avec-sat-tv\/\" data-orig-file=\"https:\/\/i0.wp.com\/www.ferienwohnungnerja.de\/wp-content\/uploads\/2019\/08\/capistrano_ferienwohnung07.jpg?fit=1200%2C789&amp;ssl=1\" data-orig-size=\"1200,789\" data-comments-opened=\"0\" data-image-meta=\"{&quot;aperture&quot;:&quot;0&quot;,&quot;credit&quot;:&quot;&quot;,&quot;camera&quot;:&quot;&quot;,&quot;caption&quot;:&quot;&quot;,&quot;created_timestamp&quot;:&quot;0&quot;,&quot;copyright&quot;:&quot;&quot;,&quot;focal_length&quot;:&quot;0&quot;,&quot;iso&quot;:&quot;0&quot;,&quot;shutter_speed&quot;:&quot;0&quot;,&quot;title&quot;:&quot;&quot;,&quot;orientation&quot;:&quot;0&quot;}\" data-image-title=\"Le salon avec SAT TV\" data-image-description=\"\" data-image-caption=\"\" data-medium-file=\"https:\/\/i0.wp.com\/www.ferienwohnungnerja.de\/wp-content\/uploads\/2019\/08\/capistrano_ferienwohnung07.jpg?fit=300%2C197&amp;ssl=1\" data-large-file=\"https:\/\/i0.wp.com\/www.ferienwohnungnerja.de\/wp-content\/uploads\/2019\/08\/capistrano_ferienwohnung07.jpg?fit=769%2C505&amp;ssl=1\" \/><\/a>\n\t\t\t<\/span><\/li><li class='gallery-item'><span class='gallery-icon landscape'>\n\t\t\t\t<a href=\"https:\/\/www.ferienwohnungnerja.de\/fr\/accommodation\/appartement-la-perla\/\"><img loading=\"lazy\" decoding=\"async\" width=\"1200\" height=\"822\" src=\"https:\/\/i0.wp.com\/www.ferienwohnungnerja.de\/wp-content\/uploads\/2019\/08\/capistrano_ferienwohnung08.jpg?resize=1200%2C822&amp;ssl=1\" class=\"attachment-villagio-thumb-small-x2 size-villagio-thumb-small-x2\" alt=\"Salle \u00e0 manger avec cuisine\" srcset=\"https:\/\/i0.wp.com\/www.ferienwohnungnerja.de\/wp-content\/uploads\/2019\/08\/capistrano_ferienwohnung08.jpg?w=1200&amp;ssl=1 1200w, https:\/\/i0.wp.com\/www.ferienwohnungnerja.de\/wp-content\/uploads\/2019\/08\/capistrano_ferienwohnung08.jpg?resize=300%2C206&amp;ssl=1 300w, https:\/\/i0.wp.com\/www.ferienwohnungnerja.de\/wp-content\/uploads\/2019\/08\/capistrano_ferienwohnung08.jpg?resize=768%2C526&amp;ssl=1 768w, https:\/\/i0.wp.com\/www.ferienwohnungnerja.de\/wp-content\/uploads\/2019\/08\/capistrano_ferienwohnung08.jpg?resize=1024%2C701&amp;ssl=1 1024w, https:\/\/i0.wp.com\/www.ferienwohnungnerja.de\/wp-content\/uploads\/2019\/08\/capistrano_ferienwohnung08.jpg?resize=902%2C618&amp;ssl=1 902w\" sizes=\"auto, (max-width: 769px) 100vw, 769px\" data-attachment-id=\"2352\" data-permalink=\"https:\/\/www.ferienwohnungnerja.de\/fr\/salle-a-manger-avec-cuisine\/\" data-orig-file=\"https:\/\/i0.wp.com\/www.ferienwohnungnerja.de\/wp-content\/uploads\/2019\/08\/capistrano_ferienwohnung08.jpg?fit=1200%2C822&amp;ssl=1\" data-orig-size=\"1200,822\" data-comments-opened=\"0\" data-image-meta=\"{&quot;aperture&quot;:&quot;0&quot;,&quot;credit&quot;:&quot;&quot;,&quot;camera&quot;:&quot;&quot;,&quot;caption&quot;:&quot;&quot;,&quot;created_timestamp&quot;:&quot;0&quot;,&quot;copyright&quot;:&quot;&quot;,&quot;focal_length&quot;:&quot;0&quot;,&quot;iso&quot;:&quot;0&quot;,&quot;shutter_speed&quot;:&quot;0&quot;,&quot;title&quot;:&quot;&quot;,&quot;orientation&quot;:&quot;0&quot;}\" data-image-title=\"Salle \u00e0 manger avec cuisine\" data-image-description=\"\" data-image-caption=\"\" data-medium-file=\"https:\/\/i0.wp.com\/www.ferienwohnungnerja.de\/wp-content\/uploads\/2019\/08\/capistrano_ferienwohnung08.jpg?fit=300%2C206&amp;ssl=1\" data-large-file=\"https:\/\/i0.wp.com\/www.ferienwohnungnerja.de\/wp-content\/uploads\/2019\/08\/capistrano_ferienwohnung08.jpg?fit=769%2C526&amp;ssl=1\" \/><\/a>\n\t\t\t<\/span><\/li><li class='gallery-item'><span class='gallery-icon landscape'>\n\t\t\t\t<a href=\"https:\/\/www.ferienwohnungnerja.de\/fr\/accommodation\/appartement-la-perla\/\"><img loading=\"lazy\" decoding=\"async\" width=\"1200\" height=\"800\" src=\"https:\/\/i0.wp.com\/www.ferienwohnungnerja.de\/wp-content\/uploads\/2019\/08\/capistrano_ferienwohnung09.jpg?resize=1200%2C800&amp;ssl=1\" class=\"attachment-villagio-thumb-small-x2 size-villagio-thumb-small-x2\" alt=\"La cuisine appartement\" srcset=\"https:\/\/i0.wp.com\/www.ferienwohnungnerja.de\/wp-content\/uploads\/2019\/08\/capistrano_ferienwohnung09.jpg?w=1200&amp;ssl=1 1200w, https:\/\/i0.wp.com\/www.ferienwohnungnerja.de\/wp-content\/uploads\/2019\/08\/capistrano_ferienwohnung09.jpg?resize=300%2C200&amp;ssl=1 300w, https:\/\/i0.wp.com\/www.ferienwohnungnerja.de\/wp-content\/uploads\/2019\/08\/capistrano_ferienwohnung09.jpg?resize=768%2C512&amp;ssl=1 768w, https:\/\/i0.wp.com\/www.ferienwohnungnerja.de\/wp-content\/uploads\/2019\/08\/capistrano_ferienwohnung09.jpg?resize=1024%2C683&amp;ssl=1 1024w, https:\/\/i0.wp.com\/www.ferienwohnungnerja.de\/wp-content\/uploads\/2019\/08\/capistrano_ferienwohnung09.jpg?resize=927%2C618&amp;ssl=1 927w\" sizes=\"auto, (max-width: 769px) 100vw, 769px\" data-attachment-id=\"2351\" data-permalink=\"https:\/\/www.ferienwohnungnerja.de\/fr\/la-cuisine-est-entierement-equipee-avec-un-grand-refrigerateur-avec-compartiment-congelateur-une-plaque-de-cuisson-en-ceramique-un-four-un-lave-vaisselle-une-machine-a-cafe-un-grille-pain-et-bien\/\" data-orig-file=\"https:\/\/i0.wp.com\/www.ferienwohnungnerja.de\/wp-content\/uploads\/2019\/08\/capistrano_ferienwohnung09.jpg?fit=1200%2C800&amp;ssl=1\" data-orig-size=\"1200,800\" data-comments-opened=\"0\" data-image-meta=\"{&quot;aperture&quot;:&quot;0&quot;,&quot;credit&quot;:&quot;&quot;,&quot;camera&quot;:&quot;&quot;,&quot;caption&quot;:&quot;&quot;,&quot;created_timestamp&quot;:&quot;0&quot;,&quot;copyright&quot;:&quot;&quot;,&quot;focal_length&quot;:&quot;0&quot;,&quot;iso&quot;:&quot;0&quot;,&quot;shutter_speed&quot;:&quot;0&quot;,&quot;title&quot;:&quot;&quot;,&quot;orientation&quot;:&quot;0&quot;}\" data-image-title=\"La cuisine est enti\u00e8rement \u00e9quip\u00e9e avec un grand r\u00e9frig\u00e9rateur avec compartiment cong\u00e9lateur, une plaque de cuisson en c\u00e9ramique, un four, un lave-vaisselle, une machine \u00e0 caf\u00e9, un grille-pain et bien plus encore\" data-image-description=\"\" data-image-caption=\"\" data-medium-file=\"https:\/\/i0.wp.com\/www.ferienwohnungnerja.de\/wp-content\/uploads\/2019\/08\/capistrano_ferienwohnung09.jpg?fit=300%2C200&amp;ssl=1\" data-large-file=\"https:\/\/i0.wp.com\/www.ferienwohnungnerja.de\/wp-content\/uploads\/2019\/08\/capistrano_ferienwohnung09.jpg?fit=769%2C513&amp;ssl=1\" \/><\/a>\n\t\t\t<\/span><\/li><li class='gallery-item'><span class='gallery-icon landscape'>\n\t\t\t\t<a href=\"https:\/\/www.ferienwohnungnerja.de\/fr\/accommodation\/appartement-la-perla\/\"><img loading=\"lazy\" decoding=\"async\" width=\"1200\" height=\"800\" src=\"https:\/\/i0.wp.com\/www.ferienwohnungnerja.de\/wp-content\/uploads\/2019\/08\/capistrano_ferienwohnung10.jpg?resize=1200%2C800&amp;ssl=1\" class=\"attachment-villagio-thumb-small-x2 size-villagio-thumb-small-x2\" alt=\"Salle de douche avec machine \u00e0 laver\" srcset=\"https:\/\/i0.wp.com\/www.ferienwohnungnerja.de\/wp-content\/uploads\/2019\/08\/capistrano_ferienwohnung10.jpg?w=1200&amp;ssl=1 1200w, https:\/\/i0.wp.com\/www.ferienwohnungnerja.de\/wp-content\/uploads\/2019\/08\/capistrano_ferienwohnung10.jpg?resize=300%2C200&amp;ssl=1 300w, https:\/\/i0.wp.com\/www.ferienwohnungnerja.de\/wp-content\/uploads\/2019\/08\/capistrano_ferienwohnung10.jpg?resize=768%2C512&amp;ssl=1 768w, https:\/\/i0.wp.com\/www.ferienwohnungnerja.de\/wp-content\/uploads\/2019\/08\/capistrano_ferienwohnung10.jpg?resize=1024%2C683&amp;ssl=1 1024w, https:\/\/i0.wp.com\/www.ferienwohnungnerja.de\/wp-content\/uploads\/2019\/08\/capistrano_ferienwohnung10.jpg?resize=927%2C618&amp;ssl=1 927w\" sizes=\"auto, (max-width: 769px) 100vw, 769px\" data-attachment-id=\"2350\" data-permalink=\"https:\/\/www.ferienwohnungnerja.de\/fr\/salle-de-douche-avec-machine-a-laver\/\" data-orig-file=\"https:\/\/i0.wp.com\/www.ferienwohnungnerja.de\/wp-content\/uploads\/2019\/08\/capistrano_ferienwohnung10.jpg?fit=1200%2C800&amp;ssl=1\" data-orig-size=\"1200,800\" data-comments-opened=\"0\" data-image-meta=\"{&quot;aperture&quot;:&quot;0&quot;,&quot;credit&quot;:&quot;&quot;,&quot;camera&quot;:&quot;&quot;,&quot;caption&quot;:&quot;&quot;,&quot;created_timestamp&quot;:&quot;0&quot;,&quot;copyright&quot;:&quot;&quot;,&quot;focal_length&quot;:&quot;0&quot;,&quot;iso&quot;:&quot;0&quot;,&quot;shutter_speed&quot;:&quot;0&quot;,&quot;title&quot;:&quot;&quot;,&quot;orientation&quot;:&quot;0&quot;}\" data-image-title=\"Salle de douche avec machine \u00e0 laver\" data-image-description=\"\" data-image-caption=\"\" data-medium-file=\"https:\/\/i0.wp.com\/www.ferienwohnungnerja.de\/wp-content\/uploads\/2019\/08\/capistrano_ferienwohnung10.jpg?fit=300%2C200&amp;ssl=1\" data-large-file=\"https:\/\/i0.wp.com\/www.ferienwohnungnerja.de\/wp-content\/uploads\/2019\/08\/capistrano_ferienwohnung10.jpg?fit=769%2C513&amp;ssl=1\" \/><\/a>\n\t\t\t<\/span><\/li><li class='gallery-item'><span class='gallery-icon landscape'>\n\t\t\t\t<a href=\"https:\/\/www.ferienwohnungnerja.de\/fr\/accommodation\/appartement-la-perla\/\"><img loading=\"lazy\" decoding=\"async\" width=\"1200\" height=\"832\" src=\"https:\/\/i0.wp.com\/www.ferienwohnungnerja.de\/wp-content\/uploads\/2019\/08\/capistrano_ferienwohnung11.jpg?resize=1200%2C832&amp;ssl=1\" class=\"attachment-villagio-thumb-small-x2 size-villagio-thumb-small-x2\" alt=\"Chambre \u00e0 coucher de La Perla\" srcset=\"https:\/\/i0.wp.com\/www.ferienwohnungnerja.de\/wp-content\/uploads\/2019\/08\/capistrano_ferienwohnung11.jpg?w=1200&amp;ssl=1 1200w, https:\/\/i0.wp.com\/www.ferienwohnungnerja.de\/wp-content\/uploads\/2019\/08\/capistrano_ferienwohnung11.jpg?resize=300%2C208&amp;ssl=1 300w, https:\/\/i0.wp.com\/www.ferienwohnungnerja.de\/wp-content\/uploads\/2019\/08\/capistrano_ferienwohnung11.jpg?resize=768%2C532&amp;ssl=1 768w, https:\/\/i0.wp.com\/www.ferienwohnungnerja.de\/wp-content\/uploads\/2019\/08\/capistrano_ferienwohnung11.jpg?resize=1024%2C710&amp;ssl=1 1024w, https:\/\/i0.wp.com\/www.ferienwohnungnerja.de\/wp-content\/uploads\/2019\/08\/capistrano_ferienwohnung11.jpg?resize=891%2C618&amp;ssl=1 891w\" sizes=\"auto, (max-width: 769px) 100vw, 769px\" data-attachment-id=\"2349\" data-permalink=\"https:\/\/www.ferienwohnungnerja.de\/fr\/chambre-a-coucher-de-la-perla\/\" data-orig-file=\"https:\/\/i0.wp.com\/www.ferienwohnungnerja.de\/wp-content\/uploads\/2019\/08\/capistrano_ferienwohnung11.jpg?fit=1200%2C832&amp;ssl=1\" data-orig-size=\"1200,832\" data-comments-opened=\"0\" data-image-meta=\"{&quot;aperture&quot;:&quot;0&quot;,&quot;credit&quot;:&quot;&quot;,&quot;camera&quot;:&quot;&quot;,&quot;caption&quot;:&quot;&quot;,&quot;created_timestamp&quot;:&quot;0&quot;,&quot;copyright&quot;:&quot;&quot;,&quot;focal_length&quot;:&quot;0&quot;,&quot;iso&quot;:&quot;0&quot;,&quot;shutter_speed&quot;:&quot;0&quot;,&quot;title&quot;:&quot;&quot;,&quot;orientation&quot;:&quot;0&quot;}\" data-image-title=\"Chambre \u00e0 coucher de La Perla\" data-image-description=\"\" data-image-caption=\"\" data-medium-file=\"https:\/\/i0.wp.com\/www.ferienwohnungnerja.de\/wp-content\/uploads\/2019\/08\/capistrano_ferienwohnung11.jpg?fit=300%2C208&amp;ssl=1\" data-large-file=\"https:\/\/i0.wp.com\/www.ferienwohnungnerja.de\/wp-content\/uploads\/2019\/08\/capistrano_ferienwohnung11.jpg?fit=769%2C533&amp;ssl=1\" \/><\/a>\n\t\t\t<\/span><\/li><li class='gallery-item'><span class='gallery-icon landscape'>\n\t\t\t\t<a href=\"https:\/\/www.ferienwohnungnerja.de\/fr\/accommodation\/appartement-la-perla\/\"><img loading=\"lazy\" decoding=\"async\" width=\"1200\" height=\"800\" src=\"https:\/\/i0.wp.com\/www.ferienwohnungnerja.de\/wp-content\/uploads\/2019\/08\/capistrano_ferienwohnung12.jpg?resize=1200%2C800&amp;ssl=1\" class=\"attachment-villagio-thumb-small-x2 size-villagio-thumb-small-x2\" alt=\"Chambre \u00e0 coucher\" srcset=\"https:\/\/i0.wp.com\/www.ferienwohnungnerja.de\/wp-content\/uploads\/2019\/08\/capistrano_ferienwohnung12.jpg?w=1200&amp;ssl=1 1200w, https:\/\/i0.wp.com\/www.ferienwohnungnerja.de\/wp-content\/uploads\/2019\/08\/capistrano_ferienwohnung12.jpg?resize=300%2C200&amp;ssl=1 300w, https:\/\/i0.wp.com\/www.ferienwohnungnerja.de\/wp-content\/uploads\/2019\/08\/capistrano_ferienwohnung12.jpg?resize=768%2C512&amp;ssl=1 768w, https:\/\/i0.wp.com\/www.ferienwohnungnerja.de\/wp-content\/uploads\/2019\/08\/capistrano_ferienwohnung12.jpg?resize=1024%2C683&amp;ssl=1 1024w, https:\/\/i0.wp.com\/www.ferienwohnungnerja.de\/wp-content\/uploads\/2019\/08\/capistrano_ferienwohnung12.jpg?resize=927%2C618&amp;ssl=1 927w\" sizes=\"auto, (max-width: 769px) 100vw, 769px\" data-attachment-id=\"2348\" data-permalink=\"https:\/\/www.ferienwohnungnerja.de\/fr\/chambre-a-coucher-avec-lit-double-2-x-180-m-avec-matelas-individuels-climatisation-et-grand-placard-integre-avec-coffre-fort\/\" data-orig-file=\"https:\/\/i0.wp.com\/www.ferienwohnungnerja.de\/wp-content\/uploads\/2019\/08\/capistrano_ferienwohnung12.jpg?fit=1200%2C800&amp;ssl=1\" data-orig-size=\"1200,800\" data-comments-opened=\"0\" data-image-meta=\"{&quot;aperture&quot;:&quot;0&quot;,&quot;credit&quot;:&quot;&quot;,&quot;camera&quot;:&quot;&quot;,&quot;caption&quot;:&quot;&quot;,&quot;created_timestamp&quot;:&quot;0&quot;,&quot;copyright&quot;:&quot;&quot;,&quot;focal_length&quot;:&quot;0&quot;,&quot;iso&quot;:&quot;0&quot;,&quot;shutter_speed&quot;:&quot;0&quot;,&quot;title&quot;:&quot;&quot;,&quot;orientation&quot;:&quot;0&quot;}\" data-image-title=\"Chambre \u00e0 coucher avec lit double (2 x 1,80 m) avec matelas individuels, climatisation et grand placard int\u00e9gr\u00e9 avec coffre-fort.\" data-image-description=\"\" data-image-caption=\"\" data-medium-file=\"https:\/\/i0.wp.com\/www.ferienwohnungnerja.de\/wp-content\/uploads\/2019\/08\/capistrano_ferienwohnung12.jpg?fit=300%2C200&amp;ssl=1\" data-large-file=\"https:\/\/i0.wp.com\/www.ferienwohnungnerja.de\/wp-content\/uploads\/2019\/08\/capistrano_ferienwohnung12.jpg?fit=769%2C513&amp;ssl=1\" \/><\/a>\n\t\t\t<\/span><\/li><li class='gallery-item'><span class='gallery-icon landscape'>\n\t\t\t\t<a href=\"https:\/\/www.ferienwohnungnerja.de\/fr\/accommodation\/appartement-la-perla\/\"><img loading=\"lazy\" decoding=\"async\" width=\"1200\" height=\"800\" src=\"https:\/\/i0.wp.com\/www.ferienwohnungnerja.de\/wp-content\/uploads\/2019\/08\/capistrano_ferienwohnung13.jpg?resize=1200%2C800&amp;ssl=1\" class=\"attachment-villagio-thumb-small-x2 size-villagio-thumb-small-x2\" alt=\"Le canap\u00e9-lit\" srcset=\"https:\/\/i0.wp.com\/www.ferienwohnungnerja.de\/wp-content\/uploads\/2019\/08\/capistrano_ferienwohnung13.jpg?w=1200&amp;ssl=1 1200w, https:\/\/i0.wp.com\/www.ferienwohnungnerja.de\/wp-content\/uploads\/2019\/08\/capistrano_ferienwohnung13.jpg?resize=300%2C200&amp;ssl=1 300w, https:\/\/i0.wp.com\/www.ferienwohnungnerja.de\/wp-content\/uploads\/2019\/08\/capistrano_ferienwohnung13.jpg?resize=768%2C512&amp;ssl=1 768w, https:\/\/i0.wp.com\/www.ferienwohnungnerja.de\/wp-content\/uploads\/2019\/08\/capistrano_ferienwohnung13.jpg?resize=1024%2C683&amp;ssl=1 1024w, https:\/\/i0.wp.com\/www.ferienwohnungnerja.de\/wp-content\/uploads\/2019\/08\/capistrano_ferienwohnung13.jpg?resize=927%2C618&amp;ssl=1 927w\" sizes=\"auto, (max-width: 769px) 100vw, 769px\" data-attachment-id=\"2347\" data-permalink=\"https:\/\/www.ferienwohnungnerja.de\/fr\/le-canape-lit-fait-un-lit-de-140-x-200-m\/\" data-orig-file=\"https:\/\/i0.wp.com\/www.ferienwohnungnerja.de\/wp-content\/uploads\/2019\/08\/capistrano_ferienwohnung13.jpg?fit=1200%2C800&amp;ssl=1\" data-orig-size=\"1200,800\" data-comments-opened=\"0\" data-image-meta=\"{&quot;aperture&quot;:&quot;0&quot;,&quot;credit&quot;:&quot;&quot;,&quot;camera&quot;:&quot;&quot;,&quot;caption&quot;:&quot;&quot;,&quot;created_timestamp&quot;:&quot;0&quot;,&quot;copyright&quot;:&quot;&quot;,&quot;focal_length&quot;:&quot;0&quot;,&quot;iso&quot;:&quot;0&quot;,&quot;shutter_speed&quot;:&quot;0&quot;,&quot;title&quot;:&quot;&quot;,&quot;orientation&quot;:&quot;0&quot;}\" data-image-title=\"Le canap\u00e9-lit fait un lit de 1,40 x 2,00 m\" data-image-description=\"\" data-image-caption=\"\" data-medium-file=\"https:\/\/i0.wp.com\/www.ferienwohnungnerja.de\/wp-content\/uploads\/2019\/08\/capistrano_ferienwohnung13.jpg?fit=300%2C200&amp;ssl=1\" data-large-file=\"https:\/\/i0.wp.com\/www.ferienwohnungnerja.de\/wp-content\/uploads\/2019\/08\/capistrano_ferienwohnung13.jpg?fit=769%2C513&amp;ssl=1\" \/><\/a>\n\t\t\t<\/span><\/li><li class='gallery-item'><span class='gallery-icon landscape'>\n\t\t\t\t<a href=\"https:\/\/www.ferienwohnungnerja.de\/fr\/accommodation\/appartement-la-perla\/\"><img loading=\"lazy\" decoding=\"async\" width=\"1200\" height=\"900\" src=\"https:\/\/i0.wp.com\/www.ferienwohnungnerja.de\/wp-content\/uploads\/2019\/08\/capistrano_ferienwohnung14.jpg?resize=1200%2C900&amp;ssl=1\" class=\"attachment-villagio-thumb-small-x2 size-villagio-thumb-small-x2\" alt=\"Vue du salon sur la mer M\u00e9diterran\u00e9e\" srcset=\"https:\/\/i0.wp.com\/www.ferienwohnungnerja.de\/wp-content\/uploads\/2019\/08\/capistrano_ferienwohnung14.jpg?w=1200&amp;ssl=1 1200w, https:\/\/i0.wp.com\/www.ferienwohnungnerja.de\/wp-content\/uploads\/2019\/08\/capistrano_ferienwohnung14.jpg?resize=300%2C225&amp;ssl=1 300w, https:\/\/i0.wp.com\/www.ferienwohnungnerja.de\/wp-content\/uploads\/2019\/08\/capistrano_ferienwohnung14.jpg?resize=768%2C576&amp;ssl=1 768w, https:\/\/i0.wp.com\/www.ferienwohnungnerja.de\/wp-content\/uploads\/2019\/08\/capistrano_ferienwohnung14.jpg?resize=1024%2C768&amp;ssl=1 1024w, https:\/\/i0.wp.com\/www.ferienwohnungnerja.de\/wp-content\/uploads\/2019\/08\/capistrano_ferienwohnung14.jpg?resize=824%2C618&amp;ssl=1 824w\" sizes=\"auto, (max-width: 769px) 100vw, 769px\" data-attachment-id=\"2400\" data-permalink=\"https:\/\/www.ferienwohnungnerja.de\/fr\/de-la-salle-de-sejour-vous-pouvez-egalement-profiter-de-la-vue-sur-la-mer-mediterranee\/\" data-orig-file=\"https:\/\/i0.wp.com\/www.ferienwohnungnerja.de\/wp-content\/uploads\/2019\/08\/capistrano_ferienwohnung14.jpg?fit=1200%2C900&amp;ssl=1\" data-orig-size=\"1200,900\" data-comments-opened=\"0\" data-image-meta=\"{&quot;aperture&quot;:&quot;0&quot;,&quot;credit&quot;:&quot;&quot;,&quot;camera&quot;:&quot;&quot;,&quot;caption&quot;:&quot;&quot;,&quot;created_timestamp&quot;:&quot;0&quot;,&quot;copyright&quot;:&quot;&quot;,&quot;focal_length&quot;:&quot;0&quot;,&quot;iso&quot;:&quot;0&quot;,&quot;shutter_speed&quot;:&quot;0&quot;,&quot;title&quot;:&quot;&quot;,&quot;orientation&quot;:&quot;0&quot;}\" data-image-title=\"De la salle de s\u00e9jour, vous pouvez \u00e9galement profiter de la vue sur la mer M\u00e9diterran\u00e9e.\" data-image-description=\"\" data-image-caption=\"\" data-medium-file=\"https:\/\/i0.wp.com\/www.ferienwohnungnerja.de\/wp-content\/uploads\/2019\/08\/capistrano_ferienwohnung14.jpg?fit=300%2C225&amp;ssl=1\" data-large-file=\"https:\/\/i0.wp.com\/www.ferienwohnungnerja.de\/wp-content\/uploads\/2019\/08\/capistrano_ferienwohnung14.jpg?fit=769%2C577&amp;ssl=1\" \/><\/a>\n\t\t\t<\/span><\/li><li class='gallery-item'><span class='gallery-icon landscape'>\n\t\t\t\t<a href=\"https:\/\/www.ferienwohnungnerja.de\/fr\/accommodation\/appartement-la-perla\/\"><img loading=\"lazy\" decoding=\"async\" width=\"1200\" height=\"800\" src=\"https:\/\/i0.wp.com\/www.ferienwohnungnerja.de\/wp-content\/uploads\/2019\/08\/capistrano_ferienwohnung15.jpg?resize=1200%2C800&amp;ssl=1\" class=\"attachment-villagio-thumb-small-x2 size-villagio-thumb-small-x2\" alt=\"Entr\u00e9e Appartement de vacances Capistrano\" srcset=\"https:\/\/i0.wp.com\/www.ferienwohnungnerja.de\/wp-content\/uploads\/2019\/08\/capistrano_ferienwohnung15.jpg?w=1200&amp;ssl=1 1200w, https:\/\/i0.wp.com\/www.ferienwohnungnerja.de\/wp-content\/uploads\/2019\/08\/capistrano_ferienwohnung15.jpg?resize=300%2C200&amp;ssl=1 300w, https:\/\/i0.wp.com\/www.ferienwohnungnerja.de\/wp-content\/uploads\/2019\/08\/capistrano_ferienwohnung15.jpg?resize=768%2C512&amp;ssl=1 768w, https:\/\/i0.wp.com\/www.ferienwohnungnerja.de\/wp-content\/uploads\/2019\/08\/capistrano_ferienwohnung15.jpg?resize=1024%2C683&amp;ssl=1 1024w, https:\/\/i0.wp.com\/www.ferienwohnungnerja.de\/wp-content\/uploads\/2019\/08\/capistrano_ferienwohnung15.jpg?resize=927%2C618&amp;ssl=1 927w\" sizes=\"auto, (max-width: 769px) 100vw, 769px\" data-attachment-id=\"2346\" data-permalink=\"https:\/\/www.ferienwohnungnerja.de\/fr\/entree-appartement-de-vacances-capistrano\/\" data-orig-file=\"https:\/\/i0.wp.com\/www.ferienwohnungnerja.de\/wp-content\/uploads\/2019\/08\/capistrano_ferienwohnung15.jpg?fit=1200%2C800&amp;ssl=1\" data-orig-size=\"1200,800\" data-comments-opened=\"0\" data-image-meta=\"{&quot;aperture&quot;:&quot;0&quot;,&quot;credit&quot;:&quot;&quot;,&quot;camera&quot;:&quot;&quot;,&quot;caption&quot;:&quot;&quot;,&quot;created_timestamp&quot;:&quot;0&quot;,&quot;copyright&quot;:&quot;&quot;,&quot;focal_length&quot;:&quot;0&quot;,&quot;iso&quot;:&quot;0&quot;,&quot;shutter_speed&quot;:&quot;0&quot;,&quot;title&quot;:&quot;&quot;,&quot;orientation&quot;:&quot;0&quot;}\" data-image-title=\"Entr\u00e9e Appartement de vacances Capistrano\" data-image-description=\"\" data-image-caption=\"\" data-medium-file=\"https:\/\/i0.wp.com\/www.ferienwohnungnerja.de\/wp-content\/uploads\/2019\/08\/capistrano_ferienwohnung15.jpg?fit=300%2C200&amp;ssl=1\" data-large-file=\"https:\/\/i0.wp.com\/www.ferienwohnungnerja.de\/wp-content\/uploads\/2019\/08\/capistrano_ferienwohnung15.jpg?fit=769%2C513&amp;ssl=1\" \/><\/a>\n\t\t\t<\/span><\/li><li class='gallery-item'><span class='gallery-icon landscape'>\n\t\t\t\t<a href=\"https:\/\/www.ferienwohnungnerja.de\/fr\/accommodation\/appartement-la-perla\/\"><img loading=\"lazy\" decoding=\"async\" width=\"1434\" height=\"1067\" src=\"https:\/\/i0.wp.com\/www.ferienwohnungnerja.de\/wp-content\/uploads\/2019\/08\/sanjuan_pool01.jpg?resize=1434%2C1067&amp;ssl=1\" class=\"attachment-villagio-thumb-small-x2 size-villagio-thumb-small-x2\" alt=\"Complexe aquatique de San Juan\" data-attachment-id=\"2291\" data-permalink=\"https:\/\/www.ferienwohnungnerja.de\/fr\/complexe-aquatique-de-san-juan\/\" data-orig-file=\"https:\/\/i0.wp.com\/www.ferienwohnungnerja.de\/wp-content\/uploads\/2019\/08\/sanjuan_pool01.jpg?fit=1600%2C1067&amp;ssl=1\" data-orig-size=\"1600,1067\" data-comments-opened=\"0\" data-image-meta=\"{&quot;aperture&quot;:&quot;0&quot;,&quot;credit&quot;:&quot;&quot;,&quot;camera&quot;:&quot;&quot;,&quot;caption&quot;:&quot;&quot;,&quot;created_timestamp&quot;:&quot;0&quot;,&quot;copyright&quot;:&quot;&quot;,&quot;focal_length&quot;:&quot;0&quot;,&quot;iso&quot;:&quot;0&quot;,&quot;shutter_speed&quot;:&quot;0&quot;,&quot;title&quot;:&quot;&quot;,&quot;orientation&quot;:&quot;0&quot;}\" data-image-title=\"Complexe aquatique de San Juan\" data-image-description=\"\" data-image-caption=\"\" data-medium-file=\"https:\/\/i0.wp.com\/www.ferienwohnungnerja.de\/wp-content\/uploads\/2019\/08\/sanjuan_pool01.jpg?fit=300%2C200&amp;ssl=1\" data-large-file=\"https:\/\/i0.wp.com\/www.ferienwohnungnerja.de\/wp-content\/uploads\/2019\/08\/sanjuan_pool01.jpg?fit=769%2C513&amp;ssl=1\" \/><\/a>\n\t\t\t<\/span><\/li><li class='gallery-item'><span class='gallery-icon landscape'>\n\t\t\t\t<a href=\"https:\/\/www.ferienwohnungnerja.de\/fr\/accommodation\/appartement-la-perla\/\"><img loading=\"lazy\" decoding=\"async\" width=\"1434\" height=\"1067\" src=\"https:\/\/i0.wp.com\/www.ferienwohnungnerja.de\/wp-content\/uploads\/2019\/08\/sanjuan_pool03.jpg?resize=1434%2C1067&amp;ssl=1\" class=\"attachment-villagio-thumb-small-x2 size-villagio-thumb-small-x2\" alt=\"Pelouse et bar San Juan\" data-attachment-id=\"2289\" data-permalink=\"https:\/\/www.ferienwohnungnerja.de\/fr\/pelouse-et-bar-de-la-piscine-de-san-juan\/\" data-orig-file=\"https:\/\/i0.wp.com\/www.ferienwohnungnerja.de\/wp-content\/uploads\/2019\/08\/sanjuan_pool03.jpg?fit=1600%2C1067&amp;ssl=1\" data-orig-size=\"1600,1067\" data-comments-opened=\"0\" data-image-meta=\"{&quot;aperture&quot;:&quot;0&quot;,&quot;credit&quot;:&quot;&quot;,&quot;camera&quot;:&quot;&quot;,&quot;caption&quot;:&quot;&quot;,&quot;created_timestamp&quot;:&quot;0&quot;,&quot;copyright&quot;:&quot;&quot;,&quot;focal_length&quot;:&quot;0&quot;,&quot;iso&quot;:&quot;0&quot;,&quot;shutter_speed&quot;:&quot;0&quot;,&quot;title&quot;:&quot;&quot;,&quot;orientation&quot;:&quot;0&quot;}\" data-image-title=\"Pelouse et bar de la piscine de San Juan\" data-image-description=\"\" data-image-caption=\"\" data-medium-file=\"https:\/\/i0.wp.com\/www.ferienwohnungnerja.de\/wp-content\/uploads\/2019\/08\/sanjuan_pool03.jpg?fit=300%2C200&amp;ssl=1\" data-large-file=\"https:\/\/i0.wp.com\/www.ferienwohnungnerja.de\/wp-content\/uploads\/2019\/08\/sanjuan_pool03.jpg?fit=769%2C513&amp;ssl=1\" \/><\/a>\n\t\t\t<\/span><\/li><li class='gallery-item'><span class='gallery-icon landscape'>\n\t\t\t\t<a href=\"https:\/\/www.ferienwohnungnerja.de\/fr\/accommodation\/appartement-la-perla\/\"><img loading=\"lazy\" decoding=\"async\" width=\"1434\" height=\"1033\" src=\"https:\/\/i0.wp.com\/www.ferienwohnungnerja.de\/wp-content\/uploads\/2019\/08\/sanjuan_pool02.jpg?resize=1434%2C1033&amp;ssl=1\" class=\"attachment-villagio-thumb-small-x2 size-villagio-thumb-small-x2\" alt=\"Piscine avec \u00eele rocheuse\" data-attachment-id=\"2290\" data-permalink=\"https:\/\/www.ferienwohnungnerja.de\/fr\/piscine-de-san-juan-avec-ile-rocheuse\/\" data-orig-file=\"https:\/\/i0.wp.com\/www.ferienwohnungnerja.de\/wp-content\/uploads\/2019\/08\/sanjuan_pool02.jpg?fit=1600%2C1033&amp;ssl=1\" data-orig-size=\"1600,1033\" data-comments-opened=\"0\" data-image-meta=\"{&quot;aperture&quot;:&quot;0&quot;,&quot;credit&quot;:&quot;&quot;,&quot;camera&quot;:&quot;&quot;,&quot;caption&quot;:&quot;&quot;,&quot;created_timestamp&quot;:&quot;0&quot;,&quot;copyright&quot;:&quot;&quot;,&quot;focal_length&quot;:&quot;0&quot;,&quot;iso&quot;:&quot;0&quot;,&quot;shutter_speed&quot;:&quot;0&quot;,&quot;title&quot;:&quot;&quot;,&quot;orientation&quot;:&quot;0&quot;}\" data-image-title=\"Piscine de San Juan avec \u00eele rocheuse\" data-image-description=\"\" data-image-caption=\"\" data-medium-file=\"https:\/\/i0.wp.com\/www.ferienwohnungnerja.de\/wp-content\/uploads\/2019\/08\/sanjuan_pool02.jpg?fit=300%2C194&amp;ssl=1\" data-large-file=\"https:\/\/i0.wp.com\/www.ferienwohnungnerja.de\/wp-content\/uploads\/2019\/08\/sanjuan_pool02.jpg?fit=769%2C496&amp;ssl=1\" \/><\/a>\n\t\t\t<\/span><\/li><li class='gallery-item'><span class='gallery-icon landscape'>\n\t\t\t\t<a href=\"https:\/\/www.ferienwohnungnerja.de\/fr\/accommodation\/appartement-la-perla\/\"><img loading=\"lazy\" decoding=\"async\" width=\"1434\" height=\"1067\" src=\"https:\/\/i0.wp.com\/www.ferienwohnungnerja.de\/wp-content\/uploads\/2019\/08\/sanjuan_poolbar.jpg?resize=1434%2C1067&amp;ssl=1\" class=\"attachment-villagio-thumb-small-x2 size-villagio-thumb-small-x2\" alt=\"Piscine en forme de lac de San Juan\" data-attachment-id=\"2288\" data-permalink=\"https:\/\/www.ferienwohnungnerja.de\/fr\/piscine-en-forme-de-lac-de-san-juan\/\" data-orig-file=\"https:\/\/i0.wp.com\/www.ferienwohnungnerja.de\/wp-content\/uploads\/2019\/08\/sanjuan_poolbar.jpg?fit=1600%2C1067&amp;ssl=1\" data-orig-size=\"1600,1067\" data-comments-opened=\"0\" data-image-meta=\"{&quot;aperture&quot;:&quot;0&quot;,&quot;credit&quot;:&quot;&quot;,&quot;camera&quot;:&quot;&quot;,&quot;caption&quot;:&quot;&quot;,&quot;created_timestamp&quot;:&quot;0&quot;,&quot;copyright&quot;:&quot;&quot;,&quot;focal_length&quot;:&quot;0&quot;,&quot;iso&quot;:&quot;0&quot;,&quot;shutter_speed&quot;:&quot;0&quot;,&quot;title&quot;:&quot;&quot;,&quot;orientation&quot;:&quot;0&quot;}\" data-image-title=\"Piscine en forme de lac de San Juan\" data-image-description=\"\" data-image-caption=\"\" data-medium-file=\"https:\/\/i0.wp.com\/www.ferienwohnungnerja.de\/wp-content\/uploads\/2019\/08\/sanjuan_poolbar.jpg?fit=300%2C200&amp;ssl=1\" data-large-file=\"https:\/\/i0.wp.com\/www.ferienwohnungnerja.de\/wp-content\/uploads\/2019\/08\/sanjuan_poolbar.jpg?fit=769%2C513&amp;ssl=1\" \/><\/a>\n\t\t\t<\/span><\/li><li class='gallery-item'><span class='gallery-icon landscape'>\n\t\t\t\t<a href=\"https:\/\/www.ferienwohnungnerja.de\/fr\/accommodation\/appartement-la-perla\/\"><img loading=\"lazy\" decoding=\"async\" width=\"1400\" height=\"933\" src=\"https:\/\/i0.wp.com\/www.ferienwohnungnerja.de\/wp-content\/uploads\/2019\/08\/nerja06.jpg?resize=1400%2C933&amp;ssl=1\" class=\"attachment-villagio-thumb-small-x2 size-villagio-thumb-small-x2\" alt=\"La vieille ville de Nerja\" srcset=\"https:\/\/i0.wp.com\/www.ferienwohnungnerja.de\/wp-content\/uploads\/2019\/08\/nerja06.jpg?w=1400&amp;ssl=1 1400w, https:\/\/i0.wp.com\/www.ferienwohnungnerja.de\/wp-content\/uploads\/2019\/08\/nerja06.jpg?resize=300%2C200&amp;ssl=1 300w, https:\/\/i0.wp.com\/www.ferienwohnungnerja.de\/wp-content\/uploads\/2019\/08\/nerja06.jpg?resize=768%2C512&amp;ssl=1 768w, https:\/\/i0.wp.com\/www.ferienwohnungnerja.de\/wp-content\/uploads\/2019\/08\/nerja06.jpg?resize=1024%2C682&amp;ssl=1 1024w, https:\/\/i0.wp.com\/www.ferienwohnungnerja.de\/wp-content\/uploads\/2019\/08\/nerja06.jpg?resize=927%2C618&amp;ssl=1 927w\" sizes=\"auto, (max-width: 769px) 100vw, 769px\" data-attachment-id=\"2317\" data-permalink=\"https:\/\/www.ferienwohnungnerja.de\/fr\/la-vieille-ville-de-nerja\/\" data-orig-file=\"https:\/\/i0.wp.com\/www.ferienwohnungnerja.de\/wp-content\/uploads\/2019\/08\/nerja06.jpg?fit=1400%2C933&amp;ssl=1\" data-orig-size=\"1400,933\" data-comments-opened=\"0\" data-image-meta=\"{&quot;aperture&quot;:&quot;0&quot;,&quot;credit&quot;:&quot;&quot;,&quot;camera&quot;:&quot;&quot;,&quot;caption&quot;:&quot;&quot;,&quot;created_timestamp&quot;:&quot;0&quot;,&quot;copyright&quot;:&quot;&quot;,&quot;focal_length&quot;:&quot;0&quot;,&quot;iso&quot;:&quot;0&quot;,&quot;shutter_speed&quot;:&quot;0&quot;,&quot;title&quot;:&quot;&quot;,&quot;orientation&quot;:&quot;0&quot;}\" data-image-title=\"La vieille ville de Nerja\" data-image-description=\"\" data-image-caption=\"\" data-medium-file=\"https:\/\/i0.wp.com\/www.ferienwohnungnerja.de\/wp-content\/uploads\/2019\/08\/nerja06.jpg?fit=300%2C200&amp;ssl=1\" data-large-file=\"https:\/\/i0.wp.com\/www.ferienwohnungnerja.de\/wp-content\/uploads\/2019\/08\/nerja06.jpg?fit=769%2C512&amp;ssl=1\" \/><\/a>\n\t\t\t<\/span><\/li><li class='gallery-item'><span class='gallery-icon landscape'>\n\t\t\t\t<a href=\"https:\/\/www.ferienwohnungnerja.de\/fr\/accommodation\/appartement-la-perla\/\"><img loading=\"lazy\" decoding=\"async\" width=\"687\" height=\"501\" src=\"https:\/\/i0.wp.com\/www.ferienwohnungnerja.de\/wp-content\/uploads\/2019\/08\/strand17.jpg?resize=687%2C501&amp;ssl=1\" class=\"attachment-villagio-thumb-small-x2 size-villagio-thumb-small-x2\" alt=\"Lever de soleil \u00e0 la plage de Burriana\" srcset=\"https:\/\/i0.wp.com\/www.ferienwohnungnerja.de\/wp-content\/uploads\/2019\/08\/strand17.jpg?w=687&amp;ssl=1 687w, https:\/\/i0.wp.com\/www.ferienwohnungnerja.de\/wp-content\/uploads\/2019\/08\/strand17.jpg?resize=300%2C219&amp;ssl=1 300w\" sizes=\"auto, (max-width: 687px) 100vw, 687px\" data-attachment-id=\"2324\" data-permalink=\"https:\/\/www.ferienwohnungnerja.de\/fr\/lever-de-soleil-a-la-plage-de-burriana\/\" data-orig-file=\"https:\/\/i0.wp.com\/www.ferienwohnungnerja.de\/wp-content\/uploads\/2019\/08\/strand17.jpg?fit=687%2C501&amp;ssl=1\" data-orig-size=\"687,501\" data-comments-opened=\"0\" data-image-meta=\"{&quot;aperture&quot;:&quot;0&quot;,&quot;credit&quot;:&quot;&quot;,&quot;camera&quot;:&quot;&quot;,&quot;caption&quot;:&quot;&quot;,&quot;created_timestamp&quot;:&quot;0&quot;,&quot;copyright&quot;:&quot;&quot;,&quot;focal_length&quot;:&quot;0&quot;,&quot;iso&quot;:&quot;0&quot;,&quot;shutter_speed&quot;:&quot;0&quot;,&quot;title&quot;:&quot;&quot;,&quot;orientation&quot;:&quot;0&quot;}\" data-image-title=\"Lever de soleil \u00e0 la plage de Burriana\" data-image-description=\"\" data-image-caption=\"\" data-medium-file=\"https:\/\/i0.wp.com\/www.ferienwohnungnerja.de\/wp-content\/uploads\/2019\/08\/strand17.jpg?fit=300%2C219&amp;ssl=1\" data-large-file=\"https:\/\/i0.wp.com\/www.ferienwohnungnerja.de\/wp-content\/uploads\/2019\/08\/strand17.jpg?fit=687%2C501&amp;ssl=1\" \/><\/a>\n\t\t\t<\/span><\/li><\/ul>\n\t\t<\/div>\n<\/span><!-- .mphb_room_type_featured_image_wrapper --><div id='mphb-flexslider-gallery-4' class='gallery-columns-4 gallery-size-thumbnail mphb-gallery-thumbnail-slider mphb-flexslider-gallery-wrapper mphb-room-type-gallery-wrapper mphb-gallery-thumbnail-slider-69f368035db21' data-flexslider-atts='{\"animation\":\"slide\",\"controlNav\":false,\"animationLoop\":true,\"slideshow\":false,\"itemMargin\":5}' data-group='69f368035db21'><ul class=\"slides\"><li class='gallery-item'><span class='gallery-icon landscape'>\n\t\t\t\t<a href='https:\/\/www.ferienwohnungnerja.de\/fr\/superbes-vues-sur-les-parcs-nerja-et-la-mer-mediterranee\/'><img loading=\"lazy\" decoding=\"async\" width=\"150\" height=\"150\" src=\"https:\/\/i0.wp.com\/www.ferienwohnungnerja.de\/wp-content\/uploads\/2019\/08\/capistrano_ferienwohnung02.jpg?resize=150%2C150&amp;ssl=1\" class=\"attachment-thumbnail size-thumbnail\" alt=\"Vue de Nerja\" srcset=\"https:\/\/i0.wp.com\/www.ferienwohnungnerja.de\/wp-content\/uploads\/2019\/08\/capistrano_ferienwohnung02.jpg?resize=150%2C150&amp;ssl=1 150w, https:\/\/i0.wp.com\/www.ferienwohnungnerja.de\/wp-content\/uploads\/2019\/08\/capistrano_ferienwohnung02.jpg?zoom=2&amp;resize=150%2C150&amp;ssl=1 300w, https:\/\/i0.wp.com\/www.ferienwohnungnerja.de\/wp-content\/uploads\/2019\/08\/capistrano_ferienwohnung02.jpg?zoom=3&amp;resize=150%2C150&amp;ssl=1 450w\" sizes=\"auto, (max-width: 150px) 100vw, 150px\" data-attachment-id=\"2358\" data-permalink=\"https:\/\/www.ferienwohnungnerja.de\/fr\/superbes-vues-sur-les-parcs-nerja-et-la-mer-mediterranee\/\" data-orig-file=\"https:\/\/i0.wp.com\/www.ferienwohnungnerja.de\/wp-content\/uploads\/2019\/08\/capistrano_ferienwohnung02.jpg?fit=1200%2C900&amp;ssl=1\" data-orig-size=\"1200,900\" data-comments-opened=\"0\" data-image-meta=\"{&quot;aperture&quot;:&quot;0&quot;,&quot;credit&quot;:&quot;&quot;,&quot;camera&quot;:&quot;&quot;,&quot;caption&quot;:&quot;&quot;,&quot;created_timestamp&quot;:&quot;0&quot;,&quot;copyright&quot;:&quot;&quot;,&quot;focal_length&quot;:&quot;0&quot;,&quot;iso&quot;:&quot;0&quot;,&quot;shutter_speed&quot;:&quot;0&quot;,&quot;title&quot;:&quot;&quot;,&quot;orientation&quot;:&quot;0&quot;}\" data-image-title=\"Superbes vues sur les parcs, Nerja et la mer M\u00e9diterran\u00e9e.\" data-image-description=\"\" data-image-caption=\"\" data-medium-file=\"https:\/\/i0.wp.com\/www.ferienwohnungnerja.de\/wp-content\/uploads\/2019\/08\/capistrano_ferienwohnung02.jpg?fit=300%2C225&amp;ssl=1\" data-large-file=\"https:\/\/i0.wp.com\/www.ferienwohnungnerja.de\/wp-content\/uploads\/2019\/08\/capistrano_ferienwohnung02.jpg?fit=769%2C577&amp;ssl=1\" \/><\/a>\n\t\t\t<\/span><\/li><li class='gallery-item'><span class='gallery-icon landscape'>\n\t\t\t\t<a href='https:\/\/www.ferienwohnungnerja.de\/fr\/appartement-de-vacances-en-terrasse\/'><img loading=\"lazy\" decoding=\"async\" width=\"150\" height=\"150\" src=\"https:\/\/i0.wp.com\/www.ferienwohnungnerja.de\/wp-content\/uploads\/2019\/08\/capistrano_ferienwohnung03.jpg?resize=150%2C150&amp;ssl=1\" class=\"attachment-thumbnail size-thumbnail\" alt=\"Appartement de vacances Nerja en terrasse\" srcset=\"https:\/\/i0.wp.com\/www.ferienwohnungnerja.de\/wp-content\/uploads\/2019\/08\/capistrano_ferienwohnung03.jpg?resize=150%2C150&amp;ssl=1 150w, https:\/\/i0.wp.com\/www.ferienwohnungnerja.de\/wp-content\/uploads\/2019\/08\/capistrano_ferienwohnung03.jpg?zoom=2&amp;resize=150%2C150&amp;ssl=1 300w, https:\/\/i0.wp.com\/www.ferienwohnungnerja.de\/wp-content\/uploads\/2019\/08\/capistrano_ferienwohnung03.jpg?zoom=3&amp;resize=150%2C150&amp;ssl=1 450w\" sizes=\"auto, (max-width: 150px) 100vw, 150px\" data-attachment-id=\"2357\" data-permalink=\"https:\/\/www.ferienwohnungnerja.de\/fr\/appartement-de-vacances-en-terrasse\/\" data-orig-file=\"https:\/\/i0.wp.com\/www.ferienwohnungnerja.de\/wp-content\/uploads\/2019\/08\/capistrano_ferienwohnung03.jpg?fit=1200%2C900&amp;ssl=1\" data-orig-size=\"1200,900\" data-comments-opened=\"0\" data-image-meta=\"{&quot;aperture&quot;:&quot;0&quot;,&quot;credit&quot;:&quot;&quot;,&quot;camera&quot;:&quot;&quot;,&quot;caption&quot;:&quot;&quot;,&quot;created_timestamp&quot;:&quot;0&quot;,&quot;copyright&quot;:&quot;&quot;,&quot;focal_length&quot;:&quot;0&quot;,&quot;iso&quot;:&quot;0&quot;,&quot;shutter_speed&quot;:&quot;0&quot;,&quot;title&quot;:&quot;&quot;,&quot;orientation&quot;:&quot;0&quot;}\" data-image-title=\"Appartement de vacances en terrasse\" data-image-description=\"\" data-image-caption=\"\" data-medium-file=\"https:\/\/i0.wp.com\/www.ferienwohnungnerja.de\/wp-content\/uploads\/2019\/08\/capistrano_ferienwohnung03.jpg?fit=300%2C225&amp;ssl=1\" data-large-file=\"https:\/\/i0.wp.com\/www.ferienwohnungnerja.de\/wp-content\/uploads\/2019\/08\/capistrano_ferienwohnung03.jpg?fit=769%2C577&amp;ssl=1\" \/><\/a>\n\t\t\t<\/span><\/li><li class='gallery-item'><span class='gallery-icon landscape'>\n\t\t\t\t<a href='https:\/\/www.ferienwohnungnerja.de\/fr\/de-meme-de-ce-cote-il-ny-a-pas-de-voisin-direct\/'><img loading=\"lazy\" decoding=\"async\" width=\"150\" height=\"150\" src=\"https:\/\/i0.wp.com\/www.ferienwohnungnerja.de\/wp-content\/uploads\/2019\/08\/capistrano_ferienwohnung04.jpg?resize=150%2C150&amp;ssl=1\" class=\"attachment-thumbnail size-thumbnail\" alt=\"Blick von der Terrasse\" srcset=\"https:\/\/i0.wp.com\/www.ferienwohnungnerja.de\/wp-content\/uploads\/2019\/08\/capistrano_ferienwohnung04.jpg?resize=150%2C150&amp;ssl=1 150w, https:\/\/i0.wp.com\/www.ferienwohnungnerja.de\/wp-content\/uploads\/2019\/08\/capistrano_ferienwohnung04.jpg?zoom=2&amp;resize=150%2C150&amp;ssl=1 300w, https:\/\/i0.wp.com\/www.ferienwohnungnerja.de\/wp-content\/uploads\/2019\/08\/capistrano_ferienwohnung04.jpg?zoom=3&amp;resize=150%2C150&amp;ssl=1 450w\" sizes=\"auto, (max-width: 150px) 100vw, 150px\" data-attachment-id=\"2356\" data-permalink=\"https:\/\/www.ferienwohnungnerja.de\/fr\/de-meme-de-ce-cote-il-ny-a-pas-de-voisin-direct\/\" data-orig-file=\"https:\/\/i0.wp.com\/www.ferienwohnungnerja.de\/wp-content\/uploads\/2019\/08\/capistrano_ferienwohnung04.jpg?fit=1200%2C900&amp;ssl=1\" data-orig-size=\"1200,900\" data-comments-opened=\"0\" data-image-meta=\"{&quot;aperture&quot;:&quot;0&quot;,&quot;credit&quot;:&quot;&quot;,&quot;camera&quot;:&quot;&quot;,&quot;caption&quot;:&quot;&quot;,&quot;created_timestamp&quot;:&quot;0&quot;,&quot;copyright&quot;:&quot;&quot;,&quot;focal_length&quot;:&quot;0&quot;,&quot;iso&quot;:&quot;0&quot;,&quot;shutter_speed&quot;:&quot;0&quot;,&quot;title&quot;:&quot;&quot;,&quot;orientation&quot;:&quot;0&quot;}\" data-image-title=\"De m\u00eame, de ce c\u00f4t\u00e9, il n&amp;#8217;y a pas de voisin direct.\" data-image-description=\"\" data-image-caption=\"\" data-medium-file=\"https:\/\/i0.wp.com\/www.ferienwohnungnerja.de\/wp-content\/uploads\/2019\/08\/capistrano_ferienwohnung04.jpg?fit=300%2C225&amp;ssl=1\" data-large-file=\"https:\/\/i0.wp.com\/www.ferienwohnungnerja.de\/wp-content\/uploads\/2019\/08\/capistrano_ferienwohnung04.jpg?fit=769%2C577&amp;ssl=1\" \/><\/a>\n\t\t\t<\/span><\/li><li class='gallery-item'><span class='gallery-icon landscape'>\n\t\t\t\t<a href='https:\/\/www.ferienwohnungnerja.de\/fr\/lappartement-de-vacances-trone-sur-limmeuble-presque-comme-un-chalet-independant\/'><img loading=\"lazy\" decoding=\"async\" width=\"150\" height=\"150\" src=\"https:\/\/i0.wp.com\/www.ferienwohnungnerja.de\/wp-content\/uploads\/2019\/08\/capistrano_ferienwohnung05.jpg?resize=150%2C150&amp;ssl=1\" class=\"attachment-thumbnail size-thumbnail\" alt=\"Vue ext\u00e9rieure de l&#039;appartement de vacances\" srcset=\"https:\/\/i0.wp.com\/www.ferienwohnungnerja.de\/wp-content\/uploads\/2019\/08\/capistrano_ferienwohnung05.jpg?resize=150%2C150&amp;ssl=1 150w, https:\/\/i0.wp.com\/www.ferienwohnungnerja.de\/wp-content\/uploads\/2019\/08\/capistrano_ferienwohnung05.jpg?zoom=2&amp;resize=150%2C150&amp;ssl=1 300w, https:\/\/i0.wp.com\/www.ferienwohnungnerja.de\/wp-content\/uploads\/2019\/08\/capistrano_ferienwohnung05.jpg?zoom=3&amp;resize=150%2C150&amp;ssl=1 450w\" sizes=\"auto, (max-width: 150px) 100vw, 150px\" data-attachment-id=\"2355\" data-permalink=\"https:\/\/www.ferienwohnungnerja.de\/fr\/lappartement-de-vacances-trone-sur-limmeuble-presque-comme-un-chalet-independant\/\" data-orig-file=\"https:\/\/i0.wp.com\/www.ferienwohnungnerja.de\/wp-content\/uploads\/2019\/08\/capistrano_ferienwohnung05.jpg?fit=1200%2C800&amp;ssl=1\" data-orig-size=\"1200,800\" data-comments-opened=\"0\" data-image-meta=\"{&quot;aperture&quot;:&quot;0&quot;,&quot;credit&quot;:&quot;&quot;,&quot;camera&quot;:&quot;&quot;,&quot;caption&quot;:&quot;&quot;,&quot;created_timestamp&quot;:&quot;0&quot;,&quot;copyright&quot;:&quot;&quot;,&quot;focal_length&quot;:&quot;0&quot;,&quot;iso&quot;:&quot;0&quot;,&quot;shutter_speed&quot;:&quot;0&quot;,&quot;title&quot;:&quot;&quot;,&quot;orientation&quot;:&quot;0&quot;}\" data-image-title=\"L&amp;#8217;appartement de vacances tr\u00f4ne sur l&amp;#8217;immeuble presque comme un chalet ind\u00e9pendant.\" data-image-description=\"\" data-image-caption=\"\" data-medium-file=\"https:\/\/i0.wp.com\/www.ferienwohnungnerja.de\/wp-content\/uploads\/2019\/08\/capistrano_ferienwohnung05.jpg?fit=300%2C200&amp;ssl=1\" data-large-file=\"https:\/\/i0.wp.com\/www.ferienwohnungnerja.de\/wp-content\/uploads\/2019\/08\/capistrano_ferienwohnung05.jpg?fit=769%2C513&amp;ssl=1\" \/><\/a>\n\t\t\t<\/span><\/li><li class='gallery-item'><span class='gallery-icon landscape'>\n\t\t\t\t<a href='https:\/\/www.ferienwohnungnerja.de\/fr\/le-salon\/'><img loading=\"lazy\" decoding=\"async\" width=\"150\" height=\"150\" src=\"https:\/\/i0.wp.com\/www.ferienwohnungnerja.de\/wp-content\/uploads\/2019\/08\/capistrano_ferienwohnung06.jpg?resize=150%2C150&amp;ssl=1\" class=\"attachment-thumbnail size-thumbnail\" alt=\"Le salon\" srcset=\"https:\/\/i0.wp.com\/www.ferienwohnungnerja.de\/wp-content\/uploads\/2019\/08\/capistrano_ferienwohnung06.jpg?resize=150%2C150&amp;ssl=1 150w, https:\/\/i0.wp.com\/www.ferienwohnungnerja.de\/wp-content\/uploads\/2019\/08\/capistrano_ferienwohnung06.jpg?zoom=2&amp;resize=150%2C150&amp;ssl=1 300w, https:\/\/i0.wp.com\/www.ferienwohnungnerja.de\/wp-content\/uploads\/2019\/08\/capistrano_ferienwohnung06.jpg?zoom=3&amp;resize=150%2C150&amp;ssl=1 450w\" sizes=\"auto, (max-width: 150px) 100vw, 150px\" data-attachment-id=\"2354\" data-permalink=\"https:\/\/www.ferienwohnungnerja.de\/fr\/le-salon\/\" data-orig-file=\"https:\/\/i0.wp.com\/www.ferienwohnungnerja.de\/wp-content\/uploads\/2019\/08\/capistrano_ferienwohnung06.jpg?fit=1200%2C900&amp;ssl=1\" data-orig-size=\"1200,900\" data-comments-opened=\"0\" data-image-meta=\"{&quot;aperture&quot;:&quot;0&quot;,&quot;credit&quot;:&quot;&quot;,&quot;camera&quot;:&quot;&quot;,&quot;caption&quot;:&quot;&quot;,&quot;created_timestamp&quot;:&quot;0&quot;,&quot;copyright&quot;:&quot;&quot;,&quot;focal_length&quot;:&quot;0&quot;,&quot;iso&quot;:&quot;0&quot;,&quot;shutter_speed&quot;:&quot;0&quot;,&quot;title&quot;:&quot;&quot;,&quot;orientation&quot;:&quot;0&quot;}\" data-image-title=\"Le salon\" data-image-description=\"\" data-image-caption=\"\" data-medium-file=\"https:\/\/i0.wp.com\/www.ferienwohnungnerja.de\/wp-content\/uploads\/2019\/08\/capistrano_ferienwohnung06.jpg?fit=300%2C225&amp;ssl=1\" data-large-file=\"https:\/\/i0.wp.com\/www.ferienwohnungnerja.de\/wp-content\/uploads\/2019\/08\/capistrano_ferienwohnung06.jpg?fit=769%2C577&amp;ssl=1\" \/><\/a>\n\t\t\t<\/span><\/li><li class='gallery-item'><span class='gallery-icon landscape'>\n\t\t\t\t<a href='https:\/\/www.ferienwohnungnerja.de\/fr\/salle-de-sejour-avec-sat-tv\/'><img loading=\"lazy\" decoding=\"async\" width=\"150\" height=\"150\" src=\"https:\/\/i0.wp.com\/www.ferienwohnungnerja.de\/wp-content\/uploads\/2019\/08\/capistrano_ferienwohnung07.jpg?resize=150%2C150&amp;ssl=1\" class=\"attachment-thumbnail size-thumbnail\" alt=\"Le salon avec SAT TV\" srcset=\"https:\/\/i0.wp.com\/www.ferienwohnungnerja.de\/wp-content\/uploads\/2019\/08\/capistrano_ferienwohnung07.jpg?resize=150%2C150&amp;ssl=1 150w, https:\/\/i0.wp.com\/www.ferienwohnungnerja.de\/wp-content\/uploads\/2019\/08\/capistrano_ferienwohnung07.jpg?zoom=2&amp;resize=150%2C150&amp;ssl=1 300w, https:\/\/i0.wp.com\/www.ferienwohnungnerja.de\/wp-content\/uploads\/2019\/08\/capistrano_ferienwohnung07.jpg?zoom=3&amp;resize=150%2C150&amp;ssl=1 450w\" sizes=\"auto, (max-width: 150px) 100vw, 150px\" data-attachment-id=\"2353\" data-permalink=\"https:\/\/www.ferienwohnungnerja.de\/fr\/salle-de-sejour-avec-sat-tv\/\" data-orig-file=\"https:\/\/i0.wp.com\/www.ferienwohnungnerja.de\/wp-content\/uploads\/2019\/08\/capistrano_ferienwohnung07.jpg?fit=1200%2C789&amp;ssl=1\" data-orig-size=\"1200,789\" data-comments-opened=\"0\" data-image-meta=\"{&quot;aperture&quot;:&quot;0&quot;,&quot;credit&quot;:&quot;&quot;,&quot;camera&quot;:&quot;&quot;,&quot;caption&quot;:&quot;&quot;,&quot;created_timestamp&quot;:&quot;0&quot;,&quot;copyright&quot;:&quot;&quot;,&quot;focal_length&quot;:&quot;0&quot;,&quot;iso&quot;:&quot;0&quot;,&quot;shutter_speed&quot;:&quot;0&quot;,&quot;title&quot;:&quot;&quot;,&quot;orientation&quot;:&quot;0&quot;}\" data-image-title=\"Le salon avec SAT TV\" data-image-description=\"\" data-image-caption=\"\" data-medium-file=\"https:\/\/i0.wp.com\/www.ferienwohnungnerja.de\/wp-content\/uploads\/2019\/08\/capistrano_ferienwohnung07.jpg?fit=300%2C197&amp;ssl=1\" data-large-file=\"https:\/\/i0.wp.com\/www.ferienwohnungnerja.de\/wp-content\/uploads\/2019\/08\/capistrano_ferienwohnung07.jpg?fit=769%2C505&amp;ssl=1\" \/><\/a>\n\t\t\t<\/span><\/li><li class='gallery-item'><span class='gallery-icon landscape'>\n\t\t\t\t<a href='https:\/\/www.ferienwohnungnerja.de\/fr\/salle-a-manger-avec-cuisine\/'><img loading=\"lazy\" decoding=\"async\" width=\"150\" height=\"150\" src=\"https:\/\/i0.wp.com\/www.ferienwohnungnerja.de\/wp-content\/uploads\/2019\/08\/capistrano_ferienwohnung08.jpg?resize=150%2C150&amp;ssl=1\" class=\"attachment-thumbnail size-thumbnail\" alt=\"Salle \u00e0 manger avec cuisine\" srcset=\"https:\/\/i0.wp.com\/www.ferienwohnungnerja.de\/wp-content\/uploads\/2019\/08\/capistrano_ferienwohnung08.jpg?resize=150%2C150&amp;ssl=1 150w, https:\/\/i0.wp.com\/www.ferienwohnungnerja.de\/wp-content\/uploads\/2019\/08\/capistrano_ferienwohnung08.jpg?zoom=2&amp;resize=150%2C150&amp;ssl=1 300w, https:\/\/i0.wp.com\/www.ferienwohnungnerja.de\/wp-content\/uploads\/2019\/08\/capistrano_ferienwohnung08.jpg?zoom=3&amp;resize=150%2C150&amp;ssl=1 450w\" sizes=\"auto, (max-width: 150px) 100vw, 150px\" data-attachment-id=\"2352\" data-permalink=\"https:\/\/www.ferienwohnungnerja.de\/fr\/salle-a-manger-avec-cuisine\/\" data-orig-file=\"https:\/\/i0.wp.com\/www.ferienwohnungnerja.de\/wp-content\/uploads\/2019\/08\/capistrano_ferienwohnung08.jpg?fit=1200%2C822&amp;ssl=1\" data-orig-size=\"1200,822\" data-comments-opened=\"0\" data-image-meta=\"{&quot;aperture&quot;:&quot;0&quot;,&quot;credit&quot;:&quot;&quot;,&quot;camera&quot;:&quot;&quot;,&quot;caption&quot;:&quot;&quot;,&quot;created_timestamp&quot;:&quot;0&quot;,&quot;copyright&quot;:&quot;&quot;,&quot;focal_length&quot;:&quot;0&quot;,&quot;iso&quot;:&quot;0&quot;,&quot;shutter_speed&quot;:&quot;0&quot;,&quot;title&quot;:&quot;&quot;,&quot;orientation&quot;:&quot;0&quot;}\" data-image-title=\"Salle \u00e0 manger avec cuisine\" data-image-description=\"\" data-image-caption=\"\" data-medium-file=\"https:\/\/i0.wp.com\/www.ferienwohnungnerja.de\/wp-content\/uploads\/2019\/08\/capistrano_ferienwohnung08.jpg?fit=300%2C206&amp;ssl=1\" data-large-file=\"https:\/\/i0.wp.com\/www.ferienwohnungnerja.de\/wp-content\/uploads\/2019\/08\/capistrano_ferienwohnung08.jpg?fit=769%2C526&amp;ssl=1\" \/><\/a>\n\t\t\t<\/span><\/li><li class='gallery-item'><span class='gallery-icon landscape'>\n\t\t\t\t<a href='https:\/\/www.ferienwohnungnerja.de\/fr\/la-cuisine-est-entierement-equipee-avec-un-grand-refrigerateur-avec-compartiment-congelateur-une-plaque-de-cuisson-en-ceramique-un-four-un-lave-vaisselle-une-machine-a-cafe-un-grille-pain-et-bien\/'><img loading=\"lazy\" decoding=\"async\" width=\"150\" height=\"150\" src=\"https:\/\/i0.wp.com\/www.ferienwohnungnerja.de\/wp-content\/uploads\/2019\/08\/capistrano_ferienwohnung09.jpg?resize=150%2C150&amp;ssl=1\" class=\"attachment-thumbnail size-thumbnail\" alt=\"La cuisine appartement\" srcset=\"https:\/\/i0.wp.com\/www.ferienwohnungnerja.de\/wp-content\/uploads\/2019\/08\/capistrano_ferienwohnung09.jpg?resize=150%2C150&amp;ssl=1 150w, https:\/\/i0.wp.com\/www.ferienwohnungnerja.de\/wp-content\/uploads\/2019\/08\/capistrano_ferienwohnung09.jpg?zoom=2&amp;resize=150%2C150&amp;ssl=1 300w, https:\/\/i0.wp.com\/www.ferienwohnungnerja.de\/wp-content\/uploads\/2019\/08\/capistrano_ferienwohnung09.jpg?zoom=3&amp;resize=150%2C150&amp;ssl=1 450w\" sizes=\"auto, (max-width: 150px) 100vw, 150px\" data-attachment-id=\"2351\" data-permalink=\"https:\/\/www.ferienwohnungnerja.de\/fr\/la-cuisine-est-entierement-equipee-avec-un-grand-refrigerateur-avec-compartiment-congelateur-une-plaque-de-cuisson-en-ceramique-un-four-un-lave-vaisselle-une-machine-a-cafe-un-grille-pain-et-bien\/\" data-orig-file=\"https:\/\/i0.wp.com\/www.ferienwohnungnerja.de\/wp-content\/uploads\/2019\/08\/capistrano_ferienwohnung09.jpg?fit=1200%2C800&amp;ssl=1\" data-orig-size=\"1200,800\" data-comments-opened=\"0\" data-image-meta=\"{&quot;aperture&quot;:&quot;0&quot;,&quot;credit&quot;:&quot;&quot;,&quot;camera&quot;:&quot;&quot;,&quot;caption&quot;:&quot;&quot;,&quot;created_timestamp&quot;:&quot;0&quot;,&quot;copyright&quot;:&quot;&quot;,&quot;focal_length&quot;:&quot;0&quot;,&quot;iso&quot;:&quot;0&quot;,&quot;shutter_speed&quot;:&quot;0&quot;,&quot;title&quot;:&quot;&quot;,&quot;orientation&quot;:&quot;0&quot;}\" data-image-title=\"La cuisine est enti\u00e8rement \u00e9quip\u00e9e avec un grand r\u00e9frig\u00e9rateur avec compartiment cong\u00e9lateur, une plaque de cuisson en c\u00e9ramique, un four, un lave-vaisselle, une machine \u00e0 caf\u00e9, un grille-pain et bien plus encore\" data-image-description=\"\" data-image-caption=\"\" data-medium-file=\"https:\/\/i0.wp.com\/www.ferienwohnungnerja.de\/wp-content\/uploads\/2019\/08\/capistrano_ferienwohnung09.jpg?fit=300%2C200&amp;ssl=1\" data-large-file=\"https:\/\/i0.wp.com\/www.ferienwohnungnerja.de\/wp-content\/uploads\/2019\/08\/capistrano_ferienwohnung09.jpg?fit=769%2C513&amp;ssl=1\" \/><\/a>\n\t\t\t<\/span><\/li><li class='gallery-item'><span class='gallery-icon landscape'>\n\t\t\t\t<a href='https:\/\/www.ferienwohnungnerja.de\/fr\/salle-de-douche-avec-machine-a-laver\/'><img loading=\"lazy\" decoding=\"async\" width=\"150\" height=\"150\" src=\"https:\/\/i0.wp.com\/www.ferienwohnungnerja.de\/wp-content\/uploads\/2019\/08\/capistrano_ferienwohnung10.jpg?resize=150%2C150&amp;ssl=1\" class=\"attachment-thumbnail size-thumbnail\" alt=\"Salle de douche avec machine \u00e0 laver\" srcset=\"https:\/\/i0.wp.com\/www.ferienwohnungnerja.de\/wp-content\/uploads\/2019\/08\/capistrano_ferienwohnung10.jpg?resize=150%2C150&amp;ssl=1 150w, https:\/\/i0.wp.com\/www.ferienwohnungnerja.de\/wp-content\/uploads\/2019\/08\/capistrano_ferienwohnung10.jpg?zoom=2&amp;resize=150%2C150&amp;ssl=1 300w, https:\/\/i0.wp.com\/www.ferienwohnungnerja.de\/wp-content\/uploads\/2019\/08\/capistrano_ferienwohnung10.jpg?zoom=3&amp;resize=150%2C150&amp;ssl=1 450w\" sizes=\"auto, (max-width: 150px) 100vw, 150px\" data-attachment-id=\"2350\" data-permalink=\"https:\/\/www.ferienwohnungnerja.de\/fr\/salle-de-douche-avec-machine-a-laver\/\" data-orig-file=\"https:\/\/i0.wp.com\/www.ferienwohnungnerja.de\/wp-content\/uploads\/2019\/08\/capistrano_ferienwohnung10.jpg?fit=1200%2C800&amp;ssl=1\" data-orig-size=\"1200,800\" data-comments-opened=\"0\" data-image-meta=\"{&quot;aperture&quot;:&quot;0&quot;,&quot;credit&quot;:&quot;&quot;,&quot;camera&quot;:&quot;&quot;,&quot;caption&quot;:&quot;&quot;,&quot;created_timestamp&quot;:&quot;0&quot;,&quot;copyright&quot;:&quot;&quot;,&quot;focal_length&quot;:&quot;0&quot;,&quot;iso&quot;:&quot;0&quot;,&quot;shutter_speed&quot;:&quot;0&quot;,&quot;title&quot;:&quot;&quot;,&quot;orientation&quot;:&quot;0&quot;}\" data-image-title=\"Salle de douche avec machine \u00e0 laver\" data-image-description=\"\" data-image-caption=\"\" data-medium-file=\"https:\/\/i0.wp.com\/www.ferienwohnungnerja.de\/wp-content\/uploads\/2019\/08\/capistrano_ferienwohnung10.jpg?fit=300%2C200&amp;ssl=1\" data-large-file=\"https:\/\/i0.wp.com\/www.ferienwohnungnerja.de\/wp-content\/uploads\/2019\/08\/capistrano_ferienwohnung10.jpg?fit=769%2C513&amp;ssl=1\" \/><\/a>\n\t\t\t<\/span><\/li><li class='gallery-item'><span class='gallery-icon landscape'>\n\t\t\t\t<a href='https:\/\/www.ferienwohnungnerja.de\/fr\/chambre-a-coucher-de-la-perla\/'><img loading=\"lazy\" decoding=\"async\" width=\"150\" height=\"150\" src=\"https:\/\/i0.wp.com\/www.ferienwohnungnerja.de\/wp-content\/uploads\/2019\/08\/capistrano_ferienwohnung11.jpg?resize=150%2C150&amp;ssl=1\" class=\"attachment-thumbnail size-thumbnail\" alt=\"Chambre \u00e0 coucher de La Perla\" srcset=\"https:\/\/i0.wp.com\/www.ferienwohnungnerja.de\/wp-content\/uploads\/2019\/08\/capistrano_ferienwohnung11.jpg?resize=150%2C150&amp;ssl=1 150w, https:\/\/i0.wp.com\/www.ferienwohnungnerja.de\/wp-content\/uploads\/2019\/08\/capistrano_ferienwohnung11.jpg?zoom=2&amp;resize=150%2C150&amp;ssl=1 300w, https:\/\/i0.wp.com\/www.ferienwohnungnerja.de\/wp-content\/uploads\/2019\/08\/capistrano_ferienwohnung11.jpg?zoom=3&amp;resize=150%2C150&amp;ssl=1 450w\" sizes=\"auto, (max-width: 150px) 100vw, 150px\" data-attachment-id=\"2349\" data-permalink=\"https:\/\/www.ferienwohnungnerja.de\/fr\/chambre-a-coucher-de-la-perla\/\" data-orig-file=\"https:\/\/i0.wp.com\/www.ferienwohnungnerja.de\/wp-content\/uploads\/2019\/08\/capistrano_ferienwohnung11.jpg?fit=1200%2C832&amp;ssl=1\" data-orig-size=\"1200,832\" data-comments-opened=\"0\" data-image-meta=\"{&quot;aperture&quot;:&quot;0&quot;,&quot;credit&quot;:&quot;&quot;,&quot;camera&quot;:&quot;&quot;,&quot;caption&quot;:&quot;&quot;,&quot;created_timestamp&quot;:&quot;0&quot;,&quot;copyright&quot;:&quot;&quot;,&quot;focal_length&quot;:&quot;0&quot;,&quot;iso&quot;:&quot;0&quot;,&quot;shutter_speed&quot;:&quot;0&quot;,&quot;title&quot;:&quot;&quot;,&quot;orientation&quot;:&quot;0&quot;}\" data-image-title=\"Chambre \u00e0 coucher de La Perla\" data-image-description=\"\" data-image-caption=\"\" data-medium-file=\"https:\/\/i0.wp.com\/www.ferienwohnungnerja.de\/wp-content\/uploads\/2019\/08\/capistrano_ferienwohnung11.jpg?fit=300%2C208&amp;ssl=1\" data-large-file=\"https:\/\/i0.wp.com\/www.ferienwohnungnerja.de\/wp-content\/uploads\/2019\/08\/capistrano_ferienwohnung11.jpg?fit=769%2C533&amp;ssl=1\" \/><\/a>\n\t\t\t<\/span><\/li><li class='gallery-item'><span class='gallery-icon landscape'>\n\t\t\t\t<a href='https:\/\/www.ferienwohnungnerja.de\/fr\/chambre-a-coucher-avec-lit-double-2-x-180-m-avec-matelas-individuels-climatisation-et-grand-placard-integre-avec-coffre-fort\/'><img loading=\"lazy\" decoding=\"async\" width=\"150\" height=\"150\" src=\"https:\/\/i0.wp.com\/www.ferienwohnungnerja.de\/wp-content\/uploads\/2019\/08\/capistrano_ferienwohnung12.jpg?resize=150%2C150&amp;ssl=1\" class=\"attachment-thumbnail size-thumbnail\" alt=\"Chambre \u00e0 coucher\" srcset=\"https:\/\/i0.wp.com\/www.ferienwohnungnerja.de\/wp-content\/uploads\/2019\/08\/capistrano_ferienwohnung12.jpg?resize=150%2C150&amp;ssl=1 150w, https:\/\/i0.wp.com\/www.ferienwohnungnerja.de\/wp-content\/uploads\/2019\/08\/capistrano_ferienwohnung12.jpg?zoom=2&amp;resize=150%2C150&amp;ssl=1 300w, https:\/\/i0.wp.com\/www.ferienwohnungnerja.de\/wp-content\/uploads\/2019\/08\/capistrano_ferienwohnung12.jpg?zoom=3&amp;resize=150%2C150&amp;ssl=1 450w\" sizes=\"auto, (max-width: 150px) 100vw, 150px\" data-attachment-id=\"2348\" data-permalink=\"https:\/\/www.ferienwohnungnerja.de\/fr\/chambre-a-coucher-avec-lit-double-2-x-180-m-avec-matelas-individuels-climatisation-et-grand-placard-integre-avec-coffre-fort\/\" data-orig-file=\"https:\/\/i0.wp.com\/www.ferienwohnungnerja.de\/wp-content\/uploads\/2019\/08\/capistrano_ferienwohnung12.jpg?fit=1200%2C800&amp;ssl=1\" data-orig-size=\"1200,800\" data-comments-opened=\"0\" data-image-meta=\"{&quot;aperture&quot;:&quot;0&quot;,&quot;credit&quot;:&quot;&quot;,&quot;camera&quot;:&quot;&quot;,&quot;caption&quot;:&quot;&quot;,&quot;created_timestamp&quot;:&quot;0&quot;,&quot;copyright&quot;:&quot;&quot;,&quot;focal_length&quot;:&quot;0&quot;,&quot;iso&quot;:&quot;0&quot;,&quot;shutter_speed&quot;:&quot;0&quot;,&quot;title&quot;:&quot;&quot;,&quot;orientation&quot;:&quot;0&quot;}\" data-image-title=\"Chambre \u00e0 coucher avec lit double (2 x 1,80 m) avec matelas individuels, climatisation et grand placard int\u00e9gr\u00e9 avec coffre-fort.\" data-image-description=\"\" data-image-caption=\"\" data-medium-file=\"https:\/\/i0.wp.com\/www.ferienwohnungnerja.de\/wp-content\/uploads\/2019\/08\/capistrano_ferienwohnung12.jpg?fit=300%2C200&amp;ssl=1\" data-large-file=\"https:\/\/i0.wp.com\/www.ferienwohnungnerja.de\/wp-content\/uploads\/2019\/08\/capistrano_ferienwohnung12.jpg?fit=769%2C513&amp;ssl=1\" \/><\/a>\n\t\t\t<\/span><\/li><li class='gallery-item'><span class='gallery-icon landscape'>\n\t\t\t\t<a href='https:\/\/www.ferienwohnungnerja.de\/fr\/le-canape-lit-fait-un-lit-de-140-x-200-m\/'><img loading=\"lazy\" decoding=\"async\" width=\"150\" height=\"150\" src=\"https:\/\/i0.wp.com\/www.ferienwohnungnerja.de\/wp-content\/uploads\/2019\/08\/capistrano_ferienwohnung13.jpg?resize=150%2C150&amp;ssl=1\" class=\"attachment-thumbnail size-thumbnail\" alt=\"Le canap\u00e9-lit\" srcset=\"https:\/\/i0.wp.com\/www.ferienwohnungnerja.de\/wp-content\/uploads\/2019\/08\/capistrano_ferienwohnung13.jpg?resize=150%2C150&amp;ssl=1 150w, https:\/\/i0.wp.com\/www.ferienwohnungnerja.de\/wp-content\/uploads\/2019\/08\/capistrano_ferienwohnung13.jpg?zoom=2&amp;resize=150%2C150&amp;ssl=1 300w, https:\/\/i0.wp.com\/www.ferienwohnungnerja.de\/wp-content\/uploads\/2019\/08\/capistrano_ferienwohnung13.jpg?zoom=3&amp;resize=150%2C150&amp;ssl=1 450w\" sizes=\"auto, (max-width: 150px) 100vw, 150px\" data-attachment-id=\"2347\" data-permalink=\"https:\/\/www.ferienwohnungnerja.de\/fr\/le-canape-lit-fait-un-lit-de-140-x-200-m\/\" data-orig-file=\"https:\/\/i0.wp.com\/www.ferienwohnungnerja.de\/wp-content\/uploads\/2019\/08\/capistrano_ferienwohnung13.jpg?fit=1200%2C800&amp;ssl=1\" data-orig-size=\"1200,800\" data-comments-opened=\"0\" data-image-meta=\"{&quot;aperture&quot;:&quot;0&quot;,&quot;credit&quot;:&quot;&quot;,&quot;camera&quot;:&quot;&quot;,&quot;caption&quot;:&quot;&quot;,&quot;created_timestamp&quot;:&quot;0&quot;,&quot;copyright&quot;:&quot;&quot;,&quot;focal_length&quot;:&quot;0&quot;,&quot;iso&quot;:&quot;0&quot;,&quot;shutter_speed&quot;:&quot;0&quot;,&quot;title&quot;:&quot;&quot;,&quot;orientation&quot;:&quot;0&quot;}\" data-image-title=\"Le canap\u00e9-lit fait un lit de 1,40 x 2,00 m\" data-image-description=\"\" data-image-caption=\"\" data-medium-file=\"https:\/\/i0.wp.com\/www.ferienwohnungnerja.de\/wp-content\/uploads\/2019\/08\/capistrano_ferienwohnung13.jpg?fit=300%2C200&amp;ssl=1\" data-large-file=\"https:\/\/i0.wp.com\/www.ferienwohnungnerja.de\/wp-content\/uploads\/2019\/08\/capistrano_ferienwohnung13.jpg?fit=769%2C513&amp;ssl=1\" \/><\/a>\n\t\t\t<\/span><\/li><li class='gallery-item'><span class='gallery-icon landscape'>\n\t\t\t\t<a href='https:\/\/www.ferienwohnungnerja.de\/fr\/de-la-salle-de-sejour-vous-pouvez-egalement-profiter-de-la-vue-sur-la-mer-mediterranee\/'><img loading=\"lazy\" decoding=\"async\" width=\"150\" height=\"150\" src=\"https:\/\/i0.wp.com\/www.ferienwohnungnerja.de\/wp-content\/uploads\/2019\/08\/capistrano_ferienwohnung14.jpg?resize=150%2C150&amp;ssl=1\" class=\"attachment-thumbnail size-thumbnail\" alt=\"Vue du salon sur la mer M\u00e9diterran\u00e9e\" srcset=\"https:\/\/i0.wp.com\/www.ferienwohnungnerja.de\/wp-content\/uploads\/2019\/08\/capistrano_ferienwohnung14.jpg?resize=150%2C150&amp;ssl=1 150w, https:\/\/i0.wp.com\/www.ferienwohnungnerja.de\/wp-content\/uploads\/2019\/08\/capistrano_ferienwohnung14.jpg?zoom=2&amp;resize=150%2C150&amp;ssl=1 300w, https:\/\/i0.wp.com\/www.ferienwohnungnerja.de\/wp-content\/uploads\/2019\/08\/capistrano_ferienwohnung14.jpg?zoom=3&amp;resize=150%2C150&amp;ssl=1 450w\" sizes=\"auto, (max-width: 150px) 100vw, 150px\" data-attachment-id=\"2400\" data-permalink=\"https:\/\/www.ferienwohnungnerja.de\/fr\/de-la-salle-de-sejour-vous-pouvez-egalement-profiter-de-la-vue-sur-la-mer-mediterranee\/\" data-orig-file=\"https:\/\/i0.wp.com\/www.ferienwohnungnerja.de\/wp-content\/uploads\/2019\/08\/capistrano_ferienwohnung14.jpg?fit=1200%2C900&amp;ssl=1\" data-orig-size=\"1200,900\" data-comments-opened=\"0\" data-image-meta=\"{&quot;aperture&quot;:&quot;0&quot;,&quot;credit&quot;:&quot;&quot;,&quot;camera&quot;:&quot;&quot;,&quot;caption&quot;:&quot;&quot;,&quot;created_timestamp&quot;:&quot;0&quot;,&quot;copyright&quot;:&quot;&quot;,&quot;focal_length&quot;:&quot;0&quot;,&quot;iso&quot;:&quot;0&quot;,&quot;shutter_speed&quot;:&quot;0&quot;,&quot;title&quot;:&quot;&quot;,&quot;orientation&quot;:&quot;0&quot;}\" data-image-title=\"De la salle de s\u00e9jour, vous pouvez \u00e9galement profiter de la vue sur la mer M\u00e9diterran\u00e9e.\" data-image-description=\"\" data-image-caption=\"\" data-medium-file=\"https:\/\/i0.wp.com\/www.ferienwohnungnerja.de\/wp-content\/uploads\/2019\/08\/capistrano_ferienwohnung14.jpg?fit=300%2C225&amp;ssl=1\" data-large-file=\"https:\/\/i0.wp.com\/www.ferienwohnungnerja.de\/wp-content\/uploads\/2019\/08\/capistrano_ferienwohnung14.jpg?fit=769%2C577&amp;ssl=1\" \/><\/a>\n\t\t\t<\/span><\/li><li class='gallery-item'><span class='gallery-icon landscape'>\n\t\t\t\t<a href='https:\/\/www.ferienwohnungnerja.de\/fr\/entree-appartement-de-vacances-capistrano\/'><img loading=\"lazy\" decoding=\"async\" width=\"150\" height=\"150\" src=\"https:\/\/i0.wp.com\/www.ferienwohnungnerja.de\/wp-content\/uploads\/2019\/08\/capistrano_ferienwohnung15.jpg?resize=150%2C150&amp;ssl=1\" class=\"attachment-thumbnail size-thumbnail\" alt=\"Entr\u00e9e Appartement de vacances Capistrano\" srcset=\"https:\/\/i0.wp.com\/www.ferienwohnungnerja.de\/wp-content\/uploads\/2019\/08\/capistrano_ferienwohnung15.jpg?resize=150%2C150&amp;ssl=1 150w, https:\/\/i0.wp.com\/www.ferienwohnungnerja.de\/wp-content\/uploads\/2019\/08\/capistrano_ferienwohnung15.jpg?zoom=2&amp;resize=150%2C150&amp;ssl=1 300w, https:\/\/i0.wp.com\/www.ferienwohnungnerja.de\/wp-content\/uploads\/2019\/08\/capistrano_ferienwohnung15.jpg?zoom=3&amp;resize=150%2C150&amp;ssl=1 450w\" sizes=\"auto, (max-width: 150px) 100vw, 150px\" data-attachment-id=\"2346\" data-permalink=\"https:\/\/www.ferienwohnungnerja.de\/fr\/entree-appartement-de-vacances-capistrano\/\" data-orig-file=\"https:\/\/i0.wp.com\/www.ferienwohnungnerja.de\/wp-content\/uploads\/2019\/08\/capistrano_ferienwohnung15.jpg?fit=1200%2C800&amp;ssl=1\" data-orig-size=\"1200,800\" data-comments-opened=\"0\" data-image-meta=\"{&quot;aperture&quot;:&quot;0&quot;,&quot;credit&quot;:&quot;&quot;,&quot;camera&quot;:&quot;&quot;,&quot;caption&quot;:&quot;&quot;,&quot;created_timestamp&quot;:&quot;0&quot;,&quot;copyright&quot;:&quot;&quot;,&quot;focal_length&quot;:&quot;0&quot;,&quot;iso&quot;:&quot;0&quot;,&quot;shutter_speed&quot;:&quot;0&quot;,&quot;title&quot;:&quot;&quot;,&quot;orientation&quot;:&quot;0&quot;}\" data-image-title=\"Entr\u00e9e Appartement de vacances Capistrano\" data-image-description=\"\" data-image-caption=\"\" data-medium-file=\"https:\/\/i0.wp.com\/www.ferienwohnungnerja.de\/wp-content\/uploads\/2019\/08\/capistrano_ferienwohnung15.jpg?fit=300%2C200&amp;ssl=1\" data-large-file=\"https:\/\/i0.wp.com\/www.ferienwohnungnerja.de\/wp-content\/uploads\/2019\/08\/capistrano_ferienwohnung15.jpg?fit=769%2C513&amp;ssl=1\" \/><\/a>\n\t\t\t<\/span><\/li><li class='gallery-item'><span class='gallery-icon landscape'>\n\t\t\t\t<a href='https:\/\/www.ferienwohnungnerja.de\/fr\/complexe-aquatique-de-san-juan\/'><img loading=\"lazy\" decoding=\"async\" width=\"150\" height=\"150\" src=\"https:\/\/i0.wp.com\/www.ferienwohnungnerja.de\/wp-content\/uploads\/2019\/08\/sanjuan_pool01.jpg?resize=150%2C150&amp;ssl=1\" class=\"attachment-thumbnail size-thumbnail\" alt=\"Complexe aquatique de San Juan\" srcset=\"https:\/\/i0.wp.com\/www.ferienwohnungnerja.de\/wp-content\/uploads\/2019\/08\/sanjuan_pool01.jpg?resize=150%2C150&amp;ssl=1 150w, https:\/\/i0.wp.com\/www.ferienwohnungnerja.de\/wp-content\/uploads\/2019\/08\/sanjuan_pool01.jpg?zoom=2&amp;resize=150%2C150&amp;ssl=1 300w, https:\/\/i0.wp.com\/www.ferienwohnungnerja.de\/wp-content\/uploads\/2019\/08\/sanjuan_pool01.jpg?zoom=3&amp;resize=150%2C150&amp;ssl=1 450w\" sizes=\"auto, (max-width: 150px) 100vw, 150px\" data-attachment-id=\"2291\" data-permalink=\"https:\/\/www.ferienwohnungnerja.de\/fr\/complexe-aquatique-de-san-juan\/\" data-orig-file=\"https:\/\/i0.wp.com\/www.ferienwohnungnerja.de\/wp-content\/uploads\/2019\/08\/sanjuan_pool01.jpg?fit=1600%2C1067&amp;ssl=1\" data-orig-size=\"1600,1067\" data-comments-opened=\"0\" data-image-meta=\"{&quot;aperture&quot;:&quot;0&quot;,&quot;credit&quot;:&quot;&quot;,&quot;camera&quot;:&quot;&quot;,&quot;caption&quot;:&quot;&quot;,&quot;created_timestamp&quot;:&quot;0&quot;,&quot;copyright&quot;:&quot;&quot;,&quot;focal_length&quot;:&quot;0&quot;,&quot;iso&quot;:&quot;0&quot;,&quot;shutter_speed&quot;:&quot;0&quot;,&quot;title&quot;:&quot;&quot;,&quot;orientation&quot;:&quot;0&quot;}\" data-image-title=\"Complexe aquatique de San Juan\" data-image-description=\"\" data-image-caption=\"\" data-medium-file=\"https:\/\/i0.wp.com\/www.ferienwohnungnerja.de\/wp-content\/uploads\/2019\/08\/sanjuan_pool01.jpg?fit=300%2C200&amp;ssl=1\" data-large-file=\"https:\/\/i0.wp.com\/www.ferienwohnungnerja.de\/wp-content\/uploads\/2019\/08\/sanjuan_pool01.jpg?fit=769%2C513&amp;ssl=1\" \/><\/a>\n\t\t\t<\/span><\/li><li class='gallery-item'><span class='gallery-icon landscape'>\n\t\t\t\t<a href='https:\/\/www.ferienwohnungnerja.de\/fr\/pelouse-et-bar-de-la-piscine-de-san-juan\/'><img loading=\"lazy\" decoding=\"async\" width=\"150\" height=\"150\" src=\"https:\/\/i0.wp.com\/www.ferienwohnungnerja.de\/wp-content\/uploads\/2019\/08\/sanjuan_pool03.jpg?resize=150%2C150&amp;ssl=1\" class=\"attachment-thumbnail size-thumbnail\" alt=\"Pelouse et bar San Juan\" srcset=\"https:\/\/i0.wp.com\/www.ferienwohnungnerja.de\/wp-content\/uploads\/2019\/08\/sanjuan_pool03.jpg?resize=150%2C150&amp;ssl=1 150w, https:\/\/i0.wp.com\/www.ferienwohnungnerja.de\/wp-content\/uploads\/2019\/08\/sanjuan_pool03.jpg?zoom=2&amp;resize=150%2C150&amp;ssl=1 300w, https:\/\/i0.wp.com\/www.ferienwohnungnerja.de\/wp-content\/uploads\/2019\/08\/sanjuan_pool03.jpg?zoom=3&amp;resize=150%2C150&amp;ssl=1 450w\" sizes=\"auto, (max-width: 150px) 100vw, 150px\" data-attachment-id=\"2289\" data-permalink=\"https:\/\/www.ferienwohnungnerja.de\/fr\/pelouse-et-bar-de-la-piscine-de-san-juan\/\" data-orig-file=\"https:\/\/i0.wp.com\/www.ferienwohnungnerja.de\/wp-content\/uploads\/2019\/08\/sanjuan_pool03.jpg?fit=1600%2C1067&amp;ssl=1\" data-orig-size=\"1600,1067\" data-comments-opened=\"0\" data-image-meta=\"{&quot;aperture&quot;:&quot;0&quot;,&quot;credit&quot;:&quot;&quot;,&quot;camera&quot;:&quot;&quot;,&quot;caption&quot;:&quot;&quot;,&quot;created_timestamp&quot;:&quot;0&quot;,&quot;copyright&quot;:&quot;&quot;,&quot;focal_length&quot;:&quot;0&quot;,&quot;iso&quot;:&quot;0&quot;,&quot;shutter_speed&quot;:&quot;0&quot;,&quot;title&quot;:&quot;&quot;,&quot;orientation&quot;:&quot;0&quot;}\" data-image-title=\"Pelouse et bar de la piscine de San Juan\" data-image-description=\"\" data-image-caption=\"\" data-medium-file=\"https:\/\/i0.wp.com\/www.ferienwohnungnerja.de\/wp-content\/uploads\/2019\/08\/sanjuan_pool03.jpg?fit=300%2C200&amp;ssl=1\" data-large-file=\"https:\/\/i0.wp.com\/www.ferienwohnungnerja.de\/wp-content\/uploads\/2019\/08\/sanjuan_pool03.jpg?fit=769%2C513&amp;ssl=1\" \/><\/a>\n\t\t\t<\/span><\/li><li class='gallery-item'><span class='gallery-icon landscape'>\n\t\t\t\t<a href='https:\/\/www.ferienwohnungnerja.de\/fr\/piscine-de-san-juan-avec-ile-rocheuse\/'><img loading=\"lazy\" decoding=\"async\" width=\"150\" height=\"150\" src=\"https:\/\/i0.wp.com\/www.ferienwohnungnerja.de\/wp-content\/uploads\/2019\/08\/sanjuan_pool02.jpg?resize=150%2C150&amp;ssl=1\" class=\"attachment-thumbnail size-thumbnail\" alt=\"Piscine avec \u00eele rocheuse\" srcset=\"https:\/\/i0.wp.com\/www.ferienwohnungnerja.de\/wp-content\/uploads\/2019\/08\/sanjuan_pool02.jpg?resize=150%2C150&amp;ssl=1 150w, https:\/\/i0.wp.com\/www.ferienwohnungnerja.de\/wp-content\/uploads\/2019\/08\/sanjuan_pool02.jpg?zoom=2&amp;resize=150%2C150&amp;ssl=1 300w, https:\/\/i0.wp.com\/www.ferienwohnungnerja.de\/wp-content\/uploads\/2019\/08\/sanjuan_pool02.jpg?zoom=3&amp;resize=150%2C150&amp;ssl=1 450w\" sizes=\"auto, (max-width: 150px) 100vw, 150px\" data-attachment-id=\"2290\" data-permalink=\"https:\/\/www.ferienwohnungnerja.de\/fr\/piscine-de-san-juan-avec-ile-rocheuse\/\" data-orig-file=\"https:\/\/i0.wp.com\/www.ferienwohnungnerja.de\/wp-content\/uploads\/2019\/08\/sanjuan_pool02.jpg?fit=1600%2C1033&amp;ssl=1\" data-orig-size=\"1600,1033\" data-comments-opened=\"0\" data-image-meta=\"{&quot;aperture&quot;:&quot;0&quot;,&quot;credit&quot;:&quot;&quot;,&quot;camera&quot;:&quot;&quot;,&quot;caption&quot;:&quot;&quot;,&quot;created_timestamp&quot;:&quot;0&quot;,&quot;copyright&quot;:&quot;&quot;,&quot;focal_length&quot;:&quot;0&quot;,&quot;iso&quot;:&quot;0&quot;,&quot;shutter_speed&quot;:&quot;0&quot;,&quot;title&quot;:&quot;&quot;,&quot;orientation&quot;:&quot;0&quot;}\" data-image-title=\"Piscine de San Juan avec \u00eele rocheuse\" data-image-description=\"\" data-image-caption=\"\" data-medium-file=\"https:\/\/i0.wp.com\/www.ferienwohnungnerja.de\/wp-content\/uploads\/2019\/08\/sanjuan_pool02.jpg?fit=300%2C194&amp;ssl=1\" data-large-file=\"https:\/\/i0.wp.com\/www.ferienwohnungnerja.de\/wp-content\/uploads\/2019\/08\/sanjuan_pool02.jpg?fit=769%2C496&amp;ssl=1\" \/><\/a>\n\t\t\t<\/span><\/li><li class='gallery-item'><span class='gallery-icon landscape'>\n\t\t\t\t<a href='https:\/\/www.ferienwohnungnerja.de\/fr\/piscine-en-forme-de-lac-de-san-juan\/'><img loading=\"lazy\" decoding=\"async\" width=\"150\" height=\"150\" src=\"https:\/\/i0.wp.com\/www.ferienwohnungnerja.de\/wp-content\/uploads\/2019\/08\/sanjuan_poolbar.jpg?resize=150%2C150&amp;ssl=1\" class=\"attachment-thumbnail size-thumbnail\" alt=\"Piscine en forme de lac de San Juan\" srcset=\"https:\/\/i0.wp.com\/www.ferienwohnungnerja.de\/wp-content\/uploads\/2019\/08\/sanjuan_poolbar.jpg?resize=150%2C150&amp;ssl=1 150w, https:\/\/i0.wp.com\/www.ferienwohnungnerja.de\/wp-content\/uploads\/2019\/08\/sanjuan_poolbar.jpg?zoom=2&amp;resize=150%2C150&amp;ssl=1 300w, https:\/\/i0.wp.com\/www.ferienwohnungnerja.de\/wp-content\/uploads\/2019\/08\/sanjuan_poolbar.jpg?zoom=3&amp;resize=150%2C150&amp;ssl=1 450w\" sizes=\"auto, (max-width: 150px) 100vw, 150px\" data-attachment-id=\"2288\" data-permalink=\"https:\/\/www.ferienwohnungnerja.de\/fr\/piscine-en-forme-de-lac-de-san-juan\/\" data-orig-file=\"https:\/\/i0.wp.com\/www.ferienwohnungnerja.de\/wp-content\/uploads\/2019\/08\/sanjuan_poolbar.jpg?fit=1600%2C1067&amp;ssl=1\" data-orig-size=\"1600,1067\" data-comments-opened=\"0\" data-image-meta=\"{&quot;aperture&quot;:&quot;0&quot;,&quot;credit&quot;:&quot;&quot;,&quot;camera&quot;:&quot;&quot;,&quot;caption&quot;:&quot;&quot;,&quot;created_timestamp&quot;:&quot;0&quot;,&quot;copyright&quot;:&quot;&quot;,&quot;focal_length&quot;:&quot;0&quot;,&quot;iso&quot;:&quot;0&quot;,&quot;shutter_speed&quot;:&quot;0&quot;,&quot;title&quot;:&quot;&quot;,&quot;orientation&quot;:&quot;0&quot;}\" data-image-title=\"Piscine en forme de lac de San Juan\" data-image-description=\"\" data-image-caption=\"\" data-medium-file=\"https:\/\/i0.wp.com\/www.ferienwohnungnerja.de\/wp-content\/uploads\/2019\/08\/sanjuan_poolbar.jpg?fit=300%2C200&amp;ssl=1\" data-large-file=\"https:\/\/i0.wp.com\/www.ferienwohnungnerja.de\/wp-content\/uploads\/2019\/08\/sanjuan_poolbar.jpg?fit=769%2C513&amp;ssl=1\" \/><\/a>\n\t\t\t<\/span><\/li><li class='gallery-item'><span class='gallery-icon landscape'>\n\t\t\t\t<a href='https:\/\/www.ferienwohnungnerja.de\/fr\/la-vieille-ville-de-nerja\/'><img loading=\"lazy\" decoding=\"async\" width=\"150\" height=\"150\" src=\"https:\/\/i0.wp.com\/www.ferienwohnungnerja.de\/wp-content\/uploads\/2019\/08\/nerja06.jpg?resize=150%2C150&amp;ssl=1\" class=\"attachment-thumbnail size-thumbnail\" alt=\"La vieille ville de Nerja\" srcset=\"https:\/\/i0.wp.com\/www.ferienwohnungnerja.de\/wp-content\/uploads\/2019\/08\/nerja06.jpg?resize=150%2C150&amp;ssl=1 150w, https:\/\/i0.wp.com\/www.ferienwohnungnerja.de\/wp-content\/uploads\/2019\/08\/nerja06.jpg?zoom=2&amp;resize=150%2C150&amp;ssl=1 300w, https:\/\/i0.wp.com\/www.ferienwohnungnerja.de\/wp-content\/uploads\/2019\/08\/nerja06.jpg?zoom=3&amp;resize=150%2C150&amp;ssl=1 450w\" sizes=\"auto, (max-width: 150px) 100vw, 150px\" data-attachment-id=\"2317\" data-permalink=\"https:\/\/www.ferienwohnungnerja.de\/fr\/la-vieille-ville-de-nerja\/\" data-orig-file=\"https:\/\/i0.wp.com\/www.ferienwohnungnerja.de\/wp-content\/uploads\/2019\/08\/nerja06.jpg?fit=1400%2C933&amp;ssl=1\" data-orig-size=\"1400,933\" data-comments-opened=\"0\" data-image-meta=\"{&quot;aperture&quot;:&quot;0&quot;,&quot;credit&quot;:&quot;&quot;,&quot;camera&quot;:&quot;&quot;,&quot;caption&quot;:&quot;&quot;,&quot;created_timestamp&quot;:&quot;0&quot;,&quot;copyright&quot;:&quot;&quot;,&quot;focal_length&quot;:&quot;0&quot;,&quot;iso&quot;:&quot;0&quot;,&quot;shutter_speed&quot;:&quot;0&quot;,&quot;title&quot;:&quot;&quot;,&quot;orientation&quot;:&quot;0&quot;}\" data-image-title=\"La vieille ville de Nerja\" data-image-description=\"\" data-image-caption=\"\" data-medium-file=\"https:\/\/i0.wp.com\/www.ferienwohnungnerja.de\/wp-content\/uploads\/2019\/08\/nerja06.jpg?fit=300%2C200&amp;ssl=1\" data-large-file=\"https:\/\/i0.wp.com\/www.ferienwohnungnerja.de\/wp-content\/uploads\/2019\/08\/nerja06.jpg?fit=769%2C512&amp;ssl=1\" \/><\/a>\n\t\t\t<\/span><\/li><li class='gallery-item'><span class='gallery-icon landscape'>\n\t\t\t\t<a href='https:\/\/www.ferienwohnungnerja.de\/fr\/lever-de-soleil-a-la-plage-de-burriana\/'><img loading=\"lazy\" decoding=\"async\" width=\"150\" height=\"150\" src=\"https:\/\/i0.wp.com\/www.ferienwohnungnerja.de\/wp-content\/uploads\/2019\/08\/strand17.jpg?resize=150%2C150&amp;ssl=1\" class=\"attachment-thumbnail size-thumbnail\" alt=\"Lever de soleil \u00e0 la plage de Burriana\" srcset=\"https:\/\/i0.wp.com\/www.ferienwohnungnerja.de\/wp-content\/uploads\/2019\/08\/strand17.jpg?resize=150%2C150&amp;ssl=1 150w, https:\/\/i0.wp.com\/www.ferienwohnungnerja.de\/wp-content\/uploads\/2019\/08\/strand17.jpg?zoom=2&amp;resize=150%2C150&amp;ssl=1 300w, https:\/\/i0.wp.com\/www.ferienwohnungnerja.de\/wp-content\/uploads\/2019\/08\/strand17.jpg?zoom=3&amp;resize=150%2C150&amp;ssl=1 450w\" sizes=\"auto, (max-width: 150px) 100vw, 150px\" data-attachment-id=\"2324\" data-permalink=\"https:\/\/www.ferienwohnungnerja.de\/fr\/lever-de-soleil-a-la-plage-de-burriana\/\" data-orig-file=\"https:\/\/i0.wp.com\/www.ferienwohnungnerja.de\/wp-content\/uploads\/2019\/08\/strand17.jpg?fit=687%2C501&amp;ssl=1\" data-orig-size=\"687,501\" data-comments-opened=\"0\" data-image-meta=\"{&quot;aperture&quot;:&quot;0&quot;,&quot;credit&quot;:&quot;&quot;,&quot;camera&quot;:&quot;&quot;,&quot;caption&quot;:&quot;&quot;,&quot;created_timestamp&quot;:&quot;0&quot;,&quot;copyright&quot;:&quot;&quot;,&quot;focal_length&quot;:&quot;0&quot;,&quot;iso&quot;:&quot;0&quot;,&quot;shutter_speed&quot;:&quot;0&quot;,&quot;title&quot;:&quot;&quot;,&quot;orientation&quot;:&quot;0&quot;}\" data-image-title=\"Lever de soleil \u00e0 la plage de Burriana\" data-image-description=\"\" data-image-caption=\"\" data-medium-file=\"https:\/\/i0.wp.com\/www.ferienwohnungnerja.de\/wp-content\/uploads\/2019\/08\/strand17.jpg?fit=300%2C219&amp;ssl=1\" data-large-file=\"https:\/\/i0.wp.com\/www.ferienwohnungnerja.de\/wp-content\/uploads\/2019\/08\/strand17.jpg?fit=687%2C501&amp;ssl=1\" \/><\/a>\n\t\t\t<\/span><\/li><\/ul>\n\t\t<\/div>\n\n\t<\/div>\n\t\n<h2 class=\"mphb-room-type-title entry-title\">\n\n<a class=\"mphb-room-type-title\" href=\"https:\/\/www.ferienwohnungnerja.de\/fr\/accommodation\/appartement-la-perla\/\">Appartement La Perla<\/a>\n\n<\/h2>\n\n<p>L\u2019appartement La Perla est situ\u00e9 directement au-dessus de Nerja &#8211; Costa del Sol. L\u2019appartement bien entretenu et confortable avec une terrasse priv\u00e9e de 10 m2 orient\u00e9e au sud et une vue fantastique sur la mer M\u00e9diterran\u00e9e est situ\u00e9 au 1er \u00e9tage, mais peut \u00eatre atteint presque sans marches.<\/p>\n\n\n<h3 class=\"mphb-room-type-details-title\">D\u00e9tails<\/h3><ul class=\"mphb-loop-room-type-attributes\">\n\n\n\t<li class=\"mphb-room-type-adults-capacity\"><span class=\"mphb-attribute-title mphb-adults-title\">Invit\u00e9s:<\/span><span class=\"mphb-attribute-value\">\n\t3\n\t<\/span><\/li>\n\t\n\n\t<li class=\"mphb-room-type-facilities\"><span class=\"mphb-attribute-title mphb-facilities-title\">\u00c9quipements :<\/span><span class=\"mphb-attribute-value\"> <span class=\"facility-1-bain\"><a href=\"https:\/\/www.ferienwohnungnerja.de\/fr\/accommodation-facility\/1-bain\/\">1 bain<\/a><\/span>, <span class=\"facility-1-chambre-a-coucher\"><a href=\"https:\/\/www.ferienwohnungnerja.de\/fr\/accommodation-facility\/1-chambre-a-coucher\/\">1 chambre \u00e0 coucher<\/a><\/span>, <span class=\"facility-bus-fr\"><a href=\"https:\/\/www.ferienwohnungnerja.de\/fr\/accommodation-facility\/bus-fr\/\">Bus<\/a><\/span>, <span class=\"facility-climatisation\"><a href=\"https:\/\/www.ferienwohnungnerja.de\/fr\/accommodation-facility\/climatisation\/\">Climatisation<\/a><\/span>, <span class=\"facility-lave-vaisselle\"><a href=\"https:\/\/www.ferienwohnungnerja.de\/fr\/accommodation-facility\/lave-vaisselle\/\">Lave-vaisselle<\/a><\/span>, <span class=\"facility-parking-fr\"><a href=\"https:\/\/www.ferienwohnungnerja.de\/fr\/accommodation-facility\/parking-fr\/\">Parking<\/a><\/span>, <span class=\"facility-piscine\"><a href=\"https:\/\/www.ferienwohnungnerja.de\/fr\/accommodation-facility\/piscine\/\">Piscine<\/a><\/span>, <span class=\"facility-sat-tv-fr\"><a href=\"https:\/\/www.ferienwohnungnerja.de\/fr\/accommodation-facility\/sat-tv-fr\/\">SAT TV<\/a><\/span>, <span class=\"facility-terrasse-fr\"><a href=\"https:\/\/www.ferienwohnungnerja.de\/fr\/accommodation-facility\/terrasse-fr\/\">Terrasse<\/a><\/span>, <span class=\"facility-wifi-gratuit\"><a href=\"https:\/\/www.ferienwohnungnerja.de\/fr\/accommodation-facility\/wifi-gratuit\/\">WIFI gratuit<\/a><\/span><\/span><\/li>\n\t\n\n\n\t<li class=\"mphb-room-type-view\"><span class=\"mphb-attribute-title mphb-view-title\">Vue :<\/span><span class=\"mphb-attribute-value\">\n\tVue de mer, face sud\n\t<\/span><\/li>\n\t\n\n\n\t<li class=\"mphb-room-type-size\"><span class=\"mphb-attribute-title mphb-size-title\">Taille :<\/span><span class=\"mphb-attribute-value\">\n\t55m\u00b2\n\t<\/span><\/li>\n\t\n\n\n\n<\/ul>\n<h3 class=\"mphb-room-type-details-title\">D\u00e9tails<\/h3><ul class=\"mphb-loop-room-type-attributes\">\n\n\n\t<li class=\"mphb-room-type-adults-capacity\"><span class=\"mphb-attribute-title mphb-adults-title\">Invit\u00e9s:<\/span><span class=\"mphb-attribute-value\">\n\t3\n\t<\/span><\/li>\n\t\n\n\t<li class=\"mphb-room-type-facilities\"><span class=\"mphb-attribute-title mphb-facilities-title\">\u00c9quipements :<\/span><span class=\"mphb-attribute-value\"> <span class=\"facility-1-bain\"><a href=\"https:\/\/www.ferienwohnungnerja.de\/fr\/accommodation-facility\/1-bain\/\">1 bain<\/a><\/span>, <span class=\"facility-1-chambre-a-coucher\"><a href=\"https:\/\/www.ferienwohnungnerja.de\/fr\/accommodation-facility\/1-chambre-a-coucher\/\">1 chambre \u00e0 coucher<\/a><\/span>, <span class=\"facility-bus-fr\"><a href=\"https:\/\/www.ferienwohnungnerja.de\/fr\/accommodation-facility\/bus-fr\/\">Bus<\/a><\/span>, <span class=\"facility-climatisation\"><a href=\"https:\/\/www.ferienwohnungnerja.de\/fr\/accommodation-facility\/climatisation\/\">Climatisation<\/a><\/span>, <span class=\"facility-lave-vaisselle\"><a href=\"https:\/\/www.ferienwohnungnerja.de\/fr\/accommodation-facility\/lave-vaisselle\/\">Lave-vaisselle<\/a><\/span>, <span class=\"facility-parking-fr\"><a href=\"https:\/\/www.ferienwohnungnerja.de\/fr\/accommodation-facility\/parking-fr\/\">Parking<\/a><\/span>, <span class=\"facility-piscine\"><a href=\"https:\/\/www.ferienwohnungnerja.de\/fr\/accommodation-facility\/piscine\/\">Piscine<\/a><\/span>, <span class=\"facility-sat-tv-fr\"><a href=\"https:\/\/www.ferienwohnungnerja.de\/fr\/accommodation-facility\/sat-tv-fr\/\">SAT TV<\/a><\/span>, <span class=\"facility-terrasse-fr\"><a href=\"https:\/\/www.ferienwohnungnerja.de\/fr\/accommodation-facility\/terrasse-fr\/\">Terrasse<\/a><\/span>, <span class=\"facility-wifi-gratuit\"><a href=\"https:\/\/www.ferienwohnungnerja.de\/fr\/accommodation-facility\/wifi-gratuit\/\">WIFI gratuit<\/a><\/span><\/span><\/li>\n\t\n\n\n\t<li class=\"mphb-room-type-view\"><span class=\"mphb-attribute-title mphb-view-title\">Vue :<\/span><span class=\"mphb-attribute-value\">\n\tVue de mer, face sud\n\t<\/span><\/li>\n\t\n\n\n\t<li class=\"mphb-room-type-size\"><span class=\"mphb-attribute-title mphb-size-title\">Taille :<\/span><span class=\"mphb-attribute-value\">\n\t55m\u00b2\n\t<\/span><\/li>\n\t\n\n\n\n<\/ul>\n\n<p class=\"mphb-view-details-button-wrapper\">\n<a class=\"button mphb-view-details-button\" href=\"https:\/\/www.ferienwohnungnerja.de\/fr\/accommodation\/appartement-la-perla\/\" >Voir les d\u00e9tails<\/a>\n<\/p>\n<div class=\"mphb-to-book-btn-wrapper\">\n<form action=\"https:\/\/www.ferienwohnungnerja.de\/fr\/accommodation\/appartement-la-perla\/#booking-form-2276\" method=\"get\" ><button type=\"submit\" class=\"button mphb-book-button\" >R\u00e9server<\/button><\/form>\n<br\/><\/div>\n\t\n<\/div>\n<\/div>\n\n<h2 class=\"wp-block-heading\">Pourquoi des vacances \u00e0 Nerja ?<\/h2>\n\n<p>Louer un appartement de vacances dans le complexe de San Juan de Capistrano signifie des vacances dans un environnement calme avec beaucoup de verdure. Vous pourrez vous d\u00e9tendre en prenant un bain de soleil ou participer \u00e0 des activit\u00e9s sportives. Aussi une visite \u00e0 la <strong>Cuevas de Nerja<\/strong>, l\u2019une des grottes stalactites les plus importantes en Europe, ne devrait pas manquer du plan de vacances. Ceux qui s\u2019int\u00e9ressent \u00e0 la culture peuvent suivre les traces des Maures \u00e0 Grenade, Cordoue ou Malaga.<\/p>\n\n<p><br \/>Nerja est l\u2019une des villes les plus populaires sur la <strong>Costa del Sol<\/strong>. La protection des montagnes du parc naturel de la Sierra Almijara, adjacente au nord, cr\u00e9e un climat agr\u00e9able et doux qui peut \u00eatre appr\u00e9ci\u00e9 toute l\u2019ann\u00e9e. <br \/>En plus de la c\u00e9l\u00e8bre plage de Burriana, Nerja poss\u00e8de de nombreuses petites baies et plages de la ville. Pour les amoureux de la nature, le parc naturel acantilados de Maro dispose d\u2019une falaise avec diverses baies pour la plong\u00e9e avec tuba, comme Playa Ca\u2019uelo. Avec des conseils pour des <a href=\"https:\/\/www.ferienwohnungnerja.de\/fr\/choses-a-faire-a-nerja-et-axarquia\/\">activit\u00e9s<\/a>telles que le kayak, le canyoning ou la randonn\u00e9e, nous sommes heureux de vous aider.<\/p>\n","protected":false},"excerpt":{"rendered":"<p>Votre maison de l\u00e0 &#8211; pr\u00e8s de la vieille ville<\/p>\n","protected":false},"author":1,"featured_media":0,"parent":0,"menu_order":0,"comment_status":"closed","ping_status":"closed","template":"template-front-page.php","meta":{"jetpack_post_was_ever_published":false,"footnotes":""},"class_list":["post-2415","page","type-page","status-publish","hentry"],"yoast_head":"<!-- This site is optimized with the Yoast SEO plugin v26.9 - https:\/\/yoast.com\/product\/yoast-seo-wordpress\/ -->\n<title>Appartement de vacances \u00e0 Nerja - Villa \u00e0 San Juan de Capistrano Nerja<\/title>\n<meta name=\"description\" content=\"Appartement de vacances \u00e0 Nerja sur la plage de Burriana dans le complexe Capistrano, Costa del Sol, 2 piscines, face sud, vue sur la mer, 50 m2 terrasse, WIFI\" \/>\n<meta name=\"robots\" content=\"index, follow, max-snippet:-1, max-image-preview:large, max-video-preview:-1\" \/>\n<link rel=\"canonical\" href=\"https:\/\/www.ferienwohnungnerja.de\/fr\/\" \/>\n<meta property=\"og:locale\" content=\"fr_FR\" \/>\n<meta property=\"og:type\" content=\"article\" \/>\n<meta property=\"og:title\" content=\"Appartement de vacances \u00e0 Nerja - Villa \u00e0 San Juan de Capistrano Nerja\" \/>\n<meta property=\"og:description\" content=\"Appartement de vacances \u00e0 Nerja sur la plage de Burriana dans le complexe Capistrano, Costa del Sol, 2 piscines, face sud, vue sur la mer, 50 m2 terrasse, WIFI\" \/>\n<meta property=\"og:url\" content=\"https:\/\/www.ferienwohnungnerja.de\/fr\/\" \/>\n<meta property=\"og:site_name\" content=\"ferienwohnungnerja.de\" \/>\n<meta property=\"article:modified_time\" content=\"2020-04-14T16:45:59+00:00\" \/>\n<meta name=\"twitter:card\" content=\"summary_large_image\" \/>\n<meta name=\"twitter:label1\" content=\"Dur\u00e9e de lecture estim\u00e9e\" \/>\n\t<meta name=\"twitter:data1\" content=\"2 minutes\" \/>\n<script type=\"application\/ld+json\" class=\"yoast-schema-graph\">{\"@context\":\"https:\/\/schema.org\",\"@graph\":[{\"@type\":\"WebPage\",\"@id\":\"https:\/\/www.ferienwohnungnerja.de\/fr\/\",\"url\":\"https:\/\/www.ferienwohnungnerja.de\/fr\/\",\"name\":\"Appartement de vacances \u00e0 Nerja - Villa \u00e0 San Juan de Capistrano Nerja\",\"isPartOf\":{\"@id\":\"https:\/\/www.ferienwohnungnerja.de\/fr\/#website\"},\"datePublished\":\"2020-04-14T16:44:39+00:00\",\"dateModified\":\"2020-04-14T16:45:59+00:00\",\"description\":\"Appartement de vacances \u00e0 Nerja sur la plage de Burriana dans le complexe Capistrano, Costa del Sol, 2 piscines, face sud, vue sur la mer, 50 m2 terrasse, WIFI\",\"breadcrumb\":{\"@id\":\"https:\/\/www.ferienwohnungnerja.de\/fr\/#breadcrumb\"},\"inLanguage\":\"fr-FR\",\"potentialAction\":[{\"@type\":\"ReadAction\",\"target\":[\"https:\/\/www.ferienwohnungnerja.de\/fr\/\"]}]},{\"@type\":\"BreadcrumbList\",\"@id\":\"https:\/\/www.ferienwohnungnerja.de\/fr\/#breadcrumb\",\"itemListElement\":[{\"@type\":\"ListItem\",\"position\":1,\"name\":\"Startseite\",\"item\":\"https:\/\/www.ferienwohnungnerja.de\/fr\/\"},{\"@type\":\"ListItem\",\"position\":2,\"name\":\"Appartement de vacances \u00e0 Nerja\"}]},{\"@type\":\"WebSite\",\"@id\":\"https:\/\/www.ferienwohnungnerja.de\/fr\/#website\",\"url\":\"https:\/\/www.ferienwohnungnerja.de\/fr\/\",\"name\":\"ferienwohnungnerja.de\",\"description\":\"Ferienwohnungen in Nerja\",\"publisher\":{\"@id\":\"https:\/\/www.ferienwohnungnerja.de\/fr\/#\/schema\/person\/16748c9dad4472e47ffa70599fb57c67\"},\"potentialAction\":[{\"@type\":\"SearchAction\",\"target\":{\"@type\":\"EntryPoint\",\"urlTemplate\":\"https:\/\/www.ferienwohnungnerja.de\/fr\/?s={search_term_string}\"},\"query-input\":{\"@type\":\"PropertyValueSpecification\",\"valueRequired\":true,\"valueName\":\"search_term_string\"}}],\"inLanguage\":\"fr-FR\"},{\"@type\":[\"Person\",\"Organization\"],\"@id\":\"https:\/\/www.ferienwohnungnerja.de\/fr\/#\/schema\/person\/16748c9dad4472e47ffa70599fb57c67\",\"name\":\"adminnerja\",\"image\":{\"@type\":\"ImageObject\",\"inLanguage\":\"fr-FR\",\"@id\":\"https:\/\/www.ferienwohnungnerja.de\/fr\/#\/schema\/person\/image\/\",\"url\":\"https:\/\/secure.gravatar.com\/avatar\/385c6b5598370fe7b91dd03c855835170a55d4467846df8e92d47236c59f2036?s=96&d=mm&r=g\",\"contentUrl\":\"https:\/\/secure.gravatar.com\/avatar\/385c6b5598370fe7b91dd03c855835170a55d4467846df8e92d47236c59f2036?s=96&d=mm&r=g\",\"caption\":\"adminnerja\"},\"logo\":{\"@id\":\"https:\/\/www.ferienwohnungnerja.de\/fr\/#\/schema\/person\/image\/\"}}]}<\/script>\n<!-- \/ Yoast SEO plugin. -->","yoast_head_json":{"title":"Appartement de vacances \u00e0 Nerja - Villa \u00e0 San Juan de Capistrano Nerja","description":"Appartement de vacances \u00e0 Nerja sur la plage de Burriana dans le complexe Capistrano, Costa del Sol, 2 piscines, face sud, vue sur la mer, 50 m2 terrasse, WIFI","robots":{"index":"index","follow":"follow","max-snippet":"max-snippet:-1","max-image-preview":"max-image-preview:large","max-video-preview":"max-video-preview:-1"},"canonical":"https:\/\/www.ferienwohnungnerja.de\/fr\/","og_locale":"fr_FR","og_type":"article","og_title":"Appartement de vacances \u00e0 Nerja - Villa \u00e0 San Juan de Capistrano Nerja","og_description":"Appartement de vacances \u00e0 Nerja sur la plage de Burriana dans le complexe Capistrano, Costa del Sol, 2 piscines, face sud, vue sur la mer, 50 m2 terrasse, WIFI","og_url":"https:\/\/www.ferienwohnungnerja.de\/fr\/","og_site_name":"ferienwohnungnerja.de","article_modified_time":"2020-04-14T16:45:59+00:00","twitter_card":"summary_large_image","twitter_misc":{"Dur\u00e9e de lecture estim\u00e9e":"2 minutes"},"schema":{"@context":"https:\/\/schema.org","@graph":[{"@type":"WebPage","@id":"https:\/\/www.ferienwohnungnerja.de\/fr\/","url":"https:\/\/www.ferienwohnungnerja.de\/fr\/","name":"Appartement de vacances \u00e0 Nerja - Villa \u00e0 San Juan de Capistrano Nerja","isPartOf":{"@id":"https:\/\/www.ferienwohnungnerja.de\/fr\/#website"},"datePublished":"2020-04-14T16:44:39+00:00","dateModified":"2020-04-14T16:45:59+00:00","description":"Appartement de vacances \u00e0 Nerja sur la plage de Burriana dans le complexe Capistrano, Costa del Sol, 2 piscines, face sud, vue sur la mer, 50 m2 terrasse, WIFI","breadcrumb":{"@id":"https:\/\/www.ferienwohnungnerja.de\/fr\/#breadcrumb"},"inLanguage":"fr-FR","potentialAction":[{"@type":"ReadAction","target":["https:\/\/www.ferienwohnungnerja.de\/fr\/"]}]},{"@type":"BreadcrumbList","@id":"https:\/\/www.ferienwohnungnerja.de\/fr\/#breadcrumb","itemListElement":[{"@type":"ListItem","position":1,"name":"Startseite","item":"https:\/\/www.ferienwohnungnerja.de\/fr\/"},{"@type":"ListItem","position":2,"name":"Appartement de vacances \u00e0 Nerja"}]},{"@type":"WebSite","@id":"https:\/\/www.ferienwohnungnerja.de\/fr\/#website","url":"https:\/\/www.ferienwohnungnerja.de\/fr\/","name":"ferienwohnungnerja.de","description":"Ferienwohnungen in Nerja","publisher":{"@id":"https:\/\/www.ferienwohnungnerja.de\/fr\/#\/schema\/person\/16748c9dad4472e47ffa70599fb57c67"},"potentialAction":[{"@type":"SearchAction","target":{"@type":"EntryPoint","urlTemplate":"https:\/\/www.ferienwohnungnerja.de\/fr\/?s={search_term_string}"},"query-input":{"@type":"PropertyValueSpecification","valueRequired":true,"valueName":"search_term_string"}}],"inLanguage":"fr-FR"},{"@type":["Person","Organization"],"@id":"https:\/\/www.ferienwohnungnerja.de\/fr\/#\/schema\/person\/16748c9dad4472e47ffa70599fb57c67","name":"adminnerja","image":{"@type":"ImageObject","inLanguage":"fr-FR","@id":"https:\/\/www.ferienwohnungnerja.de\/fr\/#\/schema\/person\/image\/","url":"https:\/\/secure.gravatar.com\/avatar\/385c6b5598370fe7b91dd03c855835170a55d4467846df8e92d47236c59f2036?s=96&d=mm&r=g","contentUrl":"https:\/\/secure.gravatar.com\/avatar\/385c6b5598370fe7b91dd03c855835170a55d4467846df8e92d47236c59f2036?s=96&d=mm&r=g","caption":"adminnerja"},"logo":{"@id":"https:\/\/www.ferienwohnungnerja.de\/fr\/#\/schema\/person\/image\/"}}]}},"jetpack_sharing_enabled":true,"jetpack_shortlink":"https:\/\/wp.me\/PbaoeD-CX","_links":{"self":[{"href":"https:\/\/www.ferienwohnungnerja.de\/fr\/wp-json\/wp\/v2\/pages\/2415","targetHints":{"allow":["GET"]}}],"collection":[{"href":"https:\/\/www.ferienwohnungnerja.de\/fr\/wp-json\/wp\/v2\/pages"}],"about":[{"href":"https:\/\/www.ferienwohnungnerja.de\/fr\/wp-json\/wp\/v2\/types\/page"}],"author":[{"embeddable":true,"href":"https:\/\/www.ferienwohnungnerja.de\/fr\/wp-json\/wp\/v2\/users\/1"}],"replies":[{"embeddable":true,"href":"https:\/\/www.ferienwohnungnerja.de\/fr\/wp-json\/wp\/v2\/comments?post=2415"}],"version-history":[{"count":5,"href":"https:\/\/www.ferienwohnungnerja.de\/fr\/wp-json\/wp\/v2\/pages\/2415\/revisions"}],"predecessor-version":[{"id":2420,"href":"https:\/\/www.ferienwohnungnerja.de\/fr\/wp-json\/wp\/v2\/pages\/2415\/revisions\/2420"}],"wp:attachment":[{"href":"https:\/\/www.ferienwohnungnerja.de\/fr\/wp-json\/wp\/v2\/media?parent=2415"}],"curies":[{"name":"wp","href":"https:\/\/api.w.org\/{rel}","templated":true}]}}