{"id":2436,"date":"2020-04-14T18:51:39","date_gmt":"2020-04-14T16:51:39","guid":{"rendered":"https:\/\/www.ferienwohnungnerja.de\/san-juan-de-capistrano\/"},"modified":"2020-04-14T18:53:10","modified_gmt":"2020-04-14T16:53:10","slug":"san-juan-de-capistrano","status":"publish","type":"page","link":"https:\/\/www.ferienwohnungnerja.de\/fr\/san-juan-de-capistrano\/","title":{"rendered":"San Juan de Capistrano"},"content":{"rendered":"\n<p><strong>San Juan de Capistrano<\/strong> a \u00e9t\u00e9 construit entre 1984 et 1986 et s\u2019est d\u00e9velopp\u00e9 au fil des ans en l\u2019une des urbanisations les plus attrayantes et recherch\u00e9es sur l\u2019est de la Costa del Sol.<br \/> L\u2019urbanisation se compose de charmantes villas, appartements et appartements, qui ont \u00e9t\u00e9 construits et positionn\u00e9s dans le style &#8220;pueblo&#8221; de telle sorte qu\u2019ils b\u00e9n\u00e9ficient d\u2019une vue magnifique sur Nerja et la mer M\u00e9diterran\u00e9e.<br \/><br \/>Les chalets sont entour\u00e9s d\u2019un paysage de parc avec de nombreuses plantes tropicales et des fleurs, qui est maintenu en bon \u00e9tat par nos propres jardiniers. <\/p>\n\n<p>La Communaut\u00e9 dispose d\u2019une \net un service de garde efficace qui garde un \u0153il attentif sur l\u2019environnement. \nIl y a aussi une biblioth\u00e8que, qui se d\u00e9roule du lundi au vendredi de 16 h \u00e0 \n17 h.<\/p>\n<div id='Galerie_San_Juan' class='widgets_on_page wop_tiny1  wop_small1  wop_medium1  wop_large1  wop_wide1'>\n\t\t\t<ul><li id=\"media_gallery-4\" class=\"widget widget_media_gallery\"><div class=\"tiled-gallery type-rectangular tiled-gallery-unresized\" data-original-width=\"769\" data-carousel-extra='{&quot;blog_id&quot;:1,&quot;permalink&quot;:&quot;https:\\\/\\\/www.ferienwohnungnerja.de\\\/fr\\\/san-juan-de-capistrano\\\/&quot;,&quot;likes_blog_id&quot;:165016139}' itemscope itemtype=\"http:\/\/schema.org\/ImageGallery\" > <div class=\"gallery-row\" style=\"width: 769px; height: 379px;\" data-original-width=\"769\" data-original-height=\"379\" > <div class=\"gallery-group images-1\" style=\"width: 503px; height: 379px;\" data-original-width=\"503\" data-original-height=\"379\" > <div class=\"tiled-gallery-item tiled-gallery-item-large\" itemprop=\"associatedMedia\" itemscope itemtype=\"http:\/\/schema.org\/ImageObject\"> <a href=\"https:\/\/www.ferienwohnungnerja.de\/fr\/san-juan-de-capistrano\/\" border=\"0\" itemprop=\"url\"> <meta itemprop=\"width\" content=\"499\"> <meta itemprop=\"height\" content=\"375\"> <img decoding=\"async\" class=\"\" data-attachment-id=\"2343\" data-orig-file=\"https:\/\/www.ferienwohnungnerja.de\/wp-content\/uploads\/2019\/08\/san_juan_de_capistrano01.jpg\" data-orig-size=\"1400,1050\" data-comments-opened=\"\" data-image-meta=\"{&quot;aperture&quot;:&quot;0&quot;,&quot;credit&quot;:&quot;&quot;,&quot;camera&quot;:&quot;&quot;,&quot;caption&quot;:&quot;&quot;,&quot;created_timestamp&quot;:&quot;0&quot;,&quot;copyright&quot;:&quot;&quot;,&quot;focal_length&quot;:&quot;0&quot;,&quot;iso&quot;:&quot;0&quot;,&quot;shutter_speed&quot;:&quot;0&quot;,&quot;title&quot;:&quot;&quot;,&quot;orientation&quot;:&quot;0&quot;}\" data-image-title=\"San Juan de Capistrano\" data-image-description=\"\" data-medium-file=\"https:\/\/i0.wp.com\/www.ferienwohnungnerja.de\/wp-content\/uploads\/2019\/08\/san_juan_de_capistrano01.jpg?fit=300%2C225&#038;ssl=1\" data-large-file=\"https:\/\/i0.wp.com\/www.ferienwohnungnerja.de\/wp-content\/uploads\/2019\/08\/san_juan_de_capistrano01.jpg?fit=769%2C577&#038;ssl=1\" src=\"https:\/\/i0.wp.com\/www.ferienwohnungnerja.de\/wp-content\/uploads\/2019\/08\/san_juan_de_capistrano01.jpg?w=499&#038;h=375&#038;ssl=1\" srcset=\"https:\/\/i0.wp.com\/www.ferienwohnungnerja.de\/wp-content\/uploads\/2019\/08\/san_juan_de_capistrano01.jpg?w=1400&amp;ssl=1 1400w, https:\/\/i0.wp.com\/www.ferienwohnungnerja.de\/wp-content\/uploads\/2019\/08\/san_juan_de_capistrano01.jpg?resize=300%2C225&amp;ssl=1 300w, https:\/\/i0.wp.com\/www.ferienwohnungnerja.de\/wp-content\/uploads\/2019\/08\/san_juan_de_capistrano01.jpg?resize=768%2C576&amp;ssl=1 768w, https:\/\/i0.wp.com\/www.ferienwohnungnerja.de\/wp-content\/uploads\/2019\/08\/san_juan_de_capistrano01.jpg?resize=1024%2C768&amp;ssl=1 1024w, https:\/\/i0.wp.com\/www.ferienwohnungnerja.de\/wp-content\/uploads\/2019\/08\/san_juan_de_capistrano01.jpg?resize=824%2C618&amp;ssl=1 824w, https:\/\/i0.wp.com\/www.ferienwohnungnerja.de\/wp-content\/uploads\/2019\/08\/san_juan_de_capistrano01.jpg?resize=717%2C540&amp;ssl=1 717w\" width=\"499\" height=\"375\" loading=\"lazy\" data-original-width=\"499\" data-original-height=\"375\" itemprop=\"http:\/\/schema.org\/image\" title=\"San Juan de Capistrano\" alt=\"San Juan de Capistrano Nerja\" style=\"width: 499px; height: 375px;\" \/> <\/a> <\/div> <\/div> <!-- close group --> <div class=\"gallery-group images-2\" style=\"width: 266px; height: 379px;\" data-original-width=\"266\" data-original-height=\"379\" > <div class=\"tiled-gallery-item tiled-gallery-item-large\" itemprop=\"associatedMedia\" itemscope itemtype=\"http:\/\/schema.org\/ImageObject\"> <a href=\"https:\/\/www.ferienwohnungnerja.de\/fr\/calle-palmeras-vue-den-haut\/\" border=\"0\" itemprop=\"url\"> <meta itemprop=\"width\" content=\"262\"> <meta itemprop=\"height\" content=\"175\"> <img decoding=\"async\" class=\"\" data-attachment-id=\"2342\" data-orig-file=\"https:\/\/www.ferienwohnungnerja.de\/wp-content\/uploads\/2019\/08\/san_juan_de_capistrano02.jpg\" data-orig-size=\"1400,933\" data-comments-opened=\"\" data-image-meta=\"{&quot;aperture&quot;:&quot;0&quot;,&quot;credit&quot;:&quot;&quot;,&quot;camera&quot;:&quot;&quot;,&quot;caption&quot;:&quot;&quot;,&quot;created_timestamp&quot;:&quot;0&quot;,&quot;copyright&quot;:&quot;&quot;,&quot;focal_length&quot;:&quot;0&quot;,&quot;iso&quot;:&quot;0&quot;,&quot;shutter_speed&quot;:&quot;0&quot;,&quot;title&quot;:&quot;&quot;,&quot;orientation&quot;:&quot;0&quot;}\" data-image-title=\"Calle Palmeras vue d&amp;#8217;en haut\" data-image-description=\"\" data-medium-file=\"https:\/\/i0.wp.com\/www.ferienwohnungnerja.de\/wp-content\/uploads\/2019\/08\/san_juan_de_capistrano02.jpg?fit=300%2C200&#038;ssl=1\" data-large-file=\"https:\/\/i0.wp.com\/www.ferienwohnungnerja.de\/wp-content\/uploads\/2019\/08\/san_juan_de_capistrano02.jpg?fit=769%2C512&#038;ssl=1\" src=\"https:\/\/i0.wp.com\/www.ferienwohnungnerja.de\/wp-content\/uploads\/2019\/08\/san_juan_de_capistrano02.jpg?w=262&#038;h=175&#038;ssl=1\" srcset=\"https:\/\/i0.wp.com\/www.ferienwohnungnerja.de\/wp-content\/uploads\/2019\/08\/san_juan_de_capistrano02.jpg?w=1400&amp;ssl=1 1400w, https:\/\/i0.wp.com\/www.ferienwohnungnerja.de\/wp-content\/uploads\/2019\/08\/san_juan_de_capistrano02.jpg?resize=300%2C200&amp;ssl=1 300w, https:\/\/i0.wp.com\/www.ferienwohnungnerja.de\/wp-content\/uploads\/2019\/08\/san_juan_de_capistrano02.jpg?resize=768%2C512&amp;ssl=1 768w, https:\/\/i0.wp.com\/www.ferienwohnungnerja.de\/wp-content\/uploads\/2019\/08\/san_juan_de_capistrano02.jpg?resize=1024%2C682&amp;ssl=1 1024w, https:\/\/i0.wp.com\/www.ferienwohnungnerja.de\/wp-content\/uploads\/2019\/08\/san_juan_de_capistrano02.jpg?resize=927%2C618&amp;ssl=1 927w\" width=\"262\" height=\"175\" loading=\"lazy\" data-original-width=\"262\" data-original-height=\"175\" itemprop=\"http:\/\/schema.org\/image\" title=\"Calle Palmeras vue d&#039;en haut\" alt=\"Calle Palmeras vue d&#039;en haut\" style=\"width: 262px; height: 175px;\" \/> <\/a> <\/div> <div class=\"tiled-gallery-item tiled-gallery-item-large\" itemprop=\"associatedMedia\" itemscope itemtype=\"http:\/\/schema.org\/ImageObject\"> <a href=\"https:\/\/www.ferienwohnungnerja.de\/fr\/avenue-des-palmiers-avec-de-larges-sentiers-et-des-places-de-parking\/\" border=\"0\" itemprop=\"url\"> <meta itemprop=\"width\" content=\"262\"> <meta itemprop=\"height\" content=\"196\"> <img decoding=\"async\" class=\"\" data-attachment-id=\"2341\" data-orig-file=\"https:\/\/www.ferienwohnungnerja.de\/wp-content\/uploads\/2019\/08\/san_juan_de_capistrano03.jpg\" data-orig-size=\"1400,1050\" data-comments-opened=\"\" data-image-meta=\"{&quot;aperture&quot;:&quot;0&quot;,&quot;credit&quot;:&quot;&quot;,&quot;camera&quot;:&quot;&quot;,&quot;caption&quot;:&quot;&quot;,&quot;created_timestamp&quot;:&quot;0&quot;,&quot;copyright&quot;:&quot;&quot;,&quot;focal_length&quot;:&quot;0&quot;,&quot;iso&quot;:&quot;0&quot;,&quot;shutter_speed&quot;:&quot;0&quot;,&quot;title&quot;:&quot;&quot;,&quot;orientation&quot;:&quot;0&quot;}\" data-image-title=\"Avenue des Palmiers avec de larges sentiers et des places de parking\" data-image-description=\"\" data-medium-file=\"https:\/\/i0.wp.com\/www.ferienwohnungnerja.de\/wp-content\/uploads\/2019\/08\/san_juan_de_capistrano03.jpg?fit=300%2C225&#038;ssl=1\" data-large-file=\"https:\/\/i0.wp.com\/www.ferienwohnungnerja.de\/wp-content\/uploads\/2019\/08\/san_juan_de_capistrano03.jpg?fit=769%2C577&#038;ssl=1\" src=\"https:\/\/i0.wp.com\/www.ferienwohnungnerja.de\/wp-content\/uploads\/2019\/08\/san_juan_de_capistrano03.jpg?w=262&#038;h=196&#038;ssl=1\" srcset=\"https:\/\/i0.wp.com\/www.ferienwohnungnerja.de\/wp-content\/uploads\/2019\/08\/san_juan_de_capistrano03.jpg?w=1400&amp;ssl=1 1400w, https:\/\/i0.wp.com\/www.ferienwohnungnerja.de\/wp-content\/uploads\/2019\/08\/san_juan_de_capistrano03.jpg?resize=300%2C225&amp;ssl=1 300w, https:\/\/i0.wp.com\/www.ferienwohnungnerja.de\/wp-content\/uploads\/2019\/08\/san_juan_de_capistrano03.jpg?resize=768%2C576&amp;ssl=1 768w, https:\/\/i0.wp.com\/www.ferienwohnungnerja.de\/wp-content\/uploads\/2019\/08\/san_juan_de_capistrano03.jpg?resize=1024%2C768&amp;ssl=1 1024w, https:\/\/i0.wp.com\/www.ferienwohnungnerja.de\/wp-content\/uploads\/2019\/08\/san_juan_de_capistrano03.jpg?resize=824%2C618&amp;ssl=1 824w, https:\/\/i0.wp.com\/www.ferienwohnungnerja.de\/wp-content\/uploads\/2019\/08\/san_juan_de_capistrano03.jpg?resize=717%2C540&amp;ssl=1 717w\" width=\"262\" height=\"196\" loading=\"lazy\" data-original-width=\"262\" data-original-height=\"196\" itemprop=\"http:\/\/schema.org\/image\" title=\"Avenue des Palmiers avec de larges sentiers et des places de parking\" alt=\"Calle Las Palmeras\" style=\"width: 262px; height: 196px;\" \/> <\/a> <\/div> <\/div> <!-- close group --> <\/div> <!-- close row --> <div class=\"gallery-row\" style=\"width: 769px; height: 186px;\" data-original-width=\"769\" data-original-height=\"186\" > <div class=\"gallery-group images-1\" style=\"width: 246px; height: 186px;\" data-original-width=\"246\" data-original-height=\"186\" > <div class=\"tiled-gallery-item tiled-gallery-item-small\" itemprop=\"associatedMedia\" itemscope itemtype=\"http:\/\/schema.org\/ImageObject\"> <a href=\"https:\/\/www.ferienwohnungnerja.de\/fr\/tour-historique-au-dessus-des-appartements-de-vacances\/\" border=\"0\" itemprop=\"url\"> <meta itemprop=\"width\" content=\"242\"> <meta itemprop=\"height\" content=\"182\"> <img decoding=\"async\" class=\"\" data-attachment-id=\"2340\" data-orig-file=\"https:\/\/www.ferienwohnungnerja.de\/wp-content\/uploads\/2019\/08\/san_juan_de_capistrano04.jpg\" data-orig-size=\"1400,1050\" data-comments-opened=\"\" data-image-meta=\"{&quot;aperture&quot;:&quot;0&quot;,&quot;credit&quot;:&quot;&quot;,&quot;camera&quot;:&quot;&quot;,&quot;caption&quot;:&quot;&quot;,&quot;created_timestamp&quot;:&quot;0&quot;,&quot;copyright&quot;:&quot;&quot;,&quot;focal_length&quot;:&quot;0&quot;,&quot;iso&quot;:&quot;0&quot;,&quot;shutter_speed&quot;:&quot;0&quot;,&quot;title&quot;:&quot;&quot;,&quot;orientation&quot;:&quot;0&quot;}\" data-image-title=\"Tour historique au-dessus des appartements de vacances\" data-image-description=\"\" data-medium-file=\"https:\/\/i0.wp.com\/www.ferienwohnungnerja.de\/wp-content\/uploads\/2019\/08\/san_juan_de_capistrano04.jpg?fit=300%2C225&#038;ssl=1\" data-large-file=\"https:\/\/i0.wp.com\/www.ferienwohnungnerja.de\/wp-content\/uploads\/2019\/08\/san_juan_de_capistrano04.jpg?fit=769%2C577&#038;ssl=1\" src=\"https:\/\/i0.wp.com\/www.ferienwohnungnerja.de\/wp-content\/uploads\/2019\/08\/san_juan_de_capistrano04.jpg?w=242&#038;h=182&#038;ssl=1\" srcset=\"https:\/\/i0.wp.com\/www.ferienwohnungnerja.de\/wp-content\/uploads\/2019\/08\/san_juan_de_capistrano04.jpg?w=1400&amp;ssl=1 1400w, https:\/\/i0.wp.com\/www.ferienwohnungnerja.de\/wp-content\/uploads\/2019\/08\/san_juan_de_capistrano04.jpg?resize=300%2C225&amp;ssl=1 300w, https:\/\/i0.wp.com\/www.ferienwohnungnerja.de\/wp-content\/uploads\/2019\/08\/san_juan_de_capistrano04.jpg?resize=768%2C576&amp;ssl=1 768w, https:\/\/i0.wp.com\/www.ferienwohnungnerja.de\/wp-content\/uploads\/2019\/08\/san_juan_de_capistrano04.jpg?resize=1024%2C768&amp;ssl=1 1024w, https:\/\/i0.wp.com\/www.ferienwohnungnerja.de\/wp-content\/uploads\/2019\/08\/san_juan_de_capistrano04.jpg?resize=824%2C618&amp;ssl=1 824w, https:\/\/i0.wp.com\/www.ferienwohnungnerja.de\/wp-content\/uploads\/2019\/08\/san_juan_de_capistrano04.jpg?resize=717%2C540&amp;ssl=1 717w\" width=\"242\" height=\"182\" loading=\"lazy\" data-original-width=\"242\" data-original-height=\"182\" itemprop=\"http:\/\/schema.org\/image\" title=\"Tour historique au-dessus des appartements de vacances\" alt=\"Tour historique\" style=\"width: 242px; height: 182px;\" \/> <\/a> <\/div> <\/div> <!-- close group --> <div class=\"gallery-group images-1\" style=\"width: 277px; height: 186px;\" data-original-width=\"277\" data-original-height=\"186\" > <div class=\"tiled-gallery-item tiled-gallery-item-large\" itemprop=\"associatedMedia\" itemscope itemtype=\"http:\/\/schema.org\/ImageObject\"> <a href=\"https:\/\/www.ferienwohnungnerja.de\/fr\/de-partout-on-a-une-vue-magnifique-sur-nerja-et-la-mediterranee\/\" border=\"0\" itemprop=\"url\"> <meta itemprop=\"width\" content=\"273\"> <meta itemprop=\"height\" content=\"182\"> <img decoding=\"async\" class=\"\" data-attachment-id=\"2339\" data-orig-file=\"https:\/\/www.ferienwohnungnerja.de\/wp-content\/uploads\/2019\/08\/san_juan_de_capistrano05.jpg\" data-orig-size=\"1400,933\" data-comments-opened=\"\" data-image-meta=\"{&quot;aperture&quot;:&quot;0&quot;,&quot;credit&quot;:&quot;&quot;,&quot;camera&quot;:&quot;&quot;,&quot;caption&quot;:&quot;&quot;,&quot;created_timestamp&quot;:&quot;0&quot;,&quot;copyright&quot;:&quot;&quot;,&quot;focal_length&quot;:&quot;0&quot;,&quot;iso&quot;:&quot;0&quot;,&quot;shutter_speed&quot;:&quot;0&quot;,&quot;title&quot;:&quot;&quot;,&quot;orientation&quot;:&quot;0&quot;}\" data-image-title=\"De partout, on a une vue magnifique sur Nerja et la M\u00e9diterran\u00e9e\" data-image-description=\"\" data-medium-file=\"https:\/\/i0.wp.com\/www.ferienwohnungnerja.de\/wp-content\/uploads\/2019\/08\/san_juan_de_capistrano05.jpg?fit=300%2C200&#038;ssl=1\" data-large-file=\"https:\/\/i0.wp.com\/www.ferienwohnungnerja.de\/wp-content\/uploads\/2019\/08\/san_juan_de_capistrano05.jpg?fit=769%2C512&#038;ssl=1\" src=\"https:\/\/i0.wp.com\/www.ferienwohnungnerja.de\/wp-content\/uploads\/2019\/08\/san_juan_de_capistrano05.jpg?w=273&#038;h=182&#038;ssl=1\" srcset=\"https:\/\/i0.wp.com\/www.ferienwohnungnerja.de\/wp-content\/uploads\/2019\/08\/san_juan_de_capistrano05.jpg?w=1400&amp;ssl=1 1400w, https:\/\/i0.wp.com\/www.ferienwohnungnerja.de\/wp-content\/uploads\/2019\/08\/san_juan_de_capistrano05.jpg?resize=300%2C200&amp;ssl=1 300w, https:\/\/i0.wp.com\/www.ferienwohnungnerja.de\/wp-content\/uploads\/2019\/08\/san_juan_de_capistrano05.jpg?resize=768%2C512&amp;ssl=1 768w, https:\/\/i0.wp.com\/www.ferienwohnungnerja.de\/wp-content\/uploads\/2019\/08\/san_juan_de_capistrano05.jpg?resize=1024%2C682&amp;ssl=1 1024w, https:\/\/i0.wp.com\/www.ferienwohnungnerja.de\/wp-content\/uploads\/2019\/08\/san_juan_de_capistrano05.jpg?resize=927%2C618&amp;ssl=1 927w\" width=\"273\" height=\"182\" loading=\"lazy\" data-original-width=\"273\" data-original-height=\"182\" itemprop=\"http:\/\/schema.org\/image\" title=\"De partout, on a une vue magnifique sur Nerja et la M\u00e9diterran\u00e9e\" alt=\"vue magnifique sur Nerja\" style=\"width: 273px; height: 182px;\" \/> <\/a> <\/div> <\/div> <!-- close group --> <div class=\"gallery-group images-1\" style=\"width: 246px; height: 186px;\" data-original-width=\"246\" data-original-height=\"186\" > <div class=\"tiled-gallery-item tiled-gallery-item-small\" itemprop=\"associatedMedia\" itemscope itemtype=\"http:\/\/schema.org\/ImageObject\"> <a href=\"https:\/\/www.ferienwohnungnerja.de\/fr\/lentree-de-lappartement-de-vacances-villa-limon\/\" border=\"0\" itemprop=\"url\"> <meta itemprop=\"width\" content=\"242\"> <meta itemprop=\"height\" content=\"182\"> <img decoding=\"async\" class=\"\" data-attachment-id=\"2338\" data-orig-file=\"https:\/\/www.ferienwohnungnerja.de\/wp-content\/uploads\/2019\/08\/san_juan_de_capistrano06.jpg\" data-orig-size=\"1400,1050\" data-comments-opened=\"\" data-image-meta=\"{&quot;aperture&quot;:&quot;0&quot;,&quot;credit&quot;:&quot;&quot;,&quot;camera&quot;:&quot;&quot;,&quot;caption&quot;:&quot;&quot;,&quot;created_timestamp&quot;:&quot;0&quot;,&quot;copyright&quot;:&quot;&quot;,&quot;focal_length&quot;:&quot;0&quot;,&quot;iso&quot;:&quot;0&quot;,&quot;shutter_speed&quot;:&quot;0&quot;,&quot;title&quot;:&quot;&quot;,&quot;orientation&quot;:&quot;0&quot;}\" data-image-title=\"L&amp;#8217;entr\u00e9e de l&amp;#8217;appartement de vacances Villa Lim\u00f3n\" data-image-description=\"\" data-medium-file=\"https:\/\/i0.wp.com\/www.ferienwohnungnerja.de\/wp-content\/uploads\/2019\/08\/san_juan_de_capistrano06.jpg?fit=300%2C225&#038;ssl=1\" data-large-file=\"https:\/\/i0.wp.com\/www.ferienwohnungnerja.de\/wp-content\/uploads\/2019\/08\/san_juan_de_capistrano06.jpg?fit=769%2C577&#038;ssl=1\" src=\"https:\/\/i0.wp.com\/www.ferienwohnungnerja.de\/wp-content\/uploads\/2019\/08\/san_juan_de_capistrano06.jpg?w=242&#038;h=182&#038;ssl=1\" srcset=\"https:\/\/i0.wp.com\/www.ferienwohnungnerja.de\/wp-content\/uploads\/2019\/08\/san_juan_de_capistrano06.jpg?w=1400&amp;ssl=1 1400w, https:\/\/i0.wp.com\/www.ferienwohnungnerja.de\/wp-content\/uploads\/2019\/08\/san_juan_de_capistrano06.jpg?resize=300%2C225&amp;ssl=1 300w, https:\/\/i0.wp.com\/www.ferienwohnungnerja.de\/wp-content\/uploads\/2019\/08\/san_juan_de_capistrano06.jpg?resize=768%2C576&amp;ssl=1 768w, https:\/\/i0.wp.com\/www.ferienwohnungnerja.de\/wp-content\/uploads\/2019\/08\/san_juan_de_capistrano06.jpg?resize=1024%2C768&amp;ssl=1 1024w, https:\/\/i0.wp.com\/www.ferienwohnungnerja.de\/wp-content\/uploads\/2019\/08\/san_juan_de_capistrano06.jpg?resize=824%2C618&amp;ssl=1 824w, https:\/\/i0.wp.com\/www.ferienwohnungnerja.de\/wp-content\/uploads\/2019\/08\/san_juan_de_capistrano06.jpg?resize=717%2C540&amp;ssl=1 717w\" width=\"242\" height=\"182\" loading=\"lazy\" data-original-width=\"242\" data-original-height=\"182\" itemprop=\"http:\/\/schema.org\/image\" title=\"L&#039;entr\u00e9e de l&#039;appartement de vacances Villa Lim\u00f3n\" alt=\"L&#039;entr\u00e9e de Villa Lim\u00f3n\" style=\"width: 242px; height: 182px;\" \/> <\/a> <\/div> <\/div> <!-- close group --> <\/div> <!-- close row --> <div class=\"gallery-row\" style=\"width: 769px; height: 351px;\" data-original-width=\"769\" data-original-height=\"351\" > <div class=\"gallery-group images-2\" style=\"width: 233px; height: 351px;\" data-original-width=\"233\" data-original-height=\"351\" > <div class=\"tiled-gallery-item tiled-gallery-item-small\" itemprop=\"associatedMedia\" itemscope itemtype=\"http:\/\/schema.org\/ImageObject\"> <a href=\"https:\/\/www.ferienwohnungnerja.de\/fr\/parcs-verts-en-dessous-de-lappartement-de-vacances-la-perla\/\" border=\"0\" itemprop=\"url\"> <meta itemprop=\"width\" content=\"229\"> <meta itemprop=\"height\" content=\"172\"> <img decoding=\"async\" class=\"\" data-attachment-id=\"2337\" data-orig-file=\"https:\/\/www.ferienwohnungnerja.de\/wp-content\/uploads\/2019\/08\/san_juan_de_capistrano07.jpg\" data-orig-size=\"1400,1050\" data-comments-opened=\"\" data-image-meta=\"{&quot;aperture&quot;:&quot;0&quot;,&quot;credit&quot;:&quot;&quot;,&quot;camera&quot;:&quot;&quot;,&quot;caption&quot;:&quot;&quot;,&quot;created_timestamp&quot;:&quot;0&quot;,&quot;copyright&quot;:&quot;&quot;,&quot;focal_length&quot;:&quot;0&quot;,&quot;iso&quot;:&quot;0&quot;,&quot;shutter_speed&quot;:&quot;0&quot;,&quot;title&quot;:&quot;&quot;,&quot;orientation&quot;:&quot;0&quot;}\" data-image-title=\"Parcs verts en dessous de l&amp;#8217;appartement de vacances La Perla\" data-image-description=\"\" data-medium-file=\"https:\/\/i0.wp.com\/www.ferienwohnungnerja.de\/wp-content\/uploads\/2019\/08\/san_juan_de_capistrano07.jpg?fit=300%2C225&#038;ssl=1\" data-large-file=\"https:\/\/i0.wp.com\/www.ferienwohnungnerja.de\/wp-content\/uploads\/2019\/08\/san_juan_de_capistrano07.jpg?fit=769%2C577&#038;ssl=1\" src=\"https:\/\/i0.wp.com\/www.ferienwohnungnerja.de\/wp-content\/uploads\/2019\/08\/san_juan_de_capistrano07.jpg?w=229&#038;h=172&#038;ssl=1\" srcset=\"https:\/\/i0.wp.com\/www.ferienwohnungnerja.de\/wp-content\/uploads\/2019\/08\/san_juan_de_capistrano07.jpg?w=1400&amp;ssl=1 1400w, https:\/\/i0.wp.com\/www.ferienwohnungnerja.de\/wp-content\/uploads\/2019\/08\/san_juan_de_capistrano07.jpg?resize=300%2C225&amp;ssl=1 300w, https:\/\/i0.wp.com\/www.ferienwohnungnerja.de\/wp-content\/uploads\/2019\/08\/san_juan_de_capistrano07.jpg?resize=768%2C576&amp;ssl=1 768w, https:\/\/i0.wp.com\/www.ferienwohnungnerja.de\/wp-content\/uploads\/2019\/08\/san_juan_de_capistrano07.jpg?resize=1024%2C768&amp;ssl=1 1024w, https:\/\/i0.wp.com\/www.ferienwohnungnerja.de\/wp-content\/uploads\/2019\/08\/san_juan_de_capistrano07.jpg?resize=824%2C618&amp;ssl=1 824w, https:\/\/i0.wp.com\/www.ferienwohnungnerja.de\/wp-content\/uploads\/2019\/08\/san_juan_de_capistrano07.jpg?resize=717%2C540&amp;ssl=1 717w\" width=\"229\" height=\"172\" loading=\"lazy\" data-original-width=\"229\" data-original-height=\"172\" itemprop=\"http:\/\/schema.org\/image\" title=\"Parcs verts en dessous de l&#039;appartement de vacances La Perla\" alt=\"Parcs verts en dessous de l&#039;appartement de vacances\" style=\"width: 229px; height: 172px;\" \/> <\/a> <\/div> <div class=\"tiled-gallery-item tiled-gallery-item-small\" itemprop=\"associatedMedia\" itemscope itemtype=\"http:\/\/schema.org\/ImageObject\"> <a href=\"https:\/\/www.ferienwohnungnerja.de\/fr\/espaces-verts-entre-les-maisons-de-vacances\/\" border=\"0\" itemprop=\"url\"> <meta itemprop=\"width\" content=\"229\"> <meta itemprop=\"height\" content=\"171\"> <img decoding=\"async\" class=\"\" data-attachment-id=\"2336\" data-orig-file=\"https:\/\/www.ferienwohnungnerja.de\/wp-content\/uploads\/2019\/08\/san_juan_de_capistrano08.jpg\" data-orig-size=\"1400,1050\" data-comments-opened=\"\" data-image-meta=\"{&quot;aperture&quot;:&quot;0&quot;,&quot;credit&quot;:&quot;&quot;,&quot;camera&quot;:&quot;&quot;,&quot;caption&quot;:&quot;&quot;,&quot;created_timestamp&quot;:&quot;0&quot;,&quot;copyright&quot;:&quot;&quot;,&quot;focal_length&quot;:&quot;0&quot;,&quot;iso&quot;:&quot;0&quot;,&quot;shutter_speed&quot;:&quot;0&quot;,&quot;title&quot;:&quot;&quot;,&quot;orientation&quot;:&quot;0&quot;}\" data-image-title=\"Espaces verts entre les maisons de vacances\" data-image-description=\"\" data-medium-file=\"https:\/\/i0.wp.com\/www.ferienwohnungnerja.de\/wp-content\/uploads\/2019\/08\/san_juan_de_capistrano08.jpg?fit=300%2C225&#038;ssl=1\" data-large-file=\"https:\/\/i0.wp.com\/www.ferienwohnungnerja.de\/wp-content\/uploads\/2019\/08\/san_juan_de_capistrano08.jpg?fit=769%2C577&#038;ssl=1\" src=\"https:\/\/i0.wp.com\/www.ferienwohnungnerja.de\/wp-content\/uploads\/2019\/08\/san_juan_de_capistrano08.jpg?w=229&#038;h=171&#038;ssl=1\" srcset=\"https:\/\/i0.wp.com\/www.ferienwohnungnerja.de\/wp-content\/uploads\/2019\/08\/san_juan_de_capistrano08.jpg?w=1400&amp;ssl=1 1400w, https:\/\/i0.wp.com\/www.ferienwohnungnerja.de\/wp-content\/uploads\/2019\/08\/san_juan_de_capistrano08.jpg?resize=300%2C225&amp;ssl=1 300w, https:\/\/i0.wp.com\/www.ferienwohnungnerja.de\/wp-content\/uploads\/2019\/08\/san_juan_de_capistrano08.jpg?resize=768%2C576&amp;ssl=1 768w, https:\/\/i0.wp.com\/www.ferienwohnungnerja.de\/wp-content\/uploads\/2019\/08\/san_juan_de_capistrano08.jpg?resize=1024%2C768&amp;ssl=1 1024w, https:\/\/i0.wp.com\/www.ferienwohnungnerja.de\/wp-content\/uploads\/2019\/08\/san_juan_de_capistrano08.jpg?resize=824%2C618&amp;ssl=1 824w, https:\/\/i0.wp.com\/www.ferienwohnungnerja.de\/wp-content\/uploads\/2019\/08\/san_juan_de_capistrano08.jpg?resize=717%2C540&amp;ssl=1 717w\" width=\"229\" height=\"171\" loading=\"lazy\" data-original-width=\"229\" data-original-height=\"171\" itemprop=\"http:\/\/schema.org\/image\" title=\"Espaces verts entre les maisons de vacances\" alt=\"Espaces verts entre les maisons de vacances\" style=\"width: 229px; height: 171px;\" \/> <\/a> <\/div> <\/div> <!-- close group --> <div class=\"gallery-group images-1\" style=\"width: 536px; height: 351px;\" data-original-width=\"536\" data-original-height=\"351\" > <div class=\"tiled-gallery-item tiled-gallery-item-large\" itemprop=\"associatedMedia\" itemscope itemtype=\"http:\/\/schema.org\/ImageObject\"> <a href=\"https:\/\/www.ferienwohnungnerja.de\/fr\/le-supermarche-a-environ-150-m-des-appartements\/\" border=\"0\" itemprop=\"url\"> <meta itemprop=\"width\" content=\"532\"> <meta itemprop=\"height\" content=\"347\"> <img decoding=\"async\" class=\"\" data-attachment-id=\"2335\" data-orig-file=\"https:\/\/www.ferienwohnungnerja.de\/wp-content\/uploads\/2019\/08\/san_juan_de_capistrano09.jpg\" data-orig-size=\"1400,914\" data-comments-opened=\"\" data-image-meta=\"{&quot;aperture&quot;:&quot;0&quot;,&quot;credit&quot;:&quot;&quot;,&quot;camera&quot;:&quot;&quot;,&quot;caption&quot;:&quot;&quot;,&quot;created_timestamp&quot;:&quot;0&quot;,&quot;copyright&quot;:&quot;&quot;,&quot;focal_length&quot;:&quot;0&quot;,&quot;iso&quot;:&quot;0&quot;,&quot;shutter_speed&quot;:&quot;0&quot;,&quot;title&quot;:&quot;&quot;,&quot;orientation&quot;:&quot;0&quot;}\" data-image-title=\"Le supermarch\u00e9, \u00e0 environ 150 m des appartements.\" data-image-description=\"\" data-medium-file=\"https:\/\/i0.wp.com\/www.ferienwohnungnerja.de\/wp-content\/uploads\/2019\/08\/san_juan_de_capistrano09.jpg?fit=300%2C196&#038;ssl=1\" data-large-file=\"https:\/\/i0.wp.com\/www.ferienwohnungnerja.de\/wp-content\/uploads\/2019\/08\/san_juan_de_capistrano09.jpg?fit=769%2C502&#038;ssl=1\" src=\"https:\/\/i0.wp.com\/www.ferienwohnungnerja.de\/wp-content\/uploads\/2019\/08\/san_juan_de_capistrano09.jpg?w=532&#038;h=347&#038;ssl=1\" srcset=\"https:\/\/i0.wp.com\/www.ferienwohnungnerja.de\/wp-content\/uploads\/2019\/08\/san_juan_de_capistrano09.jpg?w=1400&amp;ssl=1 1400w, https:\/\/i0.wp.com\/www.ferienwohnungnerja.de\/wp-content\/uploads\/2019\/08\/san_juan_de_capistrano09.jpg?resize=300%2C196&amp;ssl=1 300w, https:\/\/i0.wp.com\/www.ferienwohnungnerja.de\/wp-content\/uploads\/2019\/08\/san_juan_de_capistrano09.jpg?resize=768%2C501&amp;ssl=1 768w, https:\/\/i0.wp.com\/www.ferienwohnungnerja.de\/wp-content\/uploads\/2019\/08\/san_juan_de_capistrano09.jpg?resize=1024%2C669&amp;ssl=1 1024w, https:\/\/i0.wp.com\/www.ferienwohnungnerja.de\/wp-content\/uploads\/2019\/08\/san_juan_de_capistrano09.jpg?resize=947%2C618&amp;ssl=1 947w\" width=\"532\" height=\"347\" loading=\"lazy\" data-original-width=\"532\" data-original-height=\"347\" itemprop=\"http:\/\/schema.org\/image\" title=\"Le supermarch\u00e9, \u00e0 environ 150 m des appartements.\" alt=\"Le supermarch\u00e9 de San Juan de Capistrano\" style=\"width: 532px; height: 347px;\" \/> <\/a> <\/div> <\/div> <!-- close group --> <\/div> <!-- close row --> <div class=\"gallery-row\" style=\"width: 769px; height: 281px;\" data-original-width=\"769\" data-original-height=\"281\" > <div class=\"gallery-group images-1\" style=\"width: 374px; height: 281px;\" data-original-width=\"374\" data-original-height=\"281\" > <div class=\"tiled-gallery-item tiled-gallery-item-large\" itemprop=\"associatedMedia\" itemscope itemtype=\"http:\/\/schema.org\/ImageObject\"> <a href=\"https:\/\/www.ferienwohnungnerja.de\/fr\/bar-restaurant-au-bord-de-la-piscine\/\" border=\"0\" itemprop=\"url\"> <meta itemprop=\"width\" content=\"370\"> <meta itemprop=\"height\" content=\"277\"> <img decoding=\"async\" class=\"\" data-attachment-id=\"2334\" data-orig-file=\"https:\/\/www.ferienwohnungnerja.de\/wp-content\/uploads\/2019\/08\/san_juan_de_capistrano10.jpg\" data-orig-size=\"1400,1050\" data-comments-opened=\"\" data-image-meta=\"{&quot;aperture&quot;:&quot;0&quot;,&quot;credit&quot;:&quot;&quot;,&quot;camera&quot;:&quot;&quot;,&quot;caption&quot;:&quot;&quot;,&quot;created_timestamp&quot;:&quot;0&quot;,&quot;copyright&quot;:&quot;&quot;,&quot;focal_length&quot;:&quot;0&quot;,&quot;iso&quot;:&quot;0&quot;,&quot;shutter_speed&quot;:&quot;0&quot;,&quot;title&quot;:&quot;&quot;,&quot;orientation&quot;:&quot;0&quot;}\" data-image-title=\"Bar\/Restaurant au bord de la piscine\" data-image-description=\"\" data-medium-file=\"https:\/\/i0.wp.com\/www.ferienwohnungnerja.de\/wp-content\/uploads\/2019\/08\/san_juan_de_capistrano10.jpg?fit=300%2C225&#038;ssl=1\" data-large-file=\"https:\/\/i0.wp.com\/www.ferienwohnungnerja.de\/wp-content\/uploads\/2019\/08\/san_juan_de_capistrano10.jpg?fit=769%2C577&#038;ssl=1\" src=\"https:\/\/i0.wp.com\/www.ferienwohnungnerja.de\/wp-content\/uploads\/2019\/08\/san_juan_de_capistrano10.jpg?w=370&#038;h=277&#038;ssl=1\" srcset=\"https:\/\/i0.wp.com\/www.ferienwohnungnerja.de\/wp-content\/uploads\/2019\/08\/san_juan_de_capistrano10.jpg?w=1400&amp;ssl=1 1400w, https:\/\/i0.wp.com\/www.ferienwohnungnerja.de\/wp-content\/uploads\/2019\/08\/san_juan_de_capistrano10.jpg?resize=300%2C225&amp;ssl=1 300w, https:\/\/i0.wp.com\/www.ferienwohnungnerja.de\/wp-content\/uploads\/2019\/08\/san_juan_de_capistrano10.jpg?resize=768%2C576&amp;ssl=1 768w, https:\/\/i0.wp.com\/www.ferienwohnungnerja.de\/wp-content\/uploads\/2019\/08\/san_juan_de_capistrano10.jpg?resize=1024%2C768&amp;ssl=1 1024w, https:\/\/i0.wp.com\/www.ferienwohnungnerja.de\/wp-content\/uploads\/2019\/08\/san_juan_de_capistrano10.jpg?resize=824%2C618&amp;ssl=1 824w\" width=\"370\" height=\"277\" loading=\"lazy\" data-original-width=\"370\" data-original-height=\"277\" itemprop=\"http:\/\/schema.org\/image\" title=\"Bar\/Restaurant au bord de la piscine\" alt=\"Bar\/Restaurant au bord de la piscine\" style=\"width: 370px; height: 277px;\" \/> <\/a> <\/div> <\/div> <!-- close group --> <div class=\"gallery-group images-1\" style=\"width: 395px; height: 281px;\" data-original-width=\"395\" data-original-height=\"281\" > <div class=\"tiled-gallery-item tiled-gallery-item-large\" itemprop=\"associatedMedia\" itemscope itemtype=\"http:\/\/schema.org\/ImageObject\"> <a href=\"https:\/\/www.ferienwohnungnerja.de\/fr\/restaurant-avec-vue-sur-la-piscine\/\" border=\"0\" itemprop=\"url\"> <meta itemprop=\"width\" content=\"391\"> <meta itemprop=\"height\" content=\"277\"> <img decoding=\"async\" class=\"\" data-attachment-id=\"2333\" data-orig-file=\"https:\/\/www.ferienwohnungnerja.de\/wp-content\/uploads\/2019\/08\/san_juan_de_capistrano11.jpg\" data-orig-size=\"1400,992\" data-comments-opened=\"\" data-image-meta=\"{&quot;aperture&quot;:&quot;0&quot;,&quot;credit&quot;:&quot;&quot;,&quot;camera&quot;:&quot;&quot;,&quot;caption&quot;:&quot;&quot;,&quot;created_timestamp&quot;:&quot;0&quot;,&quot;copyright&quot;:&quot;&quot;,&quot;focal_length&quot;:&quot;0&quot;,&quot;iso&quot;:&quot;0&quot;,&quot;shutter_speed&quot;:&quot;0&quot;,&quot;title&quot;:&quot;&quot;,&quot;orientation&quot;:&quot;0&quot;}\" data-image-title=\"Restaurant avec vue sur la piscine.\" data-image-description=\"\" data-medium-file=\"https:\/\/i0.wp.com\/www.ferienwohnungnerja.de\/wp-content\/uploads\/2019\/08\/san_juan_de_capistrano11.jpg?fit=300%2C213&#038;ssl=1\" data-large-file=\"https:\/\/i0.wp.com\/www.ferienwohnungnerja.de\/wp-content\/uploads\/2019\/08\/san_juan_de_capistrano11.jpg?fit=769%2C545&#038;ssl=1\" src=\"https:\/\/i0.wp.com\/www.ferienwohnungnerja.de\/wp-content\/uploads\/2019\/08\/san_juan_de_capistrano11.jpg?w=391&#038;h=277&#038;ssl=1\" srcset=\"https:\/\/i0.wp.com\/www.ferienwohnungnerja.de\/wp-content\/uploads\/2019\/08\/san_juan_de_capistrano11.jpg?w=1400&amp;ssl=1 1400w, https:\/\/i0.wp.com\/www.ferienwohnungnerja.de\/wp-content\/uploads\/2019\/08\/san_juan_de_capistrano11.jpg?resize=300%2C213&amp;ssl=1 300w, https:\/\/i0.wp.com\/www.ferienwohnungnerja.de\/wp-content\/uploads\/2019\/08\/san_juan_de_capistrano11.jpg?resize=768%2C544&amp;ssl=1 768w, https:\/\/i0.wp.com\/www.ferienwohnungnerja.de\/wp-content\/uploads\/2019\/08\/san_juan_de_capistrano11.jpg?resize=1024%2C726&amp;ssl=1 1024w, https:\/\/i0.wp.com\/www.ferienwohnungnerja.de\/wp-content\/uploads\/2019\/08\/san_juan_de_capistrano11.jpg?resize=872%2C618&amp;ssl=1 872w\" width=\"391\" height=\"277\" loading=\"lazy\" data-original-width=\"391\" data-original-height=\"277\" itemprop=\"http:\/\/schema.org\/image\" title=\"Restaurant avec vue sur la piscine.\" alt=\"Restaurant avec vue sur la piscine.\" style=\"width: 391px; height: 277px;\" \/> <\/a> <\/div> <\/div> <!-- close group --> <\/div> <!-- close row --> <div class=\"gallery-row\" style=\"width: 769px; height: 342px;\" data-original-width=\"769\" data-original-height=\"342\" > <div class=\"gallery-group images-1\" style=\"width: 511px; height: 342px;\" data-original-width=\"511\" data-original-height=\"342\" > <div class=\"tiled-gallery-item tiled-gallery-item-large\" itemprop=\"associatedMedia\" itemscope itemtype=\"http:\/\/schema.org\/ImageObject\"> <a href=\"https:\/\/www.ferienwohnungnerja.de\/fr\/bus-de-ville-regulier-pour-nerja\/\" border=\"0\" itemprop=\"url\"> <meta itemprop=\"width\" content=\"507\"> <meta itemprop=\"height\" content=\"338\"> <img decoding=\"async\" class=\"\" data-attachment-id=\"2380\" data-orig-file=\"https:\/\/www.ferienwohnungnerja.de\/wp-content\/uploads\/2019\/08\/limon_stadtbus20.jpg\" data-orig-size=\"1600,1067\" data-comments-opened=\"\" data-image-meta=\"{&quot;aperture&quot;:&quot;0&quot;,&quot;credit&quot;:&quot;&quot;,&quot;camera&quot;:&quot;&quot;,&quot;caption&quot;:&quot;&quot;,&quot;created_timestamp&quot;:&quot;0&quot;,&quot;copyright&quot;:&quot;&quot;,&quot;focal_length&quot;:&quot;0&quot;,&quot;iso&quot;:&quot;0&quot;,&quot;shutter_speed&quot;:&quot;0&quot;,&quot;title&quot;:&quot;&quot;,&quot;orientation&quot;:&quot;0&quot;}\" data-image-title=\"Bus de ville r\u00e9gulier pour Nerja.\" data-image-description=\"\" data-medium-file=\"https:\/\/i0.wp.com\/www.ferienwohnungnerja.de\/wp-content\/uploads\/2019\/08\/limon_stadtbus20.jpg?fit=300%2C200&#038;ssl=1\" data-large-file=\"https:\/\/i0.wp.com\/www.ferienwohnungnerja.de\/wp-content\/uploads\/2019\/08\/limon_stadtbus20.jpg?fit=769%2C513&#038;ssl=1\" src=\"https:\/\/i0.wp.com\/www.ferienwohnungnerja.de\/wp-content\/uploads\/2019\/08\/limon_stadtbus20.jpg?w=507&#038;h=338&#038;ssl=1\" srcset=\"https:\/\/i0.wp.com\/www.ferienwohnungnerja.de\/wp-content\/uploads\/2019\/08\/limon_stadtbus20.jpg?w=1600&amp;ssl=1 1600w, https:\/\/i0.wp.com\/www.ferienwohnungnerja.de\/wp-content\/uploads\/2019\/08\/limon_stadtbus20.jpg?resize=300%2C200&amp;ssl=1 300w, https:\/\/i0.wp.com\/www.ferienwohnungnerja.de\/wp-content\/uploads\/2019\/08\/limon_stadtbus20.jpg?resize=768%2C512&amp;ssl=1 768w, https:\/\/i0.wp.com\/www.ferienwohnungnerja.de\/wp-content\/uploads\/2019\/08\/limon_stadtbus20.jpg?resize=1024%2C683&amp;ssl=1 1024w, https:\/\/i0.wp.com\/www.ferienwohnungnerja.de\/wp-content\/uploads\/2019\/08\/limon_stadtbus20.jpg?resize=927%2C618&amp;ssl=1 927w, https:\/\/i0.wp.com\/www.ferienwohnungnerja.de\/wp-content\/uploads\/2019\/08\/limon_stadtbus20.jpg?w=1538&amp;ssl=1 1538w\" width=\"507\" height=\"338\" loading=\"lazy\" data-original-width=\"507\" data-original-height=\"338\" itemprop=\"http:\/\/schema.org\/image\" title=\"Bus de ville r\u00e9gulier pour Nerja.\" alt=\"Bus de ville Nerja.\" style=\"width: 507px; height: 338px;\" \/> <\/a> <\/div> <\/div> <!-- close group --> <div class=\"gallery-group images-2\" style=\"width: 258px; height: 342px;\" data-original-width=\"258\" data-original-height=\"342\" > <div class=\"tiled-gallery-item tiled-gallery-item-large\" itemprop=\"associatedMedia\" itemscope itemtype=\"http:\/\/schema.org\/ImageObject\"> <a href=\"https:\/\/www.ferienwohnungnerja.de\/fr\/piscine-avec-entree-peu-profonde-ile-rocheuse-et-petites-chutes-deau\/\" border=\"0\" itemprop=\"url\"> <meta itemprop=\"width\" content=\"254\"> <meta itemprop=\"height\" content=\"164\"> <img decoding=\"async\" class=\"\" data-attachment-id=\"2397\" data-orig-file=\"https:\/\/www.ferienwohnungnerja.de\/wp-content\/uploads\/2019\/08\/capistrano_pool21.jpg\" data-orig-size=\"1600,1033\" data-comments-opened=\"\" data-image-meta=\"{&quot;aperture&quot;:&quot;0&quot;,&quot;credit&quot;:&quot;&quot;,&quot;camera&quot;:&quot;&quot;,&quot;caption&quot;:&quot;&quot;,&quot;created_timestamp&quot;:&quot;0&quot;,&quot;copyright&quot;:&quot;&quot;,&quot;focal_length&quot;:&quot;0&quot;,&quot;iso&quot;:&quot;0&quot;,&quot;shutter_speed&quot;:&quot;0&quot;,&quot;title&quot;:&quot;&quot;,&quot;orientation&quot;:&quot;0&quot;}\" data-image-title=\"Piscine avec entr\u00e9e peu profonde, \u00eele rocheuse et petites chutes d&amp;#8217;eau.\" data-image-description=\"\" data-medium-file=\"https:\/\/i0.wp.com\/www.ferienwohnungnerja.de\/wp-content\/uploads\/2019\/08\/capistrano_pool21.jpg?fit=300%2C194&#038;ssl=1\" data-large-file=\"https:\/\/i0.wp.com\/www.ferienwohnungnerja.de\/wp-content\/uploads\/2019\/08\/capistrano_pool21.jpg?fit=769%2C496&#038;ssl=1\" src=\"https:\/\/i0.wp.com\/www.ferienwohnungnerja.de\/wp-content\/uploads\/2019\/08\/capistrano_pool21.jpg?w=254&#038;h=164&#038;ssl=1\" srcset=\"https:\/\/i0.wp.com\/www.ferienwohnungnerja.de\/wp-content\/uploads\/2019\/08\/capistrano_pool21.jpg?w=1600&amp;ssl=1 1600w, https:\/\/i0.wp.com\/www.ferienwohnungnerja.de\/wp-content\/uploads\/2019\/08\/capistrano_pool21.jpg?resize=300%2C194&amp;ssl=1 300w, https:\/\/i0.wp.com\/www.ferienwohnungnerja.de\/wp-content\/uploads\/2019\/08\/capistrano_pool21.jpg?resize=768%2C496&amp;ssl=1 768w, https:\/\/i0.wp.com\/www.ferienwohnungnerja.de\/wp-content\/uploads\/2019\/08\/capistrano_pool21.jpg?resize=1024%2C661&amp;ssl=1 1024w, https:\/\/i0.wp.com\/www.ferienwohnungnerja.de\/wp-content\/uploads\/2019\/08\/capistrano_pool21.jpg?resize=957%2C618&amp;ssl=1 957w, https:\/\/i0.wp.com\/www.ferienwohnungnerja.de\/wp-content\/uploads\/2019\/08\/capistrano_pool21.jpg?w=1538&amp;ssl=1 1538w\" width=\"254\" height=\"164\" loading=\"lazy\" data-original-width=\"254\" data-original-height=\"164\" itemprop=\"http:\/\/schema.org\/image\" title=\"Piscine avec entr\u00e9e peu profonde, \u00eele rocheuse et petites chutes d&#039;eau.\" alt=\"Piscine avec entr\u00e9e peu profonde.\" style=\"width: 254px; height: 164px;\" \/> <\/a> <\/div> <div class=\"tiled-gallery-item tiled-gallery-item-large\" itemprop=\"associatedMedia\" itemscope itemtype=\"http:\/\/schema.org\/ImageObject\"> <a href=\"https:\/\/www.ferienwohnungnerja.de\/fr\/autour-de-la-piscine-il-y-a-des-pelouses-avec-des-chaises-longues-et-deux-bars-de-piscine\/\" border=\"0\" itemprop=\"url\"> <meta itemprop=\"width\" content=\"254\"> <meta itemprop=\"height\" content=\"170\"> <img decoding=\"async\" class=\"\" data-attachment-id=\"2396\" data-orig-file=\"https:\/\/www.ferienwohnungnerja.de\/wp-content\/uploads\/2019\/08\/capistrano_poolanlage22.jpg\" data-orig-size=\"1600,1067\" data-comments-opened=\"\" data-image-meta=\"{&quot;aperture&quot;:&quot;0&quot;,&quot;credit&quot;:&quot;&quot;,&quot;camera&quot;:&quot;&quot;,&quot;caption&quot;:&quot;&quot;,&quot;created_timestamp&quot;:&quot;0&quot;,&quot;copyright&quot;:&quot;&quot;,&quot;focal_length&quot;:&quot;0&quot;,&quot;iso&quot;:&quot;0&quot;,&quot;shutter_speed&quot;:&quot;0&quot;,&quot;title&quot;:&quot;&quot;,&quot;orientation&quot;:&quot;0&quot;}\" data-image-title=\"Autour de la piscine il ya des pelouses avec chaises longues et 2 bars de piscine.\" data-image-description=\"\" data-medium-file=\"https:\/\/i0.wp.com\/www.ferienwohnungnerja.de\/wp-content\/uploads\/2019\/08\/capistrano_poolanlage22.jpg?fit=300%2C200&#038;ssl=1\" data-large-file=\"https:\/\/i0.wp.com\/www.ferienwohnungnerja.de\/wp-content\/uploads\/2019\/08\/capistrano_poolanlage22.jpg?fit=769%2C513&#038;ssl=1\" src=\"https:\/\/i0.wp.com\/www.ferienwohnungnerja.de\/wp-content\/uploads\/2019\/08\/capistrano_poolanlage22.jpg?w=254&#038;h=170&#038;ssl=1\" srcset=\"https:\/\/i0.wp.com\/www.ferienwohnungnerja.de\/wp-content\/uploads\/2019\/08\/capistrano_poolanlage22.jpg?w=1600&amp;ssl=1 1600w, https:\/\/i0.wp.com\/www.ferienwohnungnerja.de\/wp-content\/uploads\/2019\/08\/capistrano_poolanlage22.jpg?resize=300%2C200&amp;ssl=1 300w, https:\/\/i0.wp.com\/www.ferienwohnungnerja.de\/wp-content\/uploads\/2019\/08\/capistrano_poolanlage22.jpg?resize=768%2C512&amp;ssl=1 768w, https:\/\/i0.wp.com\/www.ferienwohnungnerja.de\/wp-content\/uploads\/2019\/08\/capistrano_poolanlage22.jpg?resize=1024%2C683&amp;ssl=1 1024w, https:\/\/i0.wp.com\/www.ferienwohnungnerja.de\/wp-content\/uploads\/2019\/08\/capistrano_poolanlage22.jpg?resize=927%2C618&amp;ssl=1 927w, https:\/\/i0.wp.com\/www.ferienwohnungnerja.de\/wp-content\/uploads\/2019\/08\/capistrano_poolanlage22.jpg?w=1538&amp;ssl=1 1538w\" width=\"254\" height=\"170\" loading=\"lazy\" data-original-width=\"254\" data-original-height=\"170\" itemprop=\"http:\/\/schema.org\/image\" title=\"Autour de la piscine il ya des pelouses avec chaises longues et 2 bars de piscine.\" alt=\"Grande piscine en mer\" style=\"width: 254px; height: 170px;\" \/> <\/a> <\/div> <\/div> <!-- close group --> <\/div> <!-- close row --> <\/div><\/li><\/ul><\/div><!-- widgets_on_page -->\n\n<p>La piscine est am\u00e9nag\u00e9e comme un grand lac avec une \u00eele rocheuse et entour\u00e9e de pelouse comme une zone de bronzage, avec une vue magnifique sur Nerja et la mer M\u00e9diterran\u00e9e. Il y a aussi une piscine pour enfants pour les tout-petits. <br \/> Les piscines sont ouvertes de P\u00e2ques jusqu\u2019\u00e0 la fin du mois d\u2019octobre. En \u00e9t\u00e9, la piscine ferme \u00e0 21 heures, mais les bars et restaurants de la piscine sont ouverts jusqu\u2019\u00e0 minuit.<br \/><br \/> Il ya aussi un supermarch\u00e9 sur place offrant une large gamme de produits, de la nourriture \u00e0 tongs. Le supermarch\u00e9 est ouvert de mars \u00e0 novembre.<br \/> Un service de bus r\u00e9gulier circule toute l\u2019ann\u00e9e de San Juan \u00e0 Nerja. <br \/><br \/>Un mot de plus sur l\u2019autoroute:<br \/>Sur Google Maps, vous pouvez voir que l\u2019autoroute passe tr\u00e8s pr\u00e8s au-dessus du complexe. Cependant, il traverse un tunnel ici et n\u2019est ni visible ni entendu de nos appartements.<br \/><\/p>\n","protected":false},"excerpt":{"rendered":"<p>San Juan de Capistrano a \u00e9t\u00e9 construit entre 1984 et 1986 et s\u2019est d\u00e9velopp\u00e9 au fil des ans en l\u2019une des urbanisations les plus attrayantes et recherch\u00e9es sur l\u2019est de la Costa del Sol. L\u2019urbanisation se compose de charmantes villas, appartements et appartements, qui ont \u00e9t\u00e9 construits et positionn\u00e9s dans le style &#8220;pueblo&#8221; de telle &hellip; <a href=\"https:\/\/www.ferienwohnungnerja.de\/fr\/san-juan-de-capistrano\/\" class=\"more-link\">Continue reading<span class=\"screen-reader-text\"> &#8220;San Juan de Capistrano&#8221;<\/span><\/a><\/p>\n","protected":false},"author":3,"featured_media":2373,"parent":0,"menu_order":0,"comment_status":"closed","ping_status":"closed","template":"template-full-width-page.php","meta":{"jetpack_post_was_ever_published":false,"footnotes":""},"class_list":["post-2436","page","type-page","status-publish","has-post-thumbnail","hentry"],"yoast_head":"<!-- This site is optimized with the Yoast SEO plugin v26.9 - https:\/\/yoast.com\/product\/yoast-seo-wordpress\/ -->\n<title>San Juan de Capistrano Nerja - Costa del Sol, Locations de vacances<\/title>\n<meta name=\"description\" content=\"San Juan de Capistrano se compose d\u2019appartements et de villas avec une vue charmante sur Nerja, la mer M\u00e9diterran\u00e9e et la Costa del Sol.\" \/>\n<meta name=\"robots\" content=\"index, follow, max-snippet:-1, max-image-preview:large, max-video-preview:-1\" \/>\n<link rel=\"canonical\" href=\"https:\/\/www.ferienwohnungnerja.de\/fr\/san-juan-de-capistrano\/\" \/>\n<meta property=\"og:locale\" content=\"fr_FR\" \/>\n<meta property=\"og:type\" content=\"article\" \/>\n<meta property=\"og:title\" content=\"San Juan de Capistrano Nerja - Costa del Sol, Locations de vacances\" \/>\n<meta property=\"og:description\" content=\"San Juan de Capistrano se compose d\u2019appartements et de villas avec une vue charmante sur Nerja, la mer M\u00e9diterran\u00e9e et la Costa del Sol.\" \/>\n<meta property=\"og:url\" content=\"https:\/\/www.ferienwohnungnerja.de\/fr\/san-juan-de-capistrano\/\" \/>\n<meta property=\"og:site_name\" content=\"ferienwohnungnerja.de\" \/>\n<meta property=\"article:modified_time\" content=\"2020-04-14T16:53:10+00:00\" \/>\n<meta property=\"og:image\" content=\"https:\/\/i1.wp.com\/www.ferienwohnungnerja.de\/wp-content\/uploads\/2019\/08\/bg6.jpg?fit=1900%2C1267&ssl=1\" \/>\n\t<meta property=\"og:image:width\" content=\"1900\" \/>\n\t<meta property=\"og:image:height\" content=\"1267\" \/>\n\t<meta property=\"og:image:type\" content=\"image\/jpeg\" \/>\n<meta name=\"twitter:card\" content=\"summary_large_image\" \/>\n<meta name=\"twitter:label1\" content=\"Dur\u00e9e de lecture estim\u00e9e\" \/>\n\t<meta name=\"twitter:data1\" content=\"2 minutes\" \/>\n<script type=\"application\/ld+json\" class=\"yoast-schema-graph\">{\"@context\":\"https:\/\/schema.org\",\"@graph\":[{\"@type\":\"WebPage\",\"@id\":\"https:\/\/www.ferienwohnungnerja.de\/fr\/san-juan-de-capistrano\/\",\"url\":\"https:\/\/www.ferienwohnungnerja.de\/fr\/san-juan-de-capistrano\/\",\"name\":\"San Juan de Capistrano Nerja - Costa del Sol, Locations de vacances\",\"isPartOf\":{\"@id\":\"https:\/\/www.ferienwohnungnerja.de\/fr\/#website\"},\"primaryImageOfPage\":{\"@id\":\"https:\/\/www.ferienwohnungnerja.de\/fr\/san-juan-de-capistrano\/#primaryimage\"},\"image\":{\"@id\":\"https:\/\/www.ferienwohnungnerja.de\/fr\/san-juan-de-capistrano\/#primaryimage\"},\"thumbnailUrl\":\"https:\/\/i0.wp.com\/www.ferienwohnungnerja.de\/wp-content\/uploads\/2019\/08\/bg6.jpg?fit=1900%2C1267&ssl=1\",\"datePublished\":\"2020-04-14T16:51:39+00:00\",\"dateModified\":\"2020-04-14T16:53:10+00:00\",\"description\":\"San Juan de Capistrano se compose d\u2019appartements et de villas avec une vue charmante sur Nerja, la mer M\u00e9diterran\u00e9e et la Costa del Sol.\",\"breadcrumb\":{\"@id\":\"https:\/\/www.ferienwohnungnerja.de\/fr\/san-juan-de-capistrano\/#breadcrumb\"},\"inLanguage\":\"fr-FR\",\"potentialAction\":[{\"@type\":\"ReadAction\",\"target\":[\"https:\/\/www.ferienwohnungnerja.de\/fr\/san-juan-de-capistrano\/\"]}]},{\"@type\":\"ImageObject\",\"inLanguage\":\"fr-FR\",\"@id\":\"https:\/\/www.ferienwohnungnerja.de\/fr\/san-juan-de-capistrano\/#primaryimage\",\"url\":\"https:\/\/i0.wp.com\/www.ferienwohnungnerja.de\/wp-content\/uploads\/2019\/08\/bg6.jpg?fit=1900%2C1267&ssl=1\",\"contentUrl\":\"https:\/\/i0.wp.com\/www.ferienwohnungnerja.de\/wp-content\/uploads\/2019\/08\/bg6.jpg?fit=1900%2C1267&ssl=1\",\"width\":1900,\"height\":1267,\"caption\":\"Vue de Nerja\"},{\"@type\":\"BreadcrumbList\",\"@id\":\"https:\/\/www.ferienwohnungnerja.de\/fr\/san-juan-de-capistrano\/#breadcrumb\",\"itemListElement\":[{\"@type\":\"ListItem\",\"position\":1,\"name\":\"Startseite\",\"item\":\"https:\/\/www.ferienwohnungnerja.de\/fr\/\"},{\"@type\":\"ListItem\",\"position\":2,\"name\":\"San Juan de Capistrano\"}]},{\"@type\":\"WebSite\",\"@id\":\"https:\/\/www.ferienwohnungnerja.de\/fr\/#website\",\"url\":\"https:\/\/www.ferienwohnungnerja.de\/fr\/\",\"name\":\"ferienwohnungnerja.de\",\"description\":\"Ferienwohnungen in Nerja\",\"publisher\":{\"@id\":\"https:\/\/www.ferienwohnungnerja.de\/fr\/#\/schema\/person\/16748c9dad4472e47ffa70599fb57c67\"},\"potentialAction\":[{\"@type\":\"SearchAction\",\"target\":{\"@type\":\"EntryPoint\",\"urlTemplate\":\"https:\/\/www.ferienwohnungnerja.de\/fr\/?s={search_term_string}\"},\"query-input\":{\"@type\":\"PropertyValueSpecification\",\"valueRequired\":true,\"valueName\":\"search_term_string\"}}],\"inLanguage\":\"fr-FR\"},{\"@type\":[\"Person\",\"Organization\"],\"@id\":\"https:\/\/www.ferienwohnungnerja.de\/fr\/#\/schema\/person\/16748c9dad4472e47ffa70599fb57c67\",\"name\":\"adminnerja\",\"image\":{\"@type\":\"ImageObject\",\"inLanguage\":\"fr-FR\",\"@id\":\"https:\/\/www.ferienwohnungnerja.de\/fr\/#\/schema\/person\/image\/\",\"url\":\"https:\/\/secure.gravatar.com\/avatar\/385c6b5598370fe7b91dd03c855835170a55d4467846df8e92d47236c59f2036?s=96&d=mm&r=g\",\"contentUrl\":\"https:\/\/secure.gravatar.com\/avatar\/385c6b5598370fe7b91dd03c855835170a55d4467846df8e92d47236c59f2036?s=96&d=mm&r=g\",\"caption\":\"adminnerja\"},\"logo\":{\"@id\":\"https:\/\/www.ferienwohnungnerja.de\/fr\/#\/schema\/person\/image\/\"}}]}<\/script>\n<!-- \/ Yoast SEO plugin. -->","yoast_head_json":{"title":"San Juan de Capistrano Nerja - Costa del Sol, Locations de vacances","description":"San Juan de Capistrano se compose d\u2019appartements et de villas avec une vue charmante sur Nerja, la mer M\u00e9diterran\u00e9e et la Costa del Sol.","robots":{"index":"index","follow":"follow","max-snippet":"max-snippet:-1","max-image-preview":"max-image-preview:large","max-video-preview":"max-video-preview:-1"},"canonical":"https:\/\/www.ferienwohnungnerja.de\/fr\/san-juan-de-capistrano\/","og_locale":"fr_FR","og_type":"article","og_title":"San Juan de Capistrano Nerja - Costa del Sol, Locations de vacances","og_description":"San Juan de Capistrano se compose d\u2019appartements et de villas avec une vue charmante sur Nerja, la mer M\u00e9diterran\u00e9e et la Costa del Sol.","og_url":"https:\/\/www.ferienwohnungnerja.de\/fr\/san-juan-de-capistrano\/","og_site_name":"ferienwohnungnerja.de","article_modified_time":"2020-04-14T16:53:10+00:00","og_image":[{"width":1900,"height":1267,"url":"https:\/\/i1.wp.com\/www.ferienwohnungnerja.de\/wp-content\/uploads\/2019\/08\/bg6.jpg?fit=1900%2C1267&ssl=1","type":"image\/jpeg"}],"twitter_card":"summary_large_image","twitter_misc":{"Dur\u00e9e de lecture estim\u00e9e":"2 minutes"},"schema":{"@context":"https:\/\/schema.org","@graph":[{"@type":"WebPage","@id":"https:\/\/www.ferienwohnungnerja.de\/fr\/san-juan-de-capistrano\/","url":"https:\/\/www.ferienwohnungnerja.de\/fr\/san-juan-de-capistrano\/","name":"San Juan de Capistrano Nerja - Costa del Sol, Locations de vacances","isPartOf":{"@id":"https:\/\/www.ferienwohnungnerja.de\/fr\/#website"},"primaryImageOfPage":{"@id":"https:\/\/www.ferienwohnungnerja.de\/fr\/san-juan-de-capistrano\/#primaryimage"},"image":{"@id":"https:\/\/www.ferienwohnungnerja.de\/fr\/san-juan-de-capistrano\/#primaryimage"},"thumbnailUrl":"https:\/\/i0.wp.com\/www.ferienwohnungnerja.de\/wp-content\/uploads\/2019\/08\/bg6.jpg?fit=1900%2C1267&ssl=1","datePublished":"2020-04-14T16:51:39+00:00","dateModified":"2020-04-14T16:53:10+00:00","description":"San Juan de Capistrano se compose d\u2019appartements et de villas avec une vue charmante sur Nerja, la mer M\u00e9diterran\u00e9e et la Costa del Sol.","breadcrumb":{"@id":"https:\/\/www.ferienwohnungnerja.de\/fr\/san-juan-de-capistrano\/#breadcrumb"},"inLanguage":"fr-FR","potentialAction":[{"@type":"ReadAction","target":["https:\/\/www.ferienwohnungnerja.de\/fr\/san-juan-de-capistrano\/"]}]},{"@type":"ImageObject","inLanguage":"fr-FR","@id":"https:\/\/www.ferienwohnungnerja.de\/fr\/san-juan-de-capistrano\/#primaryimage","url":"https:\/\/i0.wp.com\/www.ferienwohnungnerja.de\/wp-content\/uploads\/2019\/08\/bg6.jpg?fit=1900%2C1267&ssl=1","contentUrl":"https:\/\/i0.wp.com\/www.ferienwohnungnerja.de\/wp-content\/uploads\/2019\/08\/bg6.jpg?fit=1900%2C1267&ssl=1","width":1900,"height":1267,"caption":"Vue de Nerja"},{"@type":"BreadcrumbList","@id":"https:\/\/www.ferienwohnungnerja.de\/fr\/san-juan-de-capistrano\/#breadcrumb","itemListElement":[{"@type":"ListItem","position":1,"name":"Startseite","item":"https:\/\/www.ferienwohnungnerja.de\/fr\/"},{"@type":"ListItem","position":2,"name":"San Juan de Capistrano"}]},{"@type":"WebSite","@id":"https:\/\/www.ferienwohnungnerja.de\/fr\/#website","url":"https:\/\/www.ferienwohnungnerja.de\/fr\/","name":"ferienwohnungnerja.de","description":"Ferienwohnungen in Nerja","publisher":{"@id":"https:\/\/www.ferienwohnungnerja.de\/fr\/#\/schema\/person\/16748c9dad4472e47ffa70599fb57c67"},"potentialAction":[{"@type":"SearchAction","target":{"@type":"EntryPoint","urlTemplate":"https:\/\/www.ferienwohnungnerja.de\/fr\/?s={search_term_string}"},"query-input":{"@type":"PropertyValueSpecification","valueRequired":true,"valueName":"search_term_string"}}],"inLanguage":"fr-FR"},{"@type":["Person","Organization"],"@id":"https:\/\/www.ferienwohnungnerja.de\/fr\/#\/schema\/person\/16748c9dad4472e47ffa70599fb57c67","name":"adminnerja","image":{"@type":"ImageObject","inLanguage":"fr-FR","@id":"https:\/\/www.ferienwohnungnerja.de\/fr\/#\/schema\/person\/image\/","url":"https:\/\/secure.gravatar.com\/avatar\/385c6b5598370fe7b91dd03c855835170a55d4467846df8e92d47236c59f2036?s=96&d=mm&r=g","contentUrl":"https:\/\/secure.gravatar.com\/avatar\/385c6b5598370fe7b91dd03c855835170a55d4467846df8e92d47236c59f2036?s=96&d=mm&r=g","caption":"adminnerja"},"logo":{"@id":"https:\/\/www.ferienwohnungnerja.de\/fr\/#\/schema\/person\/image\/"}}]}},"jetpack_sharing_enabled":true,"jetpack_shortlink":"https:\/\/wp.me\/PbaoeD-Di","_links":{"self":[{"href":"https:\/\/www.ferienwohnungnerja.de\/fr\/wp-json\/wp\/v2\/pages\/2436","targetHints":{"allow":["GET"]}}],"collection":[{"href":"https:\/\/www.ferienwohnungnerja.de\/fr\/wp-json\/wp\/v2\/pages"}],"about":[{"href":"https:\/\/www.ferienwohnungnerja.de\/fr\/wp-json\/wp\/v2\/types\/page"}],"author":[{"embeddable":true,"href":"https:\/\/www.ferienwohnungnerja.de\/fr\/wp-json\/wp\/v2\/users\/3"}],"replies":[{"embeddable":true,"href":"https:\/\/www.ferienwohnungnerja.de\/fr\/wp-json\/wp\/v2\/comments?post=2436"}],"version-history":[{"count":5,"href":"https:\/\/www.ferienwohnungnerja.de\/fr\/wp-json\/wp\/v2\/pages\/2436\/revisions"}],"predecessor-version":[{"id":2441,"href":"https:\/\/www.ferienwohnungnerja.de\/fr\/wp-json\/wp\/v2\/pages\/2436\/revisions\/2441"}],"wp:featuredmedia":[{"embeddable":true,"href":"https:\/\/www.ferienwohnungnerja.de\/fr\/wp-json\/wp\/v2\/media\/2373"}],"wp:attachment":[{"href":"https:\/\/www.ferienwohnungnerja.de\/fr\/wp-json\/wp\/v2\/media?parent=2436"}],"curies":[{"name":"wp","href":"https:\/\/api.w.org\/{rel}","templated":true}]}}