{"id":2443,"date":"2020-04-14T18:54:39","date_gmt":"2020-04-14T16:54:39","guid":{"rendered":"https:\/\/www.ferienwohnungnerja.de\/plages-autour-de-nerja\/"},"modified":"2020-04-16T13:10:13","modified_gmt":"2020-04-16T11:10:13","slug":"plages-autour-de-nerja","status":"publish","type":"page","link":"https:\/\/www.ferienwohnungnerja.de\/fr\/plages-autour-de-nerja\/","title":{"rendered":"Plages autour de Nerja"},"content":{"rendered":"<div id='Galerie_Str\u00e4nde' class='widgets_on_page wop_tiny1  wop_small1  wop_medium1  wop_large1  wop_wide1'>\n\t\t\t<ul><li id=\"media_gallery-9\" class=\"widget widget_media_gallery\"><div class=\"tiled-gallery type-rectangular tiled-gallery-unresized\" data-original-width=\"769\" data-carousel-extra='{&quot;blog_id&quot;:1,&quot;permalink&quot;:&quot;https:\\\/\\\/www.ferienwohnungnerja.de\\\/fr\\\/plages-autour-de-nerja\\\/&quot;,&quot;likes_blog_id&quot;:165016139}' itemscope itemtype=\"http:\/\/schema.org\/ImageGallery\" > <div class=\"gallery-row\" style=\"width: 769px; height: 347px;\" data-original-width=\"769\" data-original-height=\"347\" > <div class=\"gallery-group images-1\" style=\"width: 518px; height: 347px;\" data-original-width=\"518\" data-original-height=\"347\" > <div class=\"tiled-gallery-item tiled-gallery-item-large\" itemprop=\"associatedMedia\" itemscope itemtype=\"http:\/\/schema.org\/ImageObject\"> <a href=\"https:\/\/www.ferienwohnungnerja.de\/fr\/burriana-plage\/\" border=\"0\" itemprop=\"url\"> <meta itemprop=\"width\" content=\"514\"> <meta itemprop=\"height\" content=\"343\"> <img decoding=\"async\" class=\"\" data-attachment-id=\"2323\" data-orig-file=\"https:\/\/www.ferienwohnungnerja.de\/wp-content\/uploads\/2019\/08\/burriana-strand.jpg\" data-orig-size=\"1000,667\" data-comments-opened=\"\" data-image-meta=\"{&quot;aperture&quot;:&quot;0&quot;,&quot;credit&quot;:&quot;&quot;,&quot;camera&quot;:&quot;&quot;,&quot;caption&quot;:&quot;&quot;,&quot;created_timestamp&quot;:&quot;0&quot;,&quot;copyright&quot;:&quot;&quot;,&quot;focal_length&quot;:&quot;0&quot;,&quot;iso&quot;:&quot;0&quot;,&quot;shutter_speed&quot;:&quot;0&quot;,&quot;title&quot;:&quot;&quot;,&quot;orientation&quot;:&quot;0&quot;}\" data-image-title=\"Burriana plage\" data-image-description=\"\" data-medium-file=\"https:\/\/i0.wp.com\/www.ferienwohnungnerja.de\/wp-content\/uploads\/2019\/08\/burriana-strand.jpg?fit=300%2C200&#038;ssl=1\" data-large-file=\"https:\/\/i0.wp.com\/www.ferienwohnungnerja.de\/wp-content\/uploads\/2019\/08\/burriana-strand.jpg?fit=769%2C513&#038;ssl=1\" src=\"https:\/\/i0.wp.com\/www.ferienwohnungnerja.de\/wp-content\/uploads\/2019\/08\/burriana-strand.jpg?w=514&#038;h=343&#038;ssl=1\" srcset=\"https:\/\/i0.wp.com\/www.ferienwohnungnerja.de\/wp-content\/uploads\/2019\/08\/burriana-strand.jpg?w=1000&amp;ssl=1 1000w, https:\/\/i0.wp.com\/www.ferienwohnungnerja.de\/wp-content\/uploads\/2019\/08\/burriana-strand.jpg?resize=300%2C200&amp;ssl=1 300w, https:\/\/i0.wp.com\/www.ferienwohnungnerja.de\/wp-content\/uploads\/2019\/08\/burriana-strand.jpg?resize=768%2C512&amp;ssl=1 768w, https:\/\/i0.wp.com\/www.ferienwohnungnerja.de\/wp-content\/uploads\/2019\/08\/burriana-strand.jpg?resize=927%2C618&amp;ssl=1 927w\" width=\"514\" height=\"343\" loading=\"lazy\" data-original-width=\"514\" data-original-height=\"343\" itemprop=\"http:\/\/schema.org\/image\" title=\"Burriana plage\" alt=\"burriana-plage\" style=\"width: 514px; height: 343px;\" \/> <\/a> <\/div> <\/div> <!-- close group --> <div class=\"gallery-group images-2\" style=\"width: 251px; height: 347px;\" data-original-width=\"251\" data-original-height=\"347\" > <div class=\"tiled-gallery-item tiled-gallery-item-small\" itemprop=\"associatedMedia\" itemscope itemtype=\"http:\/\/schema.org\/ImageObject\"> <a href=\"https:\/\/www.ferienwohnungnerja.de\/fr\/la-plage-de-burriana-en-ete-avec-vue-sur-le-parc-naturel-du-maro\/\" border=\"0\" itemprop=\"url\"> <meta itemprop=\"width\" content=\"247\"> <meta itemprop=\"height\" content=\"174\"> <img decoding=\"async\" class=\"\" data-attachment-id=\"2330\" data-orig-file=\"https:\/\/www.ferienwohnungnerja.de\/wp-content\/uploads\/2019\/08\/strand11.jpg\" data-orig-size=\"800,565\" data-comments-opened=\"\" data-image-meta=\"{&quot;aperture&quot;:&quot;0&quot;,&quot;credit&quot;:&quot;&quot;,&quot;camera&quot;:&quot;&quot;,&quot;caption&quot;:&quot;&quot;,&quot;created_timestamp&quot;:&quot;0&quot;,&quot;copyright&quot;:&quot;&quot;,&quot;focal_length&quot;:&quot;0&quot;,&quot;iso&quot;:&quot;0&quot;,&quot;shutter_speed&quot;:&quot;0&quot;,&quot;title&quot;:&quot;&quot;,&quot;orientation&quot;:&quot;0&quot;}\" data-image-title=\"La plage de Burriana en \u00e9t\u00e9 avec vue sur le parc naturel du Maro.\" data-image-description=\"\" data-medium-file=\"https:\/\/i0.wp.com\/www.ferienwohnungnerja.de\/wp-content\/uploads\/2019\/08\/strand11.jpg?fit=300%2C212&#038;ssl=1\" data-large-file=\"https:\/\/i0.wp.com\/www.ferienwohnungnerja.de\/wp-content\/uploads\/2019\/08\/strand11.jpg?fit=769%2C543&#038;ssl=1\" src=\"https:\/\/i0.wp.com\/www.ferienwohnungnerja.de\/wp-content\/uploads\/2019\/08\/strand11.jpg?w=247&#038;h=174&#038;ssl=1\" srcset=\"https:\/\/i0.wp.com\/www.ferienwohnungnerja.de\/wp-content\/uploads\/2019\/08\/strand11.jpg?w=800&amp;ssl=1 800w, https:\/\/i0.wp.com\/www.ferienwohnungnerja.de\/wp-content\/uploads\/2019\/08\/strand11.jpg?resize=300%2C212&amp;ssl=1 300w, https:\/\/i0.wp.com\/www.ferienwohnungnerja.de\/wp-content\/uploads\/2019\/08\/strand11.jpg?resize=768%2C542&amp;ssl=1 768w\" width=\"247\" height=\"174\" loading=\"lazy\" data-original-width=\"247\" data-original-height=\"174\" itemprop=\"http:\/\/schema.org\/image\" title=\"La plage de Burriana en \u00e9t\u00e9 avec vue sur le parc naturel du Maro.\" alt=\"Burriana Strand\" style=\"width: 247px; height: 174px;\" \/> <\/a> <\/div> <div class=\"tiled-gallery-item tiled-gallery-item-small\" itemprop=\"associatedMedia\" itemscope itemtype=\"http:\/\/schema.org\/ImageObject\"> <a href=\"https:\/\/www.ferienwohnungnerja.de\/fr\/la-plage-de-burriana-est-la-plus-celebre-et-probablement-la-plus-belle-plage-de-nerja-longueur-700m-avec-promenade-et-nombreux-restaurants-a-2-km-des-appartements\/\" border=\"0\" itemprop=\"url\"> <meta itemprop=\"width\" content=\"247\"> <meta itemprop=\"height\" content=\"165\"> <img decoding=\"async\" class=\"\" data-attachment-id=\"2331\" data-orig-file=\"https:\/\/www.ferienwohnungnerja.de\/wp-content\/uploads\/2019\/08\/strand10.jpg\" data-orig-size=\"800,533\" data-comments-opened=\"\" data-image-meta=\"{&quot;aperture&quot;:&quot;0&quot;,&quot;credit&quot;:&quot;&quot;,&quot;camera&quot;:&quot;&quot;,&quot;caption&quot;:&quot;&quot;,&quot;created_timestamp&quot;:&quot;0&quot;,&quot;copyright&quot;:&quot;&quot;,&quot;focal_length&quot;:&quot;0&quot;,&quot;iso&quot;:&quot;0&quot;,&quot;shutter_speed&quot;:&quot;0&quot;,&quot;title&quot;:&quot;&quot;,&quot;orientation&quot;:&quot;0&quot;}\" data-image-title=\"La plage de Burriana est la plus c\u00e9l\u00e8bre et probablement la plus belle plage de Nerja. Longueur : 700m, avec promenade et nombreux restaurants, \u00e0 2 km des appartements.\" data-image-description=\"\" data-medium-file=\"https:\/\/i0.wp.com\/www.ferienwohnungnerja.de\/wp-content\/uploads\/2019\/08\/strand10.jpg?fit=300%2C200&#038;ssl=1\" data-large-file=\"https:\/\/i0.wp.com\/www.ferienwohnungnerja.de\/wp-content\/uploads\/2019\/08\/strand10.jpg?fit=769%2C512&#038;ssl=1\" src=\"https:\/\/i0.wp.com\/www.ferienwohnungnerja.de\/wp-content\/uploads\/2019\/08\/strand10.jpg?w=247&#038;h=165&#038;ssl=1\" srcset=\"https:\/\/i0.wp.com\/www.ferienwohnungnerja.de\/wp-content\/uploads\/2019\/08\/strand10.jpg?w=800&amp;ssl=1 800w, https:\/\/i0.wp.com\/www.ferienwohnungnerja.de\/wp-content\/uploads\/2019\/08\/strand10.jpg?resize=300%2C200&amp;ssl=1 300w, https:\/\/i0.wp.com\/www.ferienwohnungnerja.de\/wp-content\/uploads\/2019\/08\/strand10.jpg?resize=768%2C512&amp;ssl=1 768w\" width=\"247\" height=\"165\" loading=\"lazy\" data-original-width=\"247\" data-original-height=\"165\" itemprop=\"http:\/\/schema.org\/image\" title=\"La plage de Burriana est la plus c\u00e9l\u00e8bre et probablement la plus belle plage de Nerja. Longueur : 700m, avec promenade et nombreux restaurants, \u00e0 2 km des appartements.\" alt=\"Burriana Strand Nerja\" style=\"width: 247px; height: 165px;\" \/> <\/a> <\/div> <\/div> <!-- close group --> <\/div> <!-- close row --> <div class=\"gallery-row\" style=\"width: 769px; height: 340px;\" data-original-width=\"769\" data-original-height=\"340\" > <div class=\"gallery-group images-2\" style=\"width: 261px; height: 340px;\" data-original-width=\"261\" data-original-height=\"340\" > <div class=\"tiled-gallery-item tiled-gallery-item-large\" itemprop=\"associatedMedia\" itemscope itemtype=\"http:\/\/schema.org\/ImageObject\"> <a href=\"https:\/\/www.ferienwohnungnerja.de\/fr\/carabello-strand\/\" border=\"0\" itemprop=\"url\"> <meta itemprop=\"width\" content=\"257\"> <meta itemprop=\"height\" content=\"160\"> <img decoding=\"async\" class=\"\" data-attachment-id=\"2329\" data-orig-file=\"https:\/\/www.ferienwohnungnerja.de\/wp-content\/uploads\/2019\/08\/strand12.jpg\" data-orig-size=\"550,342\" data-comments-opened=\"\" data-image-meta=\"{&quot;aperture&quot;:&quot;0&quot;,&quot;credit&quot;:&quot;&quot;,&quot;camera&quot;:&quot;&quot;,&quot;caption&quot;:&quot;&quot;,&quot;created_timestamp&quot;:&quot;0&quot;,&quot;copyright&quot;:&quot;&quot;,&quot;focal_length&quot;:&quot;0&quot;,&quot;iso&quot;:&quot;0&quot;,&quot;shutter_speed&quot;:&quot;0&quot;,&quot;title&quot;:&quot;&quot;,&quot;orientation&quot;:&quot;0&quot;}\" data-image-title=\"Carabello Strand\" data-image-description=\"\" data-medium-file=\"https:\/\/i0.wp.com\/www.ferienwohnungnerja.de\/wp-content\/uploads\/2019\/08\/strand12.jpg?fit=300%2C187&#038;ssl=1\" data-large-file=\"https:\/\/i0.wp.com\/www.ferienwohnungnerja.de\/wp-content\/uploads\/2019\/08\/strand12.jpg?fit=550%2C342&#038;ssl=1\" src=\"https:\/\/i0.wp.com\/www.ferienwohnungnerja.de\/wp-content\/uploads\/2019\/08\/strand12.jpg?w=257&#038;h=160&#038;ssl=1\" srcset=\"https:\/\/i0.wp.com\/www.ferienwohnungnerja.de\/wp-content\/uploads\/2019\/08\/strand12.jpg?w=550&amp;ssl=1 550w, https:\/\/i0.wp.com\/www.ferienwohnungnerja.de\/wp-content\/uploads\/2019\/08\/strand12.jpg?resize=300%2C187&amp;ssl=1 300w\" width=\"257\" height=\"160\" loading=\"lazy\" data-original-width=\"257\" data-original-height=\"160\" itemprop=\"http:\/\/schema.org\/image\" title=\"Carabello Strand\" alt=\"Carabello Strand\" style=\"width: 257px; height: 160px;\" \/> <\/a> <\/div> <div class=\"tiled-gallery-item tiled-gallery-item-large\" itemprop=\"associatedMedia\" itemscope itemtype=\"http:\/\/schema.org\/ImageObject\"> <a href=\"https:\/\/www.ferienwohnungnerja.de\/fr\/la-plage-de-calahonda-est-situee-directement-au-balcon-de-europa\/\" border=\"0\" itemprop=\"url\"> <meta itemprop=\"width\" content=\"257\"> <meta itemprop=\"height\" content=\"172\"> <img decoding=\"async\" class=\"\" data-attachment-id=\"2328\" data-orig-file=\"https:\/\/www.ferienwohnungnerja.de\/wp-content\/uploads\/2019\/08\/strand13.jpg\" data-orig-size=\"800,533\" data-comments-opened=\"\" data-image-meta=\"{&quot;aperture&quot;:&quot;0&quot;,&quot;credit&quot;:&quot;&quot;,&quot;camera&quot;:&quot;&quot;,&quot;caption&quot;:&quot;&quot;,&quot;created_timestamp&quot;:&quot;0&quot;,&quot;copyright&quot;:&quot;&quot;,&quot;focal_length&quot;:&quot;0&quot;,&quot;iso&quot;:&quot;0&quot;,&quot;shutter_speed&quot;:&quot;0&quot;,&quot;title&quot;:&quot;&quot;,&quot;orientation&quot;:&quot;0&quot;}\" data-image-title=\"La plage de Calahonda est situ\u00e9e directement au Balc\u00f3n de Europa.\" data-image-description=\"\" data-medium-file=\"https:\/\/i0.wp.com\/www.ferienwohnungnerja.de\/wp-content\/uploads\/2019\/08\/strand13.jpg?fit=300%2C200&#038;ssl=1\" data-large-file=\"https:\/\/i0.wp.com\/www.ferienwohnungnerja.de\/wp-content\/uploads\/2019\/08\/strand13.jpg?fit=769%2C512&#038;ssl=1\" src=\"https:\/\/i0.wp.com\/www.ferienwohnungnerja.de\/wp-content\/uploads\/2019\/08\/strand13.jpg?w=257&#038;h=172&#038;ssl=1\" srcset=\"https:\/\/i0.wp.com\/www.ferienwohnungnerja.de\/wp-content\/uploads\/2019\/08\/strand13.jpg?w=800&amp;ssl=1 800w, https:\/\/i0.wp.com\/www.ferienwohnungnerja.de\/wp-content\/uploads\/2019\/08\/strand13.jpg?resize=300%2C200&amp;ssl=1 300w, https:\/\/i0.wp.com\/www.ferienwohnungnerja.de\/wp-content\/uploads\/2019\/08\/strand13.jpg?resize=768%2C512&amp;ssl=1 768w\" width=\"257\" height=\"172\" loading=\"lazy\" data-original-width=\"257\" data-original-height=\"172\" itemprop=\"http:\/\/schema.org\/image\" title=\"La plage de Calahonda est situ\u00e9e directement au Balc\u00f3n de Europa.\" alt=\"La plage de Calahonda\" style=\"width: 257px; height: 172px;\" \/> <\/a> <\/div> <\/div> <!-- close group --> <div class=\"gallery-group images-1\" style=\"width: 508px; height: 340px;\" data-original-width=\"508\" data-original-height=\"340\" > <div class=\"tiled-gallery-item tiled-gallery-item-large\" itemprop=\"associatedMedia\" itemscope itemtype=\"http:\/\/schema.org\/ImageObject\"> <a href=\"https:\/\/www.ferienwohnungnerja.de\/fr\/calahonda-strand-nerja\/\" border=\"0\" itemprop=\"url\"> <meta itemprop=\"width\" content=\"504\"> <meta itemprop=\"height\" content=\"336\"> <img decoding=\"async\" class=\"\" data-attachment-id=\"2327\" data-orig-file=\"https:\/\/www.ferienwohnungnerja.de\/wp-content\/uploads\/2019\/08\/strand14.jpg\" data-orig-size=\"800,533\" data-comments-opened=\"\" data-image-meta=\"{&quot;aperture&quot;:&quot;0&quot;,&quot;credit&quot;:&quot;&quot;,&quot;camera&quot;:&quot;&quot;,&quot;caption&quot;:&quot;&quot;,&quot;created_timestamp&quot;:&quot;0&quot;,&quot;copyright&quot;:&quot;&quot;,&quot;focal_length&quot;:&quot;0&quot;,&quot;iso&quot;:&quot;0&quot;,&quot;shutter_speed&quot;:&quot;0&quot;,&quot;title&quot;:&quot;&quot;,&quot;orientation&quot;:&quot;0&quot;}\" data-image-title=\"Calahonda Strand Nerja\" data-image-description=\"\" data-medium-file=\"https:\/\/i0.wp.com\/www.ferienwohnungnerja.de\/wp-content\/uploads\/2019\/08\/strand14.jpg?fit=300%2C200&#038;ssl=1\" data-large-file=\"https:\/\/i0.wp.com\/www.ferienwohnungnerja.de\/wp-content\/uploads\/2019\/08\/strand14.jpg?fit=769%2C512&#038;ssl=1\" src=\"https:\/\/i0.wp.com\/www.ferienwohnungnerja.de\/wp-content\/uploads\/2019\/08\/strand14.jpg?w=504&#038;h=336&#038;ssl=1\" srcset=\"https:\/\/i0.wp.com\/www.ferienwohnungnerja.de\/wp-content\/uploads\/2019\/08\/strand14.jpg?w=800&amp;ssl=1 800w, https:\/\/i0.wp.com\/www.ferienwohnungnerja.de\/wp-content\/uploads\/2019\/08\/strand14.jpg?resize=300%2C200&amp;ssl=1 300w, https:\/\/i0.wp.com\/www.ferienwohnungnerja.de\/wp-content\/uploads\/2019\/08\/strand14.jpg?resize=768%2C512&amp;ssl=1 768w\" width=\"504\" height=\"336\" loading=\"lazy\" data-original-width=\"504\" data-original-height=\"336\" itemprop=\"http:\/\/schema.org\/image\" title=\"Calahonda Strand Nerja\" alt=\"Calahonda Strand Nerja\" style=\"width: 504px; height: 336px;\" \/> <\/a> <\/div> <\/div> <!-- close group --> <\/div> <!-- close row --> <div class=\"gallery-row\" style=\"width: 769px; height: 268px;\" data-original-width=\"769\" data-original-height=\"268\" > <div class=\"gallery-group images-1\" style=\"width: 401px; height: 268px;\" data-original-width=\"401\" data-original-height=\"268\" > <div class=\"tiled-gallery-item tiled-gallery-item-large\" itemprop=\"associatedMedia\" itemscope itemtype=\"http:\/\/schema.org\/ImageObject\"> <a href=\"https:\/\/www.ferienwohnungnerja.de\/fr\/playa-salon-belle-plage-sur-le-cote-droit-du-balcon-de-europa-avec-chiringuito\/\" border=\"0\" itemprop=\"url\"> <meta itemprop=\"width\" content=\"397\"> <meta itemprop=\"height\" content=\"264\"> <img decoding=\"async\" class=\"\" data-attachment-id=\"2326\" data-orig-file=\"https:\/\/www.ferienwohnungnerja.de\/wp-content\/uploads\/2019\/08\/strand15.jpg\" data-orig-size=\"800,533\" data-comments-opened=\"\" data-image-meta=\"{&quot;aperture&quot;:&quot;0&quot;,&quot;credit&quot;:&quot;&quot;,&quot;camera&quot;:&quot;&quot;,&quot;caption&quot;:&quot;&quot;,&quot;created_timestamp&quot;:&quot;0&quot;,&quot;copyright&quot;:&quot;&quot;,&quot;focal_length&quot;:&quot;0&quot;,&quot;iso&quot;:&quot;0&quot;,&quot;shutter_speed&quot;:&quot;0&quot;,&quot;title&quot;:&quot;&quot;,&quot;orientation&quot;:&quot;0&quot;}\" data-image-title=\"Playa Salon &amp;#8211; Belle plage sur le c\u00f4t\u00e9 droit du Balc\u00f3n de Europa avec Chiringuito.\" data-image-description=\"\" data-medium-file=\"https:\/\/i0.wp.com\/www.ferienwohnungnerja.de\/wp-content\/uploads\/2019\/08\/strand15.jpg?fit=300%2C200&#038;ssl=1\" data-large-file=\"https:\/\/i0.wp.com\/www.ferienwohnungnerja.de\/wp-content\/uploads\/2019\/08\/strand15.jpg?fit=769%2C512&#038;ssl=1\" src=\"https:\/\/i0.wp.com\/www.ferienwohnungnerja.de\/wp-content\/uploads\/2019\/08\/strand15.jpg?w=397&#038;h=264&#038;ssl=1\" srcset=\"https:\/\/i0.wp.com\/www.ferienwohnungnerja.de\/wp-content\/uploads\/2019\/08\/strand15.jpg?w=800&amp;ssl=1 800w, https:\/\/i0.wp.com\/www.ferienwohnungnerja.de\/wp-content\/uploads\/2019\/08\/strand15.jpg?resize=300%2C200&amp;ssl=1 300w, https:\/\/i0.wp.com\/www.ferienwohnungnerja.de\/wp-content\/uploads\/2019\/08\/strand15.jpg?resize=768%2C512&amp;ssl=1 768w\" width=\"397\" height=\"264\" loading=\"lazy\" data-original-width=\"397\" data-original-height=\"264\" itemprop=\"http:\/\/schema.org\/image\" title=\"Playa Salon - Belle plage sur le c\u00f4t\u00e9 droit du Balc\u00f3n de Europa avec Chiringuito.\" alt=\"Playa Salon Nerja\" style=\"width: 397px; height: 264px;\" \/> <\/a> <\/div> <\/div> <!-- close group --> <div class=\"gallery-group images-1\" style=\"width: 368px; height: 268px;\" data-original-width=\"368\" data-original-height=\"268\" > <div class=\"tiled-gallery-item tiled-gallery-item-large\" itemprop=\"associatedMedia\" itemscope itemtype=\"http:\/\/schema.org\/ImageObject\"> <a href=\"https:\/\/www.ferienwohnungnerja.de\/fr\/playa-canuelo-environ-7-km-a-lest-de-nerja-dans-le-parc-naturel-acantilados-de-maro\/\" border=\"0\" itemprop=\"url\"> <meta itemprop=\"width\" content=\"364\"> <meta itemprop=\"height\" content=\"264\"> <img decoding=\"async\" class=\"\" data-attachment-id=\"2325\" data-orig-file=\"https:\/\/www.ferienwohnungnerja.de\/wp-content\/uploads\/2019\/08\/strand16.jpg\" data-orig-size=\"800,580\" data-comments-opened=\"\" data-image-meta=\"{&quot;aperture&quot;:&quot;0&quot;,&quot;credit&quot;:&quot;&quot;,&quot;camera&quot;:&quot;&quot;,&quot;caption&quot;:&quot;&quot;,&quot;created_timestamp&quot;:&quot;0&quot;,&quot;copyright&quot;:&quot;&quot;,&quot;focal_length&quot;:&quot;0&quot;,&quot;iso&quot;:&quot;0&quot;,&quot;shutter_speed&quot;:&quot;0&quot;,&quot;title&quot;:&quot;&quot;,&quot;orientation&quot;:&quot;0&quot;}\" data-image-title=\"Playa Ca\u00f1uelo &amp;#8211; environ 7 km \u00e0 l&amp;#8217;est de Nerja, dans le parc naturel Acantilados de Maro.\" data-image-description=\"\" data-medium-file=\"https:\/\/i0.wp.com\/www.ferienwohnungnerja.de\/wp-content\/uploads\/2019\/08\/strand16.jpg?fit=300%2C218&#038;ssl=1\" data-large-file=\"https:\/\/i0.wp.com\/www.ferienwohnungnerja.de\/wp-content\/uploads\/2019\/08\/strand16.jpg?fit=769%2C558&#038;ssl=1\" src=\"https:\/\/i0.wp.com\/www.ferienwohnungnerja.de\/wp-content\/uploads\/2019\/08\/strand16.jpg?w=364&#038;h=264&#038;ssl=1\" srcset=\"https:\/\/i0.wp.com\/www.ferienwohnungnerja.de\/wp-content\/uploads\/2019\/08\/strand16.jpg?w=800&amp;ssl=1 800w, https:\/\/i0.wp.com\/www.ferienwohnungnerja.de\/wp-content\/uploads\/2019\/08\/strand16.jpg?resize=300%2C218&amp;ssl=1 300w, https:\/\/i0.wp.com\/www.ferienwohnungnerja.de\/wp-content\/uploads\/2019\/08\/strand16.jpg?resize=768%2C557&amp;ssl=1 768w\" width=\"364\" height=\"264\" loading=\"lazy\" data-original-width=\"364\" data-original-height=\"264\" itemprop=\"http:\/\/schema.org\/image\" title=\"Playa Ca\u00f1uelo - environ 7 km \u00e0 l&#039;est de Nerja, dans le parc naturel Acantilados de Maro.\" alt=\"Playa Ca\u00f1uelo\" style=\"width: 364px; height: 264px;\" \/> <\/a> <\/div> <\/div> <!-- close group --> <\/div> <!-- close row --> <div class=\"gallery-row\" style=\"width: 769px; height: 562px;\" data-original-width=\"769\" data-original-height=\"562\" > <div class=\"gallery-group images-1\" style=\"width: 769px; height: 562px;\" data-original-width=\"769\" data-original-height=\"562\" > <div class=\"tiled-gallery-item tiled-gallery-item-large\" itemprop=\"associatedMedia\" itemscope itemtype=\"http:\/\/schema.org\/ImageObject\"> <a href=\"https:\/\/www.ferienwohnungnerja.de\/fr\/lever-de-soleil-a-la-plage-de-burriana\/\" border=\"0\" itemprop=\"url\"> <meta itemprop=\"width\" content=\"765\"> <meta itemprop=\"height\" content=\"558\"> <img decoding=\"async\" class=\"\" data-attachment-id=\"2324\" data-orig-file=\"https:\/\/www.ferienwohnungnerja.de\/wp-content\/uploads\/2019\/08\/strand17.jpg\" data-orig-size=\"687,501\" data-comments-opened=\"\" data-image-meta=\"{&quot;aperture&quot;:&quot;0&quot;,&quot;credit&quot;:&quot;&quot;,&quot;camera&quot;:&quot;&quot;,&quot;caption&quot;:&quot;&quot;,&quot;created_timestamp&quot;:&quot;0&quot;,&quot;copyright&quot;:&quot;&quot;,&quot;focal_length&quot;:&quot;0&quot;,&quot;iso&quot;:&quot;0&quot;,&quot;shutter_speed&quot;:&quot;0&quot;,&quot;title&quot;:&quot;&quot;,&quot;orientation&quot;:&quot;0&quot;}\" data-image-title=\"Lever de soleil \u00e0 la plage de Burriana\" data-image-description=\"\" data-medium-file=\"https:\/\/i0.wp.com\/www.ferienwohnungnerja.de\/wp-content\/uploads\/2019\/08\/strand17.jpg?fit=300%2C219&#038;ssl=1\" data-large-file=\"https:\/\/i0.wp.com\/www.ferienwohnungnerja.de\/wp-content\/uploads\/2019\/08\/strand17.jpg?fit=687%2C501&#038;ssl=1\" src=\"https:\/\/i0.wp.com\/www.ferienwohnungnerja.de\/wp-content\/uploads\/2019\/08\/strand17.jpg?w=765&#038;h=558&#038;ssl=1\" srcset=\"https:\/\/i0.wp.com\/www.ferienwohnungnerja.de\/wp-content\/uploads\/2019\/08\/strand17.jpg?w=687&amp;ssl=1 687w, https:\/\/i0.wp.com\/www.ferienwohnungnerja.de\/wp-content\/uploads\/2019\/08\/strand17.jpg?resize=300%2C219&amp;ssl=1 300w\" width=\"765\" height=\"558\" loading=\"lazy\" data-original-width=\"765\" data-original-height=\"558\" itemprop=\"http:\/\/schema.org\/image\" title=\"Lever de soleil \u00e0 la plage de Burriana\" alt=\"Lever de soleil \u00e0 la plage de Burriana\" style=\"width: 765px; height: 558px;\" \/> <\/a> <\/div> <\/div> <!-- close group --> <\/div> <!-- close row --> <\/div><\/li><\/ul><\/div><!-- widgets_on_page -->\n","protected":false},"excerpt":{"rendered":"","protected":false},"author":1,"featured_media":2367,"parent":0,"menu_order":0,"comment_status":"closed","ping_status":"closed","template":"","meta":{"jetpack_post_was_ever_published":false,"footnotes":""},"class_list":["post-2443","page","type-page","status-publish","has-post-thumbnail","hentry"],"yoast_head":"<!-- This site is optimized with the Yoast SEO plugin v26.9 - https:\/\/yoast.com\/product\/yoast-seo-wordpress\/ -->\n<title>Plage de Burriana \u00e0 Nerja, Costa del Sol, Parc Naturel de Cantilados de Maro<\/title>\n<meta name=\"description\" content=\"La plage de Burriana est la plus belle plage de Nerja, \u00e0 l\u2019est de Maro s\u2019\u00e9tend sur un parc naturel avec des falaises et de petites plages pour les amoureux de la nature.\" \/>\n<meta name=\"robots\" content=\"index, follow, max-snippet:-1, max-image-preview:large, max-video-preview:-1\" \/>\n<link rel=\"canonical\" href=\"https:\/\/www.ferienwohnungnerja.de\/fr\/plages-autour-de-nerja\/\" \/>\n<meta property=\"og:locale\" content=\"fr_FR\" \/>\n<meta property=\"og:type\" content=\"article\" \/>\n<meta property=\"og:title\" content=\"Plage de Burriana \u00e0 Nerja, Costa del Sol, Parc Naturel de Cantilados de Maro\" \/>\n<meta property=\"og:description\" content=\"La plage de Burriana est la plus belle plage de Nerja, \u00e0 l\u2019est de Maro s\u2019\u00e9tend sur un parc naturel avec des falaises et de petites plages pour les amoureux de la nature.\" \/>\n<meta property=\"og:url\" content=\"https:\/\/www.ferienwohnungnerja.de\/fr\/plages-autour-de-nerja\/\" \/>\n<meta property=\"og:site_name\" content=\"ferienwohnungnerja.de\" \/>\n<meta property=\"article:modified_time\" content=\"2020-04-16T11:10:13+00:00\" \/>\n<meta property=\"og:image\" content=\"https:\/\/i1.wp.com\/www.ferienwohnungnerja.de\/wp-content\/uploads\/2019\/08\/bg14.jpg?fit=1900%2C1267&ssl=1\" \/>\n\t<meta property=\"og:image:width\" content=\"1900\" \/>\n\t<meta property=\"og:image:height\" content=\"1267\" \/>\n\t<meta property=\"og:image:type\" content=\"image\/jpeg\" \/>\n<meta name=\"twitter:card\" content=\"summary_large_image\" \/>\n<script type=\"application\/ld+json\" class=\"yoast-schema-graph\">{\"@context\":\"https:\/\/schema.org\",\"@graph\":[{\"@type\":\"WebPage\",\"@id\":\"https:\/\/www.ferienwohnungnerja.de\/fr\/plages-autour-de-nerja\/\",\"url\":\"https:\/\/www.ferienwohnungnerja.de\/fr\/plages-autour-de-nerja\/\",\"name\":\"Plage de Burriana \u00e0 Nerja, Costa del Sol, Parc Naturel de Cantilados de Maro\",\"isPartOf\":{\"@id\":\"https:\/\/www.ferienwohnungnerja.de\/fr\/#website\"},\"primaryImageOfPage\":{\"@id\":\"https:\/\/www.ferienwohnungnerja.de\/fr\/plages-autour-de-nerja\/#primaryimage\"},\"image\":{\"@id\":\"https:\/\/www.ferienwohnungnerja.de\/fr\/plages-autour-de-nerja\/#primaryimage\"},\"thumbnailUrl\":\"https:\/\/i0.wp.com\/www.ferienwohnungnerja.de\/wp-content\/uploads\/2019\/08\/bg14.jpg?fit=1900%2C1267&ssl=1\",\"datePublished\":\"2020-04-14T16:54:39+00:00\",\"dateModified\":\"2020-04-16T11:10:13+00:00\",\"description\":\"La plage de Burriana est la plus belle plage de Nerja, \u00e0 l\u2019est de Maro s\u2019\u00e9tend sur un parc naturel avec des falaises et de petites plages pour les amoureux de la nature.\",\"breadcrumb\":{\"@id\":\"https:\/\/www.ferienwohnungnerja.de\/fr\/plages-autour-de-nerja\/#breadcrumb\"},\"inLanguage\":\"fr-FR\",\"potentialAction\":[{\"@type\":\"ReadAction\",\"target\":[\"https:\/\/www.ferienwohnungnerja.de\/fr\/plages-autour-de-nerja\/\"]}]},{\"@type\":\"ImageObject\",\"inLanguage\":\"fr-FR\",\"@id\":\"https:\/\/www.ferienwohnungnerja.de\/fr\/plages-autour-de-nerja\/#primaryimage\",\"url\":\"https:\/\/i0.wp.com\/www.ferienwohnungnerja.de\/wp-content\/uploads\/2019\/08\/bg14.jpg?fit=1900%2C1267&ssl=1\",\"contentUrl\":\"https:\/\/i0.wp.com\/www.ferienwohnungnerja.de\/wp-content\/uploads\/2019\/08\/bg14.jpg?fit=1900%2C1267&ssl=1\",\"width\":1900,\"height\":1267,\"caption\":\"Burriana Plage Nerja\"},{\"@type\":\"BreadcrumbList\",\"@id\":\"https:\/\/www.ferienwohnungnerja.de\/fr\/plages-autour-de-nerja\/#breadcrumb\",\"itemListElement\":[{\"@type\":\"ListItem\",\"position\":1,\"name\":\"Startseite\",\"item\":\"https:\/\/www.ferienwohnungnerja.de\/fr\/\"},{\"@type\":\"ListItem\",\"position\":2,\"name\":\"Plages autour de Nerja\"}]},{\"@type\":\"WebSite\",\"@id\":\"https:\/\/www.ferienwohnungnerja.de\/fr\/#website\",\"url\":\"https:\/\/www.ferienwohnungnerja.de\/fr\/\",\"name\":\"ferienwohnungnerja.de\",\"description\":\"Ferienwohnungen in Nerja\",\"publisher\":{\"@id\":\"https:\/\/www.ferienwohnungnerja.de\/fr\/#\/schema\/person\/16748c9dad4472e47ffa70599fb57c67\"},\"potentialAction\":[{\"@type\":\"SearchAction\",\"target\":{\"@type\":\"EntryPoint\",\"urlTemplate\":\"https:\/\/www.ferienwohnungnerja.de\/fr\/?s={search_term_string}\"},\"query-input\":{\"@type\":\"PropertyValueSpecification\",\"valueRequired\":true,\"valueName\":\"search_term_string\"}}],\"inLanguage\":\"fr-FR\"},{\"@type\":[\"Person\",\"Organization\"],\"@id\":\"https:\/\/www.ferienwohnungnerja.de\/fr\/#\/schema\/person\/16748c9dad4472e47ffa70599fb57c67\",\"name\":\"adminnerja\",\"image\":{\"@type\":\"ImageObject\",\"inLanguage\":\"fr-FR\",\"@id\":\"https:\/\/www.ferienwohnungnerja.de\/fr\/#\/schema\/person\/image\/\",\"url\":\"https:\/\/secure.gravatar.com\/avatar\/385c6b5598370fe7b91dd03c855835170a55d4467846df8e92d47236c59f2036?s=96&d=mm&r=g\",\"contentUrl\":\"https:\/\/secure.gravatar.com\/avatar\/385c6b5598370fe7b91dd03c855835170a55d4467846df8e92d47236c59f2036?s=96&d=mm&r=g\",\"caption\":\"adminnerja\"},\"logo\":{\"@id\":\"https:\/\/www.ferienwohnungnerja.de\/fr\/#\/schema\/person\/image\/\"}}]}<\/script>\n<!-- \/ Yoast SEO plugin. -->","yoast_head_json":{"title":"Plage de Burriana \u00e0 Nerja, Costa del Sol, Parc Naturel de Cantilados de Maro","description":"La plage de Burriana est la plus belle plage de Nerja, \u00e0 l\u2019est de Maro s\u2019\u00e9tend sur un parc naturel avec des falaises et de petites plages pour les amoureux de la nature.","robots":{"index":"index","follow":"follow","max-snippet":"max-snippet:-1","max-image-preview":"max-image-preview:large","max-video-preview":"max-video-preview:-1"},"canonical":"https:\/\/www.ferienwohnungnerja.de\/fr\/plages-autour-de-nerja\/","og_locale":"fr_FR","og_type":"article","og_title":"Plage de Burriana \u00e0 Nerja, Costa del Sol, Parc Naturel de Cantilados de Maro","og_description":"La plage de Burriana est la plus belle plage de Nerja, \u00e0 l\u2019est de Maro s\u2019\u00e9tend sur un parc naturel avec des falaises et de petites plages pour les amoureux de la nature.","og_url":"https:\/\/www.ferienwohnungnerja.de\/fr\/plages-autour-de-nerja\/","og_site_name":"ferienwohnungnerja.de","article_modified_time":"2020-04-16T11:10:13+00:00","og_image":[{"width":1900,"height":1267,"url":"https:\/\/i1.wp.com\/www.ferienwohnungnerja.de\/wp-content\/uploads\/2019\/08\/bg14.jpg?fit=1900%2C1267&ssl=1","type":"image\/jpeg"}],"twitter_card":"summary_large_image","schema":{"@context":"https:\/\/schema.org","@graph":[{"@type":"WebPage","@id":"https:\/\/www.ferienwohnungnerja.de\/fr\/plages-autour-de-nerja\/","url":"https:\/\/www.ferienwohnungnerja.de\/fr\/plages-autour-de-nerja\/","name":"Plage de Burriana \u00e0 Nerja, Costa del Sol, Parc Naturel de Cantilados de Maro","isPartOf":{"@id":"https:\/\/www.ferienwohnungnerja.de\/fr\/#website"},"primaryImageOfPage":{"@id":"https:\/\/www.ferienwohnungnerja.de\/fr\/plages-autour-de-nerja\/#primaryimage"},"image":{"@id":"https:\/\/www.ferienwohnungnerja.de\/fr\/plages-autour-de-nerja\/#primaryimage"},"thumbnailUrl":"https:\/\/i0.wp.com\/www.ferienwohnungnerja.de\/wp-content\/uploads\/2019\/08\/bg14.jpg?fit=1900%2C1267&ssl=1","datePublished":"2020-04-14T16:54:39+00:00","dateModified":"2020-04-16T11:10:13+00:00","description":"La plage de Burriana est la plus belle plage de Nerja, \u00e0 l\u2019est de Maro s\u2019\u00e9tend sur un parc naturel avec des falaises et de petites plages pour les amoureux de la nature.","breadcrumb":{"@id":"https:\/\/www.ferienwohnungnerja.de\/fr\/plages-autour-de-nerja\/#breadcrumb"},"inLanguage":"fr-FR","potentialAction":[{"@type":"ReadAction","target":["https:\/\/www.ferienwohnungnerja.de\/fr\/plages-autour-de-nerja\/"]}]},{"@type":"ImageObject","inLanguage":"fr-FR","@id":"https:\/\/www.ferienwohnungnerja.de\/fr\/plages-autour-de-nerja\/#primaryimage","url":"https:\/\/i0.wp.com\/www.ferienwohnungnerja.de\/wp-content\/uploads\/2019\/08\/bg14.jpg?fit=1900%2C1267&ssl=1","contentUrl":"https:\/\/i0.wp.com\/www.ferienwohnungnerja.de\/wp-content\/uploads\/2019\/08\/bg14.jpg?fit=1900%2C1267&ssl=1","width":1900,"height":1267,"caption":"Burriana Plage Nerja"},{"@type":"BreadcrumbList","@id":"https:\/\/www.ferienwohnungnerja.de\/fr\/plages-autour-de-nerja\/#breadcrumb","itemListElement":[{"@type":"ListItem","position":1,"name":"Startseite","item":"https:\/\/www.ferienwohnungnerja.de\/fr\/"},{"@type":"ListItem","position":2,"name":"Plages autour de Nerja"}]},{"@type":"WebSite","@id":"https:\/\/www.ferienwohnungnerja.de\/fr\/#website","url":"https:\/\/www.ferienwohnungnerja.de\/fr\/","name":"ferienwohnungnerja.de","description":"Ferienwohnungen in Nerja","publisher":{"@id":"https:\/\/www.ferienwohnungnerja.de\/fr\/#\/schema\/person\/16748c9dad4472e47ffa70599fb57c67"},"potentialAction":[{"@type":"SearchAction","target":{"@type":"EntryPoint","urlTemplate":"https:\/\/www.ferienwohnungnerja.de\/fr\/?s={search_term_string}"},"query-input":{"@type":"PropertyValueSpecification","valueRequired":true,"valueName":"search_term_string"}}],"inLanguage":"fr-FR"},{"@type":["Person","Organization"],"@id":"https:\/\/www.ferienwohnungnerja.de\/fr\/#\/schema\/person\/16748c9dad4472e47ffa70599fb57c67","name":"adminnerja","image":{"@type":"ImageObject","inLanguage":"fr-FR","@id":"https:\/\/www.ferienwohnungnerja.de\/fr\/#\/schema\/person\/image\/","url":"https:\/\/secure.gravatar.com\/avatar\/385c6b5598370fe7b91dd03c855835170a55d4467846df8e92d47236c59f2036?s=96&d=mm&r=g","contentUrl":"https:\/\/secure.gravatar.com\/avatar\/385c6b5598370fe7b91dd03c855835170a55d4467846df8e92d47236c59f2036?s=96&d=mm&r=g","caption":"adminnerja"},"logo":{"@id":"https:\/\/www.ferienwohnungnerja.de\/fr\/#\/schema\/person\/image\/"}}]}},"jetpack_sharing_enabled":true,"jetpack_shortlink":"https:\/\/wp.me\/PbaoeD-Dp","_links":{"self":[{"href":"https:\/\/www.ferienwohnungnerja.de\/fr\/wp-json\/wp\/v2\/pages\/2443","targetHints":{"allow":["GET"]}}],"collection":[{"href":"https:\/\/www.ferienwohnungnerja.de\/fr\/wp-json\/wp\/v2\/pages"}],"about":[{"href":"https:\/\/www.ferienwohnungnerja.de\/fr\/wp-json\/wp\/v2\/types\/page"}],"author":[{"embeddable":true,"href":"https:\/\/www.ferienwohnungnerja.de\/fr\/wp-json\/wp\/v2\/users\/1"}],"replies":[{"embeddable":true,"href":"https:\/\/www.ferienwohnungnerja.de\/fr\/wp-json\/wp\/v2\/comments?post=2443"}],"version-history":[{"count":3,"href":"https:\/\/www.ferienwohnungnerja.de\/fr\/wp-json\/wp\/v2\/pages\/2443\/revisions"}],"predecessor-version":[{"id":2446,"href":"https:\/\/www.ferienwohnungnerja.de\/fr\/wp-json\/wp\/v2\/pages\/2443\/revisions\/2446"}],"wp:featuredmedia":[{"embeddable":true,"href":"https:\/\/www.ferienwohnungnerja.de\/fr\/wp-json\/wp\/v2\/media\/2367"}],"wp:attachment":[{"href":"https:\/\/www.ferienwohnungnerja.de\/fr\/wp-json\/wp\/v2\/media?parent=2443"}],"curies":[{"name":"wp","href":"https:\/\/api.w.org\/{rel}","templated":true}]}}