{"id":2447,"date":"2020-04-14T18:55:35","date_gmt":"2020-04-14T16:55:35","guid":{"rendered":"https:\/\/www.ferienwohnungnerja.de\/resultat-de-recherche-appartements\/"},"modified":"2023-04-03T15:35:57","modified_gmt":"2023-04-03T13:35:57","slug":"resultat-de-recherche-appartements","status":"publish","type":"page","link":"https:\/\/www.ferienwohnungnerja.de\/fr\/resultat-de-recherche-appartements\/","title":{"rendered":"R\u00e9sultat de recherche Appartements"},"content":{"rendered":"<h5><div class=\"mphb_sc_search_results-wrapper \"><div class=\"mphb-errors-wrapper\">\n\t<\/div>\n<\/div><\/h5>\n\n\n<p class=\"has-medium-font-size\">Plus d\u2019appartement gratuit pour la p\u00e9riode d\u00e9sir\u00e9e ? Vous pouvez \u00eatre int\u00e9ress\u00e9 par l\u2019une de nos autres maisons de vacances.<\/p>\n\n\n\n<div class=\"wp-block-media-text has-white-background-color\"><figure class=\"wp-block-media-text__media\"><img data-recalc-dims=\"1\" loading=\"lazy\" decoding=\"async\" width=\"769\" height=\"482\" src=\"https:\/\/i0.wp.com\/www.ferienwohnungnerja.de\/wp-content\/uploads\/2019\/08\/ferienhaus_almayate02.jpg?resize=769%2C482&#038;ssl=1\" alt=\"Casa Jardin Bolero Almayate\" class=\"wp-image-1447\" srcset=\"https:\/\/i0.wp.com\/www.ferienwohnungnerja.de\/wp-content\/uploads\/2019\/08\/ferienhaus_almayate02.jpg?w=800&amp;ssl=1 800w, https:\/\/i0.wp.com\/www.ferienwohnungnerja.de\/wp-content\/uploads\/2019\/08\/ferienhaus_almayate02.jpg?resize=300%2C188&amp;ssl=1 300w, https:\/\/i0.wp.com\/www.ferienwohnungnerja.de\/wp-content\/uploads\/2019\/08\/ferienhaus_almayate02.jpg?resize=768%2C481&amp;ssl=1 768w\" sizes=\"auto, (max-width: 769px) 100vw, 769px\" \/><\/figure><div class=\"wp-block-media-text__content\">\n\n<p class=\"has-text-color has-white-color button\"><a href=\"https:\/\/www.ferienhaus-andalusien.com\/de\/casa-jardin-bolero.html\" target=\"_blank\" rel=\"noreferrer noopener\" aria-label=\"  (&#xF6;ffnet in neuem Tab)\">Casa Jardin Bolero <\/a><\/p>\n\n\n<p>Maison de vacances pour 2-8 personnes, maison de vacances \u00e0 Almayate\/Costa del Sol<\/p>\n\n\n<p>WIFI GRATUIT, 4 chambres, 2 salles de douche, piscine priv\u00e9e, terrasse, barbecue, chemin\u00e9e, SAT TV, machine \u00e0 laver, lave-vaisselle, parking.<\/p>\n\n<\/div><\/div>\n\n\n\n<p><\/p>\n\n\n\n<p><\/p>\n\n\n\n<p><\/p>\n\n\n\n<p>Plus d\u2019appartement dans le r\u00e9sultat de la recherche ? Famille Irrgang loue <a rel=\"noreferrer noopener\" href=\"https:\/\/viel-meer-urlaub.com\/\" target=\"_blank\">8 appartements plus beaux<\/a> \u00e0 San Juan de Capistrano.<\/p>\n","protected":false},"excerpt":{"rendered":"<p>Plus d\u2019appartement gratuit pour la p\u00e9riode d\u00e9sir\u00e9e ? Vous pouvez \u00eatre int\u00e9ress\u00e9 par l\u2019une de nos autres maisons de vacances. Casa Jardin Bolero Maison de vacances pour 2-8 personnes, maison de vacances \u00e0 Almayate\/Costa del Sol WIFI GRATUIT, 4 chambres, 2 salles de douche, piscine priv\u00e9e, terrasse, barbecue, chemin\u00e9e, SAT TV, machine \u00e0 laver, lave-vaisselle, &hellip; <a href=\"https:\/\/www.ferienwohnungnerja.de\/fr\/resultat-de-recherche-appartements\/\" class=\"more-link\">Continue reading<span class=\"screen-reader-text\"> &#8220;R\u00e9sultat de recherche Appartements&#8221;<\/span><\/a><\/p>\n","protected":false},"author":1,"featured_media":2372,"parent":0,"menu_order":0,"comment_status":"closed","ping_status":"closed","template":"","meta":{"jetpack_post_was_ever_published":false,"footnotes":""},"class_list":["post-2447","page","type-page","status-publish","has-post-thumbnail","hentry"],"yoast_head":"<!-- This site is optimized with the Yoast SEO plugin v26.9 - https:\/\/yoast.com\/product\/yoast-seo-wordpress\/ -->\n<title>Plus d\u2019appartement gratuit pour la p\u00e9riode d\u00e9sir\u00e9e ?<\/title>\n<meta name=\"description\" content=\"Vous pouvez \u00eatre int\u00e9ress\u00e9 par l\u2019une de nos autres maisons de vacances: Casa Jardin Bolero, Casa El Mirador - Competa, Finca La Paz\" \/>\n<meta name=\"robots\" content=\"index, follow, max-snippet:-1, max-image-preview:large, max-video-preview:-1\" \/>\n<link rel=\"canonical\" href=\"https:\/\/www.ferienwohnungnerja.de\/fr\/resultat-de-recherche-appartements\/\" \/>\n<meta property=\"og:locale\" content=\"fr_FR\" \/>\n<meta property=\"og:type\" content=\"article\" \/>\n<meta property=\"og:title\" content=\"Plus d\u2019appartement gratuit pour la p\u00e9riode d\u00e9sir\u00e9e ?\" \/>\n<meta property=\"og:description\" content=\"Vous pouvez \u00eatre int\u00e9ress\u00e9 par l\u2019une de nos autres maisons de vacances: Casa Jardin Bolero, Casa El Mirador - Competa, Finca La Paz\" \/>\n<meta property=\"og:url\" content=\"https:\/\/www.ferienwohnungnerja.de\/fr\/resultat-de-recherche-appartements\/\" \/>\n<meta property=\"og:site_name\" content=\"ferienwohnungnerja.de\" \/>\n<meta property=\"article:modified_time\" content=\"2023-04-03T13:35:57+00:00\" \/>\n<meta property=\"og:image\" content=\"https:\/\/www.ferienwohnungnerja.de\/wp-content\/uploads\/2019\/08\/bg7.jpg\" \/>\n\t<meta property=\"og:image:width\" content=\"1900\" \/>\n\t<meta property=\"og:image:height\" content=\"1258\" \/>\n\t<meta property=\"og:image:type\" content=\"image\/jpeg\" \/>\n<meta name=\"twitter:card\" content=\"summary_large_image\" \/>\n<meta name=\"twitter:label1\" content=\"Dur\u00e9e de lecture estim\u00e9e\" \/>\n\t<meta name=\"twitter:data1\" content=\"1 minute\" \/>\n<script type=\"application\/ld+json\" class=\"yoast-schema-graph\">{\"@context\":\"https:\/\/schema.org\",\"@graph\":[{\"@type\":\"WebPage\",\"@id\":\"https:\/\/www.ferienwohnungnerja.de\/fr\/resultat-de-recherche-appartements\/\",\"url\":\"https:\/\/www.ferienwohnungnerja.de\/fr\/resultat-de-recherche-appartements\/\",\"name\":\"Plus d\u2019appartement gratuit pour la p\u00e9riode d\u00e9sir\u00e9e ?\",\"isPartOf\":{\"@id\":\"https:\/\/www.ferienwohnungnerja.de\/fr\/#website\"},\"primaryImageOfPage\":{\"@id\":\"https:\/\/www.ferienwohnungnerja.de\/fr\/resultat-de-recherche-appartements\/#primaryimage\"},\"image\":{\"@id\":\"https:\/\/www.ferienwohnungnerja.de\/fr\/resultat-de-recherche-appartements\/#primaryimage\"},\"thumbnailUrl\":\"https:\/\/i0.wp.com\/www.ferienwohnungnerja.de\/wp-content\/uploads\/2019\/08\/bg7.jpg?fit=1900%2C1258&ssl=1\",\"datePublished\":\"2020-04-14T16:55:35+00:00\",\"dateModified\":\"2023-04-03T13:35:57+00:00\",\"description\":\"Vous pouvez \u00eatre int\u00e9ress\u00e9 par l\u2019une de nos autres maisons de vacances: Casa Jardin Bolero, Casa El Mirador - Competa, Finca La Paz\",\"breadcrumb\":{\"@id\":\"https:\/\/www.ferienwohnungnerja.de\/fr\/resultat-de-recherche-appartements\/#breadcrumb\"},\"inLanguage\":\"fr-FR\",\"potentialAction\":[{\"@type\":\"ReadAction\",\"target\":[\"https:\/\/www.ferienwohnungnerja.de\/fr\/resultat-de-recherche-appartements\/\"]}]},{\"@type\":\"ImageObject\",\"inLanguage\":\"fr-FR\",\"@id\":\"https:\/\/www.ferienwohnungnerja.de\/fr\/resultat-de-recherche-appartements\/#primaryimage\",\"url\":\"https:\/\/i0.wp.com\/www.ferienwohnungnerja.de\/wp-content\/uploads\/2019\/08\/bg7.jpg?fit=1900%2C1258&ssl=1\",\"contentUrl\":\"https:\/\/i0.wp.com\/www.ferienwohnungnerja.de\/wp-content\/uploads\/2019\/08\/bg7.jpg?fit=1900%2C1258&ssl=1\",\"width\":1900,\"height\":1258,\"caption\":\"Voir San Juan de Capistrano\"},{\"@type\":\"BreadcrumbList\",\"@id\":\"https:\/\/www.ferienwohnungnerja.de\/fr\/resultat-de-recherche-appartements\/#breadcrumb\",\"itemListElement\":[{\"@type\":\"ListItem\",\"position\":1,\"name\":\"Startseite\",\"item\":\"https:\/\/www.ferienwohnungnerja.de\/fr\/\"},{\"@type\":\"ListItem\",\"position\":2,\"name\":\"R\u00e9sultat de recherche Appartements\"}]},{\"@type\":\"WebSite\",\"@id\":\"https:\/\/www.ferienwohnungnerja.de\/fr\/#website\",\"url\":\"https:\/\/www.ferienwohnungnerja.de\/fr\/\",\"name\":\"ferienwohnungnerja.de\",\"description\":\"Ferienwohnungen in Nerja\",\"publisher\":{\"@id\":\"https:\/\/www.ferienwohnungnerja.de\/fr\/#\/schema\/person\/16748c9dad4472e47ffa70599fb57c67\"},\"potentialAction\":[{\"@type\":\"SearchAction\",\"target\":{\"@type\":\"EntryPoint\",\"urlTemplate\":\"https:\/\/www.ferienwohnungnerja.de\/fr\/?s={search_term_string}\"},\"query-input\":{\"@type\":\"PropertyValueSpecification\",\"valueRequired\":true,\"valueName\":\"search_term_string\"}}],\"inLanguage\":\"fr-FR\"},{\"@type\":[\"Person\",\"Organization\"],\"@id\":\"https:\/\/www.ferienwohnungnerja.de\/fr\/#\/schema\/person\/16748c9dad4472e47ffa70599fb57c67\",\"name\":\"adminnerja\",\"image\":{\"@type\":\"ImageObject\",\"inLanguage\":\"fr-FR\",\"@id\":\"https:\/\/www.ferienwohnungnerja.de\/fr\/#\/schema\/person\/image\/\",\"url\":\"https:\/\/secure.gravatar.com\/avatar\/385c6b5598370fe7b91dd03c855835170a55d4467846df8e92d47236c59f2036?s=96&d=mm&r=g\",\"contentUrl\":\"https:\/\/secure.gravatar.com\/avatar\/385c6b5598370fe7b91dd03c855835170a55d4467846df8e92d47236c59f2036?s=96&d=mm&r=g\",\"caption\":\"adminnerja\"},\"logo\":{\"@id\":\"https:\/\/www.ferienwohnungnerja.de\/fr\/#\/schema\/person\/image\/\"}}]}<\/script>\n<!-- \/ Yoast SEO plugin. -->","yoast_head_json":{"title":"Plus d\u2019appartement gratuit pour la p\u00e9riode d\u00e9sir\u00e9e ?","description":"Vous pouvez \u00eatre int\u00e9ress\u00e9 par l\u2019une de nos autres maisons de vacances: Casa Jardin Bolero, Casa El Mirador - Competa, Finca La Paz","robots":{"index":"index","follow":"follow","max-snippet":"max-snippet:-1","max-image-preview":"max-image-preview:large","max-video-preview":"max-video-preview:-1"},"canonical":"https:\/\/www.ferienwohnungnerja.de\/fr\/resultat-de-recherche-appartements\/","og_locale":"fr_FR","og_type":"article","og_title":"Plus d\u2019appartement gratuit pour la p\u00e9riode d\u00e9sir\u00e9e ?","og_description":"Vous pouvez \u00eatre int\u00e9ress\u00e9 par l\u2019une de nos autres maisons de vacances: Casa Jardin Bolero, Casa El Mirador - Competa, Finca La Paz","og_url":"https:\/\/www.ferienwohnungnerja.de\/fr\/resultat-de-recherche-appartements\/","og_site_name":"ferienwohnungnerja.de","article_modified_time":"2023-04-03T13:35:57+00:00","og_image":[{"width":1900,"height":1258,"url":"https:\/\/www.ferienwohnungnerja.de\/wp-content\/uploads\/2019\/08\/bg7.jpg","type":"image\/jpeg"}],"twitter_card":"summary_large_image","twitter_misc":{"Dur\u00e9e de lecture estim\u00e9e":"1 minute"},"schema":{"@context":"https:\/\/schema.org","@graph":[{"@type":"WebPage","@id":"https:\/\/www.ferienwohnungnerja.de\/fr\/resultat-de-recherche-appartements\/","url":"https:\/\/www.ferienwohnungnerja.de\/fr\/resultat-de-recherche-appartements\/","name":"Plus d\u2019appartement gratuit pour la p\u00e9riode d\u00e9sir\u00e9e ?","isPartOf":{"@id":"https:\/\/www.ferienwohnungnerja.de\/fr\/#website"},"primaryImageOfPage":{"@id":"https:\/\/www.ferienwohnungnerja.de\/fr\/resultat-de-recherche-appartements\/#primaryimage"},"image":{"@id":"https:\/\/www.ferienwohnungnerja.de\/fr\/resultat-de-recherche-appartements\/#primaryimage"},"thumbnailUrl":"https:\/\/i0.wp.com\/www.ferienwohnungnerja.de\/wp-content\/uploads\/2019\/08\/bg7.jpg?fit=1900%2C1258&ssl=1","datePublished":"2020-04-14T16:55:35+00:00","dateModified":"2023-04-03T13:35:57+00:00","description":"Vous pouvez \u00eatre int\u00e9ress\u00e9 par l\u2019une de nos autres maisons de vacances: Casa Jardin Bolero, Casa El Mirador - Competa, Finca La Paz","breadcrumb":{"@id":"https:\/\/www.ferienwohnungnerja.de\/fr\/resultat-de-recherche-appartements\/#breadcrumb"},"inLanguage":"fr-FR","potentialAction":[{"@type":"ReadAction","target":["https:\/\/www.ferienwohnungnerja.de\/fr\/resultat-de-recherche-appartements\/"]}]},{"@type":"ImageObject","inLanguage":"fr-FR","@id":"https:\/\/www.ferienwohnungnerja.de\/fr\/resultat-de-recherche-appartements\/#primaryimage","url":"https:\/\/i0.wp.com\/www.ferienwohnungnerja.de\/wp-content\/uploads\/2019\/08\/bg7.jpg?fit=1900%2C1258&ssl=1","contentUrl":"https:\/\/i0.wp.com\/www.ferienwohnungnerja.de\/wp-content\/uploads\/2019\/08\/bg7.jpg?fit=1900%2C1258&ssl=1","width":1900,"height":1258,"caption":"Voir San Juan de Capistrano"},{"@type":"BreadcrumbList","@id":"https:\/\/www.ferienwohnungnerja.de\/fr\/resultat-de-recherche-appartements\/#breadcrumb","itemListElement":[{"@type":"ListItem","position":1,"name":"Startseite","item":"https:\/\/www.ferienwohnungnerja.de\/fr\/"},{"@type":"ListItem","position":2,"name":"R\u00e9sultat de recherche Appartements"}]},{"@type":"WebSite","@id":"https:\/\/www.ferienwohnungnerja.de\/fr\/#website","url":"https:\/\/www.ferienwohnungnerja.de\/fr\/","name":"ferienwohnungnerja.de","description":"Ferienwohnungen in Nerja","publisher":{"@id":"https:\/\/www.ferienwohnungnerja.de\/fr\/#\/schema\/person\/16748c9dad4472e47ffa70599fb57c67"},"potentialAction":[{"@type":"SearchAction","target":{"@type":"EntryPoint","urlTemplate":"https:\/\/www.ferienwohnungnerja.de\/fr\/?s={search_term_string}"},"query-input":{"@type":"PropertyValueSpecification","valueRequired":true,"valueName":"search_term_string"}}],"inLanguage":"fr-FR"},{"@type":["Person","Organization"],"@id":"https:\/\/www.ferienwohnungnerja.de\/fr\/#\/schema\/person\/16748c9dad4472e47ffa70599fb57c67","name":"adminnerja","image":{"@type":"ImageObject","inLanguage":"fr-FR","@id":"https:\/\/www.ferienwohnungnerja.de\/fr\/#\/schema\/person\/image\/","url":"https:\/\/secure.gravatar.com\/avatar\/385c6b5598370fe7b91dd03c855835170a55d4467846df8e92d47236c59f2036?s=96&d=mm&r=g","contentUrl":"https:\/\/secure.gravatar.com\/avatar\/385c6b5598370fe7b91dd03c855835170a55d4467846df8e92d47236c59f2036?s=96&d=mm&r=g","caption":"adminnerja"},"logo":{"@id":"https:\/\/www.ferienwohnungnerja.de\/fr\/#\/schema\/person\/image\/"}}]}},"jetpack_sharing_enabled":true,"jetpack_shortlink":"https:\/\/wp.me\/PbaoeD-Dt","_links":{"self":[{"href":"https:\/\/www.ferienwohnungnerja.de\/fr\/wp-json\/wp\/v2\/pages\/2447","targetHints":{"allow":["GET"]}}],"collection":[{"href":"https:\/\/www.ferienwohnungnerja.de\/fr\/wp-json\/wp\/v2\/pages"}],"about":[{"href":"https:\/\/www.ferienwohnungnerja.de\/fr\/wp-json\/wp\/v2\/types\/page"}],"author":[{"embeddable":true,"href":"https:\/\/www.ferienwohnungnerja.de\/fr\/wp-json\/wp\/v2\/users\/1"}],"replies":[{"embeddable":true,"href":"https:\/\/www.ferienwohnungnerja.de\/fr\/wp-json\/wp\/v2\/comments?post=2447"}],"version-history":[{"count":6,"href":"https:\/\/www.ferienwohnungnerja.de\/fr\/wp-json\/wp\/v2\/pages\/2447\/revisions"}],"predecessor-version":[{"id":2813,"href":"https:\/\/www.ferienwohnungnerja.de\/fr\/wp-json\/wp\/v2\/pages\/2447\/revisions\/2813"}],"wp:featuredmedia":[{"embeddable":true,"href":"https:\/\/www.ferienwohnungnerja.de\/fr\/wp-json\/wp\/v2\/media\/2372"}],"wp:attachment":[{"href":"https:\/\/www.ferienwohnungnerja.de\/fr\/wp-json\/wp\/v2\/media?parent=2447"}],"curies":[{"name":"wp","href":"https:\/\/api.w.org\/{rel}","templated":true}]}}