{"id":2457,"date":"2020-04-14T18:59:02","date_gmt":"2020-04-14T16:59:02","guid":{"rendered":"https:\/\/www.ferienwohnungnerja.de\/appartements-de-disponibilite\/"},"modified":"2020-04-16T13:19:11","modified_gmt":"2020-04-16T11:19:11","slug":"appartements-de-disponibilite","status":"publish","type":"page","link":"https:\/\/www.ferienwohnungnerja.de\/fr\/appartements-de-disponibilite\/","title":{"rendered":"Appartements de disponibilit\u00e9"},"content":{"rendered":"\n<p style=\"font-size:28px\">Appartement La Perla <\/p>\n\n\n\n<div class=\"mphb_sc_availability_calendar-wrapper\">\t<div class=\"mphb-calendar mphb-datepick inlinePicker mphb-calendar--direct-booking\" data-room-type-id=\"2276\" data-monthstoshow=\"2,3\" data-is_show_prices=\"0\" data-is_truncate_prices=\"1\" data-is_show_prices_currency=\"0\" data-first_available_check_in_date=\"2026-05-21\"><\/div>\n\t<\/div>\n\n\n\n<p>Les prix de location comprennent les serviettes et le linge de lit, ainsi que les frais accessoires tels que l\u2019eau et l\u2019\u00e9lectricit\u00e9 (sauf la climatisation). Pour le nettoyage final, nous facturons 40 euros. La consommation d\u2019\u00e9nergie du syst\u00e8me de climatisation est lue sur un compteur s\u00e9par\u00e9 et factur\u00e9e \u00e0 20 cents\/kw. Pour des locations \u00e0 long terme de 3 semaines ou plus, veuillez demander un devis.<\/p>\n\n\n\n<p style=\"font-size:28px\">Villa Lim\u00f3n<\/p>\n\n\n\n<div class=\"mphb_sc_availability_calendar-wrapper\">\t<div class=\"mphb-calendar mphb-datepick inlinePicker mphb-calendar--direct-booking\" data-room-type-id=\"2279\" data-monthstoshow=\"2,3\" data-is_show_prices=\"0\" data-is_truncate_prices=\"1\" data-is_show_prices_currency=\"0\" data-first_available_check_in_date=\"2026-05-08\"><\/div>\n\t<\/div>\n\n\n\n<p>Villa Limon comprend \u00e9galement des serviettes et du linge de lit, ainsi que des co\u00fbts accessoires tels que l\u2019eau et l\u2019\u00e9lectricit\u00e9 (sauf la climatisation). Pour le nettoyage final, nous facturons 50 euros. La consommation d\u2019\u00e9nergie du syst\u00e8me de climatisation est factur\u00e9e \u00e0 20 cents\/kw et lue sur un compteur s\u00e9par\u00e9.<\/p>\n","protected":false},"excerpt":{"rendered":"<p>Appartement La Perla Les prix de location comprennent les serviettes et le linge de lit, ainsi que les frais accessoires tels que l\u2019eau et l\u2019\u00e9lectricit\u00e9 (sauf la climatisation). Pour le nettoyage final, nous facturons 40 euros. La consommation d\u2019\u00e9nergie du syst\u00e8me de climatisation est lue sur un compteur s\u00e9par\u00e9 et factur\u00e9e \u00e0 20 cents\/kw. Pour &hellip; <a href=\"https:\/\/www.ferienwohnungnerja.de\/fr\/appartements-de-disponibilite\/\" class=\"more-link\">Continue reading<span class=\"screen-reader-text\"> &#8220;Appartements de disponibilit\u00e9&#8221;<\/span><\/a><\/p>\n","protected":false},"author":1,"featured_media":2372,"parent":0,"menu_order":0,"comment_status":"closed","ping_status":"closed","template":"","meta":{"jetpack_post_was_ever_published":false,"footnotes":""},"class_list":["post-2457","page","type-page","status-publish","has-post-thumbnail","hentry"],"yoast_head":"<!-- This site is optimized with the Yoast SEO plugin v26.9 - https:\/\/yoast.com\/product\/yoast-seo-wordpress\/ -->\n<title>Appartements de disponibilit\u00e9 titre Nerja et r\u00e9servation en ligne<\/title>\n<meta name=\"description\" content=\"Si vous souhaitez r\u00e9server de fa\u00e7on contraignante, nous vous enverrons un contrat de location. Sur place, nous vous recevrons personnellement et vous donnerons un briefing.\" \/>\n<meta name=\"robots\" content=\"index, follow, max-snippet:-1, max-image-preview:large, max-video-preview:-1\" \/>\n<link rel=\"canonical\" href=\"https:\/\/www.ferienwohnungnerja.de\/fr\/appartements-de-disponibilite\/\" \/>\n<meta property=\"og:locale\" content=\"fr_FR\" \/>\n<meta property=\"og:type\" content=\"article\" \/>\n<meta property=\"og:title\" content=\"Appartements de disponibilit\u00e9 titre Nerja et r\u00e9servation en ligne\" \/>\n<meta property=\"og:description\" content=\"Si vous souhaitez r\u00e9server de fa\u00e7on contraignante, nous vous enverrons un contrat de location. Sur place, nous vous recevrons personnellement et vous donnerons un briefing.\" \/>\n<meta property=\"og:url\" content=\"https:\/\/www.ferienwohnungnerja.de\/fr\/appartements-de-disponibilite\/\" \/>\n<meta property=\"og:site_name\" content=\"ferienwohnungnerja.de\" \/>\n<meta property=\"article:modified_time\" content=\"2020-04-16T11:19:11+00:00\" \/>\n<meta property=\"og:image\" content=\"https:\/\/i1.wp.com\/www.ferienwohnungnerja.de\/wp-content\/uploads\/2019\/08\/bg7.jpg?fit=1900%2C1258&ssl=1\" \/>\n\t<meta property=\"og:image:width\" content=\"1900\" \/>\n\t<meta property=\"og:image:height\" content=\"1258\" \/>\n\t<meta property=\"og:image:type\" content=\"image\/jpeg\" \/>\n<meta name=\"twitter:card\" content=\"summary_large_image\" \/>\n<meta name=\"twitter:label1\" content=\"Dur\u00e9e de lecture estim\u00e9e\" \/>\n\t<meta name=\"twitter:data1\" content=\"1 minute\" \/>\n<script type=\"application\/ld+json\" class=\"yoast-schema-graph\">{\"@context\":\"https:\/\/schema.org\",\"@graph\":[{\"@type\":\"WebPage\",\"@id\":\"https:\/\/www.ferienwohnungnerja.de\/fr\/appartements-de-disponibilite\/\",\"url\":\"https:\/\/www.ferienwohnungnerja.de\/fr\/appartements-de-disponibilite\/\",\"name\":\"Appartements de disponibilit\u00e9 titre Nerja et r\u00e9servation en ligne\",\"isPartOf\":{\"@id\":\"https:\/\/www.ferienwohnungnerja.de\/fr\/#website\"},\"primaryImageOfPage\":{\"@id\":\"https:\/\/www.ferienwohnungnerja.de\/fr\/appartements-de-disponibilite\/#primaryimage\"},\"image\":{\"@id\":\"https:\/\/www.ferienwohnungnerja.de\/fr\/appartements-de-disponibilite\/#primaryimage\"},\"thumbnailUrl\":\"https:\/\/i0.wp.com\/www.ferienwohnungnerja.de\/wp-content\/uploads\/2019\/08\/bg7.jpg?fit=1900%2C1258&ssl=1\",\"datePublished\":\"2020-04-14T16:59:02+00:00\",\"dateModified\":\"2020-04-16T11:19:11+00:00\",\"description\":\"Si vous souhaitez r\u00e9server de fa\u00e7on contraignante, nous vous enverrons un contrat de location. Sur place, nous vous recevrons personnellement et vous donnerons un briefing.\",\"breadcrumb\":{\"@id\":\"https:\/\/www.ferienwohnungnerja.de\/fr\/appartements-de-disponibilite\/#breadcrumb\"},\"inLanguage\":\"fr-FR\",\"potentialAction\":[{\"@type\":\"ReadAction\",\"target\":[\"https:\/\/www.ferienwohnungnerja.de\/fr\/appartements-de-disponibilite\/\"]}]},{\"@type\":\"ImageObject\",\"inLanguage\":\"fr-FR\",\"@id\":\"https:\/\/www.ferienwohnungnerja.de\/fr\/appartements-de-disponibilite\/#primaryimage\",\"url\":\"https:\/\/i0.wp.com\/www.ferienwohnungnerja.de\/wp-content\/uploads\/2019\/08\/bg7.jpg?fit=1900%2C1258&ssl=1\",\"contentUrl\":\"https:\/\/i0.wp.com\/www.ferienwohnungnerja.de\/wp-content\/uploads\/2019\/08\/bg7.jpg?fit=1900%2C1258&ssl=1\",\"width\":1900,\"height\":1258,\"caption\":\"Voir San Juan de Capistrano\"},{\"@type\":\"BreadcrumbList\",\"@id\":\"https:\/\/www.ferienwohnungnerja.de\/fr\/appartements-de-disponibilite\/#breadcrumb\",\"itemListElement\":[{\"@type\":\"ListItem\",\"position\":1,\"name\":\"Startseite\",\"item\":\"https:\/\/www.ferienwohnungnerja.de\/fr\/\"},{\"@type\":\"ListItem\",\"position\":2,\"name\":\"Appartements de disponibilit\u00e9\"}]},{\"@type\":\"WebSite\",\"@id\":\"https:\/\/www.ferienwohnungnerja.de\/fr\/#website\",\"url\":\"https:\/\/www.ferienwohnungnerja.de\/fr\/\",\"name\":\"ferienwohnungnerja.de\",\"description\":\"Ferienwohnungen in Nerja\",\"publisher\":{\"@id\":\"https:\/\/www.ferienwohnungnerja.de\/fr\/#\/schema\/person\/16748c9dad4472e47ffa70599fb57c67\"},\"potentialAction\":[{\"@type\":\"SearchAction\",\"target\":{\"@type\":\"EntryPoint\",\"urlTemplate\":\"https:\/\/www.ferienwohnungnerja.de\/fr\/?s={search_term_string}\"},\"query-input\":{\"@type\":\"PropertyValueSpecification\",\"valueRequired\":true,\"valueName\":\"search_term_string\"}}],\"inLanguage\":\"fr-FR\"},{\"@type\":[\"Person\",\"Organization\"],\"@id\":\"https:\/\/www.ferienwohnungnerja.de\/fr\/#\/schema\/person\/16748c9dad4472e47ffa70599fb57c67\",\"name\":\"adminnerja\",\"image\":{\"@type\":\"ImageObject\",\"inLanguage\":\"fr-FR\",\"@id\":\"https:\/\/www.ferienwohnungnerja.de\/fr\/#\/schema\/person\/image\/\",\"url\":\"https:\/\/secure.gravatar.com\/avatar\/385c6b5598370fe7b91dd03c855835170a55d4467846df8e92d47236c59f2036?s=96&d=mm&r=g\",\"contentUrl\":\"https:\/\/secure.gravatar.com\/avatar\/385c6b5598370fe7b91dd03c855835170a55d4467846df8e92d47236c59f2036?s=96&d=mm&r=g\",\"caption\":\"adminnerja\"},\"logo\":{\"@id\":\"https:\/\/www.ferienwohnungnerja.de\/fr\/#\/schema\/person\/image\/\"}}]}<\/script>\n<!-- \/ Yoast SEO plugin. -->","yoast_head_json":{"title":"Appartements de disponibilit\u00e9 titre Nerja et r\u00e9servation en ligne","description":"Si vous souhaitez r\u00e9server de fa\u00e7on contraignante, nous vous enverrons un contrat de location. Sur place, nous vous recevrons personnellement et vous donnerons un briefing.","robots":{"index":"index","follow":"follow","max-snippet":"max-snippet:-1","max-image-preview":"max-image-preview:large","max-video-preview":"max-video-preview:-1"},"canonical":"https:\/\/www.ferienwohnungnerja.de\/fr\/appartements-de-disponibilite\/","og_locale":"fr_FR","og_type":"article","og_title":"Appartements de disponibilit\u00e9 titre Nerja et r\u00e9servation en ligne","og_description":"Si vous souhaitez r\u00e9server de fa\u00e7on contraignante, nous vous enverrons un contrat de location. Sur place, nous vous recevrons personnellement et vous donnerons un briefing.","og_url":"https:\/\/www.ferienwohnungnerja.de\/fr\/appartements-de-disponibilite\/","og_site_name":"ferienwohnungnerja.de","article_modified_time":"2020-04-16T11:19:11+00:00","og_image":[{"width":1900,"height":1258,"url":"https:\/\/i1.wp.com\/www.ferienwohnungnerja.de\/wp-content\/uploads\/2019\/08\/bg7.jpg?fit=1900%2C1258&ssl=1","type":"image\/jpeg"}],"twitter_card":"summary_large_image","twitter_misc":{"Dur\u00e9e de lecture estim\u00e9e":"1 minute"},"schema":{"@context":"https:\/\/schema.org","@graph":[{"@type":"WebPage","@id":"https:\/\/www.ferienwohnungnerja.de\/fr\/appartements-de-disponibilite\/","url":"https:\/\/www.ferienwohnungnerja.de\/fr\/appartements-de-disponibilite\/","name":"Appartements de disponibilit\u00e9 titre Nerja et r\u00e9servation en ligne","isPartOf":{"@id":"https:\/\/www.ferienwohnungnerja.de\/fr\/#website"},"primaryImageOfPage":{"@id":"https:\/\/www.ferienwohnungnerja.de\/fr\/appartements-de-disponibilite\/#primaryimage"},"image":{"@id":"https:\/\/www.ferienwohnungnerja.de\/fr\/appartements-de-disponibilite\/#primaryimage"},"thumbnailUrl":"https:\/\/i0.wp.com\/www.ferienwohnungnerja.de\/wp-content\/uploads\/2019\/08\/bg7.jpg?fit=1900%2C1258&ssl=1","datePublished":"2020-04-14T16:59:02+00:00","dateModified":"2020-04-16T11:19:11+00:00","description":"Si vous souhaitez r\u00e9server de fa\u00e7on contraignante, nous vous enverrons un contrat de location. Sur place, nous vous recevrons personnellement et vous donnerons un briefing.","breadcrumb":{"@id":"https:\/\/www.ferienwohnungnerja.de\/fr\/appartements-de-disponibilite\/#breadcrumb"},"inLanguage":"fr-FR","potentialAction":[{"@type":"ReadAction","target":["https:\/\/www.ferienwohnungnerja.de\/fr\/appartements-de-disponibilite\/"]}]},{"@type":"ImageObject","inLanguage":"fr-FR","@id":"https:\/\/www.ferienwohnungnerja.de\/fr\/appartements-de-disponibilite\/#primaryimage","url":"https:\/\/i0.wp.com\/www.ferienwohnungnerja.de\/wp-content\/uploads\/2019\/08\/bg7.jpg?fit=1900%2C1258&ssl=1","contentUrl":"https:\/\/i0.wp.com\/www.ferienwohnungnerja.de\/wp-content\/uploads\/2019\/08\/bg7.jpg?fit=1900%2C1258&ssl=1","width":1900,"height":1258,"caption":"Voir San Juan de Capistrano"},{"@type":"BreadcrumbList","@id":"https:\/\/www.ferienwohnungnerja.de\/fr\/appartements-de-disponibilite\/#breadcrumb","itemListElement":[{"@type":"ListItem","position":1,"name":"Startseite","item":"https:\/\/www.ferienwohnungnerja.de\/fr\/"},{"@type":"ListItem","position":2,"name":"Appartements de disponibilit\u00e9"}]},{"@type":"WebSite","@id":"https:\/\/www.ferienwohnungnerja.de\/fr\/#website","url":"https:\/\/www.ferienwohnungnerja.de\/fr\/","name":"ferienwohnungnerja.de","description":"Ferienwohnungen in Nerja","publisher":{"@id":"https:\/\/www.ferienwohnungnerja.de\/fr\/#\/schema\/person\/16748c9dad4472e47ffa70599fb57c67"},"potentialAction":[{"@type":"SearchAction","target":{"@type":"EntryPoint","urlTemplate":"https:\/\/www.ferienwohnungnerja.de\/fr\/?s={search_term_string}"},"query-input":{"@type":"PropertyValueSpecification","valueRequired":true,"valueName":"search_term_string"}}],"inLanguage":"fr-FR"},{"@type":["Person","Organization"],"@id":"https:\/\/www.ferienwohnungnerja.de\/fr\/#\/schema\/person\/16748c9dad4472e47ffa70599fb57c67","name":"adminnerja","image":{"@type":"ImageObject","inLanguage":"fr-FR","@id":"https:\/\/www.ferienwohnungnerja.de\/fr\/#\/schema\/person\/image\/","url":"https:\/\/secure.gravatar.com\/avatar\/385c6b5598370fe7b91dd03c855835170a55d4467846df8e92d47236c59f2036?s=96&d=mm&r=g","contentUrl":"https:\/\/secure.gravatar.com\/avatar\/385c6b5598370fe7b91dd03c855835170a55d4467846df8e92d47236c59f2036?s=96&d=mm&r=g","caption":"adminnerja"},"logo":{"@id":"https:\/\/www.ferienwohnungnerja.de\/fr\/#\/schema\/person\/image\/"}}]}},"jetpack_sharing_enabled":true,"jetpack_shortlink":"https:\/\/wp.me\/PbaoeD-DD","_links":{"self":[{"href":"https:\/\/www.ferienwohnungnerja.de\/fr\/wp-json\/wp\/v2\/pages\/2457","targetHints":{"allow":["GET"]}}],"collection":[{"href":"https:\/\/www.ferienwohnungnerja.de\/fr\/wp-json\/wp\/v2\/pages"}],"about":[{"href":"https:\/\/www.ferienwohnungnerja.de\/fr\/wp-json\/wp\/v2\/types\/page"}],"author":[{"embeddable":true,"href":"https:\/\/www.ferienwohnungnerja.de\/fr\/wp-json\/wp\/v2\/users\/1"}],"replies":[{"embeddable":true,"href":"https:\/\/www.ferienwohnungnerja.de\/fr\/wp-json\/wp\/v2\/comments?post=2457"}],"version-history":[{"count":4,"href":"https:\/\/www.ferienwohnungnerja.de\/fr\/wp-json\/wp\/v2\/pages\/2457\/revisions"}],"predecessor-version":[{"id":2479,"href":"https:\/\/www.ferienwohnungnerja.de\/fr\/wp-json\/wp\/v2\/pages\/2457\/revisions\/2479"}],"wp:featuredmedia":[{"embeddable":true,"href":"https:\/\/www.ferienwohnungnerja.de\/fr\/wp-json\/wp\/v2\/media\/2372"}],"wp:attachment":[{"href":"https:\/\/www.ferienwohnungnerja.de\/fr\/wp-json\/wp\/v2\/media?parent=2457"}],"curies":[{"name":"wp","href":"https:\/\/api.w.org\/{rel}","templated":true}]}}