{"id":2024,"date":"2020-03-21T11:00:04","date_gmt":"2020-03-21T10:00:04","guid":{"rendered":"https:\/\/www.ferienwohnungnerja.de\/accommodation\/laegenhet-la-perla\/"},"modified":"2020-03-25T12:51:45","modified_gmt":"2020-03-25T11:51:45","slug":"laegenhet-la-perla","status":"publish","type":"mphb_room_type","link":"https:\/\/www.ferienwohnungnerja.de\/sv\/accommodation\/laegenhet-la-perla\/","title":{"rendered":"L\u00e4genhet La Perla"},"content":{"rendered":"<p>Fr\u00e5n <strong>l\u00e4genheten La Perla<\/strong> kan du direkt njuta av de v\u00e4lsk\u00f6tta parkerna i komplexet <strong>San Juan de Capistrano.<\/strong> Terrassen i s\u00f6derl\u00e4ge erbjuder en underbar panoramautsikt \u00f6ver <strong>Medelhavet<\/strong> och <strong>Nerja<\/strong> och har sol hela dagen.<\/p>\n<p>Genom de breda skjutd\u00f6rrarna i glas kan terrassen anslutas till l\u00e4genheten. En stor markis ger den n\u00f6dv\u00e4ndiga skuggan p\u00e5 sommaren, medan p\u00e5 vintern den nedre solen v\u00e4rmer vardagsrummet genom glasd\u00f6rrarna. L\u00e4genheten erbjuder en mycket privat atmosf\u00e4r eftersom det ligger p\u00e5 byggnaden som en frist\u00e5ende stuga. L\u00e4genheten av den enda sidan granne har strukturellt flyttats till baksidan. S\u00e5ledes \u00e4r terrassen inte synlig.<\/p>\n<p>Vardagsrummet med en bekv\u00e4m soffa \u00e4r tekniskt v\u00e4lutrustad med SAT TV (tyska kanaler), musiksystem med CD-spelare. Internetuppkoppling via Wi-Fi och luftkonditionering \u00e4ven f\u00f6r uppv\u00e4rmning. Soffan kan anv\u00e4ndas som en b\u00e4ddsoffa f\u00f6r en tredje person.<br \/>\nK\u00f6ket \u00e4r fullt utrustat med ett stort kylsk\u00e5p med separat frys, keramikh\u00e4ll, ugn, diskmaskin, kaffebryggare, br\u00f6drost och mycket mer.<br \/>\nSovrummet har 2 f\u00f6nster, en bred s\u00e4ng med enkelmadrasser, en rymlig inbyggd garderob och luftkonditionering.<br \/>\nI duschrummet finns en tv\u00e4ttmaskin f\u00f6r den lilla tv\u00e4ttstugan d\u00e4remellan.<\/p>\n<p>Bara ca 150 m fr\u00e5n l\u00e4genheten finns en stormarknad, flera barer och restauranger, samt ett fantastiskt <strong>poolomr\u00e5de<\/strong> med stenig \u00f6 och sm\u00e5 vattenfall. Poolen i San Juan de Capistrano \u00e4r vackert anlagd naturligt som en sj\u00f6 och omgiven av gr\u00e4smattor med solstolar och tv\u00e5 poolbarer. H\u00e4rifr\u00e5n har du ocks\u00e5 magnifik utsikt \u00f6ver havet, Nerja och bergen. F\u00f6r yngre barn finns en privat grund pool med solgr\u00e4smatta p\u00e5 en separat niv\u00e5.<\/p>\n<div id='Video' class='widgets_on_page wop_tiny1  wop_small1  wop_medium1  wop_large1  wop_wide1'>\n\t\t\t<ul><li id=\"media_video-2\" class=\"widget widget_media_video\"><h2 class=\"widgettitle\">Video fritidshus La Perla Nerja <\/h2><div style=\"width:100%;\" class=\"wp-video\"><video class=\"wp-video-shortcode\" id=\"video-2024-1\" preload=\"metadata\" controls=\"controls\"><source type=\"video\/youtube\" src=\"https:\/\/youtu.be\/qetUkxIjuQc?_=1\" \/><a href=\"https:\/\/youtu.be\/qetUkxIjuQc\">https:\/\/youtu.be\/qetUkxIjuQc<\/a><\/video><\/div><\/li><\/ul><\/div><!-- widgets_on_page -->\n<p><strong>Vivienda Turstica Reg.No: VFT\/MA\/09823<\/strong><\/p>\n","protected":false},"excerpt":{"rendered":"<p>L\u00e4genheten La Perla ligger precis ovanf\u00f6r Nerja &#8211; Costa del Sol. Den v\u00e4lsk\u00f6tta, bekv\u00e4ma l\u00e4genheten med 10 kvm privat terrass i s\u00f6derl\u00e4ge och fantastisk utsikt \u00f6ver Medelhavet ligger p\u00e5 f\u00f6rsta v\u00e5ningen, men kan n\u00e5s n\u00e4stan utan steg.<\/p>\n","protected":false},"featured_media":2025,"menu_order":0,"comment_status":"closed","ping_status":"closed","template":"","mphb_room_type_category":[],"mphb_room_type_tag":[],"mphb_room_type_facility":[93,92,99,97,95,101,100,98,96,94],"class_list":["post-2024","mphb_room_type","type-mphb_room_type","status-publish","has-post-thumbnail","hentry","mphb_room_type_facility-1-bad-sv","mphb_room_type_facility-1-sovrum","mphb_room_type_facility-buss","mphb_room_type_facility-diskmaskin","mphb_room_type_facility-gratis-wifi","mphb_room_type_facility-luftkonditionering","mphb_room_type_facility-parkering","mphb_room_type_facility-pool-sv","mphb_room_type_facility-sat-tv-sv","mphb_room_type_facility-terrass","mphb-room-type-adults-3","mphb-room-type-children-0","has-taxes-and-fees"],"yoast_head":"<!-- This site is optimized with the Yoast SEO plugin v26.9 - https:\/\/yoast.com\/product\/yoast-seo-wordpress\/ -->\n<title>L\u00e4genhet - Havsutsikt Nerja, Capistrano<\/title>\n<meta name=\"description\" content=\"L\u00e4genheten La Perla i Nerja med panoramautsikt \u00e4r en p\u00e4rla i det lugna komplexet San Juan de Capistrano med sol fr\u00e5n morgon till kv\u00e4ll.\" \/>\n<meta name=\"robots\" content=\"index, follow, max-snippet:-1, max-image-preview:large, max-video-preview:-1\" \/>\n<link rel=\"canonical\" href=\"https:\/\/www.ferienwohnungnerja.de\/sv\/accommodation\/laegenhet-la-perla\/\" \/>\n<meta property=\"og:locale\" content=\"sv_SE\" \/>\n<meta property=\"og:type\" content=\"article\" \/>\n<meta property=\"og:title\" content=\"L\u00e4genhet - Havsutsikt Nerja, Capistrano\" \/>\n<meta property=\"og:description\" content=\"L\u00e4genheten La Perla i Nerja med panoramautsikt \u00e4r en p\u00e4rla i det lugna komplexet San Juan de Capistrano med sol fr\u00e5n morgon till kv\u00e4ll.\" \/>\n<meta property=\"og:url\" content=\"https:\/\/www.ferienwohnungnerja.de\/sv\/accommodation\/laegenhet-la-perla\/\" \/>\n<meta property=\"og:site_name\" content=\"ferienwohnungnerja.de\" \/>\n<meta property=\"article:modified_time\" content=\"2020-03-25T11:51:45+00:00\" \/>\n<meta property=\"og:image\" content=\"https:\/\/i0.wp.com\/www.ferienwohnungnerja.de\/wp-content\/uploads\/2019\/08\/appartement_capistrano01.jpg?fit=1600%2C1166&ssl=1\" \/>\n\t<meta property=\"og:image:width\" content=\"1600\" \/>\n\t<meta property=\"og:image:height\" content=\"1166\" \/>\n\t<meta property=\"og:image:type\" content=\"image\/jpeg\" \/>\n<meta name=\"twitter:card\" content=\"summary_large_image\" \/>\n<meta name=\"twitter:label1\" content=\"Ber\u00e4knad l\u00e4stid\" \/>\n\t<meta name=\"twitter:data1\" content=\"1 minut\" \/>\n<script type=\"application\/ld+json\" class=\"yoast-schema-graph\">{\"@context\":\"https:\/\/schema.org\",\"@graph\":[{\"@type\":\"WebPage\",\"@id\":\"https:\/\/www.ferienwohnungnerja.de\/sv\/accommodation\/laegenhet-la-perla\/\",\"url\":\"https:\/\/www.ferienwohnungnerja.de\/sv\/accommodation\/laegenhet-la-perla\/\",\"name\":\"L\u00e4genhet - Havsutsikt Nerja, Capistrano\",\"isPartOf\":{\"@id\":\"https:\/\/www.ferienwohnungnerja.de\/sv\/#website\"},\"primaryImageOfPage\":{\"@id\":\"https:\/\/www.ferienwohnungnerja.de\/sv\/accommodation\/laegenhet-la-perla\/#primaryimage\"},\"image\":{\"@id\":\"https:\/\/www.ferienwohnungnerja.de\/sv\/accommodation\/laegenhet-la-perla\/#primaryimage\"},\"thumbnailUrl\":\"https:\/\/i0.wp.com\/www.ferienwohnungnerja.de\/wp-content\/uploads\/2019\/08\/appartement_capistrano01.jpg?fit=1600%2C1166&ssl=1\",\"datePublished\":\"2020-03-21T10:00:04+00:00\",\"dateModified\":\"2020-03-25T11:51:45+00:00\",\"description\":\"L\u00e4genheten La Perla i Nerja med panoramautsikt \u00e4r en p\u00e4rla i det lugna komplexet San Juan de Capistrano med sol fr\u00e5n morgon till kv\u00e4ll.\",\"breadcrumb\":{\"@id\":\"https:\/\/www.ferienwohnungnerja.de\/sv\/accommodation\/laegenhet-la-perla\/#breadcrumb\"},\"inLanguage\":\"sv-SE\",\"potentialAction\":[{\"@type\":\"ReadAction\",\"target\":[\"https:\/\/www.ferienwohnungnerja.de\/sv\/accommodation\/laegenhet-la-perla\/\"]}]},{\"@type\":\"ImageObject\",\"inLanguage\":\"sv-SE\",\"@id\":\"https:\/\/www.ferienwohnungnerja.de\/sv\/accommodation\/laegenhet-la-perla\/#primaryimage\",\"url\":\"https:\/\/i0.wp.com\/www.ferienwohnungnerja.de\/wp-content\/uploads\/2019\/08\/appartement_capistrano01.jpg?fit=1600%2C1166&ssl=1\",\"contentUrl\":\"https:\/\/i0.wp.com\/www.ferienwohnungnerja.de\/wp-content\/uploads\/2019\/08\/appartement_capistrano01.jpg?fit=1600%2C1166&ssl=1\",\"width\":1600,\"height\":1166,\"caption\":\"L\u00e4genhet Capistrano\"},{\"@type\":\"BreadcrumbList\",\"@id\":\"https:\/\/www.ferienwohnungnerja.de\/sv\/accommodation\/laegenhet-la-perla\/#breadcrumb\",\"itemListElement\":[{\"@type\":\"ListItem\",\"position\":1,\"name\":\"Startseite\",\"item\":\"https:\/\/www.ferienwohnungnerja.de\/sv\/\"},{\"@type\":\"ListItem\",\"position\":2,\"name\":\"Rumstyper\",\"item\":\"https:\/\/www.ferienwohnungnerja.de\/sv\/accommodation\/\"},{\"@type\":\"ListItem\",\"position\":3,\"name\":\"L\u00e4genhet La Perla\"}]},{\"@type\":\"WebSite\",\"@id\":\"https:\/\/www.ferienwohnungnerja.de\/sv\/#website\",\"url\":\"https:\/\/www.ferienwohnungnerja.de\/sv\/\",\"name\":\"ferienwohnungnerja.de\",\"description\":\"Ferienwohnungen in Nerja\",\"publisher\":{\"@id\":\"https:\/\/www.ferienwohnungnerja.de\/sv\/#\/schema\/person\/16748c9dad4472e47ffa70599fb57c67\"},\"potentialAction\":[{\"@type\":\"SearchAction\",\"target\":{\"@type\":\"EntryPoint\",\"urlTemplate\":\"https:\/\/www.ferienwohnungnerja.de\/sv\/?s={search_term_string}\"},\"query-input\":{\"@type\":\"PropertyValueSpecification\",\"valueRequired\":true,\"valueName\":\"search_term_string\"}}],\"inLanguage\":\"sv-SE\"},{\"@type\":[\"Person\",\"Organization\"],\"@id\":\"https:\/\/www.ferienwohnungnerja.de\/sv\/#\/schema\/person\/16748c9dad4472e47ffa70599fb57c67\",\"name\":\"adminnerja\",\"image\":{\"@type\":\"ImageObject\",\"inLanguage\":\"sv-SE\",\"@id\":\"https:\/\/www.ferienwohnungnerja.de\/sv\/#\/schema\/person\/image\/\",\"url\":\"https:\/\/secure.gravatar.com\/avatar\/385c6b5598370fe7b91dd03c855835170a55d4467846df8e92d47236c59f2036?s=96&d=mm&r=g\",\"contentUrl\":\"https:\/\/secure.gravatar.com\/avatar\/385c6b5598370fe7b91dd03c855835170a55d4467846df8e92d47236c59f2036?s=96&d=mm&r=g\",\"caption\":\"adminnerja\"},\"logo\":{\"@id\":\"https:\/\/www.ferienwohnungnerja.de\/sv\/#\/schema\/person\/image\/\"}}]}<\/script>\n<!-- \/ Yoast SEO plugin. -->","yoast_head_json":{"title":"L\u00e4genhet - Havsutsikt Nerja, Capistrano","description":"L\u00e4genheten La Perla i Nerja med panoramautsikt \u00e4r en p\u00e4rla i det lugna komplexet San Juan de Capistrano med sol fr\u00e5n morgon till kv\u00e4ll.","robots":{"index":"index","follow":"follow","max-snippet":"max-snippet:-1","max-image-preview":"max-image-preview:large","max-video-preview":"max-video-preview:-1"},"canonical":"https:\/\/www.ferienwohnungnerja.de\/sv\/accommodation\/laegenhet-la-perla\/","og_locale":"sv_SE","og_type":"article","og_title":"L\u00e4genhet - Havsutsikt Nerja, Capistrano","og_description":"L\u00e4genheten La Perla i Nerja med panoramautsikt \u00e4r en p\u00e4rla i det lugna komplexet San Juan de Capistrano med sol fr\u00e5n morgon till kv\u00e4ll.","og_url":"https:\/\/www.ferienwohnungnerja.de\/sv\/accommodation\/laegenhet-la-perla\/","og_site_name":"ferienwohnungnerja.de","article_modified_time":"2020-03-25T11:51:45+00:00","og_image":[{"width":1600,"height":1166,"url":"https:\/\/i0.wp.com\/www.ferienwohnungnerja.de\/wp-content\/uploads\/2019\/08\/appartement_capistrano01.jpg?fit=1600%2C1166&ssl=1","type":"image\/jpeg"}],"twitter_card":"summary_large_image","twitter_misc":{"Ber\u00e4knad l\u00e4stid":"1 minut"},"schema":{"@context":"https:\/\/schema.org","@graph":[{"@type":"WebPage","@id":"https:\/\/www.ferienwohnungnerja.de\/sv\/accommodation\/laegenhet-la-perla\/","url":"https:\/\/www.ferienwohnungnerja.de\/sv\/accommodation\/laegenhet-la-perla\/","name":"L\u00e4genhet - Havsutsikt Nerja, Capistrano","isPartOf":{"@id":"https:\/\/www.ferienwohnungnerja.de\/sv\/#website"},"primaryImageOfPage":{"@id":"https:\/\/www.ferienwohnungnerja.de\/sv\/accommodation\/laegenhet-la-perla\/#primaryimage"},"image":{"@id":"https:\/\/www.ferienwohnungnerja.de\/sv\/accommodation\/laegenhet-la-perla\/#primaryimage"},"thumbnailUrl":"https:\/\/i0.wp.com\/www.ferienwohnungnerja.de\/wp-content\/uploads\/2019\/08\/appartement_capistrano01.jpg?fit=1600%2C1166&ssl=1","datePublished":"2020-03-21T10:00:04+00:00","dateModified":"2020-03-25T11:51:45+00:00","description":"L\u00e4genheten La Perla i Nerja med panoramautsikt \u00e4r en p\u00e4rla i det lugna komplexet San Juan de Capistrano med sol fr\u00e5n morgon till kv\u00e4ll.","breadcrumb":{"@id":"https:\/\/www.ferienwohnungnerja.de\/sv\/accommodation\/laegenhet-la-perla\/#breadcrumb"},"inLanguage":"sv-SE","potentialAction":[{"@type":"ReadAction","target":["https:\/\/www.ferienwohnungnerja.de\/sv\/accommodation\/laegenhet-la-perla\/"]}]},{"@type":"ImageObject","inLanguage":"sv-SE","@id":"https:\/\/www.ferienwohnungnerja.de\/sv\/accommodation\/laegenhet-la-perla\/#primaryimage","url":"https:\/\/i0.wp.com\/www.ferienwohnungnerja.de\/wp-content\/uploads\/2019\/08\/appartement_capistrano01.jpg?fit=1600%2C1166&ssl=1","contentUrl":"https:\/\/i0.wp.com\/www.ferienwohnungnerja.de\/wp-content\/uploads\/2019\/08\/appartement_capistrano01.jpg?fit=1600%2C1166&ssl=1","width":1600,"height":1166,"caption":"L\u00e4genhet Capistrano"},{"@type":"BreadcrumbList","@id":"https:\/\/www.ferienwohnungnerja.de\/sv\/accommodation\/laegenhet-la-perla\/#breadcrumb","itemListElement":[{"@type":"ListItem","position":1,"name":"Startseite","item":"https:\/\/www.ferienwohnungnerja.de\/sv\/"},{"@type":"ListItem","position":2,"name":"Rumstyper","item":"https:\/\/www.ferienwohnungnerja.de\/sv\/accommodation\/"},{"@type":"ListItem","position":3,"name":"L\u00e4genhet La Perla"}]},{"@type":"WebSite","@id":"https:\/\/www.ferienwohnungnerja.de\/sv\/#website","url":"https:\/\/www.ferienwohnungnerja.de\/sv\/","name":"ferienwohnungnerja.de","description":"Ferienwohnungen in Nerja","publisher":{"@id":"https:\/\/www.ferienwohnungnerja.de\/sv\/#\/schema\/person\/16748c9dad4472e47ffa70599fb57c67"},"potentialAction":[{"@type":"SearchAction","target":{"@type":"EntryPoint","urlTemplate":"https:\/\/www.ferienwohnungnerja.de\/sv\/?s={search_term_string}"},"query-input":{"@type":"PropertyValueSpecification","valueRequired":true,"valueName":"search_term_string"}}],"inLanguage":"sv-SE"},{"@type":["Person","Organization"],"@id":"https:\/\/www.ferienwohnungnerja.de\/sv\/#\/schema\/person\/16748c9dad4472e47ffa70599fb57c67","name":"adminnerja","image":{"@type":"ImageObject","inLanguage":"sv-SE","@id":"https:\/\/www.ferienwohnungnerja.de\/sv\/#\/schema\/person\/image\/","url":"https:\/\/secure.gravatar.com\/avatar\/385c6b5598370fe7b91dd03c855835170a55d4467846df8e92d47236c59f2036?s=96&d=mm&r=g","contentUrl":"https:\/\/secure.gravatar.com\/avatar\/385c6b5598370fe7b91dd03c855835170a55d4467846df8e92d47236c59f2036?s=96&d=mm&r=g","caption":"adminnerja"},"logo":{"@id":"https:\/\/www.ferienwohnungnerja.de\/sv\/#\/schema\/person\/image\/"}}]}},"jetpack_sharing_enabled":true,"_links":{"self":[{"href":"https:\/\/www.ferienwohnungnerja.de\/sv\/wp-json\/wp\/v2\/mphb_room_type\/2024","targetHints":{"allow":["GET"]}}],"collection":[{"href":"https:\/\/www.ferienwohnungnerja.de\/sv\/wp-json\/wp\/v2\/mphb_room_type"}],"about":[{"href":"https:\/\/www.ferienwohnungnerja.de\/sv\/wp-json\/wp\/v2\/types\/mphb_room_type"}],"replies":[{"embeddable":true,"href":"https:\/\/www.ferienwohnungnerja.de\/sv\/wp-json\/wp\/v2\/comments?post=2024"}],"wp:featuredmedia":[{"embeddable":true,"href":"https:\/\/www.ferienwohnungnerja.de\/sv\/wp-json\/wp\/v2\/media\/2025"}],"wp:attachment":[{"href":"https:\/\/www.ferienwohnungnerja.de\/sv\/wp-json\/wp\/v2\/media?parent=2024"}],"wp:term":[{"taxonomy":"mphb_room_type_category","embeddable":true,"href":"https:\/\/www.ferienwohnungnerja.de\/sv\/wp-json\/wp\/v2\/mphb_room_type_category?post=2024"},{"taxonomy":"mphb_room_type_tag","embeddable":true,"href":"https:\/\/www.ferienwohnungnerja.de\/sv\/wp-json\/wp\/v2\/mphb_room_type_tag?post=2024"},{"taxonomy":"mphb_room_type_facility","embeddable":true,"href":"https:\/\/www.ferienwohnungnerja.de\/sv\/wp-json\/wp\/v2\/mphb_room_type_facility?post=2024"}],"curies":[{"name":"wp","href":"https:\/\/api.w.org\/{rel}","templated":true}]}}