{"id":2171,"date":"2020-03-22T11:12:18","date_gmt":"2020-03-22T10:12:18","guid":{"rendered":"https:\/\/www.ferienwohnungnerja.de\/bokningsfoerfraagan-laegenhet-nerja\/"},"modified":"2020-03-24T13:54:01","modified_gmt":"2020-03-24T12:54:01","slug":"bokningsfoerfraagan-laegenhet-nerja","status":"publish","type":"page","link":"https:\/\/www.ferienwohnungnerja.de\/sv\/bokningsfoerfraagan-laegenhet-nerja\/","title":{"rendered":"Bokningsf\u00f6rfr\u00e5gan L\u00e4genhet Nerja"},"content":{"rendered":"\n<p>Fyll i bokningsformul\u00e4ret om du \u00e4r intresserad. Vi kommer att informera dig omedelbart och utan skyldighet om du kan boka l\u00e4genheten p\u00e5 \u00f6nskat datum. <\/p>\n\n\n\n<div class=\"wpcf7 no-js\" id=\"wpcf7-f2164-o1\" lang=\"sv-SE\" dir=\"ltr\" data-wpcf7-id=\"2164\">\n<div class=\"screen-reader-response\"><p role=\"status\" aria-live=\"polite\" aria-atomic=\"true\"><\/p> <ul><\/ul><\/div>\n<form action=\"\/sv\/wp-json\/wp\/v2\/pages\/2171#wpcf7-f2164-o1\" method=\"post\" class=\"wpcf7-form init\" aria-label=\"Kontaktformul\u00e4r\" novalidate=\"novalidate\" data-status=\"init\">\n<fieldset class=\"hidden-fields-container\"><input type=\"hidden\" name=\"_wpcf7\" value=\"2164\" \/><input type=\"hidden\" name=\"_wpcf7_version\" value=\"6.1.5\" \/><input type=\"hidden\" name=\"_wpcf7_locale\" value=\"sv_SE\" \/><input type=\"hidden\" name=\"_wpcf7_unit_tag\" value=\"wpcf7-f2164-o1\" \/><input type=\"hidden\" name=\"_wpcf7_container_post\" value=\"0\" \/><input type=\"hidden\" name=\"_wpcf7_posted_data_hash\" value=\"\" \/><input type=\"hidden\" name=\"_wpcf7_recaptcha_response\" value=\"\" \/>\n<\/fieldset>\n<p><label> V\u00e4nligen v\u00e4lj <span class=\"wpcf7-form-control-wrap\" data-name=\"menu-576\"><select class=\"wpcf7-form-control wpcf7-select wpcf7-validates-as-required\" aria-required=\"true\" aria-invalid=\"false\" name=\"menu-576\"><option value=\"\">\u2013 V\u00e4lj ett alternativ \u2013<\/option><option value=\"Appartement La Perla\">Appartement La Perla<\/option><option value=\"Villa Lim\u00f3n\">Villa Lim\u00f3n<\/option><\/select><\/span><\/label>\n<\/p>\n<p><label> F\u00f6r- och efternamn (obligatoriskt f\u00e4lt)<br \/>\n<span class=\"wpcf7-form-control-wrap\" data-name=\"your-name\"><input size=\"40\" maxlength=\"400\" class=\"wpcf7-form-control wpcf7-text wpcf7-validates-as-required\" aria-required=\"true\" aria-invalid=\"false\" value=\"\" type=\"text\" name=\"your-name\" \/><\/span> <\/label>\n<\/p>\n<p><label> E-postadress (obligatoriskt f\u00e4lt)<br \/>\n<span class=\"wpcf7-form-control-wrap\" data-name=\"your-email\"><input size=\"40\" maxlength=\"400\" class=\"wpcf7-form-control wpcf7-email wpcf7-validates-as-required wpcf7-text wpcf7-validates-as-email\" aria-required=\"true\" aria-invalid=\"false\" value=\"\" type=\"email\" name=\"your-email\" \/><\/span> <\/label>\n<\/p>\n<p><label> fr\u00e5n (dag\/m\u00e5nad\/\u00e5r):<br \/>\n<span class=\"wpcf7-form-control-wrap\" data-name=\"von\"><input size=\"40\" maxlength=\"400\" class=\"wpcf7-form-control wpcf7-text\" aria-invalid=\"false\" value=\"\" type=\"text\" name=\"von\" \/><\/span> <\/label>\n<\/p>\n<p><label> till (dag\/m\u00e5nad\/\u00e5r):<br \/>\n<span class=\"wpcf7-form-control-wrap\" data-name=\"bis\"><input size=\"40\" maxlength=\"400\" class=\"wpcf7-form-control wpcf7-text\" aria-invalid=\"false\" value=\"\" type=\"text\" name=\"bis\" \/><\/span> <\/label>\n<\/p>\n<p><label> Antal personer:<br \/>\n<span class=\"wpcf7-form-control-wrap\" data-name=\"personen\"><input size=\"40\" maxlength=\"400\" class=\"wpcf7-form-control wpcf7-text\" aria-invalid=\"false\" value=\"\" type=\"text\" name=\"personen\" \/><\/span> <\/label>\n<\/p>\n<p><label> Varav barn i \u00e5ldern\/upp\u00e5t:<br \/>\n<span class=\"wpcf7-form-control-wrap\" data-name=\"kinder\"><input size=\"40\" maxlength=\"400\" class=\"wpcf7-form-control wpcf7-text\" aria-invalid=\"false\" value=\"\" type=\"text\" name=\"kinder\" \/><\/span> <\/label>\n<\/p>\n<p><label> Street:<br \/>\n<span class=\"wpcf7-form-control-wrap\" data-name=\"strasse\"><input size=\"40\" maxlength=\"400\" class=\"wpcf7-form-control wpcf7-text\" aria-invalid=\"false\" value=\"\" type=\"text\" name=\"strasse\" \/><\/span> <\/label>\n<\/p>\n<p><label> Postnummer\/Plats:<br \/>\n<span class=\"wpcf7-form-control-wrap\" data-name=\"ort\"><input size=\"40\" maxlength=\"400\" class=\"wpcf7-form-control wpcf7-text\" aria-invalid=\"false\" value=\"\" type=\"text\" name=\"ort\" \/><\/span> <\/label>\n<\/p>\n<p><label> Land:<br \/>\n<span class=\"wpcf7-form-control-wrap\" data-name=\"land\"><input size=\"40\" maxlength=\"400\" class=\"wpcf7-form-control wpcf7-text\" aria-invalid=\"false\" value=\"\" type=\"text\" name=\"land\" \/><\/span> <\/label>\n<\/p>\n<p><label> Telefonnummer:<br \/>\n<span class=\"wpcf7-form-control-wrap\" data-name=\"telefon\"><input size=\"40\" maxlength=\"400\" class=\"wpcf7-form-control wpcf7-text\" aria-invalid=\"false\" value=\"\" type=\"text\" name=\"telefon\" \/><\/span> <\/label>\n<\/p>\n<p><label> Telefon:<br \/>\n<span class=\"wpcf7-form-control-wrap\" data-name=\"handy\"><input size=\"40\" maxlength=\"400\" class=\"wpcf7-form-control wpcf7-text\" aria-invalid=\"false\" value=\"\" type=\"text\" name=\"handy\" \/><\/span> <\/label>\n<\/p>\n<p><label> Ring mig:<br \/>\n<span class=\"wpcf7-form-control-wrap\" data-name=\"anrufen\"><span class=\"wpcf7-form-control wpcf7-checkbox\"><span class=\"wpcf7-list-item first last\"><span class=\"wpcf7-list-item-label\"><\/span><input type=\"checkbox\" name=\"anrufen[]\" value=\"\" \/><\/span><\/span><\/span> <\/label>\n<\/p>\n<p><label> Ditt meddelande<br \/>\n<span class=\"wpcf7-form-control-wrap\" data-name=\"nachricht\"><textarea cols=\"40\" rows=\"10\" maxlength=\"2000\" class=\"wpcf7-form-control wpcf7-textarea\" aria-invalid=\"false\" name=\"nachricht\"><\/textarea><\/span> <\/label>\n<\/p>\n<p><input class=\"wpcf7-form-control wpcf7-submit has-spinner\" type=\"submit\" value=\"Senden\" \/>\n<\/p><div class=\"wpcf7-response-output\" aria-hidden=\"true\"><\/div>\n<\/form>\n<\/div>\n\n\n\n\n<small>Denna webbplats skyddas av reCAPTCHA och Google \n    <a href=\"https:\/\/policies.google.com\/privacy\">Sekretesspolicy<\/a> och\n    <a href=\"https:\/\/policies.google.com\/terms\">Anv\u00e4ndarvillkoren<\/a> g\u00e4ller.\n<\/small>\n\n\n\n<p><\/p>\n","protected":false},"excerpt":{"rendered":"<p>Fyll i bokningsformul\u00e4ret om du \u00e4r intresserad. Vi kommer att informera dig omedelbart och utan skyldighet om du kan boka l\u00e4genheten p\u00e5 \u00f6nskat datum. Denna webbplats skyddas av reCAPTCHA och Google Sekretesspolicy och Anv\u00e4ndarvillkoren g\u00e4ller.<\/p>\n","protected":false},"author":1,"featured_media":2076,"parent":0,"menu_order":0,"comment_status":"closed","ping_status":"closed","template":"","meta":{"jetpack_post_was_ever_published":false,"footnotes":""},"class_list":["post-2171","page","type-page","status-publish","has-post-thumbnail","hentry"],"yoast_head":"<!-- This site is optimized with the Yoast SEO plugin v26.9 - https:\/\/yoast.com\/product\/yoast-seo-wordpress\/ -->\n<title>Bokningsf\u00f6rfr\u00e5gan L\u00e4genhet Nerja - Bokningsformul\u00e4r<\/title>\n<meta name=\"description\" content=\"Fyll i formul\u00e4ret om du \u00e4r intresserad. Vi kommer att informera dig omedelbart om du kan boka l\u00e4genheten p\u00e5 \u00f6nskat datum.\" \/>\n<meta name=\"robots\" content=\"index, follow, max-snippet:-1, max-image-preview:large, max-video-preview:-1\" \/>\n<link rel=\"canonical\" href=\"https:\/\/www.ferienwohnungnerja.de\/sv\/bokningsfoerfraagan-laegenhet-nerja\/\" \/>\n<meta property=\"og:locale\" content=\"sv_SE\" \/>\n<meta property=\"og:type\" content=\"article\" \/>\n<meta property=\"og:title\" content=\"Bokningsf\u00f6rfr\u00e5gan L\u00e4genhet Nerja - Bokningsformul\u00e4r\" \/>\n<meta property=\"og:description\" content=\"Fyll i formul\u00e4ret om du \u00e4r intresserad. Vi kommer att informera dig omedelbart om du kan boka l\u00e4genheten p\u00e5 \u00f6nskat datum.\" \/>\n<meta property=\"og:url\" content=\"https:\/\/www.ferienwohnungnerja.de\/sv\/bokningsfoerfraagan-laegenhet-nerja\/\" \/>\n<meta property=\"og:site_name\" content=\"ferienwohnungnerja.de\" \/>\n<meta property=\"article:modified_time\" content=\"2020-03-24T12:54:01+00:00\" \/>\n<meta property=\"og:image\" content=\"https:\/\/i1.wp.com\/www.ferienwohnungnerja.de\/wp-content\/uploads\/2019\/08\/bg13.jpg?fit=1900%2C1267&ssl=1\" \/>\n\t<meta property=\"og:image:width\" content=\"1900\" \/>\n\t<meta property=\"og:image:height\" content=\"1267\" \/>\n\t<meta property=\"og:image:type\" content=\"image\/jpeg\" \/>\n<meta name=\"twitter:card\" content=\"summary_large_image\" \/>\n<script type=\"application\/ld+json\" class=\"yoast-schema-graph\">{\"@context\":\"https:\/\/schema.org\",\"@graph\":[{\"@type\":\"WebPage\",\"@id\":\"https:\/\/www.ferienwohnungnerja.de\/sv\/bokningsfoerfraagan-laegenhet-nerja\/\",\"url\":\"https:\/\/www.ferienwohnungnerja.de\/sv\/bokningsfoerfraagan-laegenhet-nerja\/\",\"name\":\"Bokningsf\u00f6rfr\u00e5gan L\u00e4genhet Nerja - Bokningsformul\u00e4r\",\"isPartOf\":{\"@id\":\"https:\/\/www.ferienwohnungnerja.de\/sv\/#website\"},\"primaryImageOfPage\":{\"@id\":\"https:\/\/www.ferienwohnungnerja.de\/sv\/bokningsfoerfraagan-laegenhet-nerja\/#primaryimage\"},\"image\":{\"@id\":\"https:\/\/www.ferienwohnungnerja.de\/sv\/bokningsfoerfraagan-laegenhet-nerja\/#primaryimage\"},\"thumbnailUrl\":\"https:\/\/i0.wp.com\/www.ferienwohnungnerja.de\/wp-content\/uploads\/2019\/08\/bg13.jpg?fit=1900%2C1267&ssl=1\",\"datePublished\":\"2020-03-22T10:12:18+00:00\",\"dateModified\":\"2020-03-24T12:54:01+00:00\",\"description\":\"Fyll i formul\u00e4ret om du \u00e4r intresserad. Vi kommer att informera dig omedelbart om du kan boka l\u00e4genheten p\u00e5 \u00f6nskat datum.\",\"breadcrumb\":{\"@id\":\"https:\/\/www.ferienwohnungnerja.de\/sv\/bokningsfoerfraagan-laegenhet-nerja\/#breadcrumb\"},\"inLanguage\":\"sv-SE\",\"potentialAction\":[{\"@type\":\"ReadAction\",\"target\":[\"https:\/\/www.ferienwohnungnerja.de\/sv\/bokningsfoerfraagan-laegenhet-nerja\/\"]}]},{\"@type\":\"ImageObject\",\"inLanguage\":\"sv-SE\",\"@id\":\"https:\/\/www.ferienwohnungnerja.de\/sv\/bokningsfoerfraagan-laegenhet-nerja\/#primaryimage\",\"url\":\"https:\/\/i0.wp.com\/www.ferienwohnungnerja.de\/wp-content\/uploads\/2019\/08\/bg13.jpg?fit=1900%2C1267&ssl=1\",\"contentUrl\":\"https:\/\/i0.wp.com\/www.ferienwohnungnerja.de\/wp-content\/uploads\/2019\/08\/bg13.jpg?fit=1900%2C1267&ssl=1\",\"width\":1900,\"height\":1267,\"caption\":\"Kv\u00e4ll hum\u00f6r Nerja\"},{\"@type\":\"BreadcrumbList\",\"@id\":\"https:\/\/www.ferienwohnungnerja.de\/sv\/bokningsfoerfraagan-laegenhet-nerja\/#breadcrumb\",\"itemListElement\":[{\"@type\":\"ListItem\",\"position\":1,\"name\":\"Startseite\",\"item\":\"https:\/\/www.ferienwohnungnerja.de\/sv\/\"},{\"@type\":\"ListItem\",\"position\":2,\"name\":\"Bokningsf\u00f6rfr\u00e5gan L\u00e4genhet Nerja\"}]},{\"@type\":\"WebSite\",\"@id\":\"https:\/\/www.ferienwohnungnerja.de\/sv\/#website\",\"url\":\"https:\/\/www.ferienwohnungnerja.de\/sv\/\",\"name\":\"ferienwohnungnerja.de\",\"description\":\"Ferienwohnungen in Nerja\",\"publisher\":{\"@id\":\"https:\/\/www.ferienwohnungnerja.de\/sv\/#\/schema\/person\/16748c9dad4472e47ffa70599fb57c67\"},\"potentialAction\":[{\"@type\":\"SearchAction\",\"target\":{\"@type\":\"EntryPoint\",\"urlTemplate\":\"https:\/\/www.ferienwohnungnerja.de\/sv\/?s={search_term_string}\"},\"query-input\":{\"@type\":\"PropertyValueSpecification\",\"valueRequired\":true,\"valueName\":\"search_term_string\"}}],\"inLanguage\":\"sv-SE\"},{\"@type\":[\"Person\",\"Organization\"],\"@id\":\"https:\/\/www.ferienwohnungnerja.de\/sv\/#\/schema\/person\/16748c9dad4472e47ffa70599fb57c67\",\"name\":\"adminnerja\",\"image\":{\"@type\":\"ImageObject\",\"inLanguage\":\"sv-SE\",\"@id\":\"https:\/\/www.ferienwohnungnerja.de\/sv\/#\/schema\/person\/image\/\",\"url\":\"https:\/\/secure.gravatar.com\/avatar\/385c6b5598370fe7b91dd03c855835170a55d4467846df8e92d47236c59f2036?s=96&d=mm&r=g\",\"contentUrl\":\"https:\/\/secure.gravatar.com\/avatar\/385c6b5598370fe7b91dd03c855835170a55d4467846df8e92d47236c59f2036?s=96&d=mm&r=g\",\"caption\":\"adminnerja\"},\"logo\":{\"@id\":\"https:\/\/www.ferienwohnungnerja.de\/sv\/#\/schema\/person\/image\/\"}}]}<\/script>\n<!-- \/ Yoast SEO plugin. -->","yoast_head_json":{"title":"Bokningsf\u00f6rfr\u00e5gan L\u00e4genhet Nerja - Bokningsformul\u00e4r","description":"Fyll i formul\u00e4ret om du \u00e4r intresserad. Vi kommer att informera dig omedelbart om du kan boka l\u00e4genheten p\u00e5 \u00f6nskat datum.","robots":{"index":"index","follow":"follow","max-snippet":"max-snippet:-1","max-image-preview":"max-image-preview:large","max-video-preview":"max-video-preview:-1"},"canonical":"https:\/\/www.ferienwohnungnerja.de\/sv\/bokningsfoerfraagan-laegenhet-nerja\/","og_locale":"sv_SE","og_type":"article","og_title":"Bokningsf\u00f6rfr\u00e5gan L\u00e4genhet Nerja - Bokningsformul\u00e4r","og_description":"Fyll i formul\u00e4ret om du \u00e4r intresserad. Vi kommer att informera dig omedelbart om du kan boka l\u00e4genheten p\u00e5 \u00f6nskat datum.","og_url":"https:\/\/www.ferienwohnungnerja.de\/sv\/bokningsfoerfraagan-laegenhet-nerja\/","og_site_name":"ferienwohnungnerja.de","article_modified_time":"2020-03-24T12:54:01+00:00","og_image":[{"width":1900,"height":1267,"url":"https:\/\/i1.wp.com\/www.ferienwohnungnerja.de\/wp-content\/uploads\/2019\/08\/bg13.jpg?fit=1900%2C1267&ssl=1","type":"image\/jpeg"}],"twitter_card":"summary_large_image","schema":{"@context":"https:\/\/schema.org","@graph":[{"@type":"WebPage","@id":"https:\/\/www.ferienwohnungnerja.de\/sv\/bokningsfoerfraagan-laegenhet-nerja\/","url":"https:\/\/www.ferienwohnungnerja.de\/sv\/bokningsfoerfraagan-laegenhet-nerja\/","name":"Bokningsf\u00f6rfr\u00e5gan L\u00e4genhet Nerja - Bokningsformul\u00e4r","isPartOf":{"@id":"https:\/\/www.ferienwohnungnerja.de\/sv\/#website"},"primaryImageOfPage":{"@id":"https:\/\/www.ferienwohnungnerja.de\/sv\/bokningsfoerfraagan-laegenhet-nerja\/#primaryimage"},"image":{"@id":"https:\/\/www.ferienwohnungnerja.de\/sv\/bokningsfoerfraagan-laegenhet-nerja\/#primaryimage"},"thumbnailUrl":"https:\/\/i0.wp.com\/www.ferienwohnungnerja.de\/wp-content\/uploads\/2019\/08\/bg13.jpg?fit=1900%2C1267&ssl=1","datePublished":"2020-03-22T10:12:18+00:00","dateModified":"2020-03-24T12:54:01+00:00","description":"Fyll i formul\u00e4ret om du \u00e4r intresserad. Vi kommer att informera dig omedelbart om du kan boka l\u00e4genheten p\u00e5 \u00f6nskat datum.","breadcrumb":{"@id":"https:\/\/www.ferienwohnungnerja.de\/sv\/bokningsfoerfraagan-laegenhet-nerja\/#breadcrumb"},"inLanguage":"sv-SE","potentialAction":[{"@type":"ReadAction","target":["https:\/\/www.ferienwohnungnerja.de\/sv\/bokningsfoerfraagan-laegenhet-nerja\/"]}]},{"@type":"ImageObject","inLanguage":"sv-SE","@id":"https:\/\/www.ferienwohnungnerja.de\/sv\/bokningsfoerfraagan-laegenhet-nerja\/#primaryimage","url":"https:\/\/i0.wp.com\/www.ferienwohnungnerja.de\/wp-content\/uploads\/2019\/08\/bg13.jpg?fit=1900%2C1267&ssl=1","contentUrl":"https:\/\/i0.wp.com\/www.ferienwohnungnerja.de\/wp-content\/uploads\/2019\/08\/bg13.jpg?fit=1900%2C1267&ssl=1","width":1900,"height":1267,"caption":"Kv\u00e4ll hum\u00f6r Nerja"},{"@type":"BreadcrumbList","@id":"https:\/\/www.ferienwohnungnerja.de\/sv\/bokningsfoerfraagan-laegenhet-nerja\/#breadcrumb","itemListElement":[{"@type":"ListItem","position":1,"name":"Startseite","item":"https:\/\/www.ferienwohnungnerja.de\/sv\/"},{"@type":"ListItem","position":2,"name":"Bokningsf\u00f6rfr\u00e5gan L\u00e4genhet Nerja"}]},{"@type":"WebSite","@id":"https:\/\/www.ferienwohnungnerja.de\/sv\/#website","url":"https:\/\/www.ferienwohnungnerja.de\/sv\/","name":"ferienwohnungnerja.de","description":"Ferienwohnungen in Nerja","publisher":{"@id":"https:\/\/www.ferienwohnungnerja.de\/sv\/#\/schema\/person\/16748c9dad4472e47ffa70599fb57c67"},"potentialAction":[{"@type":"SearchAction","target":{"@type":"EntryPoint","urlTemplate":"https:\/\/www.ferienwohnungnerja.de\/sv\/?s={search_term_string}"},"query-input":{"@type":"PropertyValueSpecification","valueRequired":true,"valueName":"search_term_string"}}],"inLanguage":"sv-SE"},{"@type":["Person","Organization"],"@id":"https:\/\/www.ferienwohnungnerja.de\/sv\/#\/schema\/person\/16748c9dad4472e47ffa70599fb57c67","name":"adminnerja","image":{"@type":"ImageObject","inLanguage":"sv-SE","@id":"https:\/\/www.ferienwohnungnerja.de\/sv\/#\/schema\/person\/image\/","url":"https:\/\/secure.gravatar.com\/avatar\/385c6b5598370fe7b91dd03c855835170a55d4467846df8e92d47236c59f2036?s=96&d=mm&r=g","contentUrl":"https:\/\/secure.gravatar.com\/avatar\/385c6b5598370fe7b91dd03c855835170a55d4467846df8e92d47236c59f2036?s=96&d=mm&r=g","caption":"adminnerja"},"logo":{"@id":"https:\/\/www.ferienwohnungnerja.de\/sv\/#\/schema\/person\/image\/"}}]}},"jetpack_sharing_enabled":true,"jetpack_shortlink":"https:\/\/wp.me\/PbaoeD-z1","_links":{"self":[{"href":"https:\/\/www.ferienwohnungnerja.de\/sv\/wp-json\/wp\/v2\/pages\/2171","targetHints":{"allow":["GET"]}}],"collection":[{"href":"https:\/\/www.ferienwohnungnerja.de\/sv\/wp-json\/wp\/v2\/pages"}],"about":[{"href":"https:\/\/www.ferienwohnungnerja.de\/sv\/wp-json\/wp\/v2\/types\/page"}],"author":[{"embeddable":true,"href":"https:\/\/www.ferienwohnungnerja.de\/sv\/wp-json\/wp\/v2\/users\/1"}],"replies":[{"embeddable":true,"href":"https:\/\/www.ferienwohnungnerja.de\/sv\/wp-json\/wp\/v2\/comments?post=2171"}],"version-history":[{"count":4,"href":"https:\/\/www.ferienwohnungnerja.de\/sv\/wp-json\/wp\/v2\/pages\/2171\/revisions"}],"predecessor-version":[{"id":2238,"href":"https:\/\/www.ferienwohnungnerja.de\/sv\/wp-json\/wp\/v2\/pages\/2171\/revisions\/2238"}],"wp:featuredmedia":[{"embeddable":true,"href":"https:\/\/www.ferienwohnungnerja.de\/sv\/wp-json\/wp\/v2\/media\/2076"}],"wp:attachment":[{"href":"https:\/\/www.ferienwohnungnerja.de\/sv\/wp-json\/wp\/v2\/media?parent=2171"}],"curies":[{"name":"wp","href":"https:\/\/api.w.org\/{rel}","templated":true}]}}