{"id":2189,"date":"2020-03-22T11:16:33","date_gmt":"2020-03-22T10:16:33","guid":{"rendered":"https:\/\/www.ferienwohnungnerja.de\/straender-runt-nerja\/"},"modified":"2020-03-24T13:11:48","modified_gmt":"2020-03-24T12:11:48","slug":"straender-runt-nerja","status":"publish","type":"page","link":"https:\/\/www.ferienwohnungnerja.de\/sv\/straender-runt-nerja\/","title":{"rendered":"Str\u00e4nder runt Nerja"},"content":{"rendered":"<div id='Galerie_Str\u00e4nde' class='widgets_on_page wop_tiny1  wop_small1  wop_medium1  wop_large1  wop_wide1'>\n\t\t\t<ul><li id=\"media_gallery-9\" class=\"widget widget_media_gallery\"><div class=\"tiled-gallery type-rectangular tiled-gallery-unresized\" data-original-width=\"769\" data-carousel-extra='{&quot;blog_id&quot;:1,&quot;permalink&quot;:&quot;https:\\\/\\\/www.ferienwohnungnerja.de\\\/sv\\\/straender-runt-nerja\\\/&quot;,&quot;likes_blog_id&quot;:165016139}' itemscope itemtype=\"http:\/\/schema.org\/ImageGallery\" > <div class=\"gallery-row\" style=\"width: 769px; height: 347px;\" data-original-width=\"769\" data-original-height=\"347\" > <div class=\"gallery-group images-1\" style=\"width: 518px; height: 347px;\" data-original-width=\"518\" data-original-height=\"347\" > <div class=\"tiled-gallery-item tiled-gallery-item-large\" itemprop=\"associatedMedia\" itemscope itemtype=\"http:\/\/schema.org\/ImageObject\"> <a href=\"https:\/\/www.ferienwohnungnerja.de\/sv\/burriana-strand-2\/\" border=\"0\" itemprop=\"url\"> <meta itemprop=\"width\" content=\"514\"> <meta itemprop=\"height\" content=\"343\"> <img decoding=\"async\" class=\"\" data-attachment-id=\"2122\" data-orig-file=\"https:\/\/www.ferienwohnungnerja.de\/wp-content\/uploads\/2019\/08\/burriana-strand.jpg\" data-orig-size=\"1000,667\" data-comments-opened=\"\" data-image-meta=\"{&quot;aperture&quot;:&quot;0&quot;,&quot;credit&quot;:&quot;&quot;,&quot;camera&quot;:&quot;&quot;,&quot;caption&quot;:&quot;&quot;,&quot;created_timestamp&quot;:&quot;0&quot;,&quot;copyright&quot;:&quot;&quot;,&quot;focal_length&quot;:&quot;0&quot;,&quot;iso&quot;:&quot;0&quot;,&quot;shutter_speed&quot;:&quot;0&quot;,&quot;title&quot;:&quot;&quot;,&quot;orientation&quot;:&quot;0&quot;}\" data-image-title=\"Burriana Strand\" data-image-description=\"\" data-medium-file=\"https:\/\/i0.wp.com\/www.ferienwohnungnerja.de\/wp-content\/uploads\/2019\/08\/burriana-strand.jpg?fit=300%2C200&#038;ssl=1\" data-large-file=\"https:\/\/i0.wp.com\/www.ferienwohnungnerja.de\/wp-content\/uploads\/2019\/08\/burriana-strand.jpg?fit=769%2C513&#038;ssl=1\" src=\"https:\/\/i0.wp.com\/www.ferienwohnungnerja.de\/wp-content\/uploads\/2019\/08\/burriana-strand.jpg?w=514&#038;h=343&#038;ssl=1\" srcset=\"https:\/\/i0.wp.com\/www.ferienwohnungnerja.de\/wp-content\/uploads\/2019\/08\/burriana-strand.jpg?w=1000&amp;ssl=1 1000w, https:\/\/i0.wp.com\/www.ferienwohnungnerja.de\/wp-content\/uploads\/2019\/08\/burriana-strand.jpg?resize=300%2C200&amp;ssl=1 300w, https:\/\/i0.wp.com\/www.ferienwohnungnerja.de\/wp-content\/uploads\/2019\/08\/burriana-strand.jpg?resize=768%2C512&amp;ssl=1 768w, https:\/\/i0.wp.com\/www.ferienwohnungnerja.de\/wp-content\/uploads\/2019\/08\/burriana-strand.jpg?resize=927%2C618&amp;ssl=1 927w\" width=\"514\" height=\"343\" loading=\"lazy\" data-original-width=\"514\" data-original-height=\"343\" itemprop=\"http:\/\/schema.org\/image\" title=\"Burriana Strand\" alt=\"Burriana Strand\" style=\"width: 514px; height: 343px;\" \/> <\/a> <\/div> <\/div> <!-- close group --> <div class=\"gallery-group images-2\" style=\"width: 251px; height: 347px;\" data-original-width=\"251\" data-original-height=\"347\" > <div class=\"tiled-gallery-item tiled-gallery-item-small\" itemprop=\"associatedMedia\" itemscope itemtype=\"http:\/\/schema.org\/ImageObject\"> <a href=\"https:\/\/www.ferienwohnungnerja.de\/sv\/strand11-2\/\" border=\"0\" itemprop=\"url\"> <meta itemprop=\"width\" content=\"247\"> <meta itemprop=\"height\" content=\"174\"> <img decoding=\"async\" class=\"\" data-attachment-id=\"2115\" data-orig-file=\"https:\/\/www.ferienwohnungnerja.de\/wp-content\/uploads\/2019\/08\/strand11.jpg\" data-orig-size=\"800,565\" data-comments-opened=\"\" data-image-meta=\"{&quot;aperture&quot;:&quot;0&quot;,&quot;credit&quot;:&quot;&quot;,&quot;camera&quot;:&quot;&quot;,&quot;caption&quot;:&quot;&quot;,&quot;created_timestamp&quot;:&quot;0&quot;,&quot;copyright&quot;:&quot;&quot;,&quot;focal_length&quot;:&quot;0&quot;,&quot;iso&quot;:&quot;0&quot;,&quot;shutter_speed&quot;:&quot;0&quot;,&quot;title&quot;:&quot;&quot;,&quot;orientation&quot;:&quot;0&quot;}\" data-image-title=\"Burriana-stranden p\u00e5 sommaren med utsikt mot Maro Natural Park.\" data-image-description=\"\" data-medium-file=\"https:\/\/i0.wp.com\/www.ferienwohnungnerja.de\/wp-content\/uploads\/2019\/08\/strand11.jpg?fit=300%2C212&#038;ssl=1\" data-large-file=\"https:\/\/i0.wp.com\/www.ferienwohnungnerja.de\/wp-content\/uploads\/2019\/08\/strand11.jpg?fit=769%2C543&#038;ssl=1\" src=\"https:\/\/i0.wp.com\/www.ferienwohnungnerja.de\/wp-content\/uploads\/2019\/08\/strand11.jpg?w=247&#038;h=174&#038;ssl=1\" srcset=\"https:\/\/i0.wp.com\/www.ferienwohnungnerja.de\/wp-content\/uploads\/2019\/08\/strand11.jpg?w=800&amp;ssl=1 800w, https:\/\/i0.wp.com\/www.ferienwohnungnerja.de\/wp-content\/uploads\/2019\/08\/strand11.jpg?resize=300%2C212&amp;ssl=1 300w, https:\/\/i0.wp.com\/www.ferienwohnungnerja.de\/wp-content\/uploads\/2019\/08\/strand11.jpg?resize=768%2C542&amp;ssl=1 768w\" width=\"247\" height=\"174\" loading=\"lazy\" data-original-width=\"247\" data-original-height=\"174\" itemprop=\"http:\/\/schema.org\/image\" title=\"Burriana-stranden p\u00e5 sommaren med utsikt mot Maro Natural Park.\" alt=\"Burriana-stranden\" style=\"width: 247px; height: 174px;\" \/> <\/a> <\/div> <div class=\"tiled-gallery-item tiled-gallery-item-small\" itemprop=\"associatedMedia\" itemscope itemtype=\"http:\/\/schema.org\/ImageObject\"> <a href=\"https:\/\/www.ferienwohnungnerja.de\/sv\/strand10-2\/\" border=\"0\" itemprop=\"url\"> <meta itemprop=\"width\" content=\"247\"> <meta itemprop=\"height\" content=\"165\"> <img decoding=\"async\" class=\"\" data-attachment-id=\"2114\" data-orig-file=\"https:\/\/www.ferienwohnungnerja.de\/wp-content\/uploads\/2019\/08\/strand10.jpg\" data-orig-size=\"800,533\" data-comments-opened=\"\" data-image-meta=\"{&quot;aperture&quot;:&quot;0&quot;,&quot;credit&quot;:&quot;&quot;,&quot;camera&quot;:&quot;&quot;,&quot;caption&quot;:&quot;&quot;,&quot;created_timestamp&quot;:&quot;0&quot;,&quot;copyright&quot;:&quot;&quot;,&quot;focal_length&quot;:&quot;0&quot;,&quot;iso&quot;:&quot;0&quot;,&quot;shutter_speed&quot;:&quot;0&quot;,&quot;title&quot;:&quot;&quot;,&quot;orientation&quot;:&quot;0&quot;}\" data-image-title=\"Burriana-stranden \u00e4r den mest ber\u00f6mda och f\u00f6rmodligen den vackraste stranden i Nerja. L\u00e4ngd: 700 m, med strandpromenad och m\u00e5nga restauranger, 2 km fr\u00e5n l\u00e4genheterna.\" data-image-description=\"\" data-medium-file=\"https:\/\/i0.wp.com\/www.ferienwohnungnerja.de\/wp-content\/uploads\/2019\/08\/strand10.jpg?fit=300%2C200&#038;ssl=1\" data-large-file=\"https:\/\/i0.wp.com\/www.ferienwohnungnerja.de\/wp-content\/uploads\/2019\/08\/strand10.jpg?fit=769%2C512&#038;ssl=1\" src=\"https:\/\/i0.wp.com\/www.ferienwohnungnerja.de\/wp-content\/uploads\/2019\/08\/strand10.jpg?w=247&#038;h=165&#038;ssl=1\" srcset=\"https:\/\/i0.wp.com\/www.ferienwohnungnerja.de\/wp-content\/uploads\/2019\/08\/strand10.jpg?w=800&amp;ssl=1 800w, https:\/\/i0.wp.com\/www.ferienwohnungnerja.de\/wp-content\/uploads\/2019\/08\/strand10.jpg?resize=300%2C200&amp;ssl=1 300w, https:\/\/i0.wp.com\/www.ferienwohnungnerja.de\/wp-content\/uploads\/2019\/08\/strand10.jpg?resize=768%2C512&amp;ssl=1 768w\" width=\"247\" height=\"165\" loading=\"lazy\" data-original-width=\"247\" data-original-height=\"165\" itemprop=\"http:\/\/schema.org\/image\" title=\"Burriana-stranden \u00e4r den mest ber\u00f6mda och f\u00f6rmodligen den vackraste stranden i Nerja. L\u00e4ngd: 700 m, med strandpromenad och m\u00e5nga restauranger, 2 km fr\u00e5n l\u00e4genheterna.\" alt=\"Burriana-stranden Nerja\" style=\"width: 247px; height: 165px;\" \/> <\/a> <\/div> <\/div> <!-- close group --> <\/div> <!-- close row --> <div class=\"gallery-row\" style=\"width: 769px; height: 340px;\" data-original-width=\"769\" data-original-height=\"340\" > <div class=\"gallery-group images-2\" style=\"width: 261px; height: 340px;\" data-original-width=\"261\" data-original-height=\"340\" > <div class=\"tiled-gallery-item tiled-gallery-item-large\" itemprop=\"associatedMedia\" itemscope itemtype=\"http:\/\/schema.org\/ImageObject\"> <a href=\"https:\/\/www.ferienwohnungnerja.de\/sv\/strand12-2\/\" border=\"0\" itemprop=\"url\"> <meta itemprop=\"width\" content=\"257\"> <meta itemprop=\"height\" content=\"160\"> <img decoding=\"async\" class=\"\" data-attachment-id=\"2116\" data-orig-file=\"https:\/\/www.ferienwohnungnerja.de\/wp-content\/uploads\/2019\/08\/strand12.jpg\" data-orig-size=\"550,342\" data-comments-opened=\"\" data-image-meta=\"{&quot;aperture&quot;:&quot;0&quot;,&quot;credit&quot;:&quot;&quot;,&quot;camera&quot;:&quot;&quot;,&quot;caption&quot;:&quot;&quot;,&quot;created_timestamp&quot;:&quot;0&quot;,&quot;copyright&quot;:&quot;&quot;,&quot;focal_length&quot;:&quot;0&quot;,&quot;iso&quot;:&quot;0&quot;,&quot;shutter_speed&quot;:&quot;0&quot;,&quot;title&quot;:&quot;&quot;,&quot;orientation&quot;:&quot;0&quot;}\" data-image-title=\"Carabello stranden\" data-image-description=\"\" data-medium-file=\"https:\/\/i0.wp.com\/www.ferienwohnungnerja.de\/wp-content\/uploads\/2019\/08\/strand12.jpg?fit=300%2C187&#038;ssl=1\" data-large-file=\"https:\/\/i0.wp.com\/www.ferienwohnungnerja.de\/wp-content\/uploads\/2019\/08\/strand12.jpg?fit=550%2C342&#038;ssl=1\" src=\"https:\/\/i0.wp.com\/www.ferienwohnungnerja.de\/wp-content\/uploads\/2019\/08\/strand12.jpg?w=257&#038;h=160&#038;ssl=1\" srcset=\"https:\/\/i0.wp.com\/www.ferienwohnungnerja.de\/wp-content\/uploads\/2019\/08\/strand12.jpg?w=550&amp;ssl=1 550w, https:\/\/i0.wp.com\/www.ferienwohnungnerja.de\/wp-content\/uploads\/2019\/08\/strand12.jpg?resize=300%2C187&amp;ssl=1 300w\" width=\"257\" height=\"160\" loading=\"lazy\" data-original-width=\"257\" data-original-height=\"160\" itemprop=\"http:\/\/schema.org\/image\" title=\"Carabello stranden\" alt=\"Carabello stranden\" style=\"width: 257px; height: 160px;\" \/> <\/a> <\/div> <div class=\"tiled-gallery-item tiled-gallery-item-large\" itemprop=\"associatedMedia\" itemscope itemtype=\"http:\/\/schema.org\/ImageObject\"> <a href=\"https:\/\/www.ferienwohnungnerja.de\/sv\/strand13-2\/\" border=\"0\" itemprop=\"url\"> <meta itemprop=\"width\" content=\"257\"> <meta itemprop=\"height\" content=\"172\"> <img decoding=\"async\" class=\"\" data-attachment-id=\"2117\" data-orig-file=\"https:\/\/www.ferienwohnungnerja.de\/wp-content\/uploads\/2019\/08\/strand13.jpg\" data-orig-size=\"800,533\" data-comments-opened=\"\" data-image-meta=\"{&quot;aperture&quot;:&quot;0&quot;,&quot;credit&quot;:&quot;&quot;,&quot;camera&quot;:&quot;&quot;,&quot;caption&quot;:&quot;&quot;,&quot;created_timestamp&quot;:&quot;0&quot;,&quot;copyright&quot;:&quot;&quot;,&quot;focal_length&quot;:&quot;0&quot;,&quot;iso&quot;:&quot;0&quot;,&quot;shutter_speed&quot;:&quot;0&quot;,&quot;title&quot;:&quot;&quot;,&quot;orientation&quot;:&quot;0&quot;}\" data-image-title=\"Calahonda-stranden ligger direkt p\u00e5 Balc\u00f3n de Europa.\" data-image-description=\"\" data-medium-file=\"https:\/\/i0.wp.com\/www.ferienwohnungnerja.de\/wp-content\/uploads\/2019\/08\/strand13.jpg?fit=300%2C200&#038;ssl=1\" data-large-file=\"https:\/\/i0.wp.com\/www.ferienwohnungnerja.de\/wp-content\/uploads\/2019\/08\/strand13.jpg?fit=769%2C512&#038;ssl=1\" src=\"https:\/\/i0.wp.com\/www.ferienwohnungnerja.de\/wp-content\/uploads\/2019\/08\/strand13.jpg?w=257&#038;h=172&#038;ssl=1\" srcset=\"https:\/\/i0.wp.com\/www.ferienwohnungnerja.de\/wp-content\/uploads\/2019\/08\/strand13.jpg?w=800&amp;ssl=1 800w, https:\/\/i0.wp.com\/www.ferienwohnungnerja.de\/wp-content\/uploads\/2019\/08\/strand13.jpg?resize=300%2C200&amp;ssl=1 300w, https:\/\/i0.wp.com\/www.ferienwohnungnerja.de\/wp-content\/uploads\/2019\/08\/strand13.jpg?resize=768%2C512&amp;ssl=1 768w\" width=\"257\" height=\"172\" loading=\"lazy\" data-original-width=\"257\" data-original-height=\"172\" itemprop=\"http:\/\/schema.org\/image\" title=\"Calahonda-stranden ligger direkt p\u00e5 Balc\u00f3n de Europa.\" alt=\"Calahonda-stranden\" style=\"width: 257px; height: 172px;\" \/> <\/a> <\/div> <\/div> <!-- close group --> <div class=\"gallery-group images-1\" style=\"width: 508px; height: 340px;\" data-original-width=\"508\" data-original-height=\"340\" > <div class=\"tiled-gallery-item tiled-gallery-item-large\" itemprop=\"associatedMedia\" itemscope itemtype=\"http:\/\/schema.org\/ImageObject\"> <a href=\"https:\/\/www.ferienwohnungnerja.de\/sv\/strand14-2\/\" border=\"0\" itemprop=\"url\"> <meta itemprop=\"width\" content=\"504\"> <meta itemprop=\"height\" content=\"336\"> <img decoding=\"async\" class=\"\" data-attachment-id=\"2118\" data-orig-file=\"https:\/\/www.ferienwohnungnerja.de\/wp-content\/uploads\/2019\/08\/strand14.jpg\" data-orig-size=\"800,533\" data-comments-opened=\"\" data-image-meta=\"{&quot;aperture&quot;:&quot;0&quot;,&quot;credit&quot;:&quot;&quot;,&quot;camera&quot;:&quot;&quot;,&quot;caption&quot;:&quot;&quot;,&quot;created_timestamp&quot;:&quot;0&quot;,&quot;copyright&quot;:&quot;&quot;,&quot;focal_length&quot;:&quot;0&quot;,&quot;iso&quot;:&quot;0&quot;,&quot;shutter_speed&quot;:&quot;0&quot;,&quot;title&quot;:&quot;&quot;,&quot;orientation&quot;:&quot;0&quot;}\" data-image-title=\"Calahonda Stranden Nerja\" data-image-description=\"\" data-medium-file=\"https:\/\/i0.wp.com\/www.ferienwohnungnerja.de\/wp-content\/uploads\/2019\/08\/strand14.jpg?fit=300%2C200&#038;ssl=1\" data-large-file=\"https:\/\/i0.wp.com\/www.ferienwohnungnerja.de\/wp-content\/uploads\/2019\/08\/strand14.jpg?fit=769%2C512&#038;ssl=1\" src=\"https:\/\/i0.wp.com\/www.ferienwohnungnerja.de\/wp-content\/uploads\/2019\/08\/strand14.jpg?w=504&#038;h=336&#038;ssl=1\" srcset=\"https:\/\/i0.wp.com\/www.ferienwohnungnerja.de\/wp-content\/uploads\/2019\/08\/strand14.jpg?w=800&amp;ssl=1 800w, https:\/\/i0.wp.com\/www.ferienwohnungnerja.de\/wp-content\/uploads\/2019\/08\/strand14.jpg?resize=300%2C200&amp;ssl=1 300w, https:\/\/i0.wp.com\/www.ferienwohnungnerja.de\/wp-content\/uploads\/2019\/08\/strand14.jpg?resize=768%2C512&amp;ssl=1 768w\" width=\"504\" height=\"336\" loading=\"lazy\" data-original-width=\"504\" data-original-height=\"336\" itemprop=\"http:\/\/schema.org\/image\" title=\"Calahonda Stranden Nerja\" alt=\"Calahonda Stranden Nerja\" style=\"width: 504px; height: 336px;\" \/> <\/a> <\/div> <\/div> <!-- close group --> <\/div> <!-- close row --> <div class=\"gallery-row\" style=\"width: 769px; height: 268px;\" data-original-width=\"769\" data-original-height=\"268\" > <div class=\"gallery-group images-1\" style=\"width: 401px; height: 268px;\" data-original-width=\"401\" data-original-height=\"268\" > <div class=\"tiled-gallery-item tiled-gallery-item-large\" itemprop=\"associatedMedia\" itemscope itemtype=\"http:\/\/schema.org\/ImageObject\"> <a href=\"https:\/\/www.ferienwohnungnerja.de\/sv\/strand15-2\/\" border=\"0\" itemprop=\"url\"> <meta itemprop=\"width\" content=\"397\"> <meta itemprop=\"height\" content=\"264\"> <img decoding=\"async\" class=\"\" data-attachment-id=\"2119\" data-orig-file=\"https:\/\/www.ferienwohnungnerja.de\/wp-content\/uploads\/2019\/08\/strand15.jpg\" data-orig-size=\"800,533\" data-comments-opened=\"\" data-image-meta=\"{&quot;aperture&quot;:&quot;0&quot;,&quot;credit&quot;:&quot;&quot;,&quot;camera&quot;:&quot;&quot;,&quot;caption&quot;:&quot;&quot;,&quot;created_timestamp&quot;:&quot;0&quot;,&quot;copyright&quot;:&quot;&quot;,&quot;focal_length&quot;:&quot;0&quot;,&quot;iso&quot;:&quot;0&quot;,&quot;shutter_speed&quot;:&quot;0&quot;,&quot;title&quot;:&quot;&quot;,&quot;orientation&quot;:&quot;0&quot;}\" data-image-title=\"Playa Salon &amp;#8211; Vacker strand p\u00e5 h\u00f6ger sida av Balc\u00f3n de Europa med chiringuito.\" data-image-description=\"\" data-medium-file=\"https:\/\/i0.wp.com\/www.ferienwohnungnerja.de\/wp-content\/uploads\/2019\/08\/strand15.jpg?fit=300%2C200&#038;ssl=1\" data-large-file=\"https:\/\/i0.wp.com\/www.ferienwohnungnerja.de\/wp-content\/uploads\/2019\/08\/strand15.jpg?fit=769%2C512&#038;ssl=1\" src=\"https:\/\/i0.wp.com\/www.ferienwohnungnerja.de\/wp-content\/uploads\/2019\/08\/strand15.jpg?w=397&#038;h=264&#038;ssl=1\" srcset=\"https:\/\/i0.wp.com\/www.ferienwohnungnerja.de\/wp-content\/uploads\/2019\/08\/strand15.jpg?w=800&amp;ssl=1 800w, https:\/\/i0.wp.com\/www.ferienwohnungnerja.de\/wp-content\/uploads\/2019\/08\/strand15.jpg?resize=300%2C200&amp;ssl=1 300w, https:\/\/i0.wp.com\/www.ferienwohnungnerja.de\/wp-content\/uploads\/2019\/08\/strand15.jpg?resize=768%2C512&amp;ssl=1 768w\" width=\"397\" height=\"264\" loading=\"lazy\" data-original-width=\"397\" data-original-height=\"264\" itemprop=\"http:\/\/schema.org\/image\" title=\"Playa Salon - Vacker strand p\u00e5 h\u00f6ger sida av Balc\u00f3n de Europa med chiringuito.\" alt=\"Playa Salon Nerja\" style=\"width: 397px; height: 264px;\" \/> <\/a> <\/div> <\/div> <!-- close group --> <div class=\"gallery-group images-1\" style=\"width: 368px; height: 268px;\" data-original-width=\"368\" data-original-height=\"268\" > <div class=\"tiled-gallery-item tiled-gallery-item-large\" itemprop=\"associatedMedia\" itemscope itemtype=\"http:\/\/schema.org\/ImageObject\"> <a href=\"https:\/\/www.ferienwohnungnerja.de\/sv\/strand16-2\/\" border=\"0\" itemprop=\"url\"> <meta itemprop=\"width\" content=\"364\"> <meta itemprop=\"height\" content=\"264\"> <img decoding=\"async\" class=\"\" data-attachment-id=\"2120\" data-orig-file=\"https:\/\/www.ferienwohnungnerja.de\/wp-content\/uploads\/2019\/08\/strand16.jpg\" data-orig-size=\"800,580\" data-comments-opened=\"\" data-image-meta=\"{&quot;aperture&quot;:&quot;0&quot;,&quot;credit&quot;:&quot;&quot;,&quot;camera&quot;:&quot;&quot;,&quot;caption&quot;:&quot;&quot;,&quot;created_timestamp&quot;:&quot;0&quot;,&quot;copyright&quot;:&quot;&quot;,&quot;focal_length&quot;:&quot;0&quot;,&quot;iso&quot;:&quot;0&quot;,&quot;shutter_speed&quot;:&quot;0&quot;,&quot;title&quot;:&quot;&quot;,&quot;orientation&quot;:&quot;0&quot;}\" data-image-title=\"Playa Ca\u00f1uelo &amp;#8211; 7 km \u00f6ster om Nerja i naturparken Acantilados de Maro.\" data-image-description=\"\" data-medium-file=\"https:\/\/i0.wp.com\/www.ferienwohnungnerja.de\/wp-content\/uploads\/2019\/08\/strand16.jpg?fit=300%2C218&#038;ssl=1\" data-large-file=\"https:\/\/i0.wp.com\/www.ferienwohnungnerja.de\/wp-content\/uploads\/2019\/08\/strand16.jpg?fit=769%2C558&#038;ssl=1\" src=\"https:\/\/i0.wp.com\/www.ferienwohnungnerja.de\/wp-content\/uploads\/2019\/08\/strand16.jpg?w=364&#038;h=264&#038;ssl=1\" srcset=\"https:\/\/i0.wp.com\/www.ferienwohnungnerja.de\/wp-content\/uploads\/2019\/08\/strand16.jpg?w=800&amp;ssl=1 800w, https:\/\/i0.wp.com\/www.ferienwohnungnerja.de\/wp-content\/uploads\/2019\/08\/strand16.jpg?resize=300%2C218&amp;ssl=1 300w, https:\/\/i0.wp.com\/www.ferienwohnungnerja.de\/wp-content\/uploads\/2019\/08\/strand16.jpg?resize=768%2C557&amp;ssl=1 768w\" width=\"364\" height=\"264\" loading=\"lazy\" data-original-width=\"364\" data-original-height=\"264\" itemprop=\"http:\/\/schema.org\/image\" title=\"Playa Ca\u00f1uelo - 7 km \u00f6ster om Nerja i naturparken Acantilados de Maro.\" alt=\"Playa Ca\u00f1uelo\" style=\"width: 364px; height: 264px;\" \/> <\/a> <\/div> <\/div> <!-- close group --> <\/div> <!-- close row --> <div class=\"gallery-row\" style=\"width: 769px; height: 562px;\" data-original-width=\"769\" data-original-height=\"562\" > <div class=\"gallery-group images-1\" style=\"width: 769px; height: 562px;\" data-original-width=\"769\" data-original-height=\"562\" > <div class=\"tiled-gallery-item tiled-gallery-item-large\" itemprop=\"associatedMedia\" itemscope itemtype=\"http:\/\/schema.org\/ImageObject\"> <a href=\"https:\/\/www.ferienwohnungnerja.de\/sv\/strand17-2\/\" border=\"0\" itemprop=\"url\"> <meta itemprop=\"width\" content=\"765\"> <meta itemprop=\"height\" content=\"558\"> <img decoding=\"async\" class=\"\" data-attachment-id=\"2121\" data-orig-file=\"https:\/\/www.ferienwohnungnerja.de\/wp-content\/uploads\/2019\/08\/strand17.jpg\" data-orig-size=\"687,501\" data-comments-opened=\"\" data-image-meta=\"{&quot;aperture&quot;:&quot;0&quot;,&quot;credit&quot;:&quot;&quot;,&quot;camera&quot;:&quot;&quot;,&quot;caption&quot;:&quot;&quot;,&quot;created_timestamp&quot;:&quot;0&quot;,&quot;copyright&quot;:&quot;&quot;,&quot;focal_length&quot;:&quot;0&quot;,&quot;iso&quot;:&quot;0&quot;,&quot;shutter_speed&quot;:&quot;0&quot;,&quot;title&quot;:&quot;&quot;,&quot;orientation&quot;:&quot;0&quot;}\" data-image-title=\"Soluppg\u00e5ng p\u00e5 Burriana strand\" data-image-description=\"\" data-medium-file=\"https:\/\/i0.wp.com\/www.ferienwohnungnerja.de\/wp-content\/uploads\/2019\/08\/strand17.jpg?fit=300%2C219&#038;ssl=1\" data-large-file=\"https:\/\/i0.wp.com\/www.ferienwohnungnerja.de\/wp-content\/uploads\/2019\/08\/strand17.jpg?fit=687%2C501&#038;ssl=1\" src=\"https:\/\/i0.wp.com\/www.ferienwohnungnerja.de\/wp-content\/uploads\/2019\/08\/strand17.jpg?w=765&#038;h=558&#038;ssl=1\" srcset=\"https:\/\/i0.wp.com\/www.ferienwohnungnerja.de\/wp-content\/uploads\/2019\/08\/strand17.jpg?w=687&amp;ssl=1 687w, https:\/\/i0.wp.com\/www.ferienwohnungnerja.de\/wp-content\/uploads\/2019\/08\/strand17.jpg?resize=300%2C219&amp;ssl=1 300w\" width=\"765\" height=\"558\" loading=\"lazy\" data-original-width=\"765\" data-original-height=\"558\" itemprop=\"http:\/\/schema.org\/image\" title=\"Soluppg\u00e5ng p\u00e5 Burriana strand\" alt=\"Soluppg\u00e5ng p\u00e5 Burriana strand\" style=\"width: 765px; height: 558px;\" \/> <\/a> <\/div> <\/div> <!-- close group --> <\/div> <!-- close row --> <\/div><\/li><\/ul><\/div><!-- widgets_on_page -->\n","protected":false},"excerpt":{"rendered":"","protected":false},"author":1,"featured_media":2077,"parent":0,"menu_order":0,"comment_status":"closed","ping_status":"closed","template":"","meta":{"jetpack_post_was_ever_published":false,"footnotes":""},"class_list":["post-2189","page","type-page","status-publish","has-post-thumbnail","hentry"],"yoast_head":"<!-- This site is optimized with the Yoast SEO plugin v26.9 - https:\/\/yoast.com\/product\/yoast-seo-wordpress\/ -->\n<title>Burriana stranden i Nerja, Costa del Sol, Cantilados de Maro Natural Park<\/title>\n<meta name=\"description\" content=\"Burriana stranden \u00e4r den vackraste stranden i Nerja, \u00f6ster om Maro str\u00e4cker en naturpark med klippor och sm\u00e5 str\u00e4nder f\u00f6r natur\u00e4lskare.\" \/>\n<meta name=\"robots\" content=\"index, follow, max-snippet:-1, max-image-preview:large, max-video-preview:-1\" \/>\n<link rel=\"canonical\" href=\"https:\/\/www.ferienwohnungnerja.de\/sv\/straender-runt-nerja\/\" \/>\n<meta property=\"og:locale\" content=\"sv_SE\" \/>\n<meta property=\"og:type\" content=\"article\" \/>\n<meta property=\"og:title\" content=\"Burriana stranden i Nerja, Costa del Sol, Cantilados de Maro Natural Park\" \/>\n<meta property=\"og:description\" content=\"Burriana stranden \u00e4r den vackraste stranden i Nerja, \u00f6ster om Maro str\u00e4cker en naturpark med klippor och sm\u00e5 str\u00e4nder f\u00f6r natur\u00e4lskare.\" \/>\n<meta property=\"og:url\" content=\"https:\/\/www.ferienwohnungnerja.de\/sv\/straender-runt-nerja\/\" \/>\n<meta property=\"og:site_name\" content=\"ferienwohnungnerja.de\" \/>\n<meta property=\"article:modified_time\" content=\"2020-03-24T12:11:48+00:00\" \/>\n<meta property=\"og:image\" content=\"https:\/\/i1.wp.com\/www.ferienwohnungnerja.de\/wp-content\/uploads\/2019\/08\/bg14.jpg?fit=1900%2C1267&ssl=1\" \/>\n\t<meta property=\"og:image:width\" content=\"1900\" \/>\n\t<meta property=\"og:image:height\" content=\"1267\" \/>\n\t<meta property=\"og:image:type\" content=\"image\/jpeg\" \/>\n<meta name=\"twitter:card\" content=\"summary_large_image\" \/>\n<script type=\"application\/ld+json\" class=\"yoast-schema-graph\">{\"@context\":\"https:\/\/schema.org\",\"@graph\":[{\"@type\":\"WebPage\",\"@id\":\"https:\/\/www.ferienwohnungnerja.de\/sv\/straender-runt-nerja\/\",\"url\":\"https:\/\/www.ferienwohnungnerja.de\/sv\/straender-runt-nerja\/\",\"name\":\"Burriana stranden i Nerja, Costa del Sol, Cantilados de Maro Natural Park\",\"isPartOf\":{\"@id\":\"https:\/\/www.ferienwohnungnerja.de\/sv\/#website\"},\"primaryImageOfPage\":{\"@id\":\"https:\/\/www.ferienwohnungnerja.de\/sv\/straender-runt-nerja\/#primaryimage\"},\"image\":{\"@id\":\"https:\/\/www.ferienwohnungnerja.de\/sv\/straender-runt-nerja\/#primaryimage\"},\"thumbnailUrl\":\"https:\/\/i0.wp.com\/www.ferienwohnungnerja.de\/wp-content\/uploads\/2019\/08\/bg14.jpg?fit=1900%2C1267&ssl=1\",\"datePublished\":\"2020-03-22T10:16:33+00:00\",\"dateModified\":\"2020-03-24T12:11:48+00:00\",\"description\":\"Burriana stranden \u00e4r den vackraste stranden i Nerja, \u00f6ster om Maro str\u00e4cker en naturpark med klippor och sm\u00e5 str\u00e4nder f\u00f6r natur\u00e4lskare.\",\"breadcrumb\":{\"@id\":\"https:\/\/www.ferienwohnungnerja.de\/sv\/straender-runt-nerja\/#breadcrumb\"},\"inLanguage\":\"sv-SE\",\"potentialAction\":[{\"@type\":\"ReadAction\",\"target\":[\"https:\/\/www.ferienwohnungnerja.de\/sv\/straender-runt-nerja\/\"]}]},{\"@type\":\"ImageObject\",\"inLanguage\":\"sv-SE\",\"@id\":\"https:\/\/www.ferienwohnungnerja.de\/sv\/straender-runt-nerja\/#primaryimage\",\"url\":\"https:\/\/i0.wp.com\/www.ferienwohnungnerja.de\/wp-content\/uploads\/2019\/08\/bg14.jpg?fit=1900%2C1267&ssl=1\",\"contentUrl\":\"https:\/\/i0.wp.com\/www.ferienwohnungnerja.de\/wp-content\/uploads\/2019\/08\/bg14.jpg?fit=1900%2C1267&ssl=1\",\"width\":1900,\"height\":1267,\"caption\":\"Burriana strand Nerja\"},{\"@type\":\"BreadcrumbList\",\"@id\":\"https:\/\/www.ferienwohnungnerja.de\/sv\/straender-runt-nerja\/#breadcrumb\",\"itemListElement\":[{\"@type\":\"ListItem\",\"position\":1,\"name\":\"Startseite\",\"item\":\"https:\/\/www.ferienwohnungnerja.de\/sv\/\"},{\"@type\":\"ListItem\",\"position\":2,\"name\":\"Str\u00e4nder runt Nerja\"}]},{\"@type\":\"WebSite\",\"@id\":\"https:\/\/www.ferienwohnungnerja.de\/sv\/#website\",\"url\":\"https:\/\/www.ferienwohnungnerja.de\/sv\/\",\"name\":\"ferienwohnungnerja.de\",\"description\":\"Ferienwohnungen in Nerja\",\"publisher\":{\"@id\":\"https:\/\/www.ferienwohnungnerja.de\/sv\/#\/schema\/person\/16748c9dad4472e47ffa70599fb57c67\"},\"potentialAction\":[{\"@type\":\"SearchAction\",\"target\":{\"@type\":\"EntryPoint\",\"urlTemplate\":\"https:\/\/www.ferienwohnungnerja.de\/sv\/?s={search_term_string}\"},\"query-input\":{\"@type\":\"PropertyValueSpecification\",\"valueRequired\":true,\"valueName\":\"search_term_string\"}}],\"inLanguage\":\"sv-SE\"},{\"@type\":[\"Person\",\"Organization\"],\"@id\":\"https:\/\/www.ferienwohnungnerja.de\/sv\/#\/schema\/person\/16748c9dad4472e47ffa70599fb57c67\",\"name\":\"adminnerja\",\"image\":{\"@type\":\"ImageObject\",\"inLanguage\":\"sv-SE\",\"@id\":\"https:\/\/www.ferienwohnungnerja.de\/sv\/#\/schema\/person\/image\/\",\"url\":\"https:\/\/secure.gravatar.com\/avatar\/385c6b5598370fe7b91dd03c855835170a55d4467846df8e92d47236c59f2036?s=96&d=mm&r=g\",\"contentUrl\":\"https:\/\/secure.gravatar.com\/avatar\/385c6b5598370fe7b91dd03c855835170a55d4467846df8e92d47236c59f2036?s=96&d=mm&r=g\",\"caption\":\"adminnerja\"},\"logo\":{\"@id\":\"https:\/\/www.ferienwohnungnerja.de\/sv\/#\/schema\/person\/image\/\"}}]}<\/script>\n<!-- \/ Yoast SEO plugin. -->","yoast_head_json":{"title":"Burriana stranden i Nerja, Costa del Sol, Cantilados de Maro Natural Park","description":"Burriana stranden \u00e4r den vackraste stranden i Nerja, \u00f6ster om Maro str\u00e4cker en naturpark med klippor och sm\u00e5 str\u00e4nder f\u00f6r natur\u00e4lskare.","robots":{"index":"index","follow":"follow","max-snippet":"max-snippet:-1","max-image-preview":"max-image-preview:large","max-video-preview":"max-video-preview:-1"},"canonical":"https:\/\/www.ferienwohnungnerja.de\/sv\/straender-runt-nerja\/","og_locale":"sv_SE","og_type":"article","og_title":"Burriana stranden i Nerja, Costa del Sol, Cantilados de Maro Natural Park","og_description":"Burriana stranden \u00e4r den vackraste stranden i Nerja, \u00f6ster om Maro str\u00e4cker en naturpark med klippor och sm\u00e5 str\u00e4nder f\u00f6r natur\u00e4lskare.","og_url":"https:\/\/www.ferienwohnungnerja.de\/sv\/straender-runt-nerja\/","og_site_name":"ferienwohnungnerja.de","article_modified_time":"2020-03-24T12:11:48+00:00","og_image":[{"width":1900,"height":1267,"url":"https:\/\/i1.wp.com\/www.ferienwohnungnerja.de\/wp-content\/uploads\/2019\/08\/bg14.jpg?fit=1900%2C1267&ssl=1","type":"image\/jpeg"}],"twitter_card":"summary_large_image","schema":{"@context":"https:\/\/schema.org","@graph":[{"@type":"WebPage","@id":"https:\/\/www.ferienwohnungnerja.de\/sv\/straender-runt-nerja\/","url":"https:\/\/www.ferienwohnungnerja.de\/sv\/straender-runt-nerja\/","name":"Burriana stranden i Nerja, Costa del Sol, Cantilados de Maro Natural Park","isPartOf":{"@id":"https:\/\/www.ferienwohnungnerja.de\/sv\/#website"},"primaryImageOfPage":{"@id":"https:\/\/www.ferienwohnungnerja.de\/sv\/straender-runt-nerja\/#primaryimage"},"image":{"@id":"https:\/\/www.ferienwohnungnerja.de\/sv\/straender-runt-nerja\/#primaryimage"},"thumbnailUrl":"https:\/\/i0.wp.com\/www.ferienwohnungnerja.de\/wp-content\/uploads\/2019\/08\/bg14.jpg?fit=1900%2C1267&ssl=1","datePublished":"2020-03-22T10:16:33+00:00","dateModified":"2020-03-24T12:11:48+00:00","description":"Burriana stranden \u00e4r den vackraste stranden i Nerja, \u00f6ster om Maro str\u00e4cker en naturpark med klippor och sm\u00e5 str\u00e4nder f\u00f6r natur\u00e4lskare.","breadcrumb":{"@id":"https:\/\/www.ferienwohnungnerja.de\/sv\/straender-runt-nerja\/#breadcrumb"},"inLanguage":"sv-SE","potentialAction":[{"@type":"ReadAction","target":["https:\/\/www.ferienwohnungnerja.de\/sv\/straender-runt-nerja\/"]}]},{"@type":"ImageObject","inLanguage":"sv-SE","@id":"https:\/\/www.ferienwohnungnerja.de\/sv\/straender-runt-nerja\/#primaryimage","url":"https:\/\/i0.wp.com\/www.ferienwohnungnerja.de\/wp-content\/uploads\/2019\/08\/bg14.jpg?fit=1900%2C1267&ssl=1","contentUrl":"https:\/\/i0.wp.com\/www.ferienwohnungnerja.de\/wp-content\/uploads\/2019\/08\/bg14.jpg?fit=1900%2C1267&ssl=1","width":1900,"height":1267,"caption":"Burriana strand Nerja"},{"@type":"BreadcrumbList","@id":"https:\/\/www.ferienwohnungnerja.de\/sv\/straender-runt-nerja\/#breadcrumb","itemListElement":[{"@type":"ListItem","position":1,"name":"Startseite","item":"https:\/\/www.ferienwohnungnerja.de\/sv\/"},{"@type":"ListItem","position":2,"name":"Str\u00e4nder runt Nerja"}]},{"@type":"WebSite","@id":"https:\/\/www.ferienwohnungnerja.de\/sv\/#website","url":"https:\/\/www.ferienwohnungnerja.de\/sv\/","name":"ferienwohnungnerja.de","description":"Ferienwohnungen in Nerja","publisher":{"@id":"https:\/\/www.ferienwohnungnerja.de\/sv\/#\/schema\/person\/16748c9dad4472e47ffa70599fb57c67"},"potentialAction":[{"@type":"SearchAction","target":{"@type":"EntryPoint","urlTemplate":"https:\/\/www.ferienwohnungnerja.de\/sv\/?s={search_term_string}"},"query-input":{"@type":"PropertyValueSpecification","valueRequired":true,"valueName":"search_term_string"}}],"inLanguage":"sv-SE"},{"@type":["Person","Organization"],"@id":"https:\/\/www.ferienwohnungnerja.de\/sv\/#\/schema\/person\/16748c9dad4472e47ffa70599fb57c67","name":"adminnerja","image":{"@type":"ImageObject","inLanguage":"sv-SE","@id":"https:\/\/www.ferienwohnungnerja.de\/sv\/#\/schema\/person\/image\/","url":"https:\/\/secure.gravatar.com\/avatar\/385c6b5598370fe7b91dd03c855835170a55d4467846df8e92d47236c59f2036?s=96&d=mm&r=g","contentUrl":"https:\/\/secure.gravatar.com\/avatar\/385c6b5598370fe7b91dd03c855835170a55d4467846df8e92d47236c59f2036?s=96&d=mm&r=g","caption":"adminnerja"},"logo":{"@id":"https:\/\/www.ferienwohnungnerja.de\/sv\/#\/schema\/person\/image\/"}}]}},"jetpack_sharing_enabled":true,"jetpack_shortlink":"https:\/\/wp.me\/PbaoeD-zj","_links":{"self":[{"href":"https:\/\/www.ferienwohnungnerja.de\/sv\/wp-json\/wp\/v2\/pages\/2189","targetHints":{"allow":["GET"]}}],"collection":[{"href":"https:\/\/www.ferienwohnungnerja.de\/sv\/wp-json\/wp\/v2\/pages"}],"about":[{"href":"https:\/\/www.ferienwohnungnerja.de\/sv\/wp-json\/wp\/v2\/types\/page"}],"author":[{"embeddable":true,"href":"https:\/\/www.ferienwohnungnerja.de\/sv\/wp-json\/wp\/v2\/users\/1"}],"replies":[{"embeddable":true,"href":"https:\/\/www.ferienwohnungnerja.de\/sv\/wp-json\/wp\/v2\/comments?post=2189"}],"version-history":[{"count":1,"href":"https:\/\/www.ferienwohnungnerja.de\/sv\/wp-json\/wp\/v2\/pages\/2189\/revisions"}],"predecessor-version":[{"id":2191,"href":"https:\/\/www.ferienwohnungnerja.de\/sv\/wp-json\/wp\/v2\/pages\/2189\/revisions\/2191"}],"wp:featuredmedia":[{"embeddable":true,"href":"https:\/\/www.ferienwohnungnerja.de\/sv\/wp-json\/wp\/v2\/media\/2077"}],"wp:attachment":[{"href":"https:\/\/www.ferienwohnungnerja.de\/sv\/wp-json\/wp\/v2\/media?parent=2189"}],"curies":[{"name":"wp","href":"https:\/\/api.w.org\/{rel}","templated":true}]}}