{"id":2192,"date":"2020-03-22T11:18:07","date_gmt":"2020-03-22T10:18:07","guid":{"rendered":"https:\/\/www.ferienwohnungnerja.de\/soekresultat-laegenheter\/"},"modified":"2023-04-03T15:34:36","modified_gmt":"2023-04-03T13:34:36","slug":"soekresultat-laegenheter","status":"publish","type":"page","link":"https:\/\/www.ferienwohnungnerja.de\/sv\/soekresultat-laegenheter\/","title":{"rendered":"S\u00f6kresultat L\u00e4genheter"},"content":{"rendered":"<h5><div class=\"mphb_sc_search_results-wrapper \"><div class=\"mphb-errors-wrapper\">\n\t<\/div>\n<\/div><\/h5>\n\n\n<p class=\"has-medium-font-size\">Ingen mer l\u00e4genhet gratis f\u00f6r \u00f6nskad period? Du kan vara intresserad av ett av v\u00e5ra andra fritidshus.<\/p>\n\n\n\n<div class=\"wp-block-media-text has-white-background-color\"><figure class=\"wp-block-media-text__media\"><img data-recalc-dims=\"1\" loading=\"lazy\" decoding=\"async\" width=\"769\" height=\"482\" src=\"https:\/\/i0.wp.com\/www.ferienwohnungnerja.de\/wp-content\/uploads\/2019\/08\/ferienhaus_almayate02.jpg?resize=769%2C482&#038;ssl=1\" alt=\"Casa Jardin Bolero Almayate\" class=\"wp-image-1447\" srcset=\"https:\/\/i0.wp.com\/www.ferienwohnungnerja.de\/wp-content\/uploads\/2019\/08\/ferienhaus_almayate02.jpg?w=800&amp;ssl=1 800w, https:\/\/i0.wp.com\/www.ferienwohnungnerja.de\/wp-content\/uploads\/2019\/08\/ferienhaus_almayate02.jpg?resize=300%2C188&amp;ssl=1 300w, https:\/\/i0.wp.com\/www.ferienwohnungnerja.de\/wp-content\/uploads\/2019\/08\/ferienhaus_almayate02.jpg?resize=768%2C481&amp;ssl=1 768w\" sizes=\"auto, (max-width: 769px) 100vw, 769px\" \/><\/figure><div class=\"wp-block-media-text__content\">\n\n<p class=\"has-text-color has-white-color button\"><a href=\"https:\/\/www.ferienhaus-andalusien.com\/de\/casa-jardin-bolero.html\" target=\"_blank\" rel=\"noreferrer noopener\" aria-label=\"  (&#xF6;ffnet in neuem Tab)\">Casa Jardin Bolero <\/a><\/p>\n\n\n<p>Semesterhus f\u00f6r 2-8 personer, fritidshus i Almayate\/Costa del Sol<\/p>\n\n\n<p>GRATIS WIFI, 4 sovrum, 2 duschrum, privat pool, terrass, grillplats, \u00f6ppen spis, SAT TV, tv\u00e4ttmaskin, diskmaskin, parkering.<\/p>\n\n<\/div><\/div>\n\n\n\n<p><\/p>\n\n\n\n<p><\/p>\n\n\n\n<p><\/p>\n\n\n\n<p>Ingen mer l\u00e4genhet i s\u00f6kresultatet? Familj Irrgang hyr <a rel=\"noreferrer noopener\" href=\"https:\/\/viel-meer-urlaub.com\/\" target=\"_blank\">8 vackrare l\u00e4genheter<\/a> i San Juan de Capistrano.<\/p>\n","protected":false},"excerpt":{"rendered":"<p>Ingen mer l\u00e4genhet gratis f\u00f6r \u00f6nskad period? Du kan vara intresserad av ett av v\u00e5ra andra fritidshus. Casa Jardin Bolero Semesterhus f\u00f6r 2-8 personer, fritidshus i Almayate\/Costa del Sol GRATIS WIFI, 4 sovrum, 2 duschrum, privat pool, terrass, grillplats, \u00f6ppen spis, SAT TV, tv\u00e4ttmaskin, diskmaskin, parkering. Ingen mer l\u00e4genhet i s\u00f6kresultatet? Familj Irrgang hyr 8 &hellip; <a href=\"https:\/\/www.ferienwohnungnerja.de\/sv\/soekresultat-laegenheter\/\" class=\"more-link\">Continue reading<span class=\"screen-reader-text\"> &#8220;S\u00f6kresultat L\u00e4genheter&#8221;<\/span><\/a><\/p>\n","protected":false},"author":1,"featured_media":2072,"parent":0,"menu_order":0,"comment_status":"closed","ping_status":"closed","template":"","meta":{"jetpack_post_was_ever_published":false,"footnotes":""},"class_list":["post-2192","page","type-page","status-publish","has-post-thumbnail","hentry"],"yoast_head":"<!-- This site is optimized with the Yoast SEO plugin v26.9 - https:\/\/yoast.com\/product\/yoast-seo-wordpress\/ -->\n<title>Ingen mer l\u00e4genhet gratis f\u00f6r \u00f6nskad period?<\/title>\n<meta name=\"description\" content=\"Du kan vara intresserad av ett av v\u00e5ra andra fritidshus: Casa Jardin Bolero, Casa El Mirador - Competa, Finca La Paz\" \/>\n<meta name=\"robots\" content=\"index, follow, max-snippet:-1, max-image-preview:large, max-video-preview:-1\" \/>\n<link rel=\"canonical\" href=\"https:\/\/www.ferienwohnungnerja.de\/sv\/soekresultat-laegenheter\/\" \/>\n<meta property=\"og:locale\" content=\"sv_SE\" \/>\n<meta property=\"og:type\" content=\"article\" \/>\n<meta property=\"og:title\" content=\"Ingen mer l\u00e4genhet gratis f\u00f6r \u00f6nskad period?\" \/>\n<meta property=\"og:description\" content=\"Du kan vara intresserad av ett av v\u00e5ra andra fritidshus: Casa Jardin Bolero, Casa El Mirador - Competa, Finca La Paz\" \/>\n<meta property=\"og:url\" content=\"https:\/\/www.ferienwohnungnerja.de\/sv\/soekresultat-laegenheter\/\" \/>\n<meta property=\"og:site_name\" content=\"ferienwohnungnerja.de\" \/>\n<meta property=\"article:modified_time\" content=\"2023-04-03T13:34:36+00:00\" \/>\n<meta property=\"og:image\" content=\"https:\/\/www.ferienwohnungnerja.de\/wp-content\/uploads\/2019\/08\/bg7.jpg\" \/>\n\t<meta property=\"og:image:width\" content=\"1900\" \/>\n\t<meta property=\"og:image:height\" content=\"1258\" \/>\n\t<meta property=\"og:image:type\" content=\"image\/jpeg\" \/>\n<meta name=\"twitter:card\" content=\"summary_large_image\" \/>\n<meta name=\"twitter:label1\" content=\"Ber\u00e4knad l\u00e4stid\" \/>\n\t<meta name=\"twitter:data1\" content=\"1 minut\" \/>\n<script type=\"application\/ld+json\" class=\"yoast-schema-graph\">{\"@context\":\"https:\/\/schema.org\",\"@graph\":[{\"@type\":\"WebPage\",\"@id\":\"https:\/\/www.ferienwohnungnerja.de\/sv\/soekresultat-laegenheter\/\",\"url\":\"https:\/\/www.ferienwohnungnerja.de\/sv\/soekresultat-laegenheter\/\",\"name\":\"Ingen mer l\u00e4genhet gratis f\u00f6r \u00f6nskad period?\",\"isPartOf\":{\"@id\":\"https:\/\/www.ferienwohnungnerja.de\/sv\/#website\"},\"primaryImageOfPage\":{\"@id\":\"https:\/\/www.ferienwohnungnerja.de\/sv\/soekresultat-laegenheter\/#primaryimage\"},\"image\":{\"@id\":\"https:\/\/www.ferienwohnungnerja.de\/sv\/soekresultat-laegenheter\/#primaryimage\"},\"thumbnailUrl\":\"https:\/\/i0.wp.com\/www.ferienwohnungnerja.de\/wp-content\/uploads\/2019\/08\/bg7.jpg?fit=1900%2C1258&ssl=1\",\"datePublished\":\"2020-03-22T10:18:07+00:00\",\"dateModified\":\"2023-04-03T13:34:36+00:00\",\"description\":\"Du kan vara intresserad av ett av v\u00e5ra andra fritidshus: Casa Jardin Bolero, Casa El Mirador - Competa, Finca La Paz\",\"breadcrumb\":{\"@id\":\"https:\/\/www.ferienwohnungnerja.de\/sv\/soekresultat-laegenheter\/#breadcrumb\"},\"inLanguage\":\"sv-SE\",\"potentialAction\":[{\"@type\":\"ReadAction\",\"target\":[\"https:\/\/www.ferienwohnungnerja.de\/sv\/soekresultat-laegenheter\/\"]}]},{\"@type\":\"ImageObject\",\"inLanguage\":\"sv-SE\",\"@id\":\"https:\/\/www.ferienwohnungnerja.de\/sv\/soekresultat-laegenheter\/#primaryimage\",\"url\":\"https:\/\/i0.wp.com\/www.ferienwohnungnerja.de\/wp-content\/uploads\/2019\/08\/bg7.jpg?fit=1900%2C1258&ssl=1\",\"contentUrl\":\"https:\/\/i0.wp.com\/www.ferienwohnungnerja.de\/wp-content\/uploads\/2019\/08\/bg7.jpg?fit=1900%2C1258&ssl=1\",\"width\":1900,\"height\":1258,\"caption\":\"Visa San Juan de Capistrano\"},{\"@type\":\"BreadcrumbList\",\"@id\":\"https:\/\/www.ferienwohnungnerja.de\/sv\/soekresultat-laegenheter\/#breadcrumb\",\"itemListElement\":[{\"@type\":\"ListItem\",\"position\":1,\"name\":\"Startseite\",\"item\":\"https:\/\/www.ferienwohnungnerja.de\/sv\/\"},{\"@type\":\"ListItem\",\"position\":2,\"name\":\"S\u00f6kresultat L\u00e4genheter\"}]},{\"@type\":\"WebSite\",\"@id\":\"https:\/\/www.ferienwohnungnerja.de\/sv\/#website\",\"url\":\"https:\/\/www.ferienwohnungnerja.de\/sv\/\",\"name\":\"ferienwohnungnerja.de\",\"description\":\"Ferienwohnungen in Nerja\",\"publisher\":{\"@id\":\"https:\/\/www.ferienwohnungnerja.de\/sv\/#\/schema\/person\/16748c9dad4472e47ffa70599fb57c67\"},\"potentialAction\":[{\"@type\":\"SearchAction\",\"target\":{\"@type\":\"EntryPoint\",\"urlTemplate\":\"https:\/\/www.ferienwohnungnerja.de\/sv\/?s={search_term_string}\"},\"query-input\":{\"@type\":\"PropertyValueSpecification\",\"valueRequired\":true,\"valueName\":\"search_term_string\"}}],\"inLanguage\":\"sv-SE\"},{\"@type\":[\"Person\",\"Organization\"],\"@id\":\"https:\/\/www.ferienwohnungnerja.de\/sv\/#\/schema\/person\/16748c9dad4472e47ffa70599fb57c67\",\"name\":\"adminnerja\",\"image\":{\"@type\":\"ImageObject\",\"inLanguage\":\"sv-SE\",\"@id\":\"https:\/\/www.ferienwohnungnerja.de\/sv\/#\/schema\/person\/image\/\",\"url\":\"https:\/\/secure.gravatar.com\/avatar\/385c6b5598370fe7b91dd03c855835170a55d4467846df8e92d47236c59f2036?s=96&d=mm&r=g\",\"contentUrl\":\"https:\/\/secure.gravatar.com\/avatar\/385c6b5598370fe7b91dd03c855835170a55d4467846df8e92d47236c59f2036?s=96&d=mm&r=g\",\"caption\":\"adminnerja\"},\"logo\":{\"@id\":\"https:\/\/www.ferienwohnungnerja.de\/sv\/#\/schema\/person\/image\/\"}}]}<\/script>\n<!-- \/ Yoast SEO plugin. -->","yoast_head_json":{"title":"Ingen mer l\u00e4genhet gratis f\u00f6r \u00f6nskad period?","description":"Du kan vara intresserad av ett av v\u00e5ra andra fritidshus: Casa Jardin Bolero, Casa El Mirador - Competa, Finca La Paz","robots":{"index":"index","follow":"follow","max-snippet":"max-snippet:-1","max-image-preview":"max-image-preview:large","max-video-preview":"max-video-preview:-1"},"canonical":"https:\/\/www.ferienwohnungnerja.de\/sv\/soekresultat-laegenheter\/","og_locale":"sv_SE","og_type":"article","og_title":"Ingen mer l\u00e4genhet gratis f\u00f6r \u00f6nskad period?","og_description":"Du kan vara intresserad av ett av v\u00e5ra andra fritidshus: Casa Jardin Bolero, Casa El Mirador - Competa, Finca La Paz","og_url":"https:\/\/www.ferienwohnungnerja.de\/sv\/soekresultat-laegenheter\/","og_site_name":"ferienwohnungnerja.de","article_modified_time":"2023-04-03T13:34:36+00:00","og_image":[{"width":1900,"height":1258,"url":"https:\/\/www.ferienwohnungnerja.de\/wp-content\/uploads\/2019\/08\/bg7.jpg","type":"image\/jpeg"}],"twitter_card":"summary_large_image","twitter_misc":{"Ber\u00e4knad l\u00e4stid":"1 minut"},"schema":{"@context":"https:\/\/schema.org","@graph":[{"@type":"WebPage","@id":"https:\/\/www.ferienwohnungnerja.de\/sv\/soekresultat-laegenheter\/","url":"https:\/\/www.ferienwohnungnerja.de\/sv\/soekresultat-laegenheter\/","name":"Ingen mer l\u00e4genhet gratis f\u00f6r \u00f6nskad period?","isPartOf":{"@id":"https:\/\/www.ferienwohnungnerja.de\/sv\/#website"},"primaryImageOfPage":{"@id":"https:\/\/www.ferienwohnungnerja.de\/sv\/soekresultat-laegenheter\/#primaryimage"},"image":{"@id":"https:\/\/www.ferienwohnungnerja.de\/sv\/soekresultat-laegenheter\/#primaryimage"},"thumbnailUrl":"https:\/\/i0.wp.com\/www.ferienwohnungnerja.de\/wp-content\/uploads\/2019\/08\/bg7.jpg?fit=1900%2C1258&ssl=1","datePublished":"2020-03-22T10:18:07+00:00","dateModified":"2023-04-03T13:34:36+00:00","description":"Du kan vara intresserad av ett av v\u00e5ra andra fritidshus: Casa Jardin Bolero, Casa El Mirador - Competa, Finca La Paz","breadcrumb":{"@id":"https:\/\/www.ferienwohnungnerja.de\/sv\/soekresultat-laegenheter\/#breadcrumb"},"inLanguage":"sv-SE","potentialAction":[{"@type":"ReadAction","target":["https:\/\/www.ferienwohnungnerja.de\/sv\/soekresultat-laegenheter\/"]}]},{"@type":"ImageObject","inLanguage":"sv-SE","@id":"https:\/\/www.ferienwohnungnerja.de\/sv\/soekresultat-laegenheter\/#primaryimage","url":"https:\/\/i0.wp.com\/www.ferienwohnungnerja.de\/wp-content\/uploads\/2019\/08\/bg7.jpg?fit=1900%2C1258&ssl=1","contentUrl":"https:\/\/i0.wp.com\/www.ferienwohnungnerja.de\/wp-content\/uploads\/2019\/08\/bg7.jpg?fit=1900%2C1258&ssl=1","width":1900,"height":1258,"caption":"Visa San Juan de Capistrano"},{"@type":"BreadcrumbList","@id":"https:\/\/www.ferienwohnungnerja.de\/sv\/soekresultat-laegenheter\/#breadcrumb","itemListElement":[{"@type":"ListItem","position":1,"name":"Startseite","item":"https:\/\/www.ferienwohnungnerja.de\/sv\/"},{"@type":"ListItem","position":2,"name":"S\u00f6kresultat L\u00e4genheter"}]},{"@type":"WebSite","@id":"https:\/\/www.ferienwohnungnerja.de\/sv\/#website","url":"https:\/\/www.ferienwohnungnerja.de\/sv\/","name":"ferienwohnungnerja.de","description":"Ferienwohnungen in Nerja","publisher":{"@id":"https:\/\/www.ferienwohnungnerja.de\/sv\/#\/schema\/person\/16748c9dad4472e47ffa70599fb57c67"},"potentialAction":[{"@type":"SearchAction","target":{"@type":"EntryPoint","urlTemplate":"https:\/\/www.ferienwohnungnerja.de\/sv\/?s={search_term_string}"},"query-input":{"@type":"PropertyValueSpecification","valueRequired":true,"valueName":"search_term_string"}}],"inLanguage":"sv-SE"},{"@type":["Person","Organization"],"@id":"https:\/\/www.ferienwohnungnerja.de\/sv\/#\/schema\/person\/16748c9dad4472e47ffa70599fb57c67","name":"adminnerja","image":{"@type":"ImageObject","inLanguage":"sv-SE","@id":"https:\/\/www.ferienwohnungnerja.de\/sv\/#\/schema\/person\/image\/","url":"https:\/\/secure.gravatar.com\/avatar\/385c6b5598370fe7b91dd03c855835170a55d4467846df8e92d47236c59f2036?s=96&d=mm&r=g","contentUrl":"https:\/\/secure.gravatar.com\/avatar\/385c6b5598370fe7b91dd03c855835170a55d4467846df8e92d47236c59f2036?s=96&d=mm&r=g","caption":"adminnerja"},"logo":{"@id":"https:\/\/www.ferienwohnungnerja.de\/sv\/#\/schema\/person\/image\/"}}]}},"jetpack_sharing_enabled":true,"jetpack_shortlink":"https:\/\/wp.me\/PbaoeD-zm","_links":{"self":[{"href":"https:\/\/www.ferienwohnungnerja.de\/sv\/wp-json\/wp\/v2\/pages\/2192","targetHints":{"allow":["GET"]}}],"collection":[{"href":"https:\/\/www.ferienwohnungnerja.de\/sv\/wp-json\/wp\/v2\/pages"}],"about":[{"href":"https:\/\/www.ferienwohnungnerja.de\/sv\/wp-json\/wp\/v2\/types\/page"}],"author":[{"embeddable":true,"href":"https:\/\/www.ferienwohnungnerja.de\/sv\/wp-json\/wp\/v2\/users\/1"}],"replies":[{"embeddable":true,"href":"https:\/\/www.ferienwohnungnerja.de\/sv\/wp-json\/wp\/v2\/comments?post=2192"}],"version-history":[{"count":5,"href":"https:\/\/www.ferienwohnungnerja.de\/sv\/wp-json\/wp\/v2\/pages\/2192\/revisions"}],"predecessor-version":[{"id":2812,"href":"https:\/\/www.ferienwohnungnerja.de\/sv\/wp-json\/wp\/v2\/pages\/2192\/revisions\/2812"}],"wp:featuredmedia":[{"embeddable":true,"href":"https:\/\/www.ferienwohnungnerja.de\/sv\/wp-json\/wp\/v2\/media\/2072"}],"wp:attachment":[{"href":"https:\/\/www.ferienwohnungnerja.de\/sv\/wp-json\/wp\/v2\/media?parent=2192"}],"curies":[{"name":"wp","href":"https:\/\/api.w.org\/{rel}","templated":true}]}}